{"id":1854,"date":"2019-01-07T15:47:53","date_gmt":"2019-01-07T15:47:53","guid":{"rendered":"https:\/\/coasa.org\/?post_type=project&#038;p=1854"},"modified":"2023-11-14T10:39:25","modified_gmt":"2023-11-14T09:39:25","slug":"magatzem-fred-per-una-nau-industrial","status":"publish","type":"project","link":"https:\/\/coasa.org\/es\/project\/magatzem-fred-per-una-nau-industrial\/","title":{"rendered":"Almac\u00e9n fr\u00edo para nave industrial"},"content":{"rendered":"[et_pb_section fb_built=\u00bb1&#8243; admin_label=\u00bbHero\u00bb _builder_version=\u00bb3.17.6&#8243; use_background_color_gradient=\u00bbon\u00bb background_color_gradient_start=\u00bbrgba(40,40,40,0.79)\u00bb background_color_gradient_end=\u00bbrgba(40,40,40,0.86)\u00bb background_color_gradient_type=\u00bbradial\u00bb background_color_gradient_direction_radial=\u00bbtop left\u00bb background_color_gradient_overlays_image=\u00bbon\u00bb background_image=\u00bbhttps:\/\/coasa.org\/wp-content\/uploads\/2018\/11\/DSCN4599.jpg\u00bb custom_margin=\u00bb||||false\u00bb custom_padding=\u00bb10vw||10vw||true|false\u00bb][et_pb_row _builder_version=\u00bb3.17.6&#8243;][et_pb_column type=\u00bb2_3&#8243; _builder_version=\u00bb3.0.47&#8243; parallax=\u00bboff\u00bb parallax_method=\u00bbon\u00bb][et_pb_text _builder_version=\u00bb3.17.6&#8243; text_font=\u00bb||||||||\u00bb text_font_size_tablet=\u00bb14px\u00bb text_font_size_last_edited=\u00bboff|desktop\u00bb header_font=\u00bbRubik|700|||||||\u00bb header_font_size=\u00bb64px\u00bb header_font_size_tablet=\u00bb44px\u00bb header_font_size_phone=\u00bb32px\u00bb header_font_size_last_edited=\u00bbon|phone\u00bb header_line_height=\u00bb1.1em\u00bb border_color_all=\u00bb#6fb353&#8243; border_width_left=\u00bb10px\u00bb background_layout=\u00bbdark\u00bb max_width=\u00bb800px\u00bb custom_margin=\u00bb||0px|\u00bb custom_padding=\u00bb|||16px\u00bb]\n<h1>Almac\u00e9n fr\u00edo para nave industrial<\/h1>\n[\/et_pb_text][et_pb_text _builder_version=\u00bb3.9&#8243; text_font=\u00bb||||||||\u00bb text_font_size=\u00bb22px\u00bb text_font_size_tablet=\u00bb18px\u00bb text_font_size_last_edited=\u00bbon|phone\u00bb text_line_height=\u00bb1.6em\u00bb header_font=\u00bb||||||||\u00bb background_layout=\u00bbdark\u00bb max_width=\u00bb800px\u00bb custom_margin=\u00bb|||\u00bb custom_padding=\u00bb20px||20px||true\u00bb]\n<p>Esta empresa es especialista en transporte de mercanc\u00edas por carretera, en su custodia y manipulaci\u00f3n a cualquier temperatura.<\/p>\n[\/et_pb_text][\/et_pb_column][et_pb_column type=\u00bb1_3&#8243; _builder_version=\u00bb3.0.47&#8243; parallax=\u00bboff\u00bb parallax_method=\u00bbon\u00bb][et_pb_text ul_type=\u00bbnone\u00bb ul_item_indent=\u00bb3px\u00bb _builder_version=\u00bb3.9&#8243; text_font=\u00bb||||||||\u00bb text_font_size=\u00bb16px\u00bb text_line_height=\u00bb1.8em\u00bb ul_font=\u00bbArimo||||||||\u00bb ul_font_size=\u00bb16px\u00bb ul_line_height=\u00bb2em\u00bb background_layout=\u00bbdark\u00bb custom_margin=\u00bb|||\u00bb custom_margin_last_edited=\u00bboff|desktop\u00bb locked=\u00bboff\u00bb]\n<ul>\n<li><strong>Client:<\/strong>\u00a0Ondara Log\u00edstica<\/li>\n<li><strong>Categor\u00eda:<\/strong>\u00a0Log\u00edstica<\/li>\n<\/ul>\n[\/et_pb_text][\/et_pb_column][\/et_pb_row][\/et_pb_section][et_pb_section fb_built=\u00bb1&#8243; admin_label=\u00bbProject Details\u00bb _builder_version=\u00bb3.9&#8243; custom_padding=\u00bb90px||90px||true\u00bb][et_pb_row _builder_version=\u00bb3.17.6&#8243;][et_pb_column type=\u00bb1_2&#8243; _builder_version=\u00bb3.0.47&#8243; parallax=\u00bboff\u00bb parallax_method=\u00bbon\u00bb][et_pb_text _builder_version=\u00bb3.9&#8243; text_font=\u00bb||||||||\u00bb link_font=\u00bb||||||||\u00bb ul_font=\u00bb||||||||\u00bb ol_font=\u00bb||||||||\u00bb quote_font=\u00bb||||||||\u00bb header_font=\u00bb||||||||\u00bb header_2_font=\u00bbRubik|700|||||||\u00bb header_2_font_size=\u00bb42px\u00bb header_2_font_size_phone=\u00bb36px\u00bb header_2_font_size_last_edited=\u00bbon|phone\u00bb header_2_line_height=\u00bb1.2em\u00bb module_alignment=\u00bbcenter\u00bb custom_margin=\u00bb|||\u00bb custom_padding=\u00bb|||\u00bb locked=\u00bboff\u00bb]\n<h2>Sobre el proyecto<\/h2>\n[\/et_pb_text][et_pb_divider color=\u00bb#6fb353&#8243; divider_position=\u00bbcenter\u00bb divider_weight=\u00bb5px\u00bb _builder_version=\u00bb3.17.6&#8243; max_width=\u00bb50px\u00bb locked=\u00bboff\u00bb][\/et_pb_divider][et_pb_text _builder_version=\u00bb3.17.6&#8243; text_font=\u00bb||||||||\u00bb text_font_size=\u00bb15px\u00bb text_line_height=\u00bb1.8em\u00bb custom_padding=\u00bb|||\u00bb custom_padding_tablet=\u00bb|40px||40px||true\u00bb custom_padding_last_edited=\u00bboff|desktop\u00bb locked=\u00bboff\u00bb]\n<p>Para esta empresa, hemos realizado la construcci\u00f3n de un almac\u00e9n fr\u00edo de 6.000 metros cuadrados con una capacidad total para 8.200 pales. Tambi\u00e9n est\u00e1 compuesto por una antec\u00e1mara de 1.000 metros cuadrados, 10 muelles de carga y oficias corporativas de 1.000 metros cuadrados.<\/p>\n<ul>\n<li>Ubicaci\u00f3n:\u00a0Pol\u00edgonoIndustrial El Soler, P 03, TM Aviny\u00f3 (Barcelona)<\/li>\n<li>Direcci\u00f3n t\u00e9cnica a cargo de PRODING Enginyeria <a href=\"http:\/\/www.proding.net\">www.proding.net<\/a><\/li>\n<\/ul>\n<p><img loading=\"lazy\" decoding=\"async\" src=\"https:\/\/coasa.org\/wp-content\/uploads\/2018\/11\/logo-1526400582-1900x1900-300x93.png\" width=\"255\" height=\"79\" alt=\"\" class=\"wp-image-232 alignnone size-medium\" srcset=\"https:\/\/coasa.org\/wp-content\/uploads\/2018\/11\/logo-1526400582-1900x1900-300x93.png 300w, https:\/\/coasa.org\/wp-content\/uploads\/2018\/11\/logo-1526400582-1900x1900.png 454w\" sizes=\"(max-width: 255px) 100vw, 255px\" \/><\/p>\n[\/et_pb_text][\/et_pb_column][et_pb_column type=\u00bb1_2&#8243; _builder_version=\u00bb3.0.47&#8243; parallax=\u00bboff\u00bb parallax_method=\u00bbon\u00bb][et_pb_image src=\u00bbhttps:\/\/coasa.org\/wp-content\/uploads\/2018\/11\/DSC_0027.jpg\u00bb force_fullwidth=\u00bbon\u00bb _builder_version=\u00bb3.17.6&#8243; locked=\u00bboff\u00bb][\/et_pb_image][\/et_pb_column][\/et_pb_row][et_pb_row _builder_version=\u00bb3.9&#8243;][et_pb_column type=\u00bb4_4&#8243; _builder_version=\u00bb3.0.47&#8243; parallax=\u00bboff\u00bb parallax_method=\u00bbon\u00bb][et_pb_image src=\u00bbhttps:\/\/coasa.org\/wp-content\/uploads\/2018\/11\/Congelats-Ondara.-Molls-de-carrega-Copiar.jpg\u00bb force_fullwidth=\u00bbon\u00bb _builder_version=\u00bb3.17.6&#8243;][\/et_pb_image][\/et_pb_column][\/et_pb_row][\/et_pb_section]\n","protected":false},"excerpt":{"rendered":"<p>Almac\u00e9n fr\u00edo para nave industrialEsta empresa es especialista en transporte de mercanc\u00edas por carretera, en su custodia y manipulaci\u00f3n a cualquier temperatura. Client:\u00a0Ondara Log\u00edstica Categor\u00eda:\u00a0Log\u00edstica Sobre el proyectoPara esta empresa, hemos realizado la construcci\u00f3n de un almac\u00e9n fr\u00edo de 6.000 metros cuadrados con una capacidad total para 8.200 pales. Tambi\u00e9n est\u00e1 compuesto por una antec\u00e1mara [&hellip;]<\/p>\n","protected":false},"author":1,"featured_media":3092,"template":"","meta":{"_et_pb_use_builder":"on","_et_pb_old_content":"","_et_gb_content_width":"","_joinchat":[],"footnotes":""},"project_category":[386],"project_tag":[],"class_list":["post-1854","project","type-project","status-publish","has-post-thumbnail","hentry","project_category-logistica-es"],"yoast_head":"<!-- This site is optimized with the Yoast SEO plugin v27.5 - https:\/\/yoast.com\/product\/yoast-seo-wordpress\/ -->\n<title>Almac\u00e9n fr\u00edo para nave industrial - COASA, Empresa Constructora<\/title>\n<meta name=\"robots\" content=\"index, follow, max-snippet:-1, max-image-preview:large, max-video-preview:-1\" \/>\n<link rel=\"canonical\" href=\"https:\/\/coasa.org\/es\/project\/magatzem-fred-per-una-nau-industrial\/\" \/>\n<meta property=\"og:locale\" content=\"es_ES\" \/>\n<meta property=\"og:type\" content=\"article\" \/>\n<meta property=\"og:title\" content=\"Almac\u00e9n fr\u00edo para nave industrial - COASA, Empresa Constructora\" \/>\n<meta property=\"og:description\" content=\"Almac\u00e9n fr\u00edo para nave industrialEsta empresa es especialista en transporte de mercanc\u00edas por carretera, en su custodia y manipulaci\u00f3n a cualquier temperatura. Client:\u00a0Ondara Log\u00edstica Categor\u00eda:\u00a0Log\u00edstica Sobre el proyectoPara esta empresa, hemos realizado la construcci\u00f3n de un almac\u00e9n fr\u00edo de 6.000 metros cuadrados con una capacidad total para 8.200 pales. Tambi\u00e9n est\u00e1 compuesto por una antec\u00e1mara [&hellip;]\" \/>\n<meta property=\"og:url\" content=\"https:\/\/coasa.org\/es\/project\/magatzem-fred-per-una-nau-industrial\/\" \/>\n<meta property=\"og:site_name\" content=\"COASA, Empresa Constructora\" \/>\n<meta property=\"article:modified_time\" content=\"2023-11-14T09:39:25+00:00\" \/>\n<meta property=\"og:image\" content=\"https:\/\/coasa.org\/wp-content\/uploads\/2018\/11\/Magatzem-fred-per-una-nau-industrial.jpg\" \/>\n\t<meta property=\"og:image:width\" content=\"800\" \/>\n\t<meta property=\"og:image:height\" content=\"600\" \/>\n\t<meta property=\"og:image:type\" content=\"image\/jpeg\" \/>\n<meta name=\"twitter:label1\" content=\"Tiempo de lectura\" \/>\n\t<meta name=\"twitter:data1\" content=\"3 minutos\" \/>\n<script type=\"application\/ld+json\" class=\"yoast-schema-graph\">{\"@context\":\"https:\\\/\\\/schema.org\",\"@graph\":[{\"@type\":\"WebPage\",\"@id\":\"https:\\\/\\\/coasa.org\\\/es\\\/project\\\/magatzem-fred-per-una-nau-industrial\\\/\",\"url\":\"https:\\\/\\\/coasa.org\\\/es\\\/project\\\/magatzem-fred-per-una-nau-industrial\\\/\",\"name\":\"Almac\u00e9n fr\u00edo para nave industrial - COASA, Empresa Constructora\",\"isPartOf\":{\"@id\":\"https:\\\/\\\/coasa.org\\\/es\\\/#website\"},\"primaryImageOfPage\":{\"@id\":\"https:\\\/\\\/coasa.org\\\/es\\\/project\\\/magatzem-fred-per-una-nau-industrial\\\/#primaryimage\"},\"image\":{\"@id\":\"https:\\\/\\\/coasa.org\\\/es\\\/project\\\/magatzem-fred-per-una-nau-industrial\\\/#primaryimage\"},\"thumbnailUrl\":\"https:\\\/\\\/coasa.org\\\/wp-content\\\/uploads\\\/2018\\\/11\\\/Magatzem-fred-per-una-nau-industrial.jpg\",\"datePublished\":\"2019-01-07T15:47:53+00:00\",\"dateModified\":\"2023-11-14T09:39:25+00:00\",\"breadcrumb\":{\"@id\":\"https:\\\/\\\/coasa.org\\\/es\\\/project\\\/magatzem-fred-per-una-nau-industrial\\\/#breadcrumb\"},\"inLanguage\":\"es\",\"potentialAction\":[{\"@type\":\"ReadAction\",\"target\":[\"https:\\\/\\\/coasa.org\\\/es\\\/project\\\/magatzem-fred-per-una-nau-industrial\\\/\"]}]},{\"@type\":\"ImageObject\",\"inLanguage\":\"es\",\"@id\":\"https:\\\/\\\/coasa.org\\\/es\\\/project\\\/magatzem-fred-per-una-nau-industrial\\\/#primaryimage\",\"url\":\"https:\\\/\\\/coasa.org\\\/wp-content\\\/uploads\\\/2018\\\/11\\\/Magatzem-fred-per-una-nau-industrial.jpg\",\"contentUrl\":\"https:\\\/\\\/coasa.org\\\/wp-content\\\/uploads\\\/2018\\\/11\\\/Magatzem-fred-per-una-nau-industrial.jpg\",\"width\":800,\"height\":600},{\"@type\":\"BreadcrumbList\",\"@id\":\"https:\\\/\\\/coasa.org\\\/es\\\/project\\\/magatzem-fred-per-una-nau-industrial\\\/#breadcrumb\",\"itemListElement\":[{\"@type\":\"ListItem\",\"position\":1,\"name\":\"Portada\",\"item\":\"https:\\\/\\\/coasa.org\\\/es\\\/\"},{\"@type\":\"ListItem\",\"position\":2,\"name\":\"Proyectos\",\"item\":\"https:\\\/\\\/coasa.org\\\/es\\\/project\\\/\"},{\"@type\":\"ListItem\",\"position\":3,\"name\":\"Almac\u00e9n fr\u00edo para nave industrial\"}]},{\"@type\":\"WebSite\",\"@id\":\"https:\\\/\\\/coasa.org\\\/es\\\/#website\",\"url\":\"https:\\\/\\\/coasa.org\\\/es\\\/\",\"name\":\"COASA, Empresa Constructora\",\"description\":\"Des del seu naixement COASA s&#039;ha destacat per una constant evoluci\u00f3 que ens permet\u00e9s una \u00e0gil adaptaci\u00f3 a les necessitats canviants del mercat de la construcci\u00f3 industrial.\",\"publisher\":{\"@id\":\"https:\\\/\\\/coasa.org\\\/es\\\/#organization\"},\"potentialAction\":[{\"@type\":\"SearchAction\",\"target\":{\"@type\":\"EntryPoint\",\"urlTemplate\":\"https:\\\/\\\/coasa.org\\\/es\\\/?s={search_term_string}\"},\"query-input\":{\"@type\":\"PropertyValueSpecification\",\"valueRequired\":true,\"valueName\":\"search_term_string\"}}],\"inLanguage\":\"es\"},{\"@type\":\"Organization\",\"@id\":\"https:\\\/\\\/coasa.org\\\/es\\\/#organization\",\"name\":\"Coasa\",\"url\":\"https:\\\/\\\/coasa.org\\\/es\\\/\",\"logo\":{\"@type\":\"ImageObject\",\"inLanguage\":\"es\",\"@id\":\"https:\\\/\\\/coasa.org\\\/es\\\/#\\\/schema\\\/logo\\\/image\\\/\",\"url\":\"https:\\\/\\\/coasa.org\\\/wp-content\\\/uploads\\\/2018\\\/10\\\/logo.png\",\"contentUrl\":\"https:\\\/\\\/coasa.org\\\/wp-content\\\/uploads\\\/2018\\\/10\\\/logo.png\",\"width\":500,\"height\":141,\"caption\":\"Coasa\"},\"image\":{\"@id\":\"https:\\\/\\\/coasa.org\\\/es\\\/#\\\/schema\\\/logo\\\/image\\\/\"},\"sameAs\":[\"https:\\\/\\\/www.linkedin.com\\\/company\\\/coasa\\\/\"]}]}<\/script>\n<!-- \/ Yoast SEO plugin. -->","yoast_head_json":{"title":"Almac\u00e9n fr\u00edo para nave industrial - COASA, Empresa Constructora","robots":{"index":"index","follow":"follow","max-snippet":"max-snippet:-1","max-image-preview":"max-image-preview:large","max-video-preview":"max-video-preview:-1"},"canonical":"https:\/\/coasa.org\/es\/project\/magatzem-fred-per-una-nau-industrial\/","og_locale":"es_ES","og_type":"article","og_title":"Almac\u00e9n fr\u00edo para nave industrial - COASA, Empresa Constructora","og_description":"Almac\u00e9n fr\u00edo para nave industrialEsta empresa es especialista en transporte de mercanc\u00edas por carretera, en su custodia y manipulaci\u00f3n a cualquier temperatura. Client:\u00a0Ondara Log\u00edstica Categor\u00eda:\u00a0Log\u00edstica Sobre el proyectoPara esta empresa, hemos realizado la construcci\u00f3n de un almac\u00e9n fr\u00edo de 6.000 metros cuadrados con una capacidad total para 8.200 pales. Tambi\u00e9n est\u00e1 compuesto por una antec\u00e1mara [&hellip;]","og_url":"https:\/\/coasa.org\/es\/project\/magatzem-fred-per-una-nau-industrial\/","og_site_name":"COASA, Empresa Constructora","article_modified_time":"2023-11-14T09:39:25+00:00","og_image":[{"width":800,"height":600,"url":"https:\/\/coasa.org\/wp-content\/uploads\/2018\/11\/Magatzem-fred-per-una-nau-industrial.jpg","type":"image\/jpeg"}],"twitter_misc":{"Tiempo de lectura":"3 minutos"},"schema":{"@context":"https:\/\/schema.org","@graph":[{"@type":"WebPage","@id":"https:\/\/coasa.org\/es\/project\/magatzem-fred-per-una-nau-industrial\/","url":"https:\/\/coasa.org\/es\/project\/magatzem-fred-per-una-nau-industrial\/","name":"Almac\u00e9n fr\u00edo para nave industrial - COASA, Empresa Constructora","isPartOf":{"@id":"https:\/\/coasa.org\/es\/#website"},"primaryImageOfPage":{"@id":"https:\/\/coasa.org\/es\/project\/magatzem-fred-per-una-nau-industrial\/#primaryimage"},"image":{"@id":"https:\/\/coasa.org\/es\/project\/magatzem-fred-per-una-nau-industrial\/#primaryimage"},"thumbnailUrl":"https:\/\/coasa.org\/wp-content\/uploads\/2018\/11\/Magatzem-fred-per-una-nau-industrial.jpg","datePublished":"2019-01-07T15:47:53+00:00","dateModified":"2023-11-14T09:39:25+00:00","breadcrumb":{"@id":"https:\/\/coasa.org\/es\/project\/magatzem-fred-per-una-nau-industrial\/#breadcrumb"},"inLanguage":"es","potentialAction":[{"@type":"ReadAction","target":["https:\/\/coasa.org\/es\/project\/magatzem-fred-per-una-nau-industrial\/"]}]},{"@type":"ImageObject","inLanguage":"es","@id":"https:\/\/coasa.org\/es\/project\/magatzem-fred-per-una-nau-industrial\/#primaryimage","url":"https:\/\/coasa.org\/wp-content\/uploads\/2018\/11\/Magatzem-fred-per-una-nau-industrial.jpg","contentUrl":"https:\/\/coasa.org\/wp-content\/uploads\/2018\/11\/Magatzem-fred-per-una-nau-industrial.jpg","width":800,"height":600},{"@type":"BreadcrumbList","@id":"https:\/\/coasa.org\/es\/project\/magatzem-fred-per-una-nau-industrial\/#breadcrumb","itemListElement":[{"@type":"ListItem","position":1,"name":"Portada","item":"https:\/\/coasa.org\/es\/"},{"@type":"ListItem","position":2,"name":"Proyectos","item":"https:\/\/coasa.org\/es\/project\/"},{"@type":"ListItem","position":3,"name":"Almac\u00e9n fr\u00edo para nave industrial"}]},{"@type":"WebSite","@id":"https:\/\/coasa.org\/es\/#website","url":"https:\/\/coasa.org\/es\/","name":"COASA, Empresa Constructora","description":"Des del seu naixement COASA s&#039;ha destacat per una constant evoluci\u00f3 que ens permet\u00e9s una \u00e0gil adaptaci\u00f3 a les necessitats canviants del mercat de la construcci\u00f3 industrial.","publisher":{"@id":"https:\/\/coasa.org\/es\/#organization"},"potentialAction":[{"@type":"SearchAction","target":{"@type":"EntryPoint","urlTemplate":"https:\/\/coasa.org\/es\/?s={search_term_string}"},"query-input":{"@type":"PropertyValueSpecification","valueRequired":true,"valueName":"search_term_string"}}],"inLanguage":"es"},{"@type":"Organization","@id":"https:\/\/coasa.org\/es\/#organization","name":"Coasa","url":"https:\/\/coasa.org\/es\/","logo":{"@type":"ImageObject","inLanguage":"es","@id":"https:\/\/coasa.org\/es\/#\/schema\/logo\/image\/","url":"https:\/\/coasa.org\/wp-content\/uploads\/2018\/10\/logo.png","contentUrl":"https:\/\/coasa.org\/wp-content\/uploads\/2018\/10\/logo.png","width":500,"height":141,"caption":"Coasa"},"image":{"@id":"https:\/\/coasa.org\/es\/#\/schema\/logo\/image\/"},"sameAs":["https:\/\/www.linkedin.com\/company\/coasa\/"]}]}},"_links":{"self":[{"href":"https:\/\/coasa.org\/es\/wp-json\/wp\/v2\/project\/1854","targetHints":{"allow":["GET"]}}],"collection":[{"href":"https:\/\/coasa.org\/es\/wp-json\/wp\/v2\/project"}],"about":[{"href":"https:\/\/coasa.org\/es\/wp-json\/wp\/v2\/types\/project"}],"author":[{"embeddable":true,"href":"https:\/\/coasa.org\/es\/wp-json\/wp\/v2\/users\/1"}],"version-history":[{"count":4,"href":"https:\/\/coasa.org\/es\/wp-json\/wp\/v2\/project\/1854\/revisions"}],"predecessor-version":[{"id":6479,"href":"https:\/\/coasa.org\/es\/wp-json\/wp\/v2\/project\/1854\/revisions\/6479"}],"wp:featuredmedia":[{"embeddable":true,"href":"https:\/\/coasa.org\/es\/wp-json\/wp\/v2\/media\/3092"}],"wp:attachment":[{"href":"https:\/\/coasa.org\/es\/wp-json\/wp\/v2\/media?parent=1854"}],"wp:term":[{"taxonomy":"project_category","embeddable":true,"href":"https:\/\/coasa.org\/es\/wp-json\/wp\/v2\/project_category?post=1854"},{"taxonomy":"project_tag","embeddable":true,"href":"https:\/\/coasa.org\/es\/wp-json\/wp\/v2\/project_tag?post=1854"}],"curies":[{"name":"wp","href":"https:\/\/api.w.org\/{rel}","templated":true}]}}