{"id":3704,"date":"2019-09-19T11:27:29","date_gmt":"2019-09-19T11:27:29","guid":{"rendered":"https:\/\/coasa.org\/?post_type=project&#038;p=3704"},"modified":"2023-11-14T10:34:41","modified_gmt":"2023-11-14T09:34:41","slug":"adecuacion-y-construccion-de-espacios-vivero-de-empresas-ayuntamiento-santa-coloma-de-queralt","status":"publish","type":"project","link":"https:\/\/coasa.org\/es\/project\/adecuacion-y-construccion-de-espacios-vivero-de-empresas-ayuntamiento-santa-coloma-de-queralt\/","title":{"rendered":"Adecuaci\u00f3n y construcci\u00f3n de espacios &#8211; Vivero de empresas Ayuntamiento Santa Coloma de Queralt"},"content":{"rendered":"[et_pb_section fb_built=\u00bb1&#8243; admin_label=\u00bbHero\u00bb _builder_version=\u00bb3.27.3&#8243; use_background_color_gradient=\u00bbon\u00bb background_color_gradient_start=\u00bbrgba(40,40,40,0.79)\u00bb background_color_gradient_end=\u00bbrgba(40,40,40,0.86)\u00bb background_color_gradient_type=\u00bbradial\u00bb background_color_gradient_direction_radial=\u00bbtop left\u00bb background_color_gradient_overlays_image=\u00bbon\u00bb background_image=\u00bbhttps:\/\/coasa.org\/wp-content\/uploads\/2019\/09\/502ee203-94fb-4e7b-82a7-9374d6c0c434.jpg\u00bb custom_margin=\u00bb||||false\u00bb custom_padding=\u00bb10vw||10vw||true|false\u00bb hover_enabled=\u00bb0&#8243; fb_built=\u00bb1&#8243; _i=\u00bb0&#8243; _address=\u00bb0&#8243;][et_pb_row _builder_version=\u00bb3.25&#8243; _i=\u00bb0&#8243; _address=\u00bb0.0&#8243; column_structure=\u00bb2_3,1_3&#8243;][et_pb_column type=\u00bb2_3&#8243; _builder_version=\u00bb3.25&#8243; custom_padding=\u00bb|||\u00bb _i=\u00bb0&#8243; _address=\u00bb0.0.0&#8243; custom_padding__hover=\u00bb|||\u00bb][et_pb_text _builder_version=\u00bb3.27.3&#8243; text_font=\u00bb||||||||\u00bb header_font=\u00bbRubik|700|||||||\u00bb header_font_size=\u00bb64px\u00bb header_line_height=\u00bb1.1em\u00bb border_color_all=\u00bb#6fb353&#8243; border_width_left=\u00bb10px\u00bb background_layout=\u00bbdark\u00bb max_width=\u00bb800px\u00bb custom_margin=\u00bb||0px|\u00bb custom_padding=\u00bb|||16px\u00bb hover_enabled=\u00bb0&#8243; text_font_size_tablet=\u00bb14px\u00bb text_font_size_last_edited=\u00bboff|desktop\u00bb header_font_size_tablet=\u00bb44px\u00bb header_font_size_phone=\u00bb32px\u00bb header_font_size_last_edited=\u00bbon|phone\u00bb _i=\u00bb0&#8243; _address=\u00bb0.0.0.0&#8243;]\n<h1>Adecuaci\u00f3n y construcci\u00f3n de espacios<\/h1>\n[\/et_pb_text][et_pb_text _builder_version=\u00bb3.27.3&#8243; text_font=\u00bb||||||||\u00bb text_font_size=\u00bb22px\u00bb text_line_height=\u00bb1.6em\u00bb header_font=\u00bb||||||||\u00bb background_layout=\u00bbdark\u00bb max_width=\u00bb800px\u00bb custom_margin=\u00bb|||\u00bb custom_padding=\u00bb20px||20px||true\u00bb hover_enabled=\u00bb0&#8243; text_font_size_tablet=\u00bb18px\u00bb text_font_size_last_edited=\u00bbon|phone\u00bb _i=\u00bb1&#8243; _address=\u00bb0.0.0.1&#8243;]\n<p>Trabajos para el vivero de empresas de Santa Coloma de Queralt.<\/p>\n[\/et_pb_text][\/et_pb_column][et_pb_column type=\u00bb1_3&#8243; _builder_version=\u00bb3.25&#8243; custom_padding=\u00bb|||\u00bb _i=\u00bb1&#8243; _address=\u00bb0.0.1&#8243; custom_padding__hover=\u00bb|||\u00bb][et_pb_text ul_type=\u00bbnone\u00bb ul_item_indent=\u00bb3px\u00bb _builder_version=\u00bb3.27.3&#8243; text_font=\u00bb||||||||\u00bb text_font_size=\u00bb16px\u00bb text_line_height=\u00bb1.8em\u00bb ul_font=\u00bbArimo||||||||\u00bb ul_font_size=\u00bb16px\u00bb ul_line_height=\u00bb2em\u00bb background_layout=\u00bbdark\u00bb custom_margin=\u00bb|||\u00bb custom_margin_last_edited=\u00bboff|desktop\u00bb hover_enabled=\u00bb0&#8243; locked=\u00bboff\u00bb _i=\u00bb0&#8243; _address=\u00bb0.0.1.0&#8243;]\n<ul>\n<li><strong>Cliente:<\/strong> <span>Viver d\u2019empreses \u2013 Ajuntament Santa Coloma de Queralt<\/span><\/li>\n<li><strong>Categor\u00eda:<\/strong>\u00a0Obra p\u00fablica<\/li>\n<\/ul>\n[\/et_pb_text][\/et_pb_column][\/et_pb_row][\/et_pb_section][et_pb_section fb_built=\u00bb1&#8243; admin_label=\u00bbProject Details\u00bb _builder_version=\u00bb3.22&#8243; custom_padding=\u00bb90px||90px||true\u00bb fb_built=\u00bb1&#8243; _i=\u00bb1&#8243; _address=\u00bb1&#8243;][et_pb_row _builder_version=\u00bb3.25&#8243; _i=\u00bb0&#8243; _address=\u00bb1.0&#8243; column_structure=\u00bb1_2,1_2&#8243;][et_pb_column type=\u00bb1_2&#8243; _builder_version=\u00bb3.25&#8243; custom_padding=\u00bb|||\u00bb _i=\u00bb0&#8243; _address=\u00bb1.0.0&#8243; custom_padding__hover=\u00bb|||\u00bb][et_pb_text _builder_version=\u00bb3.9&#8243; text_font=\u00bb||||||||\u00bb link_font=\u00bb||||||||\u00bb ul_font=\u00bb||||||||\u00bb ol_font=\u00bb||||||||\u00bb quote_font=\u00bb||||||||\u00bb header_font=\u00bb||||||||\u00bb header_2_font=\u00bbRubik|700|||||||\u00bb header_2_font_size=\u00bb42px\u00bb header_2_line_height=\u00bb1.2em\u00bb module_alignment=\u00bbcenter\u00bb custom_margin=\u00bb|||\u00bb custom_padding=\u00bb|||\u00bb hover_enabled=\u00bb0&#8243; header_2_font_size_phone=\u00bb36px\u00bb header_2_font_size_last_edited=\u00bbon|phone\u00bb locked=\u00bboff\u00bb _i=\u00bb0&#8243; _address=\u00bb1.0.0.0&#8243;]\n<h2>Sobre el proyecto<\/h2>\n[\/et_pb_text][et_pb_divider color=\u00bb#6fb353&#8243; divider_position=\u00bbcenter\u00bb divider_weight=\u00bb5px\u00bb _builder_version=\u00bb3.17.6&#8243; max_width=\u00bb50px\u00bb locked=\u00bboff\u00bb _i=\u00bb1&#8243; _address=\u00bb1.0.0.1&#8243;][\/et_pb_divider][et_pb_text _builder_version=\u00bb3.17.6&#8243; text_font=\u00bb||||||||\u00bb text_font_size=\u00bb15px\u00bb text_line_height=\u00bb1.8em\u00bb custom_padding=\u00bb|||\u00bb custom_padding_tablet=\u00bb|40px||40px||true\u00bb custom_padding_last_edited=\u00bboff|desktop\u00bb locked=\u00bboff\u00bb _i=\u00bb2&#8243; _address=\u00bb1.0.0.2&#8243;]\n<p>Este proyecto incorpora la adecuaci\u00f3n y construcci\u00f3n de espacios como un aula de formaci\u00f3n y un taller de elaboraci\u00f3n de cerveza artesana.<\/p>\n[\/et_pb_text][\/et_pb_column][et_pb_column type=\u00bb1_2&#8243; _builder_version=\u00bb3.25&#8243; custom_padding=\u00bb|||\u00bb _i=\u00bb1&#8243; _address=\u00bb1.0.1&#8243; custom_padding__hover=\u00bb|||\u00bb][et_pb_image src=\u00bbhttps:\/\/coasa.org\/wp-content\/uploads\/2019\/09\/viverempreses.jpg\u00bb align=\u00bbcenter\u00bb align_tablet=\u00bbcenter\u00bb align_last_edited=\u00bbon|desktop\u00bb _builder_version=\u00bb3.27.3&#8243; hover_enabled=\u00bb0&#8243; locked=\u00bboff\u00bb _i=\u00bb0&#8243; _address=\u00bb1.0.1.0&#8243; force_fullwidth=\u00bbon\u00bb][\/et_pb_image][\/et_pb_column][\/et_pb_row][et_pb_row _builder_version=\u00bb3.25&#8243; _i=\u00bb1&#8243; _address=\u00bb1.1&#8243;][et_pb_column type=\u00bb4_4&#8243; _builder_version=\u00bb3.25&#8243; custom_padding=\u00bb|||\u00bb _i=\u00bb0&#8243; _address=\u00bb1.1.0&#8243; custom_padding__hover=\u00bb|||\u00bb][et_pb_image src=\u00bbhttps:\/\/coasa.org\/wp-content\/uploads\/2019\/09\/613bc822-6b9a-46c1-90ed-9a233f8f805e.jpg\u00bb force_fullwidth=\u00bbon\u00bb align_tablet=\u00bbcenter\u00bb align_last_edited=\u00bbon|desktop\u00bb _builder_version=\u00bb3.27.3&#8243; hover_enabled=\u00bb0&#8243; _i=\u00bb0&#8243; _address=\u00bb1.1.0.0&#8243;][\/et_pb_image][\/et_pb_column][\/et_pb_row][\/et_pb_section]\n","protected":false},"excerpt":{"rendered":"<p>Adecuaci\u00f3n y construcci\u00f3n de espacios Trabajos para el vivero de empresas de Santa Coloma de Queralt. Cliente: Viver d\u2019empreses \u2013 Ajuntament Santa Coloma de Queralt Categor\u00eda:\u00a0Obra p\u00fablica Sobre el proyectoEste proyecto incorpora la adecuaci\u00f3n y construcci\u00f3n de espacios como un aula de formaci\u00f3n y un taller de elaboraci\u00f3n de cerveza artesana.<\/p>\n","protected":false},"author":1,"featured_media":3510,"template":"","meta":{"_et_pb_use_builder":"on","_et_pb_old_content":"","_et_gb_content_width":"","_joinchat":[],"footnotes":""},"project_category":[388],"project_tag":[],"class_list":["post-3704","project","type-project","status-publish","has-post-thumbnail","hentry","project_category-obra-publica-es"],"yoast_head":"<!-- This site is optimized with the Yoast SEO plugin v27.5 - https:\/\/yoast.com\/product\/yoast-seo-wordpress\/ -->\n<title>Adecuaci\u00f3n y construcci\u00f3n de espacios - Vivero de empresas Ayuntamiento Santa Coloma de Queralt - COASA, Empresa Constructora<\/title>\n<meta name=\"robots\" content=\"index, follow, max-snippet:-1, max-image-preview:large, max-video-preview:-1\" \/>\n<link rel=\"canonical\" href=\"https:\/\/coasa.org\/es\/project\/adecuacion-y-construccion-de-espacios-vivero-de-empresas-ayuntamiento-santa-coloma-de-queralt\/\" \/>\n<meta property=\"og:locale\" content=\"es_ES\" \/>\n<meta property=\"og:type\" content=\"article\" \/>\n<meta property=\"og:title\" content=\"Adecuaci\u00f3n y construcci\u00f3n de espacios - Vivero de empresas Ayuntamiento Santa Coloma de Queralt - COASA, Empresa Constructora\" \/>\n<meta property=\"og:description\" content=\"Adecuaci\u00f3n y construcci\u00f3n de espacios Trabajos para el vivero de empresas de Santa Coloma de Queralt. Cliente: Viver d\u2019empreses \u2013 Ajuntament Santa Coloma de Queralt Categor\u00eda:\u00a0Obra p\u00fablica Sobre el proyectoEste proyecto incorpora la adecuaci\u00f3n y construcci\u00f3n de espacios como un aula de formaci\u00f3n y un taller de elaboraci\u00f3n de cerveza artesana.\" \/>\n<meta property=\"og:url\" content=\"https:\/\/coasa.org\/es\/project\/adecuacion-y-construccion-de-espacios-vivero-de-empresas-ayuntamiento-santa-coloma-de-queralt\/\" \/>\n<meta property=\"og:site_name\" content=\"COASA, Empresa Constructora\" \/>\n<meta property=\"article:modified_time\" content=\"2023-11-14T09:34:41+00:00\" \/>\n<meta property=\"og:image\" content=\"https:\/\/coasa.org\/wp-content\/uploads\/2019\/09\/viver-empreses-ajuntament-santa-coloma-de-queralt.jpg\" \/>\n\t<meta property=\"og:image:width\" content=\"800\" \/>\n\t<meta property=\"og:image:height\" content=\"600\" \/>\n\t<meta property=\"og:image:type\" content=\"image\/jpeg\" \/>\n<meta name=\"twitter:label1\" content=\"Tiempo de lectura\" \/>\n\t<meta name=\"twitter:data1\" content=\"3 minutos\" \/>\n<script type=\"application\/ld+json\" class=\"yoast-schema-graph\">{\"@context\":\"https:\\\/\\\/schema.org\",\"@graph\":[{\"@type\":\"WebPage\",\"@id\":\"https:\\\/\\\/coasa.org\\\/es\\\/project\\\/adecuacion-y-construccion-de-espacios-vivero-de-empresas-ayuntamiento-santa-coloma-de-queralt\\\/\",\"url\":\"https:\\\/\\\/coasa.org\\\/es\\\/project\\\/adecuacion-y-construccion-de-espacios-vivero-de-empresas-ayuntamiento-santa-coloma-de-queralt\\\/\",\"name\":\"Adecuaci\u00f3n y construcci\u00f3n de espacios - Vivero de empresas Ayuntamiento Santa Coloma de Queralt - COASA, Empresa Constructora\",\"isPartOf\":{\"@id\":\"https:\\\/\\\/coasa.org\\\/es\\\/#website\"},\"primaryImageOfPage\":{\"@id\":\"https:\\\/\\\/coasa.org\\\/es\\\/project\\\/adecuacion-y-construccion-de-espacios-vivero-de-empresas-ayuntamiento-santa-coloma-de-queralt\\\/#primaryimage\"},\"image\":{\"@id\":\"https:\\\/\\\/coasa.org\\\/es\\\/project\\\/adecuacion-y-construccion-de-espacios-vivero-de-empresas-ayuntamiento-santa-coloma-de-queralt\\\/#primaryimage\"},\"thumbnailUrl\":\"https:\\\/\\\/coasa.org\\\/wp-content\\\/uploads\\\/2019\\\/09\\\/viver-empreses-ajuntament-santa-coloma-de-queralt.jpg\",\"datePublished\":\"2019-09-19T11:27:29+00:00\",\"dateModified\":\"2023-11-14T09:34:41+00:00\",\"breadcrumb\":{\"@id\":\"https:\\\/\\\/coasa.org\\\/es\\\/project\\\/adecuacion-y-construccion-de-espacios-vivero-de-empresas-ayuntamiento-santa-coloma-de-queralt\\\/#breadcrumb\"},\"inLanguage\":\"es\",\"potentialAction\":[{\"@type\":\"ReadAction\",\"target\":[\"https:\\\/\\\/coasa.org\\\/es\\\/project\\\/adecuacion-y-construccion-de-espacios-vivero-de-empresas-ayuntamiento-santa-coloma-de-queralt\\\/\"]}]},{\"@type\":\"ImageObject\",\"inLanguage\":\"es\",\"@id\":\"https:\\\/\\\/coasa.org\\\/es\\\/project\\\/adecuacion-y-construccion-de-espacios-vivero-de-empresas-ayuntamiento-santa-coloma-de-queralt\\\/#primaryimage\",\"url\":\"https:\\\/\\\/coasa.org\\\/wp-content\\\/uploads\\\/2019\\\/09\\\/viver-empreses-ajuntament-santa-coloma-de-queralt.jpg\",\"contentUrl\":\"https:\\\/\\\/coasa.org\\\/wp-content\\\/uploads\\\/2019\\\/09\\\/viver-empreses-ajuntament-santa-coloma-de-queralt.jpg\",\"width\":800,\"height\":600},{\"@type\":\"BreadcrumbList\",\"@id\":\"https:\\\/\\\/coasa.org\\\/es\\\/project\\\/adecuacion-y-construccion-de-espacios-vivero-de-empresas-ayuntamiento-santa-coloma-de-queralt\\\/#breadcrumb\",\"itemListElement\":[{\"@type\":\"ListItem\",\"position\":1,\"name\":\"Portada\",\"item\":\"https:\\\/\\\/coasa.org\\\/es\\\/\"},{\"@type\":\"ListItem\",\"position\":2,\"name\":\"Proyectos\",\"item\":\"https:\\\/\\\/coasa.org\\\/es\\\/project\\\/\"},{\"@type\":\"ListItem\",\"position\":3,\"name\":\"Adecuaci\u00f3n y construcci\u00f3n de espacios &#8211; Vivero de empresas Ayuntamiento Santa Coloma de Queralt\"}]},{\"@type\":\"WebSite\",\"@id\":\"https:\\\/\\\/coasa.org\\\/es\\\/#website\",\"url\":\"https:\\\/\\\/coasa.org\\\/es\\\/\",\"name\":\"COASA, Empresa Constructora\",\"description\":\"Des del seu naixement COASA s&#039;ha destacat per una constant evoluci\u00f3 que ens permet\u00e9s una \u00e0gil adaptaci\u00f3 a les necessitats canviants del mercat de la construcci\u00f3 industrial.\",\"publisher\":{\"@id\":\"https:\\\/\\\/coasa.org\\\/es\\\/#organization\"},\"potentialAction\":[{\"@type\":\"SearchAction\",\"target\":{\"@type\":\"EntryPoint\",\"urlTemplate\":\"https:\\\/\\\/coasa.org\\\/es\\\/?s={search_term_string}\"},\"query-input\":{\"@type\":\"PropertyValueSpecification\",\"valueRequired\":true,\"valueName\":\"search_term_string\"}}],\"inLanguage\":\"es\"},{\"@type\":\"Organization\",\"@id\":\"https:\\\/\\\/coasa.org\\\/es\\\/#organization\",\"name\":\"Coasa\",\"url\":\"https:\\\/\\\/coasa.org\\\/es\\\/\",\"logo\":{\"@type\":\"ImageObject\",\"inLanguage\":\"es\",\"@id\":\"https:\\\/\\\/coasa.org\\\/es\\\/#\\\/schema\\\/logo\\\/image\\\/\",\"url\":\"https:\\\/\\\/coasa.org\\\/wp-content\\\/uploads\\\/2018\\\/10\\\/logo.png\",\"contentUrl\":\"https:\\\/\\\/coasa.org\\\/wp-content\\\/uploads\\\/2018\\\/10\\\/logo.png\",\"width\":500,\"height\":141,\"caption\":\"Coasa\"},\"image\":{\"@id\":\"https:\\\/\\\/coasa.org\\\/es\\\/#\\\/schema\\\/logo\\\/image\\\/\"},\"sameAs\":[\"https:\\\/\\\/www.linkedin.com\\\/company\\\/coasa\\\/\"]}]}<\/script>\n<!-- \/ Yoast SEO plugin. -->","yoast_head_json":{"title":"Adecuaci\u00f3n y construcci\u00f3n de espacios - Vivero de empresas Ayuntamiento Santa Coloma de Queralt - COASA, Empresa Constructora","robots":{"index":"index","follow":"follow","max-snippet":"max-snippet:-1","max-image-preview":"max-image-preview:large","max-video-preview":"max-video-preview:-1"},"canonical":"https:\/\/coasa.org\/es\/project\/adecuacion-y-construccion-de-espacios-vivero-de-empresas-ayuntamiento-santa-coloma-de-queralt\/","og_locale":"es_ES","og_type":"article","og_title":"Adecuaci\u00f3n y construcci\u00f3n de espacios - Vivero de empresas Ayuntamiento Santa Coloma de Queralt - COASA, Empresa Constructora","og_description":"Adecuaci\u00f3n y construcci\u00f3n de espacios Trabajos para el vivero de empresas de Santa Coloma de Queralt. Cliente: Viver d\u2019empreses \u2013 Ajuntament Santa Coloma de Queralt Categor\u00eda:\u00a0Obra p\u00fablica Sobre el proyectoEste proyecto incorpora la adecuaci\u00f3n y construcci\u00f3n de espacios como un aula de formaci\u00f3n y un taller de elaboraci\u00f3n de cerveza artesana.","og_url":"https:\/\/coasa.org\/es\/project\/adecuacion-y-construccion-de-espacios-vivero-de-empresas-ayuntamiento-santa-coloma-de-queralt\/","og_site_name":"COASA, Empresa Constructora","article_modified_time":"2023-11-14T09:34:41+00:00","og_image":[{"width":800,"height":600,"url":"https:\/\/coasa.org\/wp-content\/uploads\/2019\/09\/viver-empreses-ajuntament-santa-coloma-de-queralt.jpg","type":"image\/jpeg"}],"twitter_misc":{"Tiempo de lectura":"3 minutos"},"schema":{"@context":"https:\/\/schema.org","@graph":[{"@type":"WebPage","@id":"https:\/\/coasa.org\/es\/project\/adecuacion-y-construccion-de-espacios-vivero-de-empresas-ayuntamiento-santa-coloma-de-queralt\/","url":"https:\/\/coasa.org\/es\/project\/adecuacion-y-construccion-de-espacios-vivero-de-empresas-ayuntamiento-santa-coloma-de-queralt\/","name":"Adecuaci\u00f3n y construcci\u00f3n de espacios - Vivero de empresas Ayuntamiento Santa Coloma de Queralt - COASA, Empresa Constructora","isPartOf":{"@id":"https:\/\/coasa.org\/es\/#website"},"primaryImageOfPage":{"@id":"https:\/\/coasa.org\/es\/project\/adecuacion-y-construccion-de-espacios-vivero-de-empresas-ayuntamiento-santa-coloma-de-queralt\/#primaryimage"},"image":{"@id":"https:\/\/coasa.org\/es\/project\/adecuacion-y-construccion-de-espacios-vivero-de-empresas-ayuntamiento-santa-coloma-de-queralt\/#primaryimage"},"thumbnailUrl":"https:\/\/coasa.org\/wp-content\/uploads\/2019\/09\/viver-empreses-ajuntament-santa-coloma-de-queralt.jpg","datePublished":"2019-09-19T11:27:29+00:00","dateModified":"2023-11-14T09:34:41+00:00","breadcrumb":{"@id":"https:\/\/coasa.org\/es\/project\/adecuacion-y-construccion-de-espacios-vivero-de-empresas-ayuntamiento-santa-coloma-de-queralt\/#breadcrumb"},"inLanguage":"es","potentialAction":[{"@type":"ReadAction","target":["https:\/\/coasa.org\/es\/project\/adecuacion-y-construccion-de-espacios-vivero-de-empresas-ayuntamiento-santa-coloma-de-queralt\/"]}]},{"@type":"ImageObject","inLanguage":"es","@id":"https:\/\/coasa.org\/es\/project\/adecuacion-y-construccion-de-espacios-vivero-de-empresas-ayuntamiento-santa-coloma-de-queralt\/#primaryimage","url":"https:\/\/coasa.org\/wp-content\/uploads\/2019\/09\/viver-empreses-ajuntament-santa-coloma-de-queralt.jpg","contentUrl":"https:\/\/coasa.org\/wp-content\/uploads\/2019\/09\/viver-empreses-ajuntament-santa-coloma-de-queralt.jpg","width":800,"height":600},{"@type":"BreadcrumbList","@id":"https:\/\/coasa.org\/es\/project\/adecuacion-y-construccion-de-espacios-vivero-de-empresas-ayuntamiento-santa-coloma-de-queralt\/#breadcrumb","itemListElement":[{"@type":"ListItem","position":1,"name":"Portada","item":"https:\/\/coasa.org\/es\/"},{"@type":"ListItem","position":2,"name":"Proyectos","item":"https:\/\/coasa.org\/es\/project\/"},{"@type":"ListItem","position":3,"name":"Adecuaci\u00f3n y construcci\u00f3n de espacios &#8211; Vivero de empresas Ayuntamiento Santa Coloma de Queralt"}]},{"@type":"WebSite","@id":"https:\/\/coasa.org\/es\/#website","url":"https:\/\/coasa.org\/es\/","name":"COASA, Empresa Constructora","description":"Des del seu naixement COASA s&#039;ha destacat per una constant evoluci\u00f3 que ens permet\u00e9s una \u00e0gil adaptaci\u00f3 a les necessitats canviants del mercat de la construcci\u00f3 industrial.","publisher":{"@id":"https:\/\/coasa.org\/es\/#organization"},"potentialAction":[{"@type":"SearchAction","target":{"@type":"EntryPoint","urlTemplate":"https:\/\/coasa.org\/es\/?s={search_term_string}"},"query-input":{"@type":"PropertyValueSpecification","valueRequired":true,"valueName":"search_term_string"}}],"inLanguage":"es"},{"@type":"Organization","@id":"https:\/\/coasa.org\/es\/#organization","name":"Coasa","url":"https:\/\/coasa.org\/es\/","logo":{"@type":"ImageObject","inLanguage":"es","@id":"https:\/\/coasa.org\/es\/#\/schema\/logo\/image\/","url":"https:\/\/coasa.org\/wp-content\/uploads\/2018\/10\/logo.png","contentUrl":"https:\/\/coasa.org\/wp-content\/uploads\/2018\/10\/logo.png","width":500,"height":141,"caption":"Coasa"},"image":{"@id":"https:\/\/coasa.org\/es\/#\/schema\/logo\/image\/"},"sameAs":["https:\/\/www.linkedin.com\/company\/coasa\/"]}]}},"_links":{"self":[{"href":"https:\/\/coasa.org\/es\/wp-json\/wp\/v2\/project\/3704","targetHints":{"allow":["GET"]}}],"collection":[{"href":"https:\/\/coasa.org\/es\/wp-json\/wp\/v2\/project"}],"about":[{"href":"https:\/\/coasa.org\/es\/wp-json\/wp\/v2\/types\/project"}],"author":[{"embeddable":true,"href":"https:\/\/coasa.org\/es\/wp-json\/wp\/v2\/users\/1"}],"version-history":[{"count":2,"href":"https:\/\/coasa.org\/es\/wp-json\/wp\/v2\/project\/3704\/revisions"}],"predecessor-version":[{"id":3710,"href":"https:\/\/coasa.org\/es\/wp-json\/wp\/v2\/project\/3704\/revisions\/3710"}],"wp:featuredmedia":[{"embeddable":true,"href":"https:\/\/coasa.org\/es\/wp-json\/wp\/v2\/media\/3510"}],"wp:attachment":[{"href":"https:\/\/coasa.org\/es\/wp-json\/wp\/v2\/media?parent=3704"}],"wp:term":[{"taxonomy":"project_category","embeddable":true,"href":"https:\/\/coasa.org\/es\/wp-json\/wp\/v2\/project_category?post=3704"},{"taxonomy":"project_tag","embeddable":true,"href":"https:\/\/coasa.org\/es\/wp-json\/wp\/v2\/project_tag?post=3704"}],"curies":[{"name":"wp","href":"https:\/\/api.w.org\/{rel}","templated":true}]}}