{"id":4554,"date":"2022-01-11T12:57:46","date_gmt":"2022-01-11T12:57:46","guid":{"rendered":"https:\/\/coasa.org\/?post_type=project&#038;p=4554"},"modified":"2022-02-02T12:00:06","modified_gmt":"2022-02-02T12:00:06","slug":"remodelacion-y-mejora-del-interior-del-casal-de-la-ravaleta","status":"publish","type":"project","link":"https:\/\/coasa.org\/es\/project\/remodelacion-y-mejora-del-interior-del-casal-de-la-ravaleta\/","title":{"rendered":"Remodelaci\u00f3n y mejora del interior del Casal de la Ravaleta"},"content":{"rendered":"[et_pb_section fb_built=\u00bb1&#8243; admin_label=\u00bbHero\u00bb _builder_version=\u00bb4.14.4&#8243; use_background_color_gradient=\u00bbon\u00bb background_color_gradient_start=\u00bbrgba(40,40,40,0.45)\u00bb background_color_gradient_end=\u00bbrgba(40,40,40,0.45)\u00bb background_color_gradient_type=\u00bbradial\u00bb background_color_gradient_direction_radial=\u00bbtop left\u00bb background_color_gradient_overlays_image=\u00bbon\u00bb background_image=\u00bbhttps:\/\/coasa.org\/wp-content\/uploads\/2021\/12\/portada-dins.jpg\u00bb custom_margin=\u00bb||||false\u00bb custom_padding=\u00bb10vw||10vw||true|false\u00bb global_colors_info=\u00bb{}\u00bb][et_pb_row column_structure=\u00bb2_3,1_3&#8243; _builder_version=\u00bb3.25&#8243; global_colors_info=\u00bb{}\u00bb][et_pb_column type=\u00bb2_3&#8243; _builder_version=\u00bb3.25&#8243; custom_padding=\u00bb|||\u00bb global_colors_info=\u00bb{}\u00bb custom_padding__hover=\u00bb|||\u00bb][et_pb_text _builder_version=\u00bb4.14.4&#8243; text_font=\u00bb||||||||\u00bb header_font=\u00bbRubik|700|||||||\u00bb header_font_size=\u00bb64px\u00bb header_line_height=\u00bb1.1em\u00bb background_layout=\u00bbdark\u00bb max_width=\u00bb800px\u00bb custom_margin=\u00bb||0px|\u00bb custom_padding=\u00bb|||16px\u00bb text_font_size_tablet=\u00bb14px\u00bb text_font_size_last_edited=\u00bboff|desktop\u00bb header_font_size_tablet=\u00bb44px\u00bb header_font_size_phone=\u00bb32px\u00bb header_font_size_last_edited=\u00bbon|phone\u00bb border_color_all=\u00bb#6fb353&#8243; border_width_left=\u00bb10px\u00bb global_colors_info=\u00bb{}\u00bb]\n<h1><strong>Remodelaci\u00f3n y mejora del interior del Casal de la Ravaleta<\/strong><\/h1>\n[\/et_pb_text][et_pb_text _builder_version=\u00bb4.14.4&#8243; text_font=\u00bb||||||||\u00bb text_font_size=\u00bb22px\u00bb text_line_height=\u00bb1.6em\u00bb header_font=\u00bb||||||||\u00bb background_layout=\u00bbdark\u00bb max_width=\u00bb800px\u00bb custom_margin=\u00bb|||\u00bb custom_padding=\u00bb20px||20px||true\u00bb text_font_size_tablet=\u00bb18px\u00bb text_font_size_phone=\u00bb\u00bb text_font_size_last_edited=\u00bbon|phone\u00bb global_colors_info=\u00bb{}\u00bb]\n<p>El Casal de la Ravaleta, conocido tambi\u00e9n como el Casal Municipal del Raval de Cristo, es un recinto situado a la Raval de Cristo \u2013 Roquetes donde se llevan a cabo diferentes actos municipales y donde, tambi\u00e9n, est\u00e1 situada la oficina de correos.<\/p>\n[\/et_pb_text][\/et_pb_column][et_pb_column type=\u00bb1_3&#8243; _builder_version=\u00bb3.25&#8243; custom_padding=\u00bb|||\u00bb global_colors_info=\u00bb{}\u00bb custom_padding__hover=\u00bb|||\u00bb][et_pb_text ul_type=\u00bbnone\u00bb ul_item_indent=\u00bb3px\u00bb _builder_version=\u00bb4.14.4&#8243; text_font=\u00bb||||||||\u00bb text_font_size=\u00bb16px\u00bb text_line_height=\u00bb1.8em\u00bb ul_font=\u00bbArimo||||||||\u00bb ul_font_size=\u00bb16px\u00bb ul_line_height=\u00bb2em\u00bb background_layout=\u00bbdark\u00bb custom_margin=\u00bb|||\u00bb custom_margin_last_edited=\u00bboff|desktop\u00bb locked=\u00bboff\u00bb global_colors_info=\u00bb{}\u00bb]\n<ul>\n<li><strong>Cliente:<\/strong> Ayuntamiento de Roquetes<\/li>\n<li><strong>Categoria:<\/strong> Obra p\u00fablica<\/li>\n<\/ul>\n[\/et_pb_text][\/et_pb_column][\/et_pb_row][\/et_pb_section][et_pb_section fb_built=\u00bb1&#8243; admin_label=\u00bbProject Details\u00bb _builder_version=\u00bb3.22&#8243; custom_padding=\u00bb90px||90px||true\u00bb global_colors_info=\u00bb{}\u00bb][et_pb_row column_structure=\u00bb1_2,1_2&#8243; _builder_version=\u00bb3.25&#8243; global_colors_info=\u00bb{}\u00bb][et_pb_column type=\u00bb1_2&#8243; _builder_version=\u00bb3.25&#8243; custom_padding=\u00bb|||\u00bb global_colors_info=\u00bb{}\u00bb custom_padding__hover=\u00bb|||\u00bb][et_pb_text _builder_version=\u00bb4.14.2&#8243; text_font=\u00bb||||||||\u00bb link_font=\u00bb||||||||\u00bb ul_font=\u00bb||||||||\u00bb ol_font=\u00bb||||||||\u00bb quote_font=\u00bb||||||||\u00bb header_font=\u00bb||||||||\u00bb header_2_font=\u00bbRubik|700|||||||\u00bb header_2_font_size=\u00bb42px\u00bb header_2_line_height=\u00bb1.2em\u00bb module_alignment=\u00bbcenter\u00bb custom_margin=\u00bb|||\u00bb custom_padding=\u00bb|||\u00bb header_2_font_size_tablet=\u00bb\u00bb header_2_font_size_phone=\u00bb36px\u00bb header_2_font_size_last_edited=\u00bbon|phone\u00bb locked=\u00bboff\u00bb global_colors_info=\u00bb{}\u00bb]\n<h2>Sobre el proyecto<\/h2>\n[\/et_pb_text][et_pb_divider color=\u00bb#6fb353&#8243; divider_position=\u00bbcenter\u00bb divider_weight=\u00bb5px\u00bb _builder_version=\u00bb3.17.6&#8243; max_width=\u00bb50px\u00bb locked=\u00bboff\u00bb global_colors_info=\u00bb{}\u00bb][\/et_pb_divider][et_pb_text _builder_version=\u00bb4.14.7&#8243; text_font=\u00bb||||||||\u00bb text_font_size=\u00bb15px\u00bb text_line_height=\u00bb1.8em\u00bb custom_padding=\u00bb||0px|||\u00bb custom_padding_tablet=\u00bb|40px||40px||true\u00bb custom_padding_last_edited=\u00bboff|desktop\u00bb hover_enabled=\u00bb0&#8243; locked=\u00bboff\u00bb global_colors_info=\u00bb{}\u00bb sticky_enabled=\u00bb0&#8243;]\n<p>En Coasa nos sentimos muy contentos de haber podido realizar este proyecto y, as\u00ed, ofrecer a la poblaci\u00f3n de Roquetes <strong>espacios seguros y de calidad<\/strong>.<\/p>\n<p>As\u00ed pues, el proyecto ha consistido en la <strong>reforma integral del interior del Casal de la Ravaleta<\/strong> (Casal Municipal del Raval de Cristo), realizada el \u00faltimo a\u00f1o.<\/p>\n<p>Queremos dar las gracias al <a href=\"https:\/\/roquetes.cat\/web\/\" target=\"_blank\" rel=\"noopener\">Ayuntamiento de Roquetes<\/a> por confiar en nosotros y en nuestros servicios.<\/p>\n[\/et_pb_text][\/et_pb_column][et_pb_column type=\u00bb1_2&#8243; _builder_version=\u00bb3.25&#8243; custom_padding=\u00bb|||\u00bb global_colors_info=\u00bb{}\u00bb custom_padding__hover=\u00bb|||\u00bb][et_pb_image src=\u00bbhttps:\/\/coasa.org\/wp-content\/uploads\/2021\/12\/opt-2.jpg\u00bb alt=\u00bbconstruccio reus\u00bb title_text=\u00bbopt-2&#8243; _builder_version=\u00bb4.14.4&#8243; _module_preset=\u00bbdefault\u00bb global_colors_info=\u00bb{}\u00bb][\/et_pb_image][\/et_pb_column][\/et_pb_row][et_pb_row _builder_version=\u00bb3.25&#8243; global_colors_info=\u00bb{}\u00bb][et_pb_column type=\u00bb4_4&#8243; _builder_version=\u00bb3.25&#8243; custom_padding=\u00bb|||\u00bb global_colors_info=\u00bb{}\u00bb custom_padding__hover=\u00bb|||\u00bb][et_pb_text _builder_version=\u00bb4.14.3&#8243; _module_preset=\u00bbdefault\u00bb global_colors_info=\u00bb{}\u00bb]\n<h2>Caracter\u00edsticas del proyecto<\/h2>\n[\/et_pb_text][et_pb_text _builder_version=\u00bb4.14.7&#8243; _module_preset=\u00bbdefault\u00bb text_font_size=\u00bb15px\u00bb hover_enabled=\u00bb0&#8243; global_colors_info=\u00bb{}\u00bb sticky_enabled=\u00bb0&#8243;]\n<p>Esta obra ha supuesto una <strong>reforma completa<\/strong> del Casal en cuesti\u00f3n. De hecho, ha supuesto un cambio total del interior del recinto, adem\u00e1s de a\u00f1adirse numerosas mejoras para hacer del recinto un espacio m\u00e1s <strong>c\u00f3modo y accesible<\/strong>.<\/p>\n<p>En primer lugar, se ha transformado el espacio en un <strong>escenario fijo<\/strong> para poder realizar acontecimientos adaptados a las necesidades propias de un acto.<\/p>\n<p>Adem\u00e1s, se ha construido una <strong>barra para posibles y futuras actividades festivas<\/strong>. De este modo, el espacio tambi\u00e9n se adapta a estos tipos de actividades y, por lo tanto, el recinto puede tener m\u00e1s funciones.<\/p>\n<p>Por otra parte, tambi\u00e9n se ha hecho una <strong>ampliaci\u00f3n del consultorio local <\/strong>y\u00a0se han <strong>remodelado los ba\u00f1os<\/strong> (para hacerlos accesibles a personas con movilidad reducida). Tambi\u00e9n se ha construido una <strong>nueva oficina de atenci\u00f3n al ciudadano<\/strong>.<\/p>\n<p>La oficina de correos, antes situada al altillo del edificio, se ha reubicado para que tuviera un <strong>acceso directo<\/strong> a la calle. As\u00ed, es de f\u00e1cil acceso para todos los vecinos y visitantes.<\/p>\n<p>\ud83d\udc49\ud83c\udffb Otro factor destacable de la obra ha sido la mejora t\u00e9rmica y ac\u00fastica de la envolvente del edificio. Esto se ha conseguido con el uso de nuevos materiales industrializados derivados de reciclados de madera con una \u00f3ptima huella ecol\u00f3gica.<\/p>\n<p>Si quieres saber un poco m\u00e1s y verlo con tus propios ojos, os compartimos <a href=\"https:\/\/www.youtube.com\/watch?v=rtvjqrmuans\" target=\"_blank\" rel=\"noopener\">un video<\/a> del Canal Terres de l\u2019Ebre donde la Regidora de Urbanismo de Roquetes habla sobre la obra en cuesti\u00f3n.<\/p>\n[\/et_pb_text][et_pb_text _builder_version=\u00bb4.14.4&#8243; _module_preset=\u00bbdefault\u00bb global_colors_info=\u00bb{}\u00bb]\n<h2><\/h2>\n<h2><\/h2>\n<h2><\/h2>\n<h2>Organizaciones implicadas y personal<\/h2>\n[\/et_pb_text][et_pb_text _builder_version=\u00bb4.14.4&#8243; _module_preset=\u00bbdefault\u00bb text_font_size=\u00bb15px\u00bb global_colors_info=\u00bb{}\u00bb]\n<p>La <strong>direcci\u00f3n de ejecuci\u00f3n<\/strong> de esta obra estuvo bajo las manos de los <strong>servicios t\u00e9cnicos municipales<\/strong> y, tambi\u00e9n, bajo las manos del <strong>arquitecto t\u00e9cnico Gines Balastegui<\/strong>.<\/p>\n<p>Adem\u00e1s, el <strong>jefe de obra<\/strong> de esta construcci\u00f3n fue <strong>Josep Sanz Garc\u00eda<\/strong>.<\/p>\n<p>&nbsp;<\/p>\n[\/et_pb_text][et_pb_text _builder_version=\u00bb4.14.4&#8243; _module_preset=\u00bbdefault\u00bb text_font_size=\u00bb15px\u00bb global_colors_info=\u00bb{}\u00bb]\n<p>Agradecidos de poder formar parte de este tipos de proyectos y de poder aportar nuestro granito de arena. En Coasa trabajamos para <strong>mejorar espacios municipales<\/strong> y, consecuentemente, mejorar la calidad de vida de los ciudadanos \ud83e\udd17<\/p>\n[\/et_pb_text][et_pb_gallery gallery_ids=\u00bb4540,4536,4538&#8243; fullwidth=\u00bbon\u00bb _builder_version=\u00bb4.14.4&#8243; _module_preset=\u00bbdefault\u00bb global_colors_info=\u00bb{}\u00bb][\/et_pb_gallery][\/et_pb_column][\/et_pb_row][\/et_pb_section]\n","protected":false},"excerpt":{"rendered":"<p>Remodelaci\u00f3n y mejora del interior del Casal de la RavaletaEl Casal de la Ravaleta, conocido tambi\u00e9n como el Casal Municipal del Raval de Cristo, es un recinto situado a la Raval de Cristo \u2013 Roquetes donde se llevan a cabo diferentes actos municipales y donde, tambi\u00e9n, est\u00e1 situada la oficina de correos. Cliente: Ayuntamiento de [&hellip;]<\/p>\n","protected":false},"author":1,"featured_media":4565,"template":"","meta":{"_et_pb_use_builder":"on","_et_pb_old_content":"[et_pb_section fb_built=\"1\" admin_label=\"Hero\" _builder_version=\"3.29.3\" use_background_color_gradient=\"on\" background_color_gradient_start=\"rgba(40,40,40,0.79)\" background_color_gradient_end=\"rgba(40,40,40,0.86)\" background_color_gradient_type=\"radial\" background_color_gradient_direction_radial=\"top left\" background_color_gradient_overlays_image=\"on\" background_image=\"https:\/\/coasa.org\/wp-content\/uploads\/2019\/10\/e747b6e8-e2f4-4cd4-be16-2f3a314a1fa6.jpeg\" custom_margin=\"||||false\" custom_padding=\"10vw||10vw||true|false\" global_colors_info=\"{}\"][et_pb_row column_structure=\"2_3,1_3\" _builder_version=\"3.25\" global_colors_info=\"{}\"][et_pb_column type=\"2_3\" _builder_version=\"3.25\" custom_padding=\"|||\" global_colors_info=\"{}\" custom_padding__hover=\"|||\"][et_pb_text _builder_version=\"3.27.4\" text_font=\"||||||||\" header_font=\"Rubik|700|||||||\" header_font_size=\"64px\" header_line_height=\"1.1em\" background_layout=\"dark\" max_width=\"800px\" custom_margin=\"||0px|\" custom_padding=\"|||16px\" text_font_size_tablet=\"14px\" text_font_size_last_edited=\"off|desktop\" header_font_size_tablet=\"44px\" header_font_size_phone=\"32px\" header_font_size_last_edited=\"on|phone\" border_color_all=\"#6fb353\" border_width_left=\"10px\" global_colors_info=\"{}\"]<h1>Construcci\u00f3n de un centro de d\u00eda para enfermos de Alzheimer<\/h1>[\/et_pb_text][et_pb_text _builder_version=\"3.27.4\" text_font=\"||||||||\" text_font_size=\"22px\" text_line_height=\"1.6em\" header_font=\"||||||||\" background_layout=\"dark\" max_width=\"800px\" custom_margin=\"|||\" custom_padding=\"20px||20px||true\" text_font_size_tablet=\"18px\" text_font_size_phone=\"\" text_font_size_last_edited=\"on|phone\" global_colors_info=\"{}\"]<p>La Fundaci\u00f3n Rosa Mar\u00eda Vivar es una organizaci\u00f3n sin \u00e1nimo de lucro que surge de la voluntad de ofrecer a les personas con la enfermedad de Alzheimer un centro de d\u00eda especializado en el tratamiento no farmacol\u00f3gico basado en la estimulaci\u00f3n cognitiva.<\/p>[\/et_pb_text][\/et_pb_column][et_pb_column type=\"1_3\" _builder_version=\"3.25\" custom_padding=\"|||\" global_colors_info=\"{}\" custom_padding__hover=\"|||\"][et_pb_text ul_type=\"none\" ul_item_indent=\"3px\" _builder_version=\"3.27.4\" text_font=\"||||||||\" text_font_size=\"16px\" text_line_height=\"1.8em\" ul_font=\"Arimo||||||||\" ul_font_size=\"16px\" ul_line_height=\"2em\" background_layout=\"dark\" custom_margin=\"|||\" custom_margin_last_edited=\"off|desktop\" locked=\"off\" global_colors_info=\"{}\"]<ul>\r\n<li><strong>Cliente:<\/strong> Fundaci\u00f3n Rosa Mar\u00eda Vivar<\/li>\r\n<li><strong>Categoria:<\/strong> Obra p\u00fablica<\/li>\r\n<\/ul>[\/et_pb_text][\/et_pb_column][\/et_pb_row][\/et_pb_section][et_pb_section fb_built=\"1\" admin_label=\"Project Details\" _builder_version=\"3.22\" custom_padding=\"90px||90px||true\" global_colors_info=\"{}\"][et_pb_row column_structure=\"1_2,1_2\" _builder_version=\"3.25\" global_colors_info=\"{}\"][et_pb_column type=\"1_2\" _builder_version=\"3.25\" custom_padding=\"|||\" global_colors_info=\"{}\" custom_padding__hover=\"|||\"][et_pb_text _builder_version=\"4.14.2\" text_font=\"||||||||\" link_font=\"||||||||\" ul_font=\"||||||||\" ol_font=\"||||||||\" quote_font=\"||||||||\" header_font=\"||||||||\" header_2_font=\"Rubik|700|||||||\" header_2_font_size=\"42px\" header_2_line_height=\"1.2em\" module_alignment=\"center\" custom_margin=\"|||\" custom_padding=\"|||\" header_2_font_size_tablet=\"\" header_2_font_size_phone=\"36px\" header_2_font_size_last_edited=\"on|phone\" locked=\"off\" global_colors_info=\"{}\"]<h2>Sobre el proyecto<\/h2>[\/et_pb_text][et_pb_divider color=\"#6fb353\" divider_position=\"center\" divider_weight=\"5px\" _builder_version=\"3.17.6\" max_width=\"50px\" locked=\"off\" global_colors_info=\"{}\"][\/et_pb_divider][et_pb_text _builder_version=\"3.27.4\" text_font=\"||||||||\" text_font_size=\"15px\" text_line_height=\"1.8em\" custom_padding=\"||0px|||\" custom_padding_tablet=\"|40px||40px||true\" custom_padding_last_edited=\"off|desktop\" locked=\"off\" global_colors_info=\"{}\"]<p><span>A\u00a0<\/span><span>Coasa<\/span><span>\u00a0nos sentimos afortunados de haber formado parte de este proyecto; un <strong>proyecto m\u00e1gico, bondadoso y \u00fanico<\/strong>.<\/span><\/p>\r\n<p><span>Hemos sido los encargados de realizar la <strong>construcci\u00f3n de un nuevo centro pionero dedicado a la atenci\u00f3n a los enfermos de Alzheimer<\/strong>. El objetivo de la Fundaci\u00f3n ha sido crear varios espacios especialmente habilitados para un uso terap\u00e9utico.<\/span><\/p>\r\n<p><span>As\u00ed pues, en <\/span><span>Coasa<\/span><span> nos hemos implicado al m\u00e1ximo para hacer que este proyecto fuera una realidad. Hemos trabajado y avanzado con cuidado y ofreciendo, como en cada proyecto, la mejor calidad.<\/span><\/p>[\/et_pb_text][\/et_pb_column][et_pb_column type=\"1_2\" _builder_version=\"3.25\" custom_padding=\"|||\" global_colors_info=\"{}\" custom_padding__hover=\"|||\"][et_pb_gallery gallery_ids=\"4420,4418,4416\" gallery_orderby=\"rand\" fullwidth=\"on\" _builder_version=\"4.14.3\" _module_preset=\"default\" global_colors_info=\"{}\"][\/et_pb_gallery][\/et_pb_column][\/et_pb_row][et_pb_row _builder_version=\"3.25\" global_colors_info=\"{}\"][et_pb_column type=\"4_4\" _builder_version=\"3.25\" custom_padding=\"|||\" global_colors_info=\"{}\" custom_padding__hover=\"|||\"][et_pb_text _builder_version=\"4.14.3\" _module_preset=\"default\" global_colors_info=\"{}\"]<h2>Caracter\u00edsticas del proyecto<\/h2>[\/et_pb_text][et_pb_text _builder_version=\"4.14.2\" _module_preset=\"default\" text_font_size=\"15px\" global_colors_info=\"{}\"]<p><span>Para realizar este proyecto hemos empleado una <strong>estructura portante<\/strong>. Las divisorias y la cubierta han sido realizadas \u00edntegramente con <strong>panel de madera tipo\u00a0<\/strong><\/span><strong>CLT<\/strong><span>. Adem\u00e1s, los cierres de carpinter\u00eda han sido integrados con las divisorias de los paneles en cuesti\u00f3n.<\/span><\/p>\r\n<p><span>Adem\u00e1s, centr\u00e1ndonos en el revestimiento exterior, lo hemos construido de <strong>alta eficiencia energ\u00e9tica tipo <\/strong><\/span><strong>SATE<\/strong><span>. A partir de un compuesto de fibras minerales, lana de roca de\u00a0<\/span><span>Rockwool<\/span><span> y cementos naturales con la cal de <\/span><span>Weber<\/span><span>\u00a0hemos conseguido crear una estructura eficiente y adaptada a las necesidades del cliente.<\/span><\/p>\r\n<p><span>El pavimento ha sido <\/span><span>fratasado<\/span><span> y pulido de hormig\u00f3n de un color natural. Ha sido realizado <em>in situ<\/em> a partir de <strong>revestimiento tipo <\/strong><\/span><strong>pavitron<\/strong><span>\u00a0de\u00a0<\/span><span>Pavindus<\/span><span>.<\/span><\/p>\r\n<p><span>Para conseguir un mejor acabado, hemos empleado la <strong>membrana contin\u00faa\u00a0<\/strong><\/span><strong>Poliurea<\/strong>de\u00a0Krypton<span>\u00a0<\/span><span>Chemical<\/span><span> aplicada en caliente. De este modo, hemos realizado la impermeabilizaci\u00f3n de las cubiertas.<\/span><\/p>\r\n<p><span>Por \u00faltimo, tambi\u00e9n hemos trabajado en la <strong>climatizaci\u00f3n y producci\u00f3n de agua caliente sanitaria<\/strong> (ACS) a trav\u00e9s de tecnolog\u00eda\u00a0<\/span>aerot\u00e9rmica.<\/p>[\/et_pb_text][et_pb_text _builder_version=\"4.14.2\" _module_preset=\"default\" global_colors_info=\"{}\"]<h2>Organizaciones implicadas y personal<\/h2>[\/et_pb_text][et_pb_text _builder_version=\"4.14.2\" _module_preset=\"default\" text_font_size=\"15px\" global_colors_info=\"{}\"]<p>La<strong> direcci\u00f3n de ejecuci\u00f3n<\/strong> de este proyecto estuvo en manos de <a href=\"https:\/\/gcaarq.com\/\">GCA Architects<\/a>, <a href=\"https:\/\/www.sofiaoliva.com\/\">SO Arquitectura<\/a>, Pep Marsal (arquitecto t\u00e9cnico) y <a href=\"http:\/\/xriveiro.es\/\">Enginyeria Xavier Riveiro<\/a>.<\/p>\r\n<p>Adem\u00e1s, Cristina Acidres, arquitecta t\u00e9cnica, fue la jefa de obra de esta construcci\u00f3n.<\/p>[\/et_pb_text][et_pb_text _builder_version=\"4.14.2\" _module_preset=\"default\" text_font_size=\"15px\" global_colors_info=\"{}\"]<p>\u00a0<\/p>\r\n<p>Un <strong>proyecto muy bonito <\/strong>del que estamos muy contentos de haber podido formar parte \ud83e\udd17<\/p>\r\n<p>Adem\u00e1s, este proyecte ha sido el ganador del <strong><a href=\"https:\/\/frosamariavivar.org\/guanyadors-del-premi-darquitectura-alejandro-de-la-sota\/\">premio de arquitectura Alejandro de la Sota<\/a><\/strong>, otorgado junto con el Col\u00b7legi d\u2019Arquitectes de Tarragona.<\/p>[\/et_pb_text][\/et_pb_column][\/et_pb_row][et_pb_row _builder_version=\"4.14.3\" _module_preset=\"default\" global_colors_info=\"{}\"][et_pb_column type=\"4_4\" _builder_version=\"4.14.3\" _module_preset=\"default\" global_colors_info=\"{}\"][et_pb_image src=\"https:\/\/coasa.org\/wp-content\/uploads\/2021\/12\/3.jpg\" alt=\"construcci\u00f3 reus\" title_text=\"construcci\u00f3 reus\" _builder_version=\"4.14.3\" _module_preset=\"default\" global_colors_info=\"{}\"][\/et_pb_image][\/et_pb_column][\/et_pb_row][\/et_pb_section]","_et_gb_content_width":"","_joinchat":[],"footnotes":""},"project_category":[],"project_tag":[37,36,40,39,60,38,61],"class_list":["post-4554","project","type-project","status-publish","has-post-thumbnail","hentry","project_tag-coasa","project_tag-construccion","project_tag-construir","project_tag-obra-publica","project_tag-remodelacion","project_tag-reus","project_tag-roquetes-es"],"yoast_head":"<!-- This site is optimized with the Yoast SEO plugin v27.5 - https:\/\/yoast.com\/product\/yoast-seo-wordpress\/ -->\n<title>Remodelaci\u00f3n y mejora del interior del Casal de la Ravaleta<\/title>\n<meta name=\"description\" content=\"Descubre nuestro \u00faltimo proyecto. Remodelaci\u00f3n y mejora del interior del Casal de la Ravaleta (Roquetes). \u00a1No te lo pierdas!\" \/>\n<meta name=\"robots\" content=\"index, follow, max-snippet:-1, max-image-preview:large, max-video-preview:-1\" \/>\n<link rel=\"canonical\" href=\"https:\/\/coasa.org\/es\/project\/remodelacion-y-mejora-del-interior-del-casal-de-la-ravaleta\/\" \/>\n<meta property=\"og:locale\" content=\"es_ES\" \/>\n<meta property=\"og:type\" content=\"article\" \/>\n<meta property=\"og:title\" content=\"Remodelaci\u00f3n y mejora del interior del Casal de la Ravaleta\" \/>\n<meta property=\"og:description\" content=\"Descubre nuestro \u00faltimo proyecto. Remodelaci\u00f3n y mejora del interior del Casal de la Ravaleta (Roquetes). \u00a1No te lo pierdas!\" \/>\n<meta property=\"og:url\" content=\"https:\/\/coasa.org\/es\/project\/remodelacion-y-mejora-del-interior-del-casal-de-la-ravaleta\/\" \/>\n<meta property=\"og:site_name\" content=\"COASA, Empresa Constructora\" \/>\n<meta property=\"article:modified_time\" content=\"2022-02-02T12:00:06+00:00\" \/>\n<meta property=\"og:image\" content=\"https:\/\/coasa.org\/wp-content\/uploads\/2021\/12\/portada-DEFINITIVA.jpg\" \/>\n\t<meta property=\"og:image:width\" content=\"800\" \/>\n\t<meta property=\"og:image:height\" content=\"600\" \/>\n\t<meta property=\"og:image:type\" content=\"image\/jpeg\" \/>\n<meta name=\"twitter:label1\" content=\"Tiempo de lectura\" \/>\n\t<meta name=\"twitter:data1\" content=\"6 minutos\" \/>\n<script type=\"application\/ld+json\" class=\"yoast-schema-graph\">{\"@context\":\"https:\\\/\\\/schema.org\",\"@graph\":[{\"@type\":\"WebPage\",\"@id\":\"https:\\\/\\\/coasa.org\\\/es\\\/project\\\/remodelacion-y-mejora-del-interior-del-casal-de-la-ravaleta\\\/\",\"url\":\"https:\\\/\\\/coasa.org\\\/es\\\/project\\\/remodelacion-y-mejora-del-interior-del-casal-de-la-ravaleta\\\/\",\"name\":\"Remodelaci\u00f3n y mejora del interior del Casal de la Ravaleta\",\"isPartOf\":{\"@id\":\"https:\\\/\\\/coasa.org\\\/es\\\/#website\"},\"primaryImageOfPage\":{\"@id\":\"https:\\\/\\\/coasa.org\\\/es\\\/project\\\/remodelacion-y-mejora-del-interior-del-casal-de-la-ravaleta\\\/#primaryimage\"},\"image\":{\"@id\":\"https:\\\/\\\/coasa.org\\\/es\\\/project\\\/remodelacion-y-mejora-del-interior-del-casal-de-la-ravaleta\\\/#primaryimage\"},\"thumbnailUrl\":\"https:\\\/\\\/coasa.org\\\/wp-content\\\/uploads\\\/2021\\\/12\\\/portada-DEFINITIVA.jpg\",\"datePublished\":\"2022-01-11T12:57:46+00:00\",\"dateModified\":\"2022-02-02T12:00:06+00:00\",\"description\":\"Descubre nuestro \u00faltimo proyecto. Remodelaci\u00f3n y mejora del interior del Casal de la Ravaleta (Roquetes). \u00a1No te lo pierdas!\",\"breadcrumb\":{\"@id\":\"https:\\\/\\\/coasa.org\\\/es\\\/project\\\/remodelacion-y-mejora-del-interior-del-casal-de-la-ravaleta\\\/#breadcrumb\"},\"inLanguage\":\"es\",\"potentialAction\":[{\"@type\":\"ReadAction\",\"target\":[\"https:\\\/\\\/coasa.org\\\/es\\\/project\\\/remodelacion-y-mejora-del-interior-del-casal-de-la-ravaleta\\\/\"]}]},{\"@type\":\"ImageObject\",\"inLanguage\":\"es\",\"@id\":\"https:\\\/\\\/coasa.org\\\/es\\\/project\\\/remodelacion-y-mejora-del-interior-del-casal-de-la-ravaleta\\\/#primaryimage\",\"url\":\"https:\\\/\\\/coasa.org\\\/wp-content\\\/uploads\\\/2021\\\/12\\\/portada-DEFINITIVA.jpg\",\"contentUrl\":\"https:\\\/\\\/coasa.org\\\/wp-content\\\/uploads\\\/2021\\\/12\\\/portada-DEFINITIVA.jpg\",\"width\":800,\"height\":600,\"caption\":\"CONSTRUCCIO\"},{\"@type\":\"BreadcrumbList\",\"@id\":\"https:\\\/\\\/coasa.org\\\/es\\\/project\\\/remodelacion-y-mejora-del-interior-del-casal-de-la-ravaleta\\\/#breadcrumb\",\"itemListElement\":[{\"@type\":\"ListItem\",\"position\":1,\"name\":\"Portada\",\"item\":\"https:\\\/\\\/coasa.org\\\/es\\\/\"},{\"@type\":\"ListItem\",\"position\":2,\"name\":\"Proyectos\",\"item\":\"https:\\\/\\\/coasa.org\\\/es\\\/project\\\/\"},{\"@type\":\"ListItem\",\"position\":3,\"name\":\"Remodelaci\u00f3n y mejora del interior del Casal de la Ravaleta\"}]},{\"@type\":\"WebSite\",\"@id\":\"https:\\\/\\\/coasa.org\\\/es\\\/#website\",\"url\":\"https:\\\/\\\/coasa.org\\\/es\\\/\",\"name\":\"COASA, Empresa Constructora\",\"description\":\"Des del seu naixement COASA s&#039;ha destacat per una constant evoluci\u00f3 que ens permet\u00e9s una \u00e0gil adaptaci\u00f3 a les necessitats canviants del mercat de la construcci\u00f3 industrial.\",\"publisher\":{\"@id\":\"https:\\\/\\\/coasa.org\\\/es\\\/#organization\"},\"potentialAction\":[{\"@type\":\"SearchAction\",\"target\":{\"@type\":\"EntryPoint\",\"urlTemplate\":\"https:\\\/\\\/coasa.org\\\/es\\\/?s={search_term_string}\"},\"query-input\":{\"@type\":\"PropertyValueSpecification\",\"valueRequired\":true,\"valueName\":\"search_term_string\"}}],\"inLanguage\":\"es\"},{\"@type\":\"Organization\",\"@id\":\"https:\\\/\\\/coasa.org\\\/es\\\/#organization\",\"name\":\"Coasa\",\"url\":\"https:\\\/\\\/coasa.org\\\/es\\\/\",\"logo\":{\"@type\":\"ImageObject\",\"inLanguage\":\"es\",\"@id\":\"https:\\\/\\\/coasa.org\\\/es\\\/#\\\/schema\\\/logo\\\/image\\\/\",\"url\":\"https:\\\/\\\/coasa.org\\\/wp-content\\\/uploads\\\/2018\\\/10\\\/logo.png\",\"contentUrl\":\"https:\\\/\\\/coasa.org\\\/wp-content\\\/uploads\\\/2018\\\/10\\\/logo.png\",\"width\":500,\"height\":141,\"caption\":\"Coasa\"},\"image\":{\"@id\":\"https:\\\/\\\/coasa.org\\\/es\\\/#\\\/schema\\\/logo\\\/image\\\/\"},\"sameAs\":[\"https:\\\/\\\/www.linkedin.com\\\/company\\\/coasa\\\/\"]}]}<\/script>\n<!-- \/ Yoast SEO plugin. -->","yoast_head_json":{"title":"Remodelaci\u00f3n y mejora del interior del Casal de la Ravaleta","description":"Descubre nuestro \u00faltimo proyecto. Remodelaci\u00f3n y mejora del interior del Casal de la Ravaleta (Roquetes). \u00a1No te lo pierdas!","robots":{"index":"index","follow":"follow","max-snippet":"max-snippet:-1","max-image-preview":"max-image-preview:large","max-video-preview":"max-video-preview:-1"},"canonical":"https:\/\/coasa.org\/es\/project\/remodelacion-y-mejora-del-interior-del-casal-de-la-ravaleta\/","og_locale":"es_ES","og_type":"article","og_title":"Remodelaci\u00f3n y mejora del interior del Casal de la Ravaleta","og_description":"Descubre nuestro \u00faltimo proyecto. Remodelaci\u00f3n y mejora del interior del Casal de la Ravaleta (Roquetes). \u00a1No te lo pierdas!","og_url":"https:\/\/coasa.org\/es\/project\/remodelacion-y-mejora-del-interior-del-casal-de-la-ravaleta\/","og_site_name":"COASA, Empresa Constructora","article_modified_time":"2022-02-02T12:00:06+00:00","og_image":[{"width":800,"height":600,"url":"https:\/\/coasa.org\/wp-content\/uploads\/2021\/12\/portada-DEFINITIVA.jpg","type":"image\/jpeg"}],"twitter_misc":{"Tiempo de lectura":"6 minutos"},"schema":{"@context":"https:\/\/schema.org","@graph":[{"@type":"WebPage","@id":"https:\/\/coasa.org\/es\/project\/remodelacion-y-mejora-del-interior-del-casal-de-la-ravaleta\/","url":"https:\/\/coasa.org\/es\/project\/remodelacion-y-mejora-del-interior-del-casal-de-la-ravaleta\/","name":"Remodelaci\u00f3n y mejora del interior del Casal de la Ravaleta","isPartOf":{"@id":"https:\/\/coasa.org\/es\/#website"},"primaryImageOfPage":{"@id":"https:\/\/coasa.org\/es\/project\/remodelacion-y-mejora-del-interior-del-casal-de-la-ravaleta\/#primaryimage"},"image":{"@id":"https:\/\/coasa.org\/es\/project\/remodelacion-y-mejora-del-interior-del-casal-de-la-ravaleta\/#primaryimage"},"thumbnailUrl":"https:\/\/coasa.org\/wp-content\/uploads\/2021\/12\/portada-DEFINITIVA.jpg","datePublished":"2022-01-11T12:57:46+00:00","dateModified":"2022-02-02T12:00:06+00:00","description":"Descubre nuestro \u00faltimo proyecto. Remodelaci\u00f3n y mejora del interior del Casal de la Ravaleta (Roquetes). \u00a1No te lo pierdas!","breadcrumb":{"@id":"https:\/\/coasa.org\/es\/project\/remodelacion-y-mejora-del-interior-del-casal-de-la-ravaleta\/#breadcrumb"},"inLanguage":"es","potentialAction":[{"@type":"ReadAction","target":["https:\/\/coasa.org\/es\/project\/remodelacion-y-mejora-del-interior-del-casal-de-la-ravaleta\/"]}]},{"@type":"ImageObject","inLanguage":"es","@id":"https:\/\/coasa.org\/es\/project\/remodelacion-y-mejora-del-interior-del-casal-de-la-ravaleta\/#primaryimage","url":"https:\/\/coasa.org\/wp-content\/uploads\/2021\/12\/portada-DEFINITIVA.jpg","contentUrl":"https:\/\/coasa.org\/wp-content\/uploads\/2021\/12\/portada-DEFINITIVA.jpg","width":800,"height":600,"caption":"CONSTRUCCIO"},{"@type":"BreadcrumbList","@id":"https:\/\/coasa.org\/es\/project\/remodelacion-y-mejora-del-interior-del-casal-de-la-ravaleta\/#breadcrumb","itemListElement":[{"@type":"ListItem","position":1,"name":"Portada","item":"https:\/\/coasa.org\/es\/"},{"@type":"ListItem","position":2,"name":"Proyectos","item":"https:\/\/coasa.org\/es\/project\/"},{"@type":"ListItem","position":3,"name":"Remodelaci\u00f3n y mejora del interior del Casal de la Ravaleta"}]},{"@type":"WebSite","@id":"https:\/\/coasa.org\/es\/#website","url":"https:\/\/coasa.org\/es\/","name":"COASA, Empresa Constructora","description":"Des del seu naixement COASA s&#039;ha destacat per una constant evoluci\u00f3 que ens permet\u00e9s una \u00e0gil adaptaci\u00f3 a les necessitats canviants del mercat de la construcci\u00f3 industrial.","publisher":{"@id":"https:\/\/coasa.org\/es\/#organization"},"potentialAction":[{"@type":"SearchAction","target":{"@type":"EntryPoint","urlTemplate":"https:\/\/coasa.org\/es\/?s={search_term_string}"},"query-input":{"@type":"PropertyValueSpecification","valueRequired":true,"valueName":"search_term_string"}}],"inLanguage":"es"},{"@type":"Organization","@id":"https:\/\/coasa.org\/es\/#organization","name":"Coasa","url":"https:\/\/coasa.org\/es\/","logo":{"@type":"ImageObject","inLanguage":"es","@id":"https:\/\/coasa.org\/es\/#\/schema\/logo\/image\/","url":"https:\/\/coasa.org\/wp-content\/uploads\/2018\/10\/logo.png","contentUrl":"https:\/\/coasa.org\/wp-content\/uploads\/2018\/10\/logo.png","width":500,"height":141,"caption":"Coasa"},"image":{"@id":"https:\/\/coasa.org\/es\/#\/schema\/logo\/image\/"},"sameAs":["https:\/\/www.linkedin.com\/company\/coasa\/"]}]}},"_links":{"self":[{"href":"https:\/\/coasa.org\/es\/wp-json\/wp\/v2\/project\/4554","targetHints":{"allow":["GET"]}}],"collection":[{"href":"https:\/\/coasa.org\/es\/wp-json\/wp\/v2\/project"}],"about":[{"href":"https:\/\/coasa.org\/es\/wp-json\/wp\/v2\/types\/project"}],"author":[{"embeddable":true,"href":"https:\/\/coasa.org\/es\/wp-json\/wp\/v2\/users\/1"}],"version-history":[{"count":11,"href":"https:\/\/coasa.org\/es\/wp-json\/wp\/v2\/project\/4554\/revisions"}],"predecessor-version":[{"id":4844,"href":"https:\/\/coasa.org\/es\/wp-json\/wp\/v2\/project\/4554\/revisions\/4844"}],"wp:featuredmedia":[{"embeddable":true,"href":"https:\/\/coasa.org\/es\/wp-json\/wp\/v2\/media\/4565"}],"wp:attachment":[{"href":"https:\/\/coasa.org\/es\/wp-json\/wp\/v2\/media?parent=4554"}],"wp:term":[{"taxonomy":"project_category","embeddable":true,"href":"https:\/\/coasa.org\/es\/wp-json\/wp\/v2\/project_category?post=4554"},{"taxonomy":"project_tag","embeddable":true,"href":"https:\/\/coasa.org\/es\/wp-json\/wp\/v2\/project_tag?post=4554"}],"curies":[{"name":"wp","href":"https:\/\/api.w.org\/{rel}","templated":true}]}}