{"id":4814,"date":"2022-03-10T11:11:41","date_gmt":"2022-03-10T11:11:41","guid":{"rendered":"https:\/\/coasa.org\/?post_type=project&#038;p=4814"},"modified":"2023-11-14T10:14:56","modified_gmt":"2023-11-14T09:14:56","slug":"reconstruccion-de-la-bodega-de-produccion-vall-llach","status":"publish","type":"project","link":"https:\/\/coasa.org\/es\/project\/reconstruccion-de-la-bodega-de-produccion-vall-llach\/","title":{"rendered":"Reconstrucci\u00f3n de la bodega de producci\u00f3n Vall Llach"},"content":{"rendered":"[et_pb_section fb_built=\u00bb1&#8243; admin_label=\u00bbHero\u00bb _builder_version=\u00bb4.14.7&#8243; use_background_color_gradient=\u00bbon\u00bb background_color_gradient_start=\u00bbrgba(40,40,40,0.45)\u00bb background_color_gradient_end=\u00bbrgba(40,40,40,0.45)\u00bb background_color_gradient_type=\u00bbradial\u00bb background_color_gradient_direction_radial=\u00bbtop left\u00bb background_color_gradient_overlays_image=\u00bbon\u00bb background_image=\u00bbhttps:\/\/coasa.org\/wp-content\/uploads\/2022\/01\/IMG-20211029-WA0014.jpg\u00bb custom_margin=\u00bb||||false\u00bb custom_padding=\u00bb10vw||10vw||true|false\u00bb global_colors_info=\u00bb{}\u00bb][et_pb_row column_structure=\u00bb2_3,1_3&#8243; _builder_version=\u00bb4.14.7&#8243; width=\u00bb98%\u00bb global_colors_info=\u00bb{}\u00bb][et_pb_column type=\u00bb2_3&#8243; _builder_version=\u00bb3.25&#8243; custom_padding=\u00bb|||\u00bb global_colors_info=\u00bb{}\u00bb custom_padding__hover=\u00bb|||\u00bb][et_pb_text _builder_version=\u00bb4.14.7&#8243; text_font=\u00bb||||||||\u00bb header_font=\u00bbRubik|700|||||||\u00bb header_font_size=\u00bb64px\u00bb header_line_height=\u00bb1.1em\u00bb background_layout=\u00bbdark\u00bb max_width=\u00bb800px\u00bb custom_margin=\u00bb||0px|\u00bb custom_padding=\u00bb|||16px\u00bb text_font_size_tablet=\u00bb14px\u00bb text_font_size_last_edited=\u00bboff|desktop\u00bb header_font_size_tablet=\u00bb44px\u00bb header_font_size_phone=\u00bb32px\u00bb header_font_size_last_edited=\u00bbon|phone\u00bb border_color_all=\u00bb#6fb353&#8243; border_width_left=\u00bb10px\u00bb global_colors_info=\u00bb{}\u00bb]\n<h1><strong>Reconstrucci\u00f3n <\/strong><strong>de <\/strong><strong>la bodega de producci\u00f3n <\/strong><strong>Vall Llach<\/strong><\/h1>\n[\/et_pb_text][et_pb_text _builder_version=\u00bb4.14.4&#8243; text_font=\u00bb||||||||\u00bb text_font_size=\u00bb22px\u00bb text_line_height=\u00bb1.6em\u00bb header_font=\u00bb||||||||\u00bb background_layout=\u00bbdark\u00bb max_width=\u00bb800px\u00bb custom_margin=\u00bb|||\u00bb custom_padding=\u00bb20px||20px||true\u00bb text_font_size_tablet=\u00bb18px\u00bb text_font_size_phone=\u00bb\u00bb text_font_size_last_edited=\u00bbon|phone\u00bb global_colors_info=\u00bb{}\u00bb]\n<p>La bodega de producci\u00f3n Vall Llach, situada en Porrera (Priorat) y creada a principios de los a\u00f1os 90, es una bodega donde se\u00a0vinifica, se embotella, se etiqueta y se almacena el stock de vino, entre otros. La bodega Vall Llach apuesta por la microproducci\u00f3n controlada para hacer prevalecer la calidad por encima de la cantidad.<\/p>\n[\/et_pb_text][\/et_pb_column][et_pb_column type=\u00bb1_3&#8243; _builder_version=\u00bb3.25&#8243; custom_padding=\u00bb|||\u00bb global_colors_info=\u00bb{}\u00bb custom_padding__hover=\u00bb|||\u00bb][et_pb_text ul_type=\u00bbnone\u00bb ul_item_indent=\u00bb3px\u00bb _builder_version=\u00bb4.14.4&#8243; text_font=\u00bb||||||||\u00bb text_font_size=\u00bb16px\u00bb text_line_height=\u00bb1.8em\u00bb ul_font=\u00bbArimo||||||||\u00bb ul_font_size=\u00bb16px\u00bb ul_line_height=\u00bb2em\u00bb background_layout=\u00bbdark\u00bb custom_margin=\u00bb|||\u00bb custom_margin_last_edited=\u00bboff|desktop\u00bb locked=\u00bboff\u00bb global_colors_info=\u00bb{}\u00bb]\n<ul>\n<li><strong>Cliente:<\/strong> Bodega Vall Llach<\/li>\n<li><strong>Categoria:<\/strong> Sector vitivin\u00edcola<\/li>\n<\/ul>\n[\/et_pb_text][\/et_pb_column][\/et_pb_row][\/et_pb_section][et_pb_section fb_built=\u00bb1&#8243; admin_label=\u00bbProject Details\u00bb _builder_version=\u00bb3.22&#8243; custom_padding=\u00bb90px||90px||true\u00bb global_colors_info=\u00bb{}\u00bb][et_pb_row column_structure=\u00bb1_2,1_2&#8243; _builder_version=\u00bb3.25&#8243; global_colors_info=\u00bb{}\u00bb][et_pb_column type=\u00bb1_2&#8243; _builder_version=\u00bb3.25&#8243; custom_padding=\u00bb|||\u00bb global_colors_info=\u00bb{}\u00bb custom_padding__hover=\u00bb|||\u00bb][et_pb_text _builder_version=\u00bb4.14.2&#8243; text_font=\u00bb||||||||\u00bb link_font=\u00bb||||||||\u00bb ul_font=\u00bb||||||||\u00bb ol_font=\u00bb||||||||\u00bb quote_font=\u00bb||||||||\u00bb header_font=\u00bb||||||||\u00bb header_2_font=\u00bbRubik|700|||||||\u00bb header_2_font_size=\u00bb42px\u00bb header_2_line_height=\u00bb1.2em\u00bb module_alignment=\u00bbcenter\u00bb custom_margin=\u00bb|||\u00bb custom_padding=\u00bb|||\u00bb header_2_font_size_tablet=\u00bb\u00bb header_2_font_size_phone=\u00bb36px\u00bb header_2_font_size_last_edited=\u00bbon|phone\u00bb locked=\u00bboff\u00bb global_colors_info=\u00bb{}\u00bb]\n<h2>Sobre el proyecto<\/h2>\n[\/et_pb_text][et_pb_divider color=\u00bb#6fb353&#8243; divider_position=\u00bbcenter\u00bb divider_weight=\u00bb5px\u00bb _builder_version=\u00bb3.17.6&#8243; max_width=\u00bb50px\u00bb locked=\u00bboff\u00bb global_colors_info=\u00bb{}\u00bb][\/et_pb_divider][et_pb_text _builder_version=\u00bb4.14.7&#8243; text_font=\u00bb||||||||\u00bb text_font_size=\u00bb15px\u00bb text_line_height=\u00bb1.8em\u00bb custom_padding=\u00bb||0px|||\u00bb custom_padding_tablet=\u00bb|40px||40px||true\u00bb custom_padding_last_edited=\u00bboff|desktop\u00bb locked=\u00bboff\u00bb global_colors_info=\u00bb{}\u00bb]\n<p>Debido a la gran acumulaci\u00f3n de nieve producida por <strong>la borrasca\u00a0<\/strong><strong>Filomena<\/strong>, parte de la bodega qued\u00f3 totalmente destrozada. El peso de la nieve provoc\u00f3 el <strong>hundimiento del tejado<\/strong>.<\/p>\n<p>\u201cHoy se nos ha roto el coraz\u00f3n y solo esperamos reconstruirla de nuevo, poco a poco y pieza a pieza\u201d, explicaban los propietarios.<\/p>\n<p>As\u00ed, en\u00a0Coasa\u00a0fuimos los encargados, el \u00faltimo a\u00f1o, de <strong>reconstruir la bodega y hacerla renacer<\/strong>. Nos sentimos muy agradecidos de poder formar parte de un proyecto como este y, tambi\u00e9n, contentos de poder ayudar y aportar nuestro grano de arena en reparar y dejar atr\u00e1s las consecuencias que dej\u00f3 la borrasca\u00a0Filomena.<\/p>\n[\/et_pb_text][\/et_pb_column][et_pb_column type=\u00bb1_2&#8243; _builder_version=\u00bb3.25&#8243; custom_padding=\u00bb|||\u00bb global_colors_info=\u00bb{}\u00bb custom_padding__hover=\u00bb|||\u00bb][et_pb_image src=\u00bbhttps:\/\/coasa.org\/wp-content\/uploads\/2022\/02\/4.jpg\u00bb alt=\u00bbconstruccio-vinicola\u00bb title_text=\u00bb4&#8243; _builder_version=\u00bb4.14.7&#8243; _module_preset=\u00bbdefault\u00bb global_colors_info=\u00bb{}\u00bb][\/et_pb_image][\/et_pb_column][\/et_pb_row][et_pb_row _builder_version=\u00bb3.25&#8243; global_colors_info=\u00bb{}\u00bb][et_pb_column type=\u00bb4_4&#8243; _builder_version=\u00bb3.25&#8243; custom_padding=\u00bb|||\u00bb global_colors_info=\u00bb{}\u00bb custom_padding__hover=\u00bb|||\u00bb][et_pb_text _builder_version=\u00bb4.14.3&#8243; _module_preset=\u00bbdefault\u00bb global_colors_info=\u00bb{}\u00bb]\n<h2>Caracter\u00edsticas del proyecto<\/h2>\n[\/et_pb_text][et_pb_text _builder_version=\u00bb4.14.7&#8243; _module_preset=\u00bbdefault\u00bb text_font_size=\u00bb15px\u00bb custom_padding=\u00bb||1px|||\u00bb hover_enabled=\u00bb0&#8243; global_colors_info=\u00bb{}\u00bb sticky_enabled=\u00bb0&#8243;]\n<p>El proyecto, pues, consisti\u00f3 en la reconstrucci\u00f3n de la nueva bodega vitivin\u00edcola Vall Llach. Para garantizar el proceso de vendimia 2021, es decir, garantizar la cosecha de la uva para la producci\u00f3n de vino, tuvimos que seguir una <strong>exigente adaptaci\u00f3n en el plan de ejecuci\u00f3n<\/strong>. Un proyecto, pues, sin\u00f3nimo de reto.<\/p>\n<p>Para realizar la cubierta, empleamos panel de <strong>madera tipo\u00a0<\/strong><strong>thermochip\u00a0con aislamiento<\/strong>. Garantizar un aislamiento continuo y crear una <strong>cubierta estable y homog\u00e9nea<\/strong> era una de nuestras prioridades. Adem\u00e1s, las tejas usadas para la cubierta eran tejas envejecidas.<\/p>\n<p>Por otra parte, para la estructura de la cubierta y los entresuelos optamos por la <strong>madera laminada<\/strong> y, tambi\u00e9n, por paneles\u00a0thermochip\u00a0aislados.<\/p>\n<p>Adem\u00e1s, llevamos a cabo la <strong>recuperaci\u00f3n del dep\u00f3sito existente<\/strong> para el almacenamiento de los residuos de\u00a0vinazas.<\/p>\n<p>As\u00ed pues, siguiendo estrictamente el plan de ejecuci\u00f3n y ofreciendo la m\u00e1xima implicaci\u00f3n por parte de todo el equipo, logramos <a href=\"https:\/\/www.lavanguardia.com\/economia\/20211207\/7912779\/bodega-vall-llach-renace-escombros-record.html)\" target=\"_blank\" rel=\"noopener\"><strong>reconstruir la bodega Vall Llach en tiempo r\u00e9cord<\/strong><\/a> y, consecuentemente, hacer renacer la esperanza e ilusi\u00f3n de todos.<\/p>\n[\/et_pb_text][et_pb_text _builder_version=\u00bb4.14.4&#8243; _module_preset=\u00bbdefault\u00bb global_colors_info=\u00bb{}\u00bb]\n<h2><\/h2>\n<h2><\/h2>\n<h2><\/h2>\n<h2>Organizaciones implicadas y personal<\/h2>\n[\/et_pb_text][et_pb_text _builder_version=\u00bb4.14.7&#8243; _module_preset=\u00bbdefault\u00bb text_font_size=\u00bb15px\u00bb hover_enabled=\u00bb0&#8243; global_colors_info=\u00bb{}\u00bb sticky_enabled=\u00bb0&#8243;]\n<p>La direcci\u00f3n de ejecuci\u00f3n de esta obra estuvo bajo las manos de <a href=\"https:\/\/es.glaparquitectes.com\/\" target=\"_blank\" rel=\"noopener\">Glap Arquitectes<\/a>.<\/p>\n<p>Por otra parte, el <strong>jefe de obra<\/strong> de la construcci\u00f3n fue el arquitecto t\u00e9cnico Josep Navarrete.<\/p>\n<p>&nbsp;<\/p>\n<p>Todos los proyectos en los que trabajamos son especiales y \u00fanicos. Pero este, despu\u00e9s de los destrozos que dej\u00f3 la borrasca\u00a0Filomena, lo recordamos con mucho cari\u00f1o \u2728<\/p>\n<p>Inmensamente agradecidos de poder ayudar y formar parte de una reconstrucci\u00f3n como esta.<\/p>\n<p>&nbsp;<\/p>\n[\/et_pb_text][et_pb_gallery gallery_ids=\u00bb4800,4802,4804,4806&#8243; fullwidth=\u00bbon\u00bb _builder_version=\u00bb4.14.7&#8243; _module_preset=\u00bbdefault\u00bb global_colors_info=\u00bb{}\u00bb][\/et_pb_gallery][\/et_pb_column][\/et_pb_row][\/et_pb_section]\n","protected":false},"excerpt":{"rendered":"<p>Reconstrucci\u00f3n de la bodega de producci\u00f3n Vall LlachLa bodega de producci\u00f3n Vall Llach, situada en Porrera (Priorat) y creada a principios de los a\u00f1os 90, es una bodega donde se\u00a0vinifica, se embotella, se etiqueta y se almacena el stock de vino, entre otros. La bodega Vall Llach apuesta por la microproducci\u00f3n controlada para hacer prevalecer [&hellip;]<\/p>\n","protected":false},"author":1,"featured_media":4808,"template":"","meta":{"_et_pb_use_builder":"on","_et_pb_old_content":"<p>[et_pb_section fb_built=\"1\" admin_label=\"Hero\" _builder_version=\"4.14.7\" use_background_color_gradient=\"on\" background_color_gradient_start=\"rgba(40,40,40,0.45)\" background_color_gradient_end=\"rgba(40,40,40,0.45)\" background_color_gradient_type=\"radial\" background_color_gradient_direction_radial=\"top left\" background_color_gradient_overlays_image=\"on\" background_image=\"https:\/\/coasa.org\/wp-content\/uploads\/2022\/01\/IMG-20211029-WA0014.jpg\" custom_margin=\"||||false\" custom_padding=\"10vw||10vw||true|false\" global_colors_info=\"{}\"][et_pb_row column_structure=\"2_3,1_3\" _builder_version=\"3.25\" global_colors_info=\"{}\"][et_pb_column type=\"2_3\" _builder_version=\"3.25\" custom_padding=\"|||\" global_colors_info=\"{}\" custom_padding__hover=\"|||\"][et_pb_text _builder_version=\"4.14.4\" text_font=\"||||||||\" header_font=\"Rubik|700|||||||\" header_font_size=\"64px\" header_line_height=\"1.1em\" background_layout=\"dark\" max_width=\"800px\" custom_margin=\"||0px|\" custom_padding=\"|||16px\" text_font_size_tablet=\"14px\" text_font_size_last_edited=\"off|desktop\" header_font_size_tablet=\"44px\" header_font_size_phone=\"32px\" header_font_size_last_edited=\"on|phone\" border_color_all=\"#6fb353\" border_width_left=\"10px\" global_colors_info=\"{}\"]<\/p><h1><strong>Construcci\u00f3n de la nueva sala de velatorios de Sarral<\/strong><\/h1><p>[\/et_pb_text][et_pb_text _builder_version=\"4.14.4\" text_font=\"||||||||\" text_font_size=\"22px\" text_line_height=\"1.6em\" header_font=\"||||||||\" background_layout=\"dark\" max_width=\"800px\" custom_margin=\"|||\" custom_padding=\"20px||20px||true\" text_font_size_tablet=\"18px\" text_font_size_phone=\"\" text_font_size_last_edited=\"on|phone\" global_colors_info=\"{}\"]<\/p><p>Hasta ahora, los habitantes de Sarral, municipio de la Conca de Barber\u00e0, ten\u00edan que desplazarse a municipios pr\u00f3ximos con tanatorio para poder velar a los difuntos. Este proyecto permite que, a partir de ahora, puedan disponer de este servicio sin necesidad de desplazarse.<\/p><p>[\/et_pb_text][\/et_pb_column][et_pb_column type=\"1_3\" _builder_version=\"3.25\" custom_padding=\"|||\" global_colors_info=\"{}\" custom_padding__hover=\"|||\"][et_pb_text ul_type=\"none\" ul_item_indent=\"3px\" _builder_version=\"4.14.4\" text_font=\"||||||||\" text_font_size=\"16px\" text_line_height=\"1.8em\" ul_font=\"Arimo||||||||\" ul_font_size=\"16px\" ul_line_height=\"2em\" background_layout=\"dark\" custom_margin=\"|||\" custom_margin_last_edited=\"off|desktop\" locked=\"off\" global_colors_info=\"{}\"]<\/p><ul><li><strong>Cliente:<\/strong> Ayuntamiento de Sarral y Diputaci\u00f3n de Tarragona<\/li><li><strong>Categoria:<\/strong> Obra p\u00fablica<\/li><\/ul><p>[\/et_pb_text][\/et_pb_column][\/et_pb_row][\/et_pb_section][et_pb_section fb_built=\"1\" admin_label=\"Project Details\" _builder_version=\"3.22\" custom_padding=\"90px||90px||true\" global_colors_info=\"{}\"][et_pb_row column_structure=\"1_2,1_2\" _builder_version=\"3.25\" global_colors_info=\"{}\"][et_pb_column type=\"1_2\" _builder_version=\"3.25\" custom_padding=\"|||\" global_colors_info=\"{}\" custom_padding__hover=\"|||\"][et_pb_text _builder_version=\"4.14.2\" text_font=\"||||||||\" link_font=\"||||||||\" ul_font=\"||||||||\" ol_font=\"||||||||\" quote_font=\"||||||||\" header_font=\"||||||||\" header_2_font=\"Rubik|700|||||||\" header_2_font_size=\"42px\" header_2_line_height=\"1.2em\" module_alignment=\"center\" custom_margin=\"|||\" custom_padding=\"|||\" header_2_font_size_tablet=\"\" header_2_font_size_phone=\"36px\" header_2_font_size_last_edited=\"on|phone\" locked=\"off\" global_colors_info=\"{}\"]<\/p><h2>Sobre el proyecto<\/h2><p>[\/et_pb_text][et_pb_divider color=\"#6fb353\" divider_position=\"center\" divider_weight=\"5px\" _builder_version=\"3.17.6\" max_width=\"50px\" locked=\"off\" global_colors_info=\"{}\"][\/et_pb_divider][et_pb_text _builder_version=\"4.14.7\" text_font=\"||||||||\" text_font_size=\"15px\" text_line_height=\"1.8em\" custom_padding=\"||0px|||\" custom_padding_tablet=\"|40px||40px||true\" custom_padding_last_edited=\"off|desktop\" locked=\"off\" global_colors_info=\"{}\"]<\/p><p>\u201cSomos un pueblo de 1.700 habitantes y la <strong>sala de velatorios es necesaria<\/strong>\u201d, explicaba Jaume Forn\u00e9s, alcalde de Sarral. Por eso,en Coasa nos hemos encargado de convertir esta necesidad en una realidad.<\/p><p>As\u00ed, a finales del \u00faltimo a\u00f1o realizamos la <strong>construcci\u00f3n de la nueva sala de velatorios de Sarral<\/strong>.<\/p><p>Queremos agradecer al Ayuntamiento de Sarral y la <a href=\"https:\/\/www.diputaciodetarragona.cat\/\">Diputaci\u00f3n de Tarragona<\/a> la confianza depositada en nosotros.<\/p><p>[\/et_pb_text][\/et_pb_column][et_pb_column type=\"1_2\" _builder_version=\"3.25\" custom_padding=\"|||\" global_colors_info=\"{}\" custom_padding__hover=\"|||\"][et_pb_image src=\"https:\/\/coasa.org\/wp-content\/uploads\/2022\/01\/IMG-20211118-WA0015.jpg\" alt=\"construcci\u00f3n obra publica\" title_text=\"IMG-20211118-WA0015\" _builder_version=\"4.14.7\" _module_preset=\"default\" global_colors_info=\"{}\"][\/et_pb_image][\/et_pb_column][\/et_pb_row][et_pb_row _builder_version=\"3.25\" global_colors_info=\"{}\"][et_pb_column type=\"4_4\" _builder_version=\"3.25\" custom_padding=\"|||\" global_colors_info=\"{}\" custom_padding__hover=\"|||\"][et_pb_text _builder_version=\"4.14.3\" _module_preset=\"default\" global_colors_info=\"{}\"]<\/p><h2>Caracter\u00edsticas del proyecto<\/h2><p>[\/et_pb_text][et_pb_text _builder_version=\"4.14.4\" _module_preset=\"default\" text_font_size=\"15px\" global_colors_info=\"{}\"]<\/p><p>La nueva sala de velatorios de Sarral, la cual cuenta con unos <strong>300 metros cuadrados<\/strong>, se ha construido sobre suelo de propiedad municipal, junto al cementerio.<\/p><p>El tanatorio cuenta con una sala principal (170 metros cuadrados), una sala para el difunto, un aparcamiento para los familiares, un vest\u00edbulo, servicios y tambi\u00e9n un porche con un jard\u00edn en la entrada.<\/p><p>En referencia a la <strong>construcci\u00f3n<\/strong> como tal, hemos empleado <strong>granito<\/strong> para conseguir un acabado elegante y de calidad. Adem\u00e1s, el granito es un material sostenible, puesto que no necesita procesos qu\u00edmicos para su elaboraci\u00f3n y el mantenimiento que requiere no comporta costes elevados.<\/p><p>Las puertas han sido construidas con <strong>vidrio templado de 6mm ultraclear opacificado. <\/strong>Dicho material aporta resistencia y duraci\u00f3n, adem\u00e1s de facilidad a la hora de mantenerlo y limpiarlo.<\/p><p>Por otro lado, se han instalado <strong>paseras de madera termo tratada<\/strong> para facilitar el acceso en el nicho y aportar comodidad a los visitantes.<\/p><p>[\/et_pb_text][et_pb_text _builder_version=\"4.14.4\" _module_preset=\"default\" global_colors_info=\"{}\"]<\/p><h2>\u00a0<\/h2><h2>\u00a0<\/h2><h2>\u00a0<\/h2><h2>Organizaciones implicadas y personal<\/h2><p>[\/et_pb_text][et_pb_text _builder_version=\"4.14.4\" _module_preset=\"default\" text_font_size=\"15px\" global_colors_info=\"{}\"]<\/p><p>La direcci\u00f3n de ejecuci\u00f3n de esta obra estuvo bajo las manos de la <strong>Unidad de Arquitectura Municipal del Servicio de Asistencia Municipal <\/strong>(SAM) de la Diputaci\u00f3n de Tarragona. Tambi\u00e9n, del <strong>arquitecto Albert Jan\u00e9 Pla<\/strong>.<\/p><p>Por otro lado, el <strong>jefe de obra<\/strong> de la construcci\u00f3n fue Ghiber Sanchez.<\/p><p>\u00a0<\/p><p>[\/et_pb_text][et_pb_text _builder_version=\"4.14.4\" _module_preset=\"default\" text_font_size=\"15px\" global_colors_info=\"{}\"]<\/p><p>Agradecidos de poder formar parte de proyectos que facilitan el d\u00eda a d\u00eda de los habitantes y de poder aportar nuestro granito de arena a <strong>mejorar espacios municipales<\/strong> \ud83d\udc77\ud83c\udffb\u200d\u2642\ufe0f<\/p><p>Si te has quedado con ganas de conocernos m\u00e1s, \u00a1descubre otro de<a href=\"https:\/\/coasa.org\/es\/project\/remodelacion-y-mejora-del-interior-del-casal-de-la-ravaleta\/\"> nuestros proyectos<\/a>!\u00a0<\/p><p>\u00a0<\/p><p>[\/et_pb_text][et_pb_gallery gallery_ids=\"4748,4744,4742,4740\" fullwidth=\"on\" _builder_version=\"4.14.7\" _module_preset=\"default\" global_colors_info=\"{}\"][\/et_pb_gallery][\/et_pb_column][\/et_pb_row][\/et_pb_section]<\/p>","_et_gb_content_width":"","_joinchat":[],"footnotes":""},"project_category":[],"project_tag":[98,37,36,97,40,72,100,99,101,102],"class_list":["post-4814","project","type-project","status-publish","has-post-thumbnail","hentry","project_tag-bodega-vall-llach","project_tag-coasa","project_tag-construccion","project_tag-construccion-vinicola","project_tag-construir","project_tag-empresa-constructora","project_tag-proyecto-construccion","project_tag-reconstruccion","project_tag-vall-llach-es","project_tag-vinicola-es"],"yoast_head":"<!-- This site is optimized with the Yoast SEO plugin v27.5 - https:\/\/yoast.com\/product\/yoast-seo-wordpress\/ -->\n<title>Reconstrucci\u00f3n de la bodega de producci\u00f3n Vall Llach<\/title>\n<meta name=\"description\" content=\"Descubre uno de nuestros proyectos m\u00e1s especiales: la reconstrucci\u00f3n de la bodega de producci\u00f3n Vall Llach.\" \/>\n<meta name=\"robots\" content=\"index, follow, max-snippet:-1, max-image-preview:large, max-video-preview:-1\" \/>\n<link rel=\"canonical\" href=\"https:\/\/coasa.org\/es\/project\/reconstruccion-de-la-bodega-de-produccion-vall-llach\/\" \/>\n<meta property=\"og:locale\" content=\"es_ES\" \/>\n<meta property=\"og:type\" content=\"article\" \/>\n<meta property=\"og:title\" content=\"Reconstrucci\u00f3n de la bodega de producci\u00f3n Vall Llach\" \/>\n<meta property=\"og:description\" content=\"Descubre uno de nuestros proyectos m\u00e1s especiales: la reconstrucci\u00f3n de la bodega de producci\u00f3n Vall Llach.\" \/>\n<meta property=\"og:url\" content=\"https:\/\/coasa.org\/es\/project\/reconstruccion-de-la-bodega-de-produccion-vall-llach\/\" \/>\n<meta property=\"og:site_name\" content=\"COASA, Empresa Constructora\" \/>\n<meta property=\"article:modified_time\" content=\"2023-11-14T09:14:56+00:00\" \/>\n<meta property=\"og:image\" content=\"https:\/\/coasa.org\/wp-content\/uploads\/2022\/02\/portada.jpg\" \/>\n\t<meta property=\"og:image:width\" content=\"800\" \/>\n\t<meta property=\"og:image:height\" content=\"600\" \/>\n\t<meta property=\"og:image:type\" content=\"image\/jpeg\" \/>\n<meta name=\"twitter:label1\" content=\"Tiempo de lectura\" \/>\n\t<meta name=\"twitter:data1\" content=\"5 minutos\" \/>\n<script type=\"application\/ld+json\" class=\"yoast-schema-graph\">{\"@context\":\"https:\\\/\\\/schema.org\",\"@graph\":[{\"@type\":\"WebPage\",\"@id\":\"https:\\\/\\\/coasa.org\\\/es\\\/project\\\/reconstruccion-de-la-bodega-de-produccion-vall-llach\\\/\",\"url\":\"https:\\\/\\\/coasa.org\\\/es\\\/project\\\/reconstruccion-de-la-bodega-de-produccion-vall-llach\\\/\",\"name\":\"Reconstrucci\u00f3n de la bodega de producci\u00f3n Vall Llach\",\"isPartOf\":{\"@id\":\"https:\\\/\\\/coasa.org\\\/es\\\/#website\"},\"primaryImageOfPage\":{\"@id\":\"https:\\\/\\\/coasa.org\\\/es\\\/project\\\/reconstruccion-de-la-bodega-de-produccion-vall-llach\\\/#primaryimage\"},\"image\":{\"@id\":\"https:\\\/\\\/coasa.org\\\/es\\\/project\\\/reconstruccion-de-la-bodega-de-produccion-vall-llach\\\/#primaryimage\"},\"thumbnailUrl\":\"https:\\\/\\\/coasa.org\\\/wp-content\\\/uploads\\\/2022\\\/02\\\/portada.jpg\",\"datePublished\":\"2022-03-10T11:11:41+00:00\",\"dateModified\":\"2023-11-14T09:14:56+00:00\",\"description\":\"Descubre uno de nuestros proyectos m\u00e1s especiales: la reconstrucci\u00f3n de la bodega de producci\u00f3n Vall Llach.\",\"breadcrumb\":{\"@id\":\"https:\\\/\\\/coasa.org\\\/es\\\/project\\\/reconstruccion-de-la-bodega-de-produccion-vall-llach\\\/#breadcrumb\"},\"inLanguage\":\"es\",\"potentialAction\":[{\"@type\":\"ReadAction\",\"target\":[\"https:\\\/\\\/coasa.org\\\/es\\\/project\\\/reconstruccion-de-la-bodega-de-produccion-vall-llach\\\/\"]}]},{\"@type\":\"ImageObject\",\"inLanguage\":\"es\",\"@id\":\"https:\\\/\\\/coasa.org\\\/es\\\/project\\\/reconstruccion-de-la-bodega-de-produccion-vall-llach\\\/#primaryimage\",\"url\":\"https:\\\/\\\/coasa.org\\\/wp-content\\\/uploads\\\/2022\\\/02\\\/portada.jpg\",\"contentUrl\":\"https:\\\/\\\/coasa.org\\\/wp-content\\\/uploads\\\/2022\\\/02\\\/portada.jpg\",\"width\":800,\"height\":600,\"caption\":\"construccio-celler\"},{\"@type\":\"BreadcrumbList\",\"@id\":\"https:\\\/\\\/coasa.org\\\/es\\\/project\\\/reconstruccion-de-la-bodega-de-produccion-vall-llach\\\/#breadcrumb\",\"itemListElement\":[{\"@type\":\"ListItem\",\"position\":1,\"name\":\"Portada\",\"item\":\"https:\\\/\\\/coasa.org\\\/es\\\/\"},{\"@type\":\"ListItem\",\"position\":2,\"name\":\"Proyectos\",\"item\":\"https:\\\/\\\/coasa.org\\\/es\\\/project\\\/\"},{\"@type\":\"ListItem\",\"position\":3,\"name\":\"Reconstrucci\u00f3n de la bodega de producci\u00f3n Vall Llach\"}]},{\"@type\":\"WebSite\",\"@id\":\"https:\\\/\\\/coasa.org\\\/es\\\/#website\",\"url\":\"https:\\\/\\\/coasa.org\\\/es\\\/\",\"name\":\"COASA, Empresa Constructora\",\"description\":\"Des del seu naixement COASA s&#039;ha destacat per una constant evoluci\u00f3 que ens permet\u00e9s una \u00e0gil adaptaci\u00f3 a les necessitats canviants del mercat de la construcci\u00f3 industrial.\",\"publisher\":{\"@id\":\"https:\\\/\\\/coasa.org\\\/es\\\/#organization\"},\"potentialAction\":[{\"@type\":\"SearchAction\",\"target\":{\"@type\":\"EntryPoint\",\"urlTemplate\":\"https:\\\/\\\/coasa.org\\\/es\\\/?s={search_term_string}\"},\"query-input\":{\"@type\":\"PropertyValueSpecification\",\"valueRequired\":true,\"valueName\":\"search_term_string\"}}],\"inLanguage\":\"es\"},{\"@type\":\"Organization\",\"@id\":\"https:\\\/\\\/coasa.org\\\/es\\\/#organization\",\"name\":\"Coasa\",\"url\":\"https:\\\/\\\/coasa.org\\\/es\\\/\",\"logo\":{\"@type\":\"ImageObject\",\"inLanguage\":\"es\",\"@id\":\"https:\\\/\\\/coasa.org\\\/es\\\/#\\\/schema\\\/logo\\\/image\\\/\",\"url\":\"https:\\\/\\\/coasa.org\\\/wp-content\\\/uploads\\\/2018\\\/10\\\/logo.png\",\"contentUrl\":\"https:\\\/\\\/coasa.org\\\/wp-content\\\/uploads\\\/2018\\\/10\\\/logo.png\",\"width\":500,\"height\":141,\"caption\":\"Coasa\"},\"image\":{\"@id\":\"https:\\\/\\\/coasa.org\\\/es\\\/#\\\/schema\\\/logo\\\/image\\\/\"},\"sameAs\":[\"https:\\\/\\\/www.linkedin.com\\\/company\\\/coasa\\\/\"]}]}<\/script>\n<!-- \/ Yoast SEO plugin. -->","yoast_head_json":{"title":"Reconstrucci\u00f3n de la bodega de producci\u00f3n Vall Llach","description":"Descubre uno de nuestros proyectos m\u00e1s especiales: la reconstrucci\u00f3n de la bodega de producci\u00f3n Vall Llach.","robots":{"index":"index","follow":"follow","max-snippet":"max-snippet:-1","max-image-preview":"max-image-preview:large","max-video-preview":"max-video-preview:-1"},"canonical":"https:\/\/coasa.org\/es\/project\/reconstruccion-de-la-bodega-de-produccion-vall-llach\/","og_locale":"es_ES","og_type":"article","og_title":"Reconstrucci\u00f3n de la bodega de producci\u00f3n Vall Llach","og_description":"Descubre uno de nuestros proyectos m\u00e1s especiales: la reconstrucci\u00f3n de la bodega de producci\u00f3n Vall Llach.","og_url":"https:\/\/coasa.org\/es\/project\/reconstruccion-de-la-bodega-de-produccion-vall-llach\/","og_site_name":"COASA, Empresa Constructora","article_modified_time":"2023-11-14T09:14:56+00:00","og_image":[{"width":800,"height":600,"url":"https:\/\/coasa.org\/wp-content\/uploads\/2022\/02\/portada.jpg","type":"image\/jpeg"}],"twitter_misc":{"Tiempo de lectura":"5 minutos"},"schema":{"@context":"https:\/\/schema.org","@graph":[{"@type":"WebPage","@id":"https:\/\/coasa.org\/es\/project\/reconstruccion-de-la-bodega-de-produccion-vall-llach\/","url":"https:\/\/coasa.org\/es\/project\/reconstruccion-de-la-bodega-de-produccion-vall-llach\/","name":"Reconstrucci\u00f3n de la bodega de producci\u00f3n Vall Llach","isPartOf":{"@id":"https:\/\/coasa.org\/es\/#website"},"primaryImageOfPage":{"@id":"https:\/\/coasa.org\/es\/project\/reconstruccion-de-la-bodega-de-produccion-vall-llach\/#primaryimage"},"image":{"@id":"https:\/\/coasa.org\/es\/project\/reconstruccion-de-la-bodega-de-produccion-vall-llach\/#primaryimage"},"thumbnailUrl":"https:\/\/coasa.org\/wp-content\/uploads\/2022\/02\/portada.jpg","datePublished":"2022-03-10T11:11:41+00:00","dateModified":"2023-11-14T09:14:56+00:00","description":"Descubre uno de nuestros proyectos m\u00e1s especiales: la reconstrucci\u00f3n de la bodega de producci\u00f3n Vall Llach.","breadcrumb":{"@id":"https:\/\/coasa.org\/es\/project\/reconstruccion-de-la-bodega-de-produccion-vall-llach\/#breadcrumb"},"inLanguage":"es","potentialAction":[{"@type":"ReadAction","target":["https:\/\/coasa.org\/es\/project\/reconstruccion-de-la-bodega-de-produccion-vall-llach\/"]}]},{"@type":"ImageObject","inLanguage":"es","@id":"https:\/\/coasa.org\/es\/project\/reconstruccion-de-la-bodega-de-produccion-vall-llach\/#primaryimage","url":"https:\/\/coasa.org\/wp-content\/uploads\/2022\/02\/portada.jpg","contentUrl":"https:\/\/coasa.org\/wp-content\/uploads\/2022\/02\/portada.jpg","width":800,"height":600,"caption":"construccio-celler"},{"@type":"BreadcrumbList","@id":"https:\/\/coasa.org\/es\/project\/reconstruccion-de-la-bodega-de-produccion-vall-llach\/#breadcrumb","itemListElement":[{"@type":"ListItem","position":1,"name":"Portada","item":"https:\/\/coasa.org\/es\/"},{"@type":"ListItem","position":2,"name":"Proyectos","item":"https:\/\/coasa.org\/es\/project\/"},{"@type":"ListItem","position":3,"name":"Reconstrucci\u00f3n de la bodega de producci\u00f3n Vall Llach"}]},{"@type":"WebSite","@id":"https:\/\/coasa.org\/es\/#website","url":"https:\/\/coasa.org\/es\/","name":"COASA, Empresa Constructora","description":"Des del seu naixement COASA s&#039;ha destacat per una constant evoluci\u00f3 que ens permet\u00e9s una \u00e0gil adaptaci\u00f3 a les necessitats canviants del mercat de la construcci\u00f3 industrial.","publisher":{"@id":"https:\/\/coasa.org\/es\/#organization"},"potentialAction":[{"@type":"SearchAction","target":{"@type":"EntryPoint","urlTemplate":"https:\/\/coasa.org\/es\/?s={search_term_string}"},"query-input":{"@type":"PropertyValueSpecification","valueRequired":true,"valueName":"search_term_string"}}],"inLanguage":"es"},{"@type":"Organization","@id":"https:\/\/coasa.org\/es\/#organization","name":"Coasa","url":"https:\/\/coasa.org\/es\/","logo":{"@type":"ImageObject","inLanguage":"es","@id":"https:\/\/coasa.org\/es\/#\/schema\/logo\/image\/","url":"https:\/\/coasa.org\/wp-content\/uploads\/2018\/10\/logo.png","contentUrl":"https:\/\/coasa.org\/wp-content\/uploads\/2018\/10\/logo.png","width":500,"height":141,"caption":"Coasa"},"image":{"@id":"https:\/\/coasa.org\/es\/#\/schema\/logo\/image\/"},"sameAs":["https:\/\/www.linkedin.com\/company\/coasa\/"]}]}},"_links":{"self":[{"href":"https:\/\/coasa.org\/es\/wp-json\/wp\/v2\/project\/4814","targetHints":{"allow":["GET"]}}],"collection":[{"href":"https:\/\/coasa.org\/es\/wp-json\/wp\/v2\/project"}],"about":[{"href":"https:\/\/coasa.org\/es\/wp-json\/wp\/v2\/types\/project"}],"author":[{"embeddable":true,"href":"https:\/\/coasa.org\/es\/wp-json\/wp\/v2\/users\/1"}],"version-history":[{"count":9,"href":"https:\/\/coasa.org\/es\/wp-json\/wp\/v2\/project\/4814\/revisions"}],"predecessor-version":[{"id":4846,"href":"https:\/\/coasa.org\/es\/wp-json\/wp\/v2\/project\/4814\/revisions\/4846"}],"wp:featuredmedia":[{"embeddable":true,"href":"https:\/\/coasa.org\/es\/wp-json\/wp\/v2\/media\/4808"}],"wp:attachment":[{"href":"https:\/\/coasa.org\/es\/wp-json\/wp\/v2\/media?parent=4814"}],"wp:term":[{"taxonomy":"project_category","embeddable":true,"href":"https:\/\/coasa.org\/es\/wp-json\/wp\/v2\/project_category?post=4814"},{"taxonomy":"project_tag","embeddable":true,"href":"https:\/\/coasa.org\/es\/wp-json\/wp\/v2\/project_tag?post=4814"}],"curies":[{"name":"wp","href":"https:\/\/api.w.org\/{rel}","templated":true}]}}