{"id":4926,"date":"2022-04-11T12:34:13","date_gmt":"2022-04-11T12:34:13","guid":{"rendered":"https:\/\/coasa.org\/?post_type=project&#038;p=4926"},"modified":"2022-05-10T13:08:27","modified_gmt":"2022-05-10T13:08:27","slug":"construccion-de-un-nuevo-supermercado-spar-en-lametlla-de-mar","status":"publish","type":"project","link":"https:\/\/coasa.org\/es\/project\/construccion-de-un-nuevo-supermercado-spar-en-lametlla-de-mar\/","title":{"rendered":"Construcci\u00f3n de un nuevo supermercado Spar en L&#8217;Ametlla de Mar"},"content":{"rendered":"[et_pb_section fb_built=\u00bb1&#8243; admin_label=\u00bbHero\u00bb _builder_version=\u00bb4.16&#8243; use_background_color_gradient=\u00bbon\u00bb background_color_gradient_type=\u00bbcircular\u00bb background_color_gradient_direction_radial=\u00bbtop left\u00bb background_color_gradient_stops=\u00bbrgba(40,40,40,0.45) 0%|rgba(40,40,40,0.45) 100%\u00bb background_color_gradient_overlays_image=\u00bbon\u00bb background_color_gradient_start=\u00bbrgba(40,40,40,0.45)\u00bb background_color_gradient_end=\u00bbrgba(40,40,40,0.45)\u00bb background_image=\u00bbhttps:\/\/coasa.org\/wp-content\/uploads\/2022\/03\/spar-ametlla-de-mar.jpg\u00bb custom_margin=\u00bb||||false\u00bb custom_padding=\u00bb10vw||10vw||true|false\u00bb global_colors_info=\u00bb{}\u00bb][et_pb_row column_structure=\u00bb2_3,1_3&#8243; _builder_version=\u00bb4.16&#8243; global_colors_info=\u00bb{}\u00bb][et_pb_column type=\u00bb2_3&#8243; _builder_version=\u00bb4.16&#8243; custom_padding=\u00bb|||\u00bb global_colors_info=\u00bb{}\u00bb custom_padding__hover=\u00bb|||\u00bb][et_pb_text _builder_version=\u00bb4.16&#8243; text_font=\u00bb||||||||\u00bb header_font=\u00bbRubik|700|||||||\u00bb header_font_size=\u00bb64px\u00bb header_line_height=\u00bb1.1em\u00bb background_layout=\u00bbdark\u00bb max_width=\u00bb800px\u00bb custom_margin=\u00bb||0px|\u00bb custom_padding=\u00bb|||16px\u00bb text_font_size_tablet=\u00bb14px\u00bb text_font_size_last_edited=\u00bboff|desktop\u00bb header_font_size_tablet=\u00bb44px\u00bb header_font_size_phone=\u00bb32px\u00bb header_font_size_last_edited=\u00bbon|phone\u00bb border_color_all=\u00bb#6fb353&#8243; border_width_left=\u00bb10px\u00bb global_colors_info=\u00bb{}\u00bb]\n<h1><strong>Construcci\u00f3 d\u2019un nou supermercat Spar<\/strong><\/h1>\n[\/et_pb_text][et_pb_text _builder_version=\u00bb4.16&#8243; text_font=\u00bb||||||||\u00bb text_font_size=\u00bb22px\u00bb text_line_height=\u00bb1.6em\u00bb header_font=\u00bb||||||||\u00bb background_layout=\u00bbdark\u00bb max_width=\u00bb800px\u00bb custom_margin=\u00bb|||\u00bb custom_padding=\u00bb20px||20px||true\u00bb text_font_size_tablet=\u00bb18px\u00bb text_font_size_phone=\u00bb\u00bb text_font_size_last_edited=\u00bbon|phone\u00bb global_colors_info=\u00bb{}\u00bb]L\u2019Ametlla de Mar \u00e9s un municipi coster de la comarca del Baix Ebre. Entre d\u2019altres, \u00e9s conegut, sobretot, per les seves platges i cales. L\u2019obra ha consistit, doncs, en la construcci\u00f3 d\u2019un nou supermercat Spar.<br \/>\n[\/et_pb_text][\/et_pb_column][et_pb_column type=\u00bb1_3&#8243; _builder_version=\u00bb4.16&#8243; custom_padding=\u00bb|||\u00bb global_colors_info=\u00bb{}\u00bb custom_padding__hover=\u00bb|||\u00bb][et_pb_text ul_type=\u00bbnone\u00bb ul_item_indent=\u00bb3px\u00bb _builder_version=\u00bb4.16&#8243; text_font=\u00bb||||||||\u00bb text_font_size=\u00bb16px\u00bb text_line_height=\u00bb1.8em\u00bb ul_font=\u00bbArimo||||||||\u00bb ul_font_size=\u00bb16px\u00bb ul_line_height=\u00bb2em\u00bb background_layout=\u00bbdark\u00bb custom_margin=\u00bb|||\u00bb custom_margin_last_edited=\u00bboff|desktop\u00bb locked=\u00bboff\u00bb global_colors_info=\u00bb{}\u00bb]\n<ul>\n<li><strong>Client:<\/strong> FF Inmobles, SL &#8211; Grup Fragadis &#8211; Supermercats Spar<\/li>\n<li><strong>Categoria:<\/strong> Sector comercial<\/li>\n<\/ul>\n[\/et_pb_text][\/et_pb_column][\/et_pb_row][\/et_pb_section][et_pb_section fb_built=\u00bb1&#8243; admin_label=\u00bbProject Details\u00bb _builder_version=\u00bb4.16&#8243; custom_padding=\u00bb90px||90px||true\u00bb global_colors_info=\u00bb{}\u00bb][et_pb_row column_structure=\u00bb1_2,1_2&#8243; _builder_version=\u00bb4.16&#8243; global_colors_info=\u00bb{}\u00bb][et_pb_column type=\u00bb1_2&#8243; _builder_version=\u00bb4.16&#8243; custom_padding=\u00bb|||\u00bb global_colors_info=\u00bb{}\u00bb custom_padding__hover=\u00bb|||\u00bb][et_pb_text _builder_version=\u00bb4.16&#8243; text_font=\u00bb||||||||\u00bb link_font=\u00bb||||||||\u00bb ul_font=\u00bb||||||||\u00bb ol_font=\u00bb||||||||\u00bb quote_font=\u00bb||||||||\u00bb header_font=\u00bb||||||||\u00bb header_2_font=\u00bbRubik|700|||||||\u00bb header_2_font_size=\u00bb42px\u00bb header_2_line_height=\u00bb1.2em\u00bb module_alignment=\u00bbcenter\u00bb custom_margin=\u00bb|||\u00bb custom_padding=\u00bb|||\u00bb header_2_font_size_tablet=\u00bb\u00bb header_2_font_size_phone=\u00bb36px\u00bb header_2_font_size_last_edited=\u00bbon|phone\u00bb locked=\u00bboff\u00bb global_colors_info=\u00bb{}\u00bb]\n<h2>Sobre el projecte<\/h2>\n[\/et_pb_text][et_pb_divider color=\u00bb#6fb353&#8243; divider_position=\u00bbcenter\u00bb divider_weight=\u00bb5px\u00bb _builder_version=\u00bb4.16&#8243; max_width=\u00bb50px\u00bb locked=\u00bboff\u00bb global_colors_info=\u00bb{}\u00bb][\/et_pb_divider][et_pb_text _builder_version=\u00bb4.16&#8243; text_font=\u00bb||||||||\u00bb text_font_size=\u00bb15px\u00bb text_line_height=\u00bb1.8em\u00bb custom_padding=\u00bb||0px|||\u00bb custom_padding_tablet=\u00bb|40px||40px||true\u00bb custom_padding_last_edited=\u00bboff|desktop\u00bb locked=\u00bboff\u00bb global_colors_info=\u00bb{}\u00bb]L\u2019equip de Coasa hem estat els encarregats de dur a terme la <strong>construcci\u00f3 d\u2019un nou supermercat <\/strong>Spar a l\u2019Ametlla de Mar, un dels municipis m\u00e9s tur\u00edstics de la prov\u00edncia de Tarragona.<\/p>\n<p>&nbsp;<\/p>\n<p>La construcci\u00f3 s\u2019ha dut a terme, concretament, a la urbanitzaci\u00f3 Les Tres Cales.<\/p>\n<p>&nbsp;<\/p>\n<p>Aix\u00ed, el nou Spar, inaugurat el darrer 24 de febrer, compta amb un total de 20 treballadors i treballadores i amb una superf\u00edcie comercial de <strong>m\u00e9s de 1.200m<sup>2<\/sup><\/strong>.<br \/>\n[\/et_pb_text][\/et_pb_column][et_pb_column type=\u00bb1_2&#8243; _builder_version=\u00bb4.16&#8243; custom_padding=\u00bb|||\u00bb global_colors_info=\u00bb{}\u00bb custom_padding__hover=\u00bb|||\u00bb][et_pb_image src=\u00bbhttps:\/\/coasa.org\/wp-content\/uploads\/2022\/03\/spar-projecte-1.jpg\u00bb alt=\u00bbspar-projecte\u00bb title_text=\u00bbspar-projecte\u00bb _builder_version=\u00bb4.16&#8243; _module_preset=\u00bbdefault\u00bb global_colors_info=\u00bb{}\u00bb][\/et_pb_image][\/et_pb_column][\/et_pb_row][et_pb_row _builder_version=\u00bb4.16&#8243; global_colors_info=\u00bb{}\u00bb][et_pb_column type=\u00bb4_4&#8243; _builder_version=\u00bb4.16&#8243; custom_padding=\u00bb|||\u00bb global_colors_info=\u00bb{}\u00bb custom_padding__hover=\u00bb|||\u00bb][et_pb_text _builder_version=\u00bb4.16&#8243; _module_preset=\u00bbdefault\u00bb global_colors_info=\u00bb{}\u00bb]\n<h2>Caracter\u00edstiques del projecte<\/h2>\n[\/et_pb_text][et_pb_text _builder_version=\u00bb4.16&#8243; _module_preset=\u00bbdefault\u00bb text_font_size=\u00bb15px\u00bb global_colors_info=\u00bb{}\u00bb]Pel que fa les caracter\u00edstiques t\u00e8cniques del projecte, hem empleat una <strong>estructura met\u00e0l\u00b7lica i revestiment cer\u00e0mic<\/strong> revestit amb xapa grecada, el color i geometria dels quals s\u00f3n totalment corporatius.<\/p>\n<p>&nbsp;<\/p>\n<p>A m\u00e9s, hem dut a terme la creaci\u00f3 i construcci\u00f3 d\u2019una <strong>sala de vendes<\/strong> i un <strong>altell t\u00e8cnic<\/strong> amb c\u00e0meres de fred i un espai de magatzem.<\/p>\n<p>&nbsp;<\/p>\n<p>La fa\u00e7ana principal l\u2019hem constru\u00eft a trav\u00e9s del <strong>sistema mur cortina<\/strong>, un sistema de fa\u00e7ana independent de l\u2019estructura resistent de l\u2019edifici que es construeix de manera continua per davant d\u2019ella.<\/p>\n<p>&nbsp;<\/p>\n<p>Per un altre costat, hem realitzat un gran espai exterior destinat a <strong>l\u2019aparcament<\/strong>, el qual compta amb 73 places d\u2019aparcament per a autom\u00f2bils i 24 places per a bicicletes.<\/p>\n<p>&nbsp;<br \/>\n[\/et_pb_text][et_pb_text _builder_version=\u00bb4.16&#8243; _module_preset=\u00bbdefault\u00bb global_colors_info=\u00bb{}\u00bb]\n<h2>Organitzacions implicades i personal<\/h2>\n[\/et_pb_text][et_pb_text _builder_version=\u00bb4.16&#8243; _module_preset=\u00bbdefault\u00bb text_font_size=\u00bb15px\u00bb global_colors_info=\u00bb{}\u00bb]La direcci\u00f3 d\u2019execuci\u00f3 d\u2019aquesta obra va estar sota les mans de <a href=\"https:\/\/www.proega.net\/es\/\" target=\"_blank\" rel=\"noopener\">Proega Enginyeria<\/a>.<\/p>\n<p>&nbsp;<\/p>\n<p>Per una altra banda, el <strong>cap d\u2019obra<\/strong> de la construcci\u00f3 va ser l\u2019arquitecte Josep Sanz.<\/p>\n<p>&nbsp;<\/p>\n<p>&nbsp;<\/p>\n<p>Amb aquest establiment, ja s\u00f3n 99 les tendes que Fragadis posseeix en actiu a la prov\u00edncia de Tarragona. Aix\u00ed, ens sentim ben contents de formar part d\u2019aquest projecte! \ud83c\udfd7\u00a0 <strong>Gr\u00e0cies per confiar en nosaltres<\/strong> un cop m\u00e9s.<br \/>\n[\/et_pb_text][\/et_pb_column][\/et_pb_row][et_pb_row _builder_version=\u00bb4.16&#8243; _module_preset=\u00bbdefault\u00bb global_colors_info=\u00bb{}\u00bb][et_pb_column type=\u00bb4_4&#8243; _builder_version=\u00bb4.16&#8243; _module_preset=\u00bbdefault\u00bb global_colors_info=\u00bb{}\u00bb][et_pb_gallery gallery_ids=\u00bb4910,4912,4914,4916&#8243; fullwidth=\u00bbon\u00bb _builder_version=\u00bb4.16&#8243; _module_preset=\u00bbdefault\u00bb global_colors_info=\u00bb{}\u00bb][\/et_pb_gallery][\/et_pb_column][\/et_pb_row][\/et_pb_section]\n","protected":false},"excerpt":{"rendered":"<p>Construcci\u00f3 d\u2019un nou supermercat Spar L\u2019Ametlla de Mar \u00e9s un municipi coster de la comarca del Baix Ebre. Entre d\u2019altres, \u00e9s conegut, sobretot, per les seves platges i cales. L\u2019obra ha consistit, doncs, en la construcci\u00f3 d\u2019un nou supermercat Spar. Client: FF Inmobles, SL &#8211; Grup Fragadis &#8211; Supermercats Spar Categoria: Sector comercial Sobre el [&hellip;]<\/p>\n","protected":false},"author":1,"featured_media":4919,"template":"","meta":{"_et_pb_use_builder":"on","_et_pb_old_content":"","_et_gb_content_width":"","_joinchat":[],"footnotes":""},"project_category":[],"project_tag":[140,37,36,141,138,40,136,137,139,142],"class_list":["post-4926","project","type-project","status-publish","has-post-thumbnail","hentry","project_tag-agroalimentario-es","project_tag-coasa","project_tag-construccion","project_tag-construccion-tienda-es","project_tag-constructora-es","project_tag-construir","project_tag-obra-es","project_tag-reconstruccio-es","project_tag-spar-es","project_tag-tienda-spar-es"],"yoast_head":"<!-- This site is optimized with the Yoast SEO plugin v27.4 - https:\/\/yoast.com\/product\/yoast-seo-wordpress\/ -->\n<title>Construcci\u00f3n de un nuevo supermercado Spar en L&#039;Ametlla de Mar<\/title>\n<meta name=\"description\" content=\"Descubre uno de nuestros \u00faltimos proyectos: la construcci\u00f3n de un nuevo supermercado Spar en L&#039;Ametlla de Mar.\" \/>\n<meta name=\"robots\" content=\"index, follow, max-snippet:-1, max-image-preview:large, max-video-preview:-1\" \/>\n<link rel=\"canonical\" href=\"https:\/\/coasa.org\/es\/project\/construccion-de-un-nuevo-supermercado-spar-en-lametlla-de-mar\/\" \/>\n<meta property=\"og:locale\" content=\"es_ES\" \/>\n<meta property=\"og:type\" content=\"article\" \/>\n<meta property=\"og:title\" content=\"Construcci\u00f3n de un nuevo supermercado Spar en L&#039;Ametlla de Mar\" \/>\n<meta property=\"og:description\" content=\"Descubre uno de nuestros \u00faltimos proyectos: la construcci\u00f3n de un nuevo supermercado Spar en L&#039;Ametlla de Mar.\" \/>\n<meta property=\"og:url\" content=\"https:\/\/coasa.org\/es\/project\/construccion-de-un-nuevo-supermercado-spar-en-lametlla-de-mar\/\" \/>\n<meta property=\"og:site_name\" content=\"COASA, Empresa Constructora\" \/>\n<meta property=\"article:modified_time\" content=\"2022-05-10T13:08:27+00:00\" \/>\n<meta property=\"og:image\" content=\"https:\/\/coasa.org\/wp-content\/uploads\/2022\/03\/spar-projecte-miniatura.jpg\" \/>\n\t<meta property=\"og:image:width\" content=\"800\" \/>\n\t<meta property=\"og:image:height\" content=\"600\" \/>\n\t<meta property=\"og:image:type\" content=\"image\/jpeg\" \/>\n<meta name=\"twitter:label1\" content=\"Tiempo de lectura\" \/>\n\t<meta name=\"twitter:data1\" content=\"5 minutos\" \/>\n<script type=\"application\/ld+json\" class=\"yoast-schema-graph\">{\"@context\":\"https:\\\/\\\/schema.org\",\"@graph\":[{\"@type\":\"WebPage\",\"@id\":\"https:\\\/\\\/coasa.org\\\/es\\\/project\\\/construccion-de-un-nuevo-supermercado-spar-en-lametlla-de-mar\\\/\",\"url\":\"https:\\\/\\\/coasa.org\\\/es\\\/project\\\/construccion-de-un-nuevo-supermercado-spar-en-lametlla-de-mar\\\/\",\"name\":\"Construcci\u00f3n de un nuevo supermercado Spar en L'Ametlla de Mar\",\"isPartOf\":{\"@id\":\"https:\\\/\\\/coasa.org\\\/es\\\/#website\"},\"primaryImageOfPage\":{\"@id\":\"https:\\\/\\\/coasa.org\\\/es\\\/project\\\/construccion-de-un-nuevo-supermercado-spar-en-lametlla-de-mar\\\/#primaryimage\"},\"image\":{\"@id\":\"https:\\\/\\\/coasa.org\\\/es\\\/project\\\/construccion-de-un-nuevo-supermercado-spar-en-lametlla-de-mar\\\/#primaryimage\"},\"thumbnailUrl\":\"https:\\\/\\\/coasa.org\\\/wp-content\\\/uploads\\\/2022\\\/03\\\/spar-projecte-miniatura.jpg\",\"datePublished\":\"2022-04-11T12:34:13+00:00\",\"dateModified\":\"2022-05-10T13:08:27+00:00\",\"description\":\"Descubre uno de nuestros \u00faltimos proyectos: la construcci\u00f3n de un nuevo supermercado Spar en L'Ametlla de Mar.\",\"breadcrumb\":{\"@id\":\"https:\\\/\\\/coasa.org\\\/es\\\/project\\\/construccion-de-un-nuevo-supermercado-spar-en-lametlla-de-mar\\\/#breadcrumb\"},\"inLanguage\":\"es\",\"potentialAction\":[{\"@type\":\"ReadAction\",\"target\":[\"https:\\\/\\\/coasa.org\\\/es\\\/project\\\/construccion-de-un-nuevo-supermercado-spar-en-lametlla-de-mar\\\/\"]}]},{\"@type\":\"ImageObject\",\"inLanguage\":\"es\",\"@id\":\"https:\\\/\\\/coasa.org\\\/es\\\/project\\\/construccion-de-un-nuevo-supermercado-spar-en-lametlla-de-mar\\\/#primaryimage\",\"url\":\"https:\\\/\\\/coasa.org\\\/wp-content\\\/uploads\\\/2022\\\/03\\\/spar-projecte-miniatura.jpg\",\"contentUrl\":\"https:\\\/\\\/coasa.org\\\/wp-content\\\/uploads\\\/2022\\\/03\\\/spar-projecte-miniatura.jpg\",\"width\":800,\"height\":600,\"caption\":\"spar-projecte-miniatura\"},{\"@type\":\"BreadcrumbList\",\"@id\":\"https:\\\/\\\/coasa.org\\\/es\\\/project\\\/construccion-de-un-nuevo-supermercado-spar-en-lametlla-de-mar\\\/#breadcrumb\",\"itemListElement\":[{\"@type\":\"ListItem\",\"position\":1,\"name\":\"Portada\",\"item\":\"https:\\\/\\\/coasa.org\\\/es\\\/\"},{\"@type\":\"ListItem\",\"position\":2,\"name\":\"Proyectos\",\"item\":\"https:\\\/\\\/coasa.org\\\/es\\\/project\\\/\"},{\"@type\":\"ListItem\",\"position\":3,\"name\":\"Construcci\u00f3n de un nuevo supermercado Spar en L&#8217;Ametlla de Mar\"}]},{\"@type\":\"WebSite\",\"@id\":\"https:\\\/\\\/coasa.org\\\/es\\\/#website\",\"url\":\"https:\\\/\\\/coasa.org\\\/es\\\/\",\"name\":\"COASA, Empresa Constructora\",\"description\":\"Des del seu naixement COASA s&#039;ha destacat per una constant evoluci\u00f3 que ens permet\u00e9s una \u00e0gil adaptaci\u00f3 a les necessitats canviants del mercat de la construcci\u00f3 industrial.\",\"publisher\":{\"@id\":\"https:\\\/\\\/coasa.org\\\/es\\\/#organization\"},\"potentialAction\":[{\"@type\":\"SearchAction\",\"target\":{\"@type\":\"EntryPoint\",\"urlTemplate\":\"https:\\\/\\\/coasa.org\\\/es\\\/?s={search_term_string}\"},\"query-input\":{\"@type\":\"PropertyValueSpecification\",\"valueRequired\":true,\"valueName\":\"search_term_string\"}}],\"inLanguage\":\"es\"},{\"@type\":\"Organization\",\"@id\":\"https:\\\/\\\/coasa.org\\\/es\\\/#organization\",\"name\":\"Coasa\",\"url\":\"https:\\\/\\\/coasa.org\\\/es\\\/\",\"logo\":{\"@type\":\"ImageObject\",\"inLanguage\":\"es\",\"@id\":\"https:\\\/\\\/coasa.org\\\/es\\\/#\\\/schema\\\/logo\\\/image\\\/\",\"url\":\"https:\\\/\\\/coasa.org\\\/wp-content\\\/uploads\\\/2018\\\/10\\\/logo.png\",\"contentUrl\":\"https:\\\/\\\/coasa.org\\\/wp-content\\\/uploads\\\/2018\\\/10\\\/logo.png\",\"width\":500,\"height\":141,\"caption\":\"Coasa\"},\"image\":{\"@id\":\"https:\\\/\\\/coasa.org\\\/es\\\/#\\\/schema\\\/logo\\\/image\\\/\"},\"sameAs\":[\"https:\\\/\\\/www.linkedin.com\\\/company\\\/coasa\\\/\"]}]}<\/script>\n<!-- \/ Yoast SEO plugin. -->","yoast_head_json":{"title":"Construcci\u00f3n de un nuevo supermercado Spar en L'Ametlla de Mar","description":"Descubre uno de nuestros \u00faltimos proyectos: la construcci\u00f3n de un nuevo supermercado Spar en L'Ametlla de Mar.","robots":{"index":"index","follow":"follow","max-snippet":"max-snippet:-1","max-image-preview":"max-image-preview:large","max-video-preview":"max-video-preview:-1"},"canonical":"https:\/\/coasa.org\/es\/project\/construccion-de-un-nuevo-supermercado-spar-en-lametlla-de-mar\/","og_locale":"es_ES","og_type":"article","og_title":"Construcci\u00f3n de un nuevo supermercado Spar en L'Ametlla de Mar","og_description":"Descubre uno de nuestros \u00faltimos proyectos: la construcci\u00f3n de un nuevo supermercado Spar en L'Ametlla de Mar.","og_url":"https:\/\/coasa.org\/es\/project\/construccion-de-un-nuevo-supermercado-spar-en-lametlla-de-mar\/","og_site_name":"COASA, Empresa Constructora","article_modified_time":"2022-05-10T13:08:27+00:00","og_image":[{"width":800,"height":600,"url":"https:\/\/coasa.org\/wp-content\/uploads\/2022\/03\/spar-projecte-miniatura.jpg","type":"image\/jpeg"}],"twitter_misc":{"Tiempo de lectura":"5 minutos"},"schema":{"@context":"https:\/\/schema.org","@graph":[{"@type":"WebPage","@id":"https:\/\/coasa.org\/es\/project\/construccion-de-un-nuevo-supermercado-spar-en-lametlla-de-mar\/","url":"https:\/\/coasa.org\/es\/project\/construccion-de-un-nuevo-supermercado-spar-en-lametlla-de-mar\/","name":"Construcci\u00f3n de un nuevo supermercado Spar en L'Ametlla de Mar","isPartOf":{"@id":"https:\/\/coasa.org\/es\/#website"},"primaryImageOfPage":{"@id":"https:\/\/coasa.org\/es\/project\/construccion-de-un-nuevo-supermercado-spar-en-lametlla-de-mar\/#primaryimage"},"image":{"@id":"https:\/\/coasa.org\/es\/project\/construccion-de-un-nuevo-supermercado-spar-en-lametlla-de-mar\/#primaryimage"},"thumbnailUrl":"https:\/\/coasa.org\/wp-content\/uploads\/2022\/03\/spar-projecte-miniatura.jpg","datePublished":"2022-04-11T12:34:13+00:00","dateModified":"2022-05-10T13:08:27+00:00","description":"Descubre uno de nuestros \u00faltimos proyectos: la construcci\u00f3n de un nuevo supermercado Spar en L'Ametlla de Mar.","breadcrumb":{"@id":"https:\/\/coasa.org\/es\/project\/construccion-de-un-nuevo-supermercado-spar-en-lametlla-de-mar\/#breadcrumb"},"inLanguage":"es","potentialAction":[{"@type":"ReadAction","target":["https:\/\/coasa.org\/es\/project\/construccion-de-un-nuevo-supermercado-spar-en-lametlla-de-mar\/"]}]},{"@type":"ImageObject","inLanguage":"es","@id":"https:\/\/coasa.org\/es\/project\/construccion-de-un-nuevo-supermercado-spar-en-lametlla-de-mar\/#primaryimage","url":"https:\/\/coasa.org\/wp-content\/uploads\/2022\/03\/spar-projecte-miniatura.jpg","contentUrl":"https:\/\/coasa.org\/wp-content\/uploads\/2022\/03\/spar-projecte-miniatura.jpg","width":800,"height":600,"caption":"spar-projecte-miniatura"},{"@type":"BreadcrumbList","@id":"https:\/\/coasa.org\/es\/project\/construccion-de-un-nuevo-supermercado-spar-en-lametlla-de-mar\/#breadcrumb","itemListElement":[{"@type":"ListItem","position":1,"name":"Portada","item":"https:\/\/coasa.org\/es\/"},{"@type":"ListItem","position":2,"name":"Proyectos","item":"https:\/\/coasa.org\/es\/project\/"},{"@type":"ListItem","position":3,"name":"Construcci\u00f3n de un nuevo supermercado Spar en L&#8217;Ametlla de Mar"}]},{"@type":"WebSite","@id":"https:\/\/coasa.org\/es\/#website","url":"https:\/\/coasa.org\/es\/","name":"COASA, Empresa Constructora","description":"Des del seu naixement COASA s&#039;ha destacat per una constant evoluci\u00f3 que ens permet\u00e9s una \u00e0gil adaptaci\u00f3 a les necessitats canviants del mercat de la construcci\u00f3 industrial.","publisher":{"@id":"https:\/\/coasa.org\/es\/#organization"},"potentialAction":[{"@type":"SearchAction","target":{"@type":"EntryPoint","urlTemplate":"https:\/\/coasa.org\/es\/?s={search_term_string}"},"query-input":{"@type":"PropertyValueSpecification","valueRequired":true,"valueName":"search_term_string"}}],"inLanguage":"es"},{"@type":"Organization","@id":"https:\/\/coasa.org\/es\/#organization","name":"Coasa","url":"https:\/\/coasa.org\/es\/","logo":{"@type":"ImageObject","inLanguage":"es","@id":"https:\/\/coasa.org\/es\/#\/schema\/logo\/image\/","url":"https:\/\/coasa.org\/wp-content\/uploads\/2018\/10\/logo.png","contentUrl":"https:\/\/coasa.org\/wp-content\/uploads\/2018\/10\/logo.png","width":500,"height":141,"caption":"Coasa"},"image":{"@id":"https:\/\/coasa.org\/es\/#\/schema\/logo\/image\/"},"sameAs":["https:\/\/www.linkedin.com\/company\/coasa\/"]}]}},"_links":{"self":[{"href":"https:\/\/coasa.org\/es\/wp-json\/wp\/v2\/project\/4926","targetHints":{"allow":["GET"]}}],"collection":[{"href":"https:\/\/coasa.org\/es\/wp-json\/wp\/v2\/project"}],"about":[{"href":"https:\/\/coasa.org\/es\/wp-json\/wp\/v2\/types\/project"}],"author":[{"embeddable":true,"href":"https:\/\/coasa.org\/es\/wp-json\/wp\/v2\/users\/1"}],"version-history":[{"count":10,"href":"https:\/\/coasa.org\/es\/wp-json\/wp\/v2\/project\/4926\/revisions"}],"predecessor-version":[{"id":4983,"href":"https:\/\/coasa.org\/es\/wp-json\/wp\/v2\/project\/4926\/revisions\/4983"}],"wp:featuredmedia":[{"embeddable":true,"href":"https:\/\/coasa.org\/es\/wp-json\/wp\/v2\/media\/4919"}],"wp:attachment":[{"href":"https:\/\/coasa.org\/es\/wp-json\/wp\/v2\/media?parent=4926"}],"wp:term":[{"taxonomy":"project_category","embeddable":true,"href":"https:\/\/coasa.org\/es\/wp-json\/wp\/v2\/project_category?post=4926"},{"taxonomy":"project_tag","embeddable":true,"href":"https:\/\/coasa.org\/es\/wp-json\/wp\/v2\/project_tag?post=4926"}],"curies":[{"name":"wp","href":"https:\/\/api.w.org\/{rel}","templated":true}]}}