{"id":5134,"date":"2022-06-11T07:57:54","date_gmt":"2022-06-11T07:57:54","guid":{"rendered":"https:\/\/coasa.org\/?post_type=project&#038;p=5134"},"modified":"2022-06-14T07:05:26","modified_gmt":"2022-06-14T07:05:26","slug":"reforma-del-cementerio-de-vila-seca","status":"publish","type":"project","link":"https:\/\/coasa.org\/es\/project\/reforma-del-cementerio-de-vila-seca\/","title":{"rendered":"Reforma del cementerio de Vila-Seca"},"content":{"rendered":"[et_pb_section fb_built=\u00bb1&#8243; admin_label=\u00bbHero\u00bb _builder_version=\u00bb4.17.3&#8243; use_background_color_gradient=\u00bbon\u00bb background_color_gradient_type=\u00bbcircular\u00bb background_color_gradient_direction_radial=\u00bbtop left\u00bb background_color_gradient_stops=\u00bbrgba(40,40,40,0.45) 0%|rgba(40,40,40,0.45) 100%\u00bb background_color_gradient_overlays_image=\u00bbon\u00bb background_color_gradient_start=\u00bbrgba(40,40,40,0.45)\u00bb background_color_gradient_end=\u00bbrgba(40,40,40,0.45)\u00bb background_image=\u00bbhttps:\/\/coasa.org\/wp-content\/uploads\/2022\/05\/reforma-cementerio.jpg\u00bb custom_margin=\u00bb||||false\u00bb custom_padding=\u00bb10vw||10vw||true|false\u00bb global_colors_info=\u00bb{}\u00bb][et_pb_row column_structure=\u00bb2_3,1_3&#8243; _builder_version=\u00bb4.16&#8243; global_colors_info=\u00bb{}\u00bb][et_pb_column type=\u00bb2_3&#8243; _builder_version=\u00bb4.16&#8243; custom_padding=\u00bb|||\u00bb global_colors_info=\u00bb{}\u00bb custom_padding__hover=\u00bb|||\u00bb][et_pb_text _builder_version=\u00bb4.17.3&#8243; text_font=\u00bb||||||||\u00bb header_font=\u00bbRubik|700|||||||\u00bb header_font_size=\u00bb64px\u00bb header_line_height=\u00bb1.1em\u00bb background_layout=\u00bbdark\u00bb max_width=\u00bb800px\u00bb custom_margin=\u00bb||0px|\u00bb custom_padding=\u00bb|||16px\u00bb text_font_size_tablet=\u00bb14px\u00bb text_font_size_last_edited=\u00bboff|desktop\u00bb header_font_size_tablet=\u00bb44px\u00bb header_font_size_phone=\u00bb32px\u00bb header_font_size_last_edited=\u00bbon|phone\u00bb border_color_all=\u00bb#6fb353&#8243; border_width_left=\u00bb10px\u00bb global_colors_info=\u00bb{}\u00bb]\n<h1><strong>Reforma del cementerio de<\/strong> <strong>Vila-Seca<\/strong><\/h1>\n[\/et_pb_text][et_pb_text _builder_version=\u00bb4.17.3&#8243; text_font=\u00bb||||||||\u00bb text_font_size=\u00bb22px\u00bb text_line_height=\u00bb1.6em\u00bb header_font=\u00bb||||||||\u00bb background_layout=\u00bbdark\u00bb max_width=\u00bb800px\u00bb custom_margin=\u00bb|||\u00bb custom_padding=\u00bb20px||20px||true\u00bb text_font_size_tablet=\u00bb18px\u00bb text_font_size_phone=\u00bb\u00bb text_font_size_last_edited=\u00bbon|phone\u00bb global_colors_info=\u00bb{}\u00bb]\n<p>Siguiendo con las mejoras emprendidas el 2017, ahora hab\u00eda que ordenar los nuevos columbarios y mejorar la accesibilidad a los pasos elevados de los nichos m\u00e1s antiguos del cementerio.<\/p>\n[\/et_pb_text][\/et_pb_column][et_pb_column type=\u00bb1_3&#8243; _builder_version=\u00bb4.16&#8243; custom_padding=\u00bb|||\u00bb global_colors_info=\u00bb{}\u00bb custom_padding__hover=\u00bb|||\u00bb][et_pb_text ul_type=\u00bbnone\u00bb ul_item_indent=\u00bb3px\u00bb _builder_version=\u00bb4.17.3&#8243; text_font=\u00bb||||||||\u00bb text_font_size=\u00bb16px\u00bb text_line_height=\u00bb1.8em\u00bb ul_font=\u00bbArimo||||||||\u00bb ul_font_size=\u00bb16px\u00bb ul_line_height=\u00bb2em\u00bb background_layout=\u00bbdark\u00bb custom_margin=\u00bb|||\u00bb custom_margin_last_edited=\u00bboff|desktop\u00bb locked=\u00bboff\u00bb global_colors_info=\u00bb{}\u00bb]\n<ul>\n<li><strong>Cliente:<\/strong> Ayuntamiento de Vila-Seca<\/li>\n<li><strong>Categor\u00eda:<\/strong> Sector p\u00fablico<\/li>\n<\/ul>\n[\/et_pb_text][\/et_pb_column][\/et_pb_row][\/et_pb_section][et_pb_section fb_built=\u00bb1&#8243; admin_label=\u00bbProject Details\u00bb _builder_version=\u00bb4.16&#8243; custom_padding=\u00bb90px||90px||true\u00bb global_colors_info=\u00bb{}\u00bb][et_pb_row column_structure=\u00bb1_2,1_2&#8243; _builder_version=\u00bb4.16&#8243; global_colors_info=\u00bb{}\u00bb][et_pb_column type=\u00bb1_2&#8243; _builder_version=\u00bb4.16&#8243; custom_padding=\u00bb|||\u00bb global_colors_info=\u00bb{}\u00bb custom_padding__hover=\u00bb|||\u00bb][et_pb_text _builder_version=\u00bb4.16&#8243; text_font=\u00bb||||||||\u00bb link_font=\u00bb||||||||\u00bb ul_font=\u00bb||||||||\u00bb ol_font=\u00bb||||||||\u00bb quote_font=\u00bb||||||||\u00bb header_font=\u00bb||||||||\u00bb header_2_font=\u00bbRubik|700|||||||\u00bb header_2_font_size=\u00bb42px\u00bb header_2_line_height=\u00bb1.2em\u00bb module_alignment=\u00bbcenter\u00bb custom_margin=\u00bb|||\u00bb custom_padding=\u00bb|||\u00bb header_2_font_size_tablet=\u00bb\u00bb header_2_font_size_phone=\u00bb36px\u00bb header_2_font_size_last_edited=\u00bbon|phone\u00bb locked=\u00bboff\u00bb global_colors_info=\u00bb{}\u00bb]\n<h2>Sobre el proyecto<\/h2>\n[\/et_pb_text][et_pb_divider color=\u00bb#6fb353&#8243; divider_position=\u00bbcenter\u00bb divider_weight=\u00bb5px\u00bb _builder_version=\u00bb4.16&#8243; max_width=\u00bb50px\u00bb locked=\u00bboff\u00bb global_colors_info=\u00bb{}\u00bb][\/et_pb_divider][et_pb_text _builder_version=\u00bb4.17.3&#8243; text_font=\u00bb||||||||\u00bb text_font_size=\u00bb15px\u00bb text_line_height=\u00bb1.8em\u00bb custom_padding=\u00bb||0px|||\u00bb custom_padding_tablet=\u00bb|40px||40px||true\u00bb custom_padding_last_edited=\u00bboff|desktop\u00bb locked=\u00bboff\u00bb global_colors_info=\u00bb{}\u00bb]\n<p>El proyecto ha consistido en la construcci\u00f3n del <strong>nuevo columbario del cementerio<\/strong>, as\u00ed como tambi\u00e9n en la <strong>mejora de la accesibilidad<\/strong>a los pasos elevados de los nichos a trav\u00e9s de la construcci\u00f3n de pasaderas.<\/p>\n<p>&nbsp;<\/p>\n<p>Agradecer al Ayuntamiento de Vila-seca la confianza depositada en nosotros y nuestros servicios.<\/p>\n[\/et_pb_text][\/et_pb_column][et_pb_column type=\u00bb1_2&#8243; _builder_version=\u00bb4.16&#8243; custom_padding=\u00bb|||\u00bb global_colors_info=\u00bb{}\u00bb custom_padding__hover=\u00bb|||\u00bb][et_pb_image src=\u00bbhttps:\/\/coasa.org\/wp-content\/uploads\/2022\/05\/reforma-cementerio.jpg\u00bb alt=\u00bbreforma-cementerio\u00bb title_text=\u00bbreforma-cementerio\u00bb _builder_version=\u00bb4.17.3&#8243; _module_preset=\u00bbdefault\u00bb global_colors_info=\u00bb{}\u00bb][\/et_pb_image][\/et_pb_column][\/et_pb_row][et_pb_row _builder_version=\u00bb4.16&#8243; global_colors_info=\u00bb{}\u00bb][et_pb_column type=\u00bb4_4&#8243; _builder_version=\u00bb4.16&#8243; custom_padding=\u00bb|||\u00bb global_colors_info=\u00bb{}\u00bb custom_padding__hover=\u00bb|||\u00bb][et_pb_text _builder_version=\u00bb4.16&#8243; _module_preset=\u00bbdefault\u00bb global_colors_info=\u00bb{}\u00bb]\n<h2>Caracter\u00edsticas del proyecto<\/h2>\n[\/et_pb_text][et_pb_text _builder_version=\u00bb4.17.3&#8243; _module_preset=\u00bbdefault\u00bb text_font_size=\u00bb15px\u00bb global_colors_info=\u00bb{}\u00bb]\n<p>Tal y como hemos comentado, este proyecto ha consistido en la construcci\u00f3n del <strong>nuevo columbario del cementerio<\/strong> (dise\u00f1o del arquitecto Anton Pamies).<\/p>\n<p>&nbsp;<\/p>\n<p>Antes, pero, tambi\u00e9n se realiz\u00f3 la <strong>ordenaci\u00f3n de los primeros columbarios<\/strong>, los cuales se situaron a lo largo del muro de contenci\u00f3n que separa el antiguo cementerio de la ampliaci\u00f3n del 1998, generando un paseo transversal muy claro. <\/p>\n<p>&nbsp;<\/p>\n<p>As\u00ed, <strong>los m\u00f3dulos se disponen a 45\u00b0<\/strong> generando entre ellos unos espacios de recogimiento que ayuden a la meditaci\u00f3n. Adem\u00e1s, se evita el t\u00edpico bloque lineal lleno de nichos.<\/p>\n<p>&nbsp;<\/p>\n<p>De este modo y centr\u00e1ndonos en la construcci\u00f3n como tal, <strong>construimos un columbario nuevo<\/strong>tocando la escalinata existente (la cual tambi\u00e9n hemos reformado para admitir una \u00fatil rampa). As\u00ed, se ha construido con un alma de hormig\u00f3n armado, unos estantes y testers de granito Mondariz y una cubierta de zinc. Adem\u00e1s, las puertas son de vidrio templado de 6 mm ultraclear opacificado.<\/p>\n<p><strong> <\/strong><\/p>\n<p>Por otra parte, como los pasos de acceso a los nichos resultaban inseguros, se decidi\u00f3 optar por un <strong>pavimento flotante de madera termotratada<\/strong>y unas planchas de aluminio que repartieran las cargas entre los muros y las vueltas inferiores.<\/p>\n<p>&nbsp;<\/p>\n<p>Adem\u00e1s, se dise\u00f1aron rampas entre los bloques para garantizar la accesibilidad respetando la circulaci\u00f3n de los servicios dentro del recinto funerario.<\/p>\n<p>&nbsp;<\/p>\n[\/et_pb_text][et_pb_text _builder_version=\u00bb4.16&#8243; _module_preset=\u00bbdefault\u00bb global_colors_info=\u00bb{}\u00bb]\n<h2>Organizaciones implicadas y personal<\/h2>\n[\/et_pb_text][et_pb_text _builder_version=\u00bb4.17.3&#8243; _module_preset=\u00bbdefault\u00bb text_font_size=\u00bb15px\u00bb global_colors_info=\u00bb{}\u00bb]\n<p>La direcci\u00f3n de ejecuci\u00f3n de esta obra ha estado en manos de los <strong>servicios t\u00e9cnicos municipales<\/strong> y, tambi\u00e9n, del arquitecto <a href=\"https:\/\/www.linkedin.com\/in\/anton-pamies-martorell-88295763\/\" target=\"_blank\" rel=\"noopener\"><strong>Anton Pamies Martorell<\/strong><\/a>.<\/p>\n<p>&nbsp;<\/p>\n<p>&nbsp;<\/p>\n<p>\u00a1Agradecer una vez m\u00e1s la confianza brindada en nosotros! Formar parte de proyectos que nos permiten aportar nuestro grano de arena a mejorar espacios municipales nos llena de felicidad.<\/p>\n<p>&nbsp;<\/p>\n<p>\u2728 Este proyecto se present\u00f3 en la selecci\u00f3n previa de la Bienal de Arquitectura del Colegio de Arquitectos de Tarragona.<\/p>\n[\/et_pb_text][\/et_pb_column][\/et_pb_row][et_pb_row _builder_version=\u00bb4.16&#8243; _module_preset=\u00bbdefault\u00bb global_colors_info=\u00bb{}\u00bb][et_pb_column type=\u00bb4_4&#8243; _builder_version=\u00bb4.16&#8243; _module_preset=\u00bbdefault\u00bb global_colors_info=\u00bb{}\u00bb][et_pb_gallery gallery_ids=\u00bb5115,5103,5107,5109,5113,5105,5111&#8243; fullwidth=\u00bbon\u00bb _builder_version=\u00bb4.17.3&#8243; _module_preset=\u00bbdefault\u00bb global_colors_info=\u00bb{}\u00bb][\/et_pb_gallery][\/et_pb_column][\/et_pb_row][\/et_pb_section]\n","protected":false},"excerpt":{"rendered":"<p>Reforma del cementerio de Vila-SecaSiguiendo con las mejoras emprendidas el 2017, ahora hab\u00eda que ordenar los nuevos columbarios y mejorar la accesibilidad a los pasos elevados de los nichos m\u00e1s antiguos del cementerio. Cliente: Ayuntamiento de Vila-Seca Categor\u00eda: Sector p\u00fablico Sobre el proyecto El proyecto ha consistido en la construcci\u00f3n del nuevo columbario del cementerio, [&hellip;]<\/p>\n","protected":false},"author":1,"featured_media":5099,"template":"","meta":{"_et_pb_use_builder":"on","_et_pb_old_content":"<p>[et_pb_section fb_built=\"1\" admin_label=\"Hero\" _builder_version=\"4.16\" use_background_color_gradient=\"on\" background_color_gradient_type=\"circular\" background_color_gradient_direction_radial=\"top left\" background_color_gradient_stops=\"rgba(40,40,40,0.45) 0%|rgba(40,40,40,0.45) 100%\" background_color_gradient_overlays_image=\"on\" background_color_gradient_start=\"rgba(40,40,40,0.45)\" background_color_gradient_end=\"rgba(40,40,40,0.45)\" background_image=\"https:\/\/coasa.org\/wp-content\/uploads\/2022\/05\/nave-logistica-construccion.jpg\" custom_margin=\"||||false\" custom_padding=\"10vw||10vw||true|false\" global_colors_info=\"{}\"][et_pb_row column_structure=\"2_3,1_3\" _builder_version=\"4.16\" global_colors_info=\"{}\"][et_pb_column type=\"2_3\" _builder_version=\"4.16\" custom_padding=\"|||\" global_colors_info=\"{}\" custom_padding__hover=\"|||\"][et_pb_text _builder_version=\"4.16\" text_font=\"||||||||\" header_font=\"Rubik|700|||||||\" header_font_size=\"64px\" header_line_height=\"1.1em\" background_layout=\"dark\" max_width=\"800px\" custom_margin=\"||0px|\" custom_padding=\"|||16px\" text_font_size_tablet=\"14px\" text_font_size_last_edited=\"off|desktop\" header_font_size_tablet=\"44px\" header_font_size_phone=\"32px\" header_font_size_last_edited=\"on|phone\" border_color_all=\"#6fb353\" border_width_left=\"10px\" global_colors_info=\"{}\"]<\/p><h1><strong>Construcci\u00f3 de sis naus log\u00edstiques a Reus<\/strong><\/h1><p>[\/et_pb_text][et_pb_text _builder_version=\"4.16\" text_font=\"||||||||\" text_font_size=\"22px\" text_line_height=\"1.6em\" header_font=\"||||||||\" background_layout=\"dark\" max_width=\"800px\" custom_margin=\"|||\" custom_padding=\"20px||20px||true\" text_font_size_tablet=\"18px\" text_font_size_phone=\"\" text_font_size_last_edited=\"on|phone\" global_colors_info=\"{}\"]<\/p><p>Compromesos amb la nutrici\u00f3 i salut animal, el Grup Pintaluba satisf\u00e0 la necessitats dels seus clients a m\u00e9s de 72 pa\u00efsos. Est\u00e0 format per un conglomerat de 12 empreses amb seu a 6 pa\u00efsos.<\/p><p>[\/et_pb_text][\/et_pb_column][et_pb_column type=\"1_3\" _builder_version=\"4.16\" custom_padding=\"|||\" global_colors_info=\"{}\" custom_padding__hover=\"|||\"][et_pb_text ul_type=\"none\" ul_item_indent=\"3px\" _builder_version=\"4.16\" text_font=\"||||||||\" text_font_size=\"16px\" text_line_height=\"1.8em\" ul_font=\"Arimo||||||||\" ul_font_size=\"16px\" ul_line_height=\"2em\" background_layout=\"dark\" custom_margin=\"|||\" custom_margin_last_edited=\"off|desktop\" locked=\"off\" global_colors_info=\"{}\"]<\/p><ul><li><strong>Client:<\/strong> Grup Pintaluba<\/li><li><strong>Categoria:<\/strong> Sector alimentari - log\u00edstic<\/li><\/ul><p>[\/et_pb_text][\/et_pb_column][\/et_pb_row][\/et_pb_section][et_pb_section fb_built=\"1\" admin_label=\"Project Details\" _builder_version=\"4.16\" custom_padding=\"90px||90px||true\" global_colors_info=\"{}\"][et_pb_row column_structure=\"1_2,1_2\" _builder_version=\"4.16\" global_colors_info=\"{}\"][et_pb_column type=\"1_2\" _builder_version=\"4.16\" custom_padding=\"|||\" global_colors_info=\"{}\" custom_padding__hover=\"|||\"][et_pb_text _builder_version=\"4.16\" text_font=\"||||||||\" link_font=\"||||||||\" ul_font=\"||||||||\" ol_font=\"||||||||\" quote_font=\"||||||||\" header_font=\"||||||||\" header_2_font=\"Rubik|700|||||||\" header_2_font_size=\"42px\" header_2_line_height=\"1.2em\" module_alignment=\"center\" custom_margin=\"|||\" custom_padding=\"|||\" header_2_font_size_tablet=\"\" header_2_font_size_phone=\"36px\" header_2_font_size_last_edited=\"on|phone\" locked=\"off\" global_colors_info=\"{}\"]<\/p><h2>Sobre el projecte<\/h2><p>[\/et_pb_text][et_pb_divider color=\"#6fb353\" divider_position=\"center\" divider_weight=\"5px\" _builder_version=\"4.16\" max_width=\"50px\" locked=\"off\" global_colors_info=\"{}\"][\/et_pb_divider][et_pb_text _builder_version=\"4.16\" text_font=\"||||||||\" text_font_size=\"15px\" text_line_height=\"1.8em\" custom_padding=\"||0px|||\" custom_padding_tablet=\"|40px||40px||true\" custom_padding_last_edited=\"off|desktop\" locked=\"off\" global_colors_info=\"{}\"]<\/p><p>El <a href=\"https:\/\/pintaluba.com\/es\" target=\"_blank\" rel=\"noopener\">Grup Pintaluba<\/a>, amb seus arreu del m\u00f3n, va forjar les seves arrels a Reus, on es troba la seva empresa matriu, Andr\u00e9s Pintaluba (APSA). Comprom\u00eds, innovaci\u00f3 i internacionalitzaci\u00f3 s\u00f3n els seus valors.<\/p><p>\u00a0<\/p><p>Aix\u00ed, des de Coasa hem sigut els encarregats de la <strong>construcci\u00f3 de 6 naus log\u00edstiques<\/strong> a Reus.<\/p><p>[\/et_pb_text][\/et_pb_column][et_pb_column type=\"1_2\" _builder_version=\"4.16\" custom_padding=\"|||\" global_colors_info=\"{}\" custom_padding__hover=\"|||\"][et_pb_image src=\"https:\/\/coasa.org\/wp-content\/uploads\/2022\/05\/nave-logistica.jpg\" alt=\"nave-logistica\" title_text=\"nave-logistica\" _builder_version=\"4.16\" _module_preset=\"default\" global_colors_info=\"{}\"][\/et_pb_image][\/et_pb_column][\/et_pb_row][et_pb_row _builder_version=\"4.16\" global_colors_info=\"{}\"][et_pb_column type=\"4_4\" _builder_version=\"4.16\" custom_padding=\"|||\" global_colors_info=\"{}\" custom_padding__hover=\"|||\"][et_pb_text _builder_version=\"4.16\" _module_preset=\"default\" global_colors_info=\"{}\"]<\/p><h2>Caracter\u00edstiques del projecte<\/h2><p>[\/et_pb_text][et_pb_text _builder_version=\"4.16\" _module_preset=\"default\" text_font_size=\"15px\" global_colors_info=\"{}\"]<\/p><p>Per dur a terme aquest projecte, vam generar sis <strong>zones sectoritzades d\u2019incendi<\/strong>. Aconseguir confinar un incendi, en cas que aquest succeeixi, implica impedir que el foc surti per alguna via. Per tant, aquesta sectoritzaci\u00f3 \u00e9s clau.<\/p><p>\u00a0<\/p><p>Per una altra banda, vam crear i implementar tres <strong>molls de c\u00e0rrega<\/strong> interiors i un d\u2019exterior per tal d\u2019efectuar les operacions de c\u00e0rrega i desc\u00e0rrega de mercaderies.<\/p><p>\u00a0<\/p><p>Pel que fa la il\u00b7luminaci\u00f3 de les naus log\u00edstiques, vam implementar un <strong>enllumenat interior amb control lum\u00ednic tipus Dali<\/strong>. Aquest sistema es basa en la regulaci\u00f3 lum\u00ednica que consisteix en controlar digitalment i de forma independent un gran nombre de dispositius des d\u2019un sol aparell. Amb aix\u00f2, doncs, augmenta l\u2019<a href=\"https:\/\/coasa.org\/avantatges-dapostar-per-leficiencia-energetica-en-una-reforma\/\" target=\"_blank\" rel=\"noopener\"><u>efici\u00e8ncia energ\u00e8tica<\/u><\/a>.<\/p><p>\u00a0<\/p><p>Per a la coberta de les naus vam optar per la <strong>coberta a\u00efllada de panell sandwich<\/strong>, preparada per a una futura planta fotovoltaica. Amb aquest sistema no nom\u00e9s es reduiran filtracions i humitats, sin\u00f3 tamb\u00e9 augmentar\u00e0 la protecci\u00f3 davant c\u00e0rregues, cops, etc.<\/p><p>\u00a0<\/p><p>Tamb\u00e9 vam dur a terme la construcci\u00f3 <strong>d\u2019oficines de control i un laboratori<\/strong>, a m\u00e9s de la implementaci\u00f3 d\u2019un <strong>dip\u00f2sit i grup<\/strong> <strong>contra incendis<\/strong> adequat a l\u2019activitat que es realitza a les naus.<\/p><p>\u00a0<\/p><p>A m\u00e9s, per acabar de completar l\u2019obra amb tots els detalls i factors necessaris, vam realitzar una estructura i tancaments <a href=\"https:\/\/coasa.org\/quines-son-les-avantatges-de-la-construccio-prefabricada-de-formigo\/\" target=\"_blank\" rel=\"noopener\">prefabricats de formig\u00f3<\/a>.<\/p><p>\u00a0<\/p><p>[\/et_pb_text][et_pb_text _builder_version=\"4.16\" _module_preset=\"default\" global_colors_info=\"{}\"]<\/p><h2>Organitzacions implicades i personal<\/h2><p>[\/et_pb_text][et_pb_text _builder_version=\"4.16\" _module_preset=\"default\" text_font_size=\"15px\" global_colors_info=\"{}\"]<\/p><p>La <strong>direcci\u00f3 d\u2019execuci\u00f3<\/strong> d\u2019aquesta obra ha estat sota les mans de Baur Enginyers. Per una altra banda, el <strong>cap d\u2019obra<\/strong> de la construcci\u00f3 ha estat Josep Navarrete.<\/p><p>\u00a0<\/p><p>\u00a0<\/p><p>Posem fi, doncs, a un projecte de grans dimensions: la construcci\u00f3 de sis naus log\u00edstiques a Reus. Agra\u00efts d\u2019haver-hi format part i d\u2019ajudar a fer cr\u00e9ixer empreses com aquesta \ud83e\udd1d\ud83c\udffb Seguim!<\/p><p>[\/et_pb_text][\/et_pb_column][\/et_pb_row][et_pb_row _builder_version=\"4.16\" _module_preset=\"default\" global_colors_info=\"{}\"][et_pb_column type=\"4_4\" _builder_version=\"4.16\" _module_preset=\"default\" global_colors_info=\"{}\"][et_pb_gallery gallery_ids=\"4962,4950,4952,4954,4956,4960,5044,5046\" fullwidth=\"on\" _builder_version=\"4.17.3\" _module_preset=\"default\" global_colors_info=\"{}\"][\/et_pb_gallery][\/et_pb_column][\/et_pb_row][\/et_pb_section]<\/p>","_et_gb_content_width":"","_joinchat":[],"footnotes":""},"project_category":[388],"project_tag":[169,135,37,36,133,171,138,40,134,136,153,172,170],"class_list":["post-5134","project","type-project","status-publish","has-post-thumbnail","hentry","project_category-obra-publica-es","project_tag-cementerio-es","project_tag-coasa-es","project_tag-coasa","project_tag-construccion","project_tag-construccion-es","project_tag-construccion-cementerio-es","project_tag-constructora-es","project_tag-construir","project_tag-construir-es","project_tag-obra-es","project_tag-proyecto-es","project_tag-proyecto-constructora-es","project_tag-reformas-es"],"yoast_head":"<!-- This site is optimized with the Yoast SEO plugin v27.5 - https:\/\/yoast.com\/product\/yoast-seo-wordpress\/ -->\n<title>Reforma del cementerio de Vila-Seca<\/title>\n<meta name=\"description\" content=\"A Coasa nos gusta el trabajo bien hecho, la calidad y la profesioanlidad. \u00a1An\u00edmate y descubre uno de nuestros proyectos m\u00e1s recientes!\" \/>\n<meta name=\"robots\" content=\"index, follow, max-snippet:-1, max-image-preview:large, max-video-preview:-1\" \/>\n<link rel=\"canonical\" href=\"https:\/\/coasa.org\/es\/project\/reforma-del-cementerio-de-vila-seca\/\" \/>\n<meta property=\"og:locale\" content=\"es_ES\" \/>\n<meta property=\"og:type\" content=\"article\" \/>\n<meta property=\"og:title\" content=\"Reforma del cementerio de Vila-Seca\" \/>\n<meta property=\"og:description\" content=\"A Coasa nos gusta el trabajo bien hecho, la calidad y la profesioanlidad. \u00a1An\u00edmate y descubre uno de nuestros proyectos m\u00e1s recientes!\" \/>\n<meta property=\"og:url\" content=\"https:\/\/coasa.org\/es\/project\/reforma-del-cementerio-de-vila-seca\/\" \/>\n<meta property=\"og:site_name\" content=\"COASA, Empresa Constructora\" \/>\n<meta property=\"article:modified_time\" content=\"2022-06-14T07:05:26+00:00\" \/>\n<meta property=\"og:image\" content=\"https:\/\/coasa.org\/wp-content\/uploads\/2022\/05\/portada-vila-seca.jpg\" \/>\n\t<meta property=\"og:image:width\" content=\"800\" \/>\n\t<meta property=\"og:image:height\" content=\"600\" \/>\n\t<meta property=\"og:image:type\" content=\"image\/jpeg\" \/>\n<meta name=\"twitter:label1\" content=\"Tiempo de lectura\" \/>\n\t<meta name=\"twitter:data1\" content=\"5 minutos\" \/>\n<script type=\"application\/ld+json\" class=\"yoast-schema-graph\">{\"@context\":\"https:\\\/\\\/schema.org\",\"@graph\":[{\"@type\":\"WebPage\",\"@id\":\"https:\\\/\\\/coasa.org\\\/es\\\/project\\\/reforma-del-cementerio-de-vila-seca\\\/\",\"url\":\"https:\\\/\\\/coasa.org\\\/es\\\/project\\\/reforma-del-cementerio-de-vila-seca\\\/\",\"name\":\"Reforma del cementerio de Vila-Seca\",\"isPartOf\":{\"@id\":\"https:\\\/\\\/coasa.org\\\/es\\\/#website\"},\"primaryImageOfPage\":{\"@id\":\"https:\\\/\\\/coasa.org\\\/es\\\/project\\\/reforma-del-cementerio-de-vila-seca\\\/#primaryimage\"},\"image\":{\"@id\":\"https:\\\/\\\/coasa.org\\\/es\\\/project\\\/reforma-del-cementerio-de-vila-seca\\\/#primaryimage\"},\"thumbnailUrl\":\"https:\\\/\\\/coasa.org\\\/wp-content\\\/uploads\\\/2022\\\/05\\\/portada-vila-seca.jpg\",\"datePublished\":\"2022-06-11T07:57:54+00:00\",\"dateModified\":\"2022-06-14T07:05:26+00:00\",\"description\":\"A Coasa nos gusta el trabajo bien hecho, la calidad y la profesioanlidad. \u00a1An\u00edmate y descubre uno de nuestros proyectos m\u00e1s recientes!\",\"breadcrumb\":{\"@id\":\"https:\\\/\\\/coasa.org\\\/es\\\/project\\\/reforma-del-cementerio-de-vila-seca\\\/#breadcrumb\"},\"inLanguage\":\"es\",\"potentialAction\":[{\"@type\":\"ReadAction\",\"target\":[\"https:\\\/\\\/coasa.org\\\/es\\\/project\\\/reforma-del-cementerio-de-vila-seca\\\/\"]}]},{\"@type\":\"ImageObject\",\"inLanguage\":\"es\",\"@id\":\"https:\\\/\\\/coasa.org\\\/es\\\/project\\\/reforma-del-cementerio-de-vila-seca\\\/#primaryimage\",\"url\":\"https:\\\/\\\/coasa.org\\\/wp-content\\\/uploads\\\/2022\\\/05\\\/portada-vila-seca.jpg\",\"contentUrl\":\"https:\\\/\\\/coasa.org\\\/wp-content\\\/uploads\\\/2022\\\/05\\\/portada-vila-seca.jpg\",\"width\":800,\"height\":600,\"caption\":\"portada-vila-seca\"},{\"@type\":\"BreadcrumbList\",\"@id\":\"https:\\\/\\\/coasa.org\\\/es\\\/project\\\/reforma-del-cementerio-de-vila-seca\\\/#breadcrumb\",\"itemListElement\":[{\"@type\":\"ListItem\",\"position\":1,\"name\":\"Portada\",\"item\":\"https:\\\/\\\/coasa.org\\\/es\\\/\"},{\"@type\":\"ListItem\",\"position\":2,\"name\":\"Proyectos\",\"item\":\"https:\\\/\\\/coasa.org\\\/es\\\/project\\\/\"},{\"@type\":\"ListItem\",\"position\":3,\"name\":\"Reforma del cementerio de Vila-Seca\"}]},{\"@type\":\"WebSite\",\"@id\":\"https:\\\/\\\/coasa.org\\\/es\\\/#website\",\"url\":\"https:\\\/\\\/coasa.org\\\/es\\\/\",\"name\":\"COASA, Empresa Constructora\",\"description\":\"Des del seu naixement COASA s&#039;ha destacat per una constant evoluci\u00f3 que ens permet\u00e9s una \u00e0gil adaptaci\u00f3 a les necessitats canviants del mercat de la construcci\u00f3 industrial.\",\"publisher\":{\"@id\":\"https:\\\/\\\/coasa.org\\\/es\\\/#organization\"},\"potentialAction\":[{\"@type\":\"SearchAction\",\"target\":{\"@type\":\"EntryPoint\",\"urlTemplate\":\"https:\\\/\\\/coasa.org\\\/es\\\/?s={search_term_string}\"},\"query-input\":{\"@type\":\"PropertyValueSpecification\",\"valueRequired\":true,\"valueName\":\"search_term_string\"}}],\"inLanguage\":\"es\"},{\"@type\":\"Organization\",\"@id\":\"https:\\\/\\\/coasa.org\\\/es\\\/#organization\",\"name\":\"Coasa\",\"url\":\"https:\\\/\\\/coasa.org\\\/es\\\/\",\"logo\":{\"@type\":\"ImageObject\",\"inLanguage\":\"es\",\"@id\":\"https:\\\/\\\/coasa.org\\\/es\\\/#\\\/schema\\\/logo\\\/image\\\/\",\"url\":\"https:\\\/\\\/coasa.org\\\/wp-content\\\/uploads\\\/2018\\\/10\\\/logo.png\",\"contentUrl\":\"https:\\\/\\\/coasa.org\\\/wp-content\\\/uploads\\\/2018\\\/10\\\/logo.png\",\"width\":500,\"height\":141,\"caption\":\"Coasa\"},\"image\":{\"@id\":\"https:\\\/\\\/coasa.org\\\/es\\\/#\\\/schema\\\/logo\\\/image\\\/\"},\"sameAs\":[\"https:\\\/\\\/www.linkedin.com\\\/company\\\/coasa\\\/\"]}]}<\/script>\n<!-- \/ Yoast SEO plugin. -->","yoast_head_json":{"title":"Reforma del cementerio de Vila-Seca","description":"A Coasa nos gusta el trabajo bien hecho, la calidad y la profesioanlidad. \u00a1An\u00edmate y descubre uno de nuestros proyectos m\u00e1s recientes!","robots":{"index":"index","follow":"follow","max-snippet":"max-snippet:-1","max-image-preview":"max-image-preview:large","max-video-preview":"max-video-preview:-1"},"canonical":"https:\/\/coasa.org\/es\/project\/reforma-del-cementerio-de-vila-seca\/","og_locale":"es_ES","og_type":"article","og_title":"Reforma del cementerio de Vila-Seca","og_description":"A Coasa nos gusta el trabajo bien hecho, la calidad y la profesioanlidad. \u00a1An\u00edmate y descubre uno de nuestros proyectos m\u00e1s recientes!","og_url":"https:\/\/coasa.org\/es\/project\/reforma-del-cementerio-de-vila-seca\/","og_site_name":"COASA, Empresa Constructora","article_modified_time":"2022-06-14T07:05:26+00:00","og_image":[{"width":800,"height":600,"url":"https:\/\/coasa.org\/wp-content\/uploads\/2022\/05\/portada-vila-seca.jpg","type":"image\/jpeg"}],"twitter_misc":{"Tiempo de lectura":"5 minutos"},"schema":{"@context":"https:\/\/schema.org","@graph":[{"@type":"WebPage","@id":"https:\/\/coasa.org\/es\/project\/reforma-del-cementerio-de-vila-seca\/","url":"https:\/\/coasa.org\/es\/project\/reforma-del-cementerio-de-vila-seca\/","name":"Reforma del cementerio de Vila-Seca","isPartOf":{"@id":"https:\/\/coasa.org\/es\/#website"},"primaryImageOfPage":{"@id":"https:\/\/coasa.org\/es\/project\/reforma-del-cementerio-de-vila-seca\/#primaryimage"},"image":{"@id":"https:\/\/coasa.org\/es\/project\/reforma-del-cementerio-de-vila-seca\/#primaryimage"},"thumbnailUrl":"https:\/\/coasa.org\/wp-content\/uploads\/2022\/05\/portada-vila-seca.jpg","datePublished":"2022-06-11T07:57:54+00:00","dateModified":"2022-06-14T07:05:26+00:00","description":"A Coasa nos gusta el trabajo bien hecho, la calidad y la profesioanlidad. \u00a1An\u00edmate y descubre uno de nuestros proyectos m\u00e1s recientes!","breadcrumb":{"@id":"https:\/\/coasa.org\/es\/project\/reforma-del-cementerio-de-vila-seca\/#breadcrumb"},"inLanguage":"es","potentialAction":[{"@type":"ReadAction","target":["https:\/\/coasa.org\/es\/project\/reforma-del-cementerio-de-vila-seca\/"]}]},{"@type":"ImageObject","inLanguage":"es","@id":"https:\/\/coasa.org\/es\/project\/reforma-del-cementerio-de-vila-seca\/#primaryimage","url":"https:\/\/coasa.org\/wp-content\/uploads\/2022\/05\/portada-vila-seca.jpg","contentUrl":"https:\/\/coasa.org\/wp-content\/uploads\/2022\/05\/portada-vila-seca.jpg","width":800,"height":600,"caption":"portada-vila-seca"},{"@type":"BreadcrumbList","@id":"https:\/\/coasa.org\/es\/project\/reforma-del-cementerio-de-vila-seca\/#breadcrumb","itemListElement":[{"@type":"ListItem","position":1,"name":"Portada","item":"https:\/\/coasa.org\/es\/"},{"@type":"ListItem","position":2,"name":"Proyectos","item":"https:\/\/coasa.org\/es\/project\/"},{"@type":"ListItem","position":3,"name":"Reforma del cementerio de Vila-Seca"}]},{"@type":"WebSite","@id":"https:\/\/coasa.org\/es\/#website","url":"https:\/\/coasa.org\/es\/","name":"COASA, Empresa Constructora","description":"Des del seu naixement COASA s&#039;ha destacat per una constant evoluci\u00f3 que ens permet\u00e9s una \u00e0gil adaptaci\u00f3 a les necessitats canviants del mercat de la construcci\u00f3 industrial.","publisher":{"@id":"https:\/\/coasa.org\/es\/#organization"},"potentialAction":[{"@type":"SearchAction","target":{"@type":"EntryPoint","urlTemplate":"https:\/\/coasa.org\/es\/?s={search_term_string}"},"query-input":{"@type":"PropertyValueSpecification","valueRequired":true,"valueName":"search_term_string"}}],"inLanguage":"es"},{"@type":"Organization","@id":"https:\/\/coasa.org\/es\/#organization","name":"Coasa","url":"https:\/\/coasa.org\/es\/","logo":{"@type":"ImageObject","inLanguage":"es","@id":"https:\/\/coasa.org\/es\/#\/schema\/logo\/image\/","url":"https:\/\/coasa.org\/wp-content\/uploads\/2018\/10\/logo.png","contentUrl":"https:\/\/coasa.org\/wp-content\/uploads\/2018\/10\/logo.png","width":500,"height":141,"caption":"Coasa"},"image":{"@id":"https:\/\/coasa.org\/es\/#\/schema\/logo\/image\/"},"sameAs":["https:\/\/www.linkedin.com\/company\/coasa\/"]}]}},"_links":{"self":[{"href":"https:\/\/coasa.org\/es\/wp-json\/wp\/v2\/project\/5134","targetHints":{"allow":["GET"]}}],"collection":[{"href":"https:\/\/coasa.org\/es\/wp-json\/wp\/v2\/project"}],"about":[{"href":"https:\/\/coasa.org\/es\/wp-json\/wp\/v2\/types\/project"}],"author":[{"embeddable":true,"href":"https:\/\/coasa.org\/es\/wp-json\/wp\/v2\/users\/1"}],"version-history":[{"count":13,"href":"https:\/\/coasa.org\/es\/wp-json\/wp\/v2\/project\/5134\/revisions"}],"predecessor-version":[{"id":5214,"href":"https:\/\/coasa.org\/es\/wp-json\/wp\/v2\/project\/5134\/revisions\/5214"}],"wp:featuredmedia":[{"embeddable":true,"href":"https:\/\/coasa.org\/es\/wp-json\/wp\/v2\/media\/5099"}],"wp:attachment":[{"href":"https:\/\/coasa.org\/es\/wp-json\/wp\/v2\/media?parent=5134"}],"wp:term":[{"taxonomy":"project_category","embeddable":true,"href":"https:\/\/coasa.org\/es\/wp-json\/wp\/v2\/project_category?post=5134"},{"taxonomy":"project_tag","embeddable":true,"href":"https:\/\/coasa.org\/es\/wp-json\/wp\/v2\/project_tag?post=5134"}],"curies":[{"name":"wp","href":"https:\/\/api.w.org\/{rel}","templated":true}]}}