{"id":5260,"date":"2022-07-06T13:44:47","date_gmt":"2022-07-06T13:44:47","guid":{"rendered":"https:\/\/coasa.org\/?post_type=project&#038;p=5260"},"modified":"2022-07-07T06:35:28","modified_gmt":"2022-07-07T06:35:28","slug":"construccion-de-un-nuevo-supermercado-spar-en-torredembarra","status":"publish","type":"project","link":"https:\/\/coasa.org\/es\/project\/construccion-de-un-nuevo-supermercado-spar-en-torredembarra\/","title":{"rendered":"Construcci\u00f3n de un nuevo supermercado Spar en Torredembarra"},"content":{"rendered":"[et_pb_section fb_built=\u00bb1&#8243; admin_label=\u00bbHero\u00bb _builder_version=\u00bb4.17.4&#8243; use_background_color_gradient=\u00bbon\u00bb background_color_gradient_type=\u00bbcircular\u00bb background_color_gradient_direction_radial=\u00bbtop left\u00bb background_color_gradient_stops=\u00bbrgba(40,40,40,0.45) 0%|rgba(40,40,40,0.45) 100%\u00bb background_color_gradient_overlays_image=\u00bbon\u00bb background_color_gradient_start=\u00bbrgba(40,40,40,0.45)\u00bb background_color_gradient_end=\u00bbrgba(40,40,40,0.45)\u00bb background_image=\u00bbhttps:\/\/coasa.org\/wp-content\/uploads\/2022\/06\/construccion.jpg\u00bb custom_margin=\u00bb||||false\u00bb custom_padding=\u00bb10vw||10vw||true|false\u00bb global_colors_info=\u00bb{}\u00bb][et_pb_row column_structure=\u00bb2_3,1_3&#8243; _builder_version=\u00bb4.16&#8243; global_colors_info=\u00bb{}\u00bb][et_pb_column type=\u00bb2_3&#8243; _builder_version=\u00bb4.16&#8243; custom_padding=\u00bb|||\u00bb global_colors_info=\u00bb{}\u00bb custom_padding__hover=\u00bb|||\u00bb][et_pb_text _builder_version=\u00bb4.17.4&#8243; text_font=\u00bb||||||||\u00bb header_font=\u00bbRubik|700|||||||\u00bb header_font_size=\u00bb64px\u00bb header_line_height=\u00bb1.1em\u00bb background_layout=\u00bbdark\u00bb max_width=\u00bb800px\u00bb custom_margin=\u00bb||0px|\u00bb custom_padding=\u00bb|||16px\u00bb text_font_size_tablet=\u00bb14px\u00bb text_font_size_last_edited=\u00bboff|desktop\u00bb header_font_size_tablet=\u00bb44px\u00bb header_font_size_phone=\u00bb32px\u00bb header_font_size_last_edited=\u00bbon|phone\u00bb border_color_all=\u00bb#6fb353&#8243; border_width_left=\u00bb10px\u00bb global_colors_info=\u00bb{}\u00bb]\n<h1><strong>Construcci\u00f3n de un nuevo supermercado Eurospar<\/strong><\/h1>\n[\/et_pb_text][et_pb_text _builder_version=\u00bb4.17.4&#8243; text_font=\u00bb||||||||\u00bb text_font_size=\u00bb22px\u00bb text_line_height=\u00bb1.6em\u00bb header_font=\u00bb||||||||\u00bb background_layout=\u00bbdark\u00bb max_width=\u00bb800px\u00bb custom_margin=\u00bb|||\u00bb custom_padding=\u00bb20px||20px||true\u00bb text_font_size_tablet=\u00bb18px\u00bb text_font_size_phone=\u00bb\u00bb text_font_size_last_edited=\u00bbon|phone\u00bb global_colors_info=\u00bb{}\u00bb]\n<p>El Grupo Fragadis ampl\u00eda su presencia en todo el territorio. En este caso, en Torredembarra, municipio de la Costa Dorada, donde ha abierto un nuevo Eurospar.<\/p>\n[\/et_pb_text][\/et_pb_column][et_pb_column type=\u00bb1_3&#8243; _builder_version=\u00bb4.16&#8243; custom_padding=\u00bb|||\u00bb global_colors_info=\u00bb{}\u00bb custom_padding__hover=\u00bb|||\u00bb][et_pb_text ul_type=\u00bbnone\u00bb ul_item_indent=\u00bb3px\u00bb _builder_version=\u00bb4.17.4&#8243; text_font=\u00bb||||||||\u00bb text_font_size=\u00bb16px\u00bb text_line_height=\u00bb1.8em\u00bb ul_font=\u00bbArimo||||||||\u00bb ul_font_size=\u00bb16px\u00bb ul_line_height=\u00bb2em\u00bb background_layout=\u00bbdark\u00bb custom_margin=\u00bb|||\u00bb custom_margin_last_edited=\u00bboff|desktop\u00bb locked=\u00bboff\u00bb global_colors_info=\u00bb{}\u00bb]\n<ul>\n<li><strong>Cliente:<\/strong> Grupo Fragadis, supermercados Spar<\/li>\n<li><strong>Categor\u00eda:<\/strong> Sector comercial<\/li>\n<\/ul>\n[\/et_pb_text][\/et_pb_column][\/et_pb_row][\/et_pb_section][et_pb_section fb_built=\u00bb1&#8243; admin_label=\u00bbProject Details\u00bb _builder_version=\u00bb4.16&#8243; custom_padding=\u00bb90px||90px||true\u00bb global_colors_info=\u00bb{}\u00bb][et_pb_row column_structure=\u00bb1_2,1_2&#8243; _builder_version=\u00bb4.16&#8243; global_colors_info=\u00bb{}\u00bb][et_pb_column type=\u00bb1_2&#8243; _builder_version=\u00bb4.16&#8243; custom_padding=\u00bb|||\u00bb global_colors_info=\u00bb{}\u00bb custom_padding__hover=\u00bb|||\u00bb][et_pb_text _builder_version=\u00bb4.16&#8243; text_font=\u00bb||||||||\u00bb link_font=\u00bb||||||||\u00bb ul_font=\u00bb||||||||\u00bb ol_font=\u00bb||||||||\u00bb quote_font=\u00bb||||||||\u00bb header_font=\u00bb||||||||\u00bb header_2_font=\u00bbRubik|700|||||||\u00bb header_2_font_size=\u00bb42px\u00bb header_2_line_height=\u00bb1.2em\u00bb module_alignment=\u00bbcenter\u00bb custom_margin=\u00bb|||\u00bb custom_padding=\u00bb|||\u00bb header_2_font_size_tablet=\u00bb\u00bb header_2_font_size_phone=\u00bb36px\u00bb header_2_font_size_last_edited=\u00bbon|phone\u00bb locked=\u00bboff\u00bb global_colors_info=\u00bb{}\u00bb]\n<h2>Sobre el proyecto<\/h2>\n[\/et_pb_text][et_pb_divider color=\u00bb#6fb353&#8243; divider_position=\u00bbcenter\u00bb divider_weight=\u00bb5px\u00bb _builder_version=\u00bb4.16&#8243; max_width=\u00bb50px\u00bb locked=\u00bboff\u00bb global_colors_info=\u00bb{}\u00bb][\/et_pb_divider][et_pb_text _builder_version=\u00bb4.17.4&#8243; text_font=\u00bb||||||||\u00bb text_font_size=\u00bb15px\u00bb text_line_height=\u00bb1.8em\u00bb custom_padding=\u00bb||0px|||\u00bb custom_padding_tablet=\u00bb|40px||40px||true\u00bb custom_padding_last_edited=\u00bboff|desktop\u00bb locked=\u00bboff\u00bb global_colors_info=\u00bb{}\u00bb]\n<p>El pasado 10 de junio, Torredembarra inaugur\u00f3 un nuevo supermercado <strong>Eurospar de 2.500 m<span style=\"font-size: 13.3333px;\">\u00b2<\/span><\/strong> situado en el camino del Moro 6-8, cerca de la antigua N-340.<\/p>\n<p>&nbsp;<\/p>\n<p>Con la apertura de este <a href=\"https:\/\/www.fragadis.es\/nou-eurospar-torredembarra\/\" target=\"_blank\" rel=\"noopener\">nuevo supermercado<\/a> son 6 el n\u00famero de supermercados Fragadis ubicados en Torredembarra.<\/p>\n<p>&nbsp;<\/p>\n<p>Agradecidos por la confianza depositada en nosotros y por haber podido formar parte de este proyecto.<\/p>\n[\/et_pb_text][\/et_pb_column][et_pb_column type=\u00bb1_2&#8243; _builder_version=\u00bb4.16&#8243; custom_padding=\u00bb|||\u00bb global_colors_info=\u00bb{}\u00bb custom_padding__hover=\u00bb|||\u00bb][et_pb_image src=\u00bbhttps:\/\/coasa.org\/wp-content\/uploads\/2022\/06\/nuevo-eurospar.jpg\u00bb alt=\u00bbnuevo-eurospar\u00bb title_text=\u00bbnuevo-eurospar\u00bb _builder_version=\u00bb4.17.4&#8243; _module_preset=\u00bbdefault\u00bb global_colors_info=\u00bb{}\u00bb][\/et_pb_image][\/et_pb_column][\/et_pb_row][et_pb_row _builder_version=\u00bb4.16&#8243; global_colors_info=\u00bb{}\u00bb][et_pb_column type=\u00bb4_4&#8243; _builder_version=\u00bb4.16&#8243; custom_padding=\u00bb|||\u00bb global_colors_info=\u00bb{}\u00bb custom_padding__hover=\u00bb|||\u00bb][et_pb_text _builder_version=\u00bb4.16&#8243; _module_preset=\u00bbdefault\u00bb global_colors_info=\u00bb{}\u00bb]\n<h2>Caracter\u00edsticas del proyecto<\/h2>\n[\/et_pb_text][et_pb_text _builder_version=\u00bb4.17.4&#8243; _module_preset=\u00bbdefault\u00bb text_font_size=\u00bb15px\u00bb global_colors_info=\u00bb{}\u00bb]\n<p>Centr\u00e1ndonos en las caracter\u00edsticas t\u00e9cnicas del proyecto, hemos empleado una <strong>estructura prefabricada di\u00e1fana<\/strong> y cierres prefabricados de hormig\u00f3n.<\/p>\n<p>&nbsp;<\/p>\n<p>Adem\u00e1s, hemos realizado la creaci\u00f3n y construcci\u00f3n de una <strong>sala de ventas<\/strong>con instalaciones vistas sin falso techo. As\u00ed, la gran entrada de luz natural a trav\u00e9s de cristaleras instaladas en la fachada hace que sea una sala con mucha luz.<\/p>\n<p>&nbsp;<\/p>\n<p>La <strong>fachada<\/strong>principal la hemos construido a trav\u00e9s del sistema <strong>muro cortina<\/strong> (integrando los colores corporativos), un sistema de fachada independiente de la estructura resistente del edificio que se construye de manera continua por delante de ella.<\/p>\n<p>&nbsp;<\/p>\n<p>Por otro lado, hemos creado un gran espacio exterior destinado al <strong>aparcamiento<\/strong>, cuya capacidad es de 100 plazas muy anchas destinadas a todos los clientes del supermercado.<\/p>\n<p>&nbsp;<\/p>\n<p>Adem\u00e1s, este establecimiento cumple la l\u00ednea de supermercado sostenible, puesto que se han instalado placas solares, iluminaci\u00f3n LED y aislante t\u00e9rmico.<\/p>\n<p>&nbsp;<\/p>\n[\/et_pb_text][et_pb_text _builder_version=\u00bb4.16&#8243; _module_preset=\u00bbdefault\u00bb global_colors_info=\u00bb{}\u00bb]\n<h2>Organizaciones implicadas y personal<\/h2>\n[\/et_pb_text][et_pb_text _builder_version=\u00bb4.17.4&#8243; _module_preset=\u00bbdefault\u00bb text_font_size=\u00bb15px\u00bb global_colors_info=\u00bb{}\u00bb]\n<p>La direcci\u00f3n de ejecuci\u00f3n de esta obra estuvo bajo las manos del arquitecto <strong>Xavier Mercad\u00e9 Orriols y de Espai Consultor\u00eda T\u00e9cnica S.L.T<\/strong> (Torredembarra).<\/p>\n<p><strong> <\/strong><\/p>\n<p>Por otra parte, el <strong>jefe de obra<\/strong> de la construcci\u00f3n fue el arquitecto t\u00e9cnico Josep Sanz.<\/p>\n<p>&nbsp;<\/p>\n<p>&nbsp;<\/p>\n<p>\u00a1Gracias una vez m\u00e1s por confiar en nosotros y dejarnos formar parte de esta expansi\u00f3n! Cada vez son m\u00e1s y m\u00e1s los supermercados Eurospar ubicados en todo el territorio y nos sentimos inmensamente felices de formar parte de este crecimiento \ud83d\ude4c\ud83c\udffb<\/p>\n[\/et_pb_text][\/et_pb_column][\/et_pb_row][et_pb_row _builder_version=\u00bb4.16&#8243; _module_preset=\u00bbdefault\u00bb global_colors_info=\u00bb{}\u00bb][et_pb_column type=\u00bb4_4&#8243; _builder_version=\u00bb4.16&#8243; _module_preset=\u00bbdefault\u00bb global_colors_info=\u00bb{}\u00bb][et_pb_gallery gallery_ids=\u00bb5243,5245,5247,5251,5253,5249&#8243; fullwidth=\u00bbon\u00bb _builder_version=\u00bb4.17.4&#8243; _module_preset=\u00bbdefault\u00bb global_colors_info=\u00bb{}\u00bb][\/et_pb_gallery][\/et_pb_column][\/et_pb_row][\/et_pb_section]\n","protected":false},"excerpt":{"rendered":"<p>Construcci\u00f3n de un nuevo supermercado EurosparEl Grupo Fragadis ampl\u00eda su presencia en todo el territorio. En este caso, en Torredembarra, municipio de la Costa Dorada, donde ha abierto un nuevo Eurospar. Cliente: Grupo Fragadis, supermercados Spar Categor\u00eda: Sector comercial Sobre el proyecto El pasado 10 de junio, Torredembarra inaugur\u00f3 un nuevo supermercado Eurospar de 2.500 [&hellip;]<\/p>\n","protected":false},"author":1,"featured_media":5239,"template":"","meta":{"_et_pb_use_builder":"on","_et_pb_old_content":"<p>[et_pb_section fb_built=\"1\" admin_label=\"Hero\" _builder_version=\"4.17.3\" use_background_color_gradient=\"on\" background_color_gradient_type=\"circular\" background_color_gradient_direction_radial=\"top left\" background_color_gradient_stops=\"rgba(40,40,40,0.45) 0%|rgba(40,40,40,0.45) 100%\" background_color_gradient_overlays_image=\"on\" background_color_gradient_start=\"rgba(40,40,40,0.45)\" background_color_gradient_end=\"rgba(40,40,40,0.45)\" background_image=\"https:\/\/coasa.org\/wp-content\/uploads\/2022\/05\/reforma-cementerio.jpg\" custom_margin=\"||||false\" custom_padding=\"10vw||10vw||true|false\" global_colors_info=\"{}\"][et_pb_row column_structure=\"2_3,1_3\" _builder_version=\"4.16\" global_colors_info=\"{}\"][et_pb_column type=\"2_3\" _builder_version=\"4.16\" custom_padding=\"|||\" global_colors_info=\"{}\" custom_padding__hover=\"|||\"][et_pb_text _builder_version=\"4.17.3\" text_font=\"||||||||\" header_font=\"Rubik|700|||||||\" header_font_size=\"64px\" header_line_height=\"1.1em\" background_layout=\"dark\" max_width=\"800px\" custom_margin=\"||0px|\" custom_padding=\"|||16px\" text_font_size_tablet=\"14px\" text_font_size_last_edited=\"off|desktop\" header_font_size_tablet=\"44px\" header_font_size_phone=\"32px\" header_font_size_last_edited=\"on|phone\" border_color_all=\"#6fb353\" border_width_left=\"10px\" global_colors_info=\"{}\"]<\/p><h1><strong>Reforma del cementiri de\u00a0 \u00a0 \u00a0 \u00a0 \u00a0 <\/strong><strong>Vila-Seca<\/strong><\/h1><p>[\/et_pb_text][et_pb_text _builder_version=\"4.17.3\" text_font=\"||||||||\" text_font_size=\"22px\" text_line_height=\"1.6em\" header_font=\"||||||||\" background_layout=\"dark\" max_width=\"800px\" custom_margin=\"|||\" custom_padding=\"20px||20px||true\" text_font_size_tablet=\"18px\" text_font_size_phone=\"\" text_font_size_last_edited=\"on|phone\" global_colors_info=\"{}\"]<\/p><p>Seguint amb les millores endegades el 2017, ara calia ordenar els nous columbaris i millorar l\u2019accessibilitat als passos elevats dels n\u00ednxols m\u00e9s antics del cementiri.<\/p><p>[\/et_pb_text][\/et_pb_column][et_pb_column type=\"1_3\" _builder_version=\"4.16\" custom_padding=\"|||\" global_colors_info=\"{}\" custom_padding__hover=\"|||\"][et_pb_text ul_type=\"none\" ul_item_indent=\"3px\" _builder_version=\"4.17.3\" text_font=\"||||||||\" text_font_size=\"16px\" text_line_height=\"1.8em\" ul_font=\"Arimo||||||||\" ul_font_size=\"16px\" ul_line_height=\"2em\" background_layout=\"dark\" custom_margin=\"|||\" custom_margin_last_edited=\"off|desktop\" locked=\"off\" global_colors_info=\"{}\"]<\/p><ul><li><strong>Client:<\/strong> Ajuntament de Vila-Seca<\/li><li><strong>Categoria:<\/strong> Sector p\u00fablic<\/li><\/ul><p>[\/et_pb_text][\/et_pb_column][\/et_pb_row][\/et_pb_section][et_pb_section fb_built=\"1\" admin_label=\"Project Details\" _builder_version=\"4.16\" custom_padding=\"90px||90px||true\" global_colors_info=\"{}\"][et_pb_row column_structure=\"1_2,1_2\" _builder_version=\"4.16\" global_colors_info=\"{}\"][et_pb_column type=\"1_2\" _builder_version=\"4.16\" custom_padding=\"|||\" global_colors_info=\"{}\" custom_padding__hover=\"|||\"][et_pb_text _builder_version=\"4.16\" text_font=\"||||||||\" link_font=\"||||||||\" ul_font=\"||||||||\" ol_font=\"||||||||\" quote_font=\"||||||||\" header_font=\"||||||||\" header_2_font=\"Rubik|700|||||||\" header_2_font_size=\"42px\" header_2_line_height=\"1.2em\" module_alignment=\"center\" custom_margin=\"|||\" custom_padding=\"|||\" header_2_font_size_tablet=\"\" header_2_font_size_phone=\"36px\" header_2_font_size_last_edited=\"on|phone\" locked=\"off\" global_colors_info=\"{}\"]<\/p><h2>Sobre el projecte<\/h2><p>[\/et_pb_text][et_pb_divider color=\"#6fb353\" divider_position=\"center\" divider_weight=\"5px\" _builder_version=\"4.16\" max_width=\"50px\" locked=\"off\" global_colors_info=\"{}\"][\/et_pb_divider][et_pb_text _builder_version=\"4.17.3\" text_font=\"||||||||\" text_font_size=\"15px\" text_line_height=\"1.8em\" custom_padding=\"||0px|||\" custom_padding_tablet=\"|40px||40px||true\" custom_padding_last_edited=\"off|desktop\" locked=\"off\" global_colors_info=\"{}\"]<\/p><p>El projecte ha consistit en la construcci\u00f3 del <strong>nou columbari del cementiri<\/strong>, aix\u00ed com tamb\u00e9 en la <strong>millora de l\u2019accessibilitat<\/strong> als passos elevats dels n\u00ednxols a trav\u00e9s de la construcci\u00f3 de passeres.<\/p><p>\u00a0<\/p><p>Agrair a l\u2019Ajuntament de Vila-Seca la confian\u00e7a depositada en nosaltres i en els nostres serveis.<\/p><p>[\/et_pb_text][\/et_pb_column][et_pb_column type=\"1_2\" _builder_version=\"4.16\" custom_padding=\"|||\" global_colors_info=\"{}\" custom_padding__hover=\"|||\"][et_pb_image src=\"https:\/\/coasa.org\/wp-content\/uploads\/2022\/05\/reforma-cementerio.jpg\" alt=\"reforma-cementerio\" title_text=\"reforma-cementerio\" _builder_version=\"4.17.3\" _module_preset=\"default\" global_colors_info=\"{}\"][\/et_pb_image][\/et_pb_column][\/et_pb_row][et_pb_row _builder_version=\"4.16\" global_colors_info=\"{}\"][et_pb_column type=\"4_4\" _builder_version=\"4.16\" custom_padding=\"|||\" global_colors_info=\"{}\" custom_padding__hover=\"|||\"][et_pb_text _builder_version=\"4.16\" _module_preset=\"default\" global_colors_info=\"{}\"]<\/p><h2>Caracter\u00edstiques del projecte<\/h2><p>[\/et_pb_text][et_pb_text _builder_version=\"4.17.3\" _module_preset=\"default\" text_font_size=\"15px\" global_colors_info=\"{}\"]<\/p><p>Tal i com hem comentat, aquest projecte ha consistit en la construcci\u00f3 del <strong>nou columbari del cementiri<\/strong> (disseny de l\u2019arquitecte Anton Pamies).<\/p><p>\u00a0<\/p><p>Abans, per\u00f2, tamb\u00e9 es va dur a terme <strong>l\u2019ordenaci\u00f3 dels primers columbaris<\/strong>, els quals es van situar al llarg del mur de contenci\u00f3 que separa l\u2019antic cementiri de l\u2019ampliaci\u00f3 del 1998, generant un passeig transversal molt clar.<\/p><p>\u00a0<\/p><p>Aix\u00ed, <strong>els m\u00f2duls es disposen a 45\u00ba<\/strong> generant entre ells uns espais de recolliment que ajudin a la meditaci\u00f3. A m\u00e9s, s\u2019evita el t\u00edpic bloc lineal ple de n\u00ednxols.<\/p><p>\u00a0<\/p><p>D\u2019aquesta manera i centrant-nos en la construcci\u00f3 com a tal, vam <strong>construir un columbari nou<\/strong> tocant l\u2019escalinata existent (la qual tamb\u00e9 hem reformat per admetre una \u00fatil rampa). Aix\u00ed, s\u2019ha constru\u00eft amb una \u00e0nima de formig\u00f3 armat, uns prestatges i testers de granit Mondariz i una coberta de zinc. A m\u00e9s, les portes s\u00f3n de vidre temperat de 6 mm ultraclear opacificat.<\/p><p><strong>\u00a0<\/strong><\/p><p>Per una altra banda, com els passos d\u2019acc\u00e9s als n\u00ednxols resultaven insegurs, es va decidir optar per un <strong>paviment flotant de fusta termotractada<\/strong> i unes planxes d\u2019alumini que repartissin les c\u00e0rregues entre els murs i les voltes inferiors.<\/p><p>\u00a0<\/p><p>A m\u00e9s a m\u00e9s, es van dissenyar rampes entre els blocs per garantir l\u2019accessibilitat tot respectant la circulaci\u00f3 dels serveis dins el recinte funerari.<\/p><p>\u00a0<\/p><p>[\/et_pb_text][et_pb_text _builder_version=\"4.16\" _module_preset=\"default\" global_colors_info=\"{}\"]<\/p><h2>Organitzacions implicades i personal<\/h2><p>[\/et_pb_text][et_pb_text _builder_version=\"4.17.3\" _module_preset=\"default\" text_font_size=\"15px\" global_colors_info=\"{}\"]<\/p><p>La direcci\u00f3 d\u2019execuci\u00f3 d\u2019aquesta obra ha estat sota les mans dels <strong>serveis t\u00e8cnics municipals<\/strong> i, tamb\u00e9, de l\u2019arquitecte <a href=\"https:\/\/www.linkedin.com\/in\/anton-pamies-martorell-88295763\/\" target=\"_blank\" rel=\"noopener\"><strong>Anton Pamies Martorell<\/strong><\/a>.<\/p><p>\u00a0<\/p><p>\u00a0<\/p><p>Agrair un cop m\u00e9s la confian\u00e7a brindada en nosaltres! Formar part de projectes que ens permeten aportar el nostre gra de sorra a millorar espais municipals ens omple de felicitat.<\/p><p>\u00a0<\/p><p>\u2728 Aquest projecte es va presentar a la selecci\u00f3 pr\u00e8via de la Biennal d\u2019Arquitectura del Col\u00b7legi d\u2019Arquitectes de Tarragona.<\/p><p>[\/et_pb_text][\/et_pb_column][\/et_pb_row][et_pb_row _builder_version=\"4.16\" _module_preset=\"default\" global_colors_info=\"{}\"][et_pb_column type=\"4_4\" _builder_version=\"4.16\" _module_preset=\"default\" global_colors_info=\"{}\"][et_pb_gallery gallery_ids=\"5115,5103,5107,5109,5113,5105,5111\" fullwidth=\"on\" _builder_version=\"4.17.3\" _module_preset=\"default\" global_colors_info=\"{}\"][\/et_pb_gallery][\/et_pb_column][\/et_pb_row][\/et_pb_section]<\/p>","_et_gb_content_width":"","_joinchat":[],"footnotes":""},"project_category":[],"project_tag":[135,37,43,36,133,197,196,138,134,40,136,198,153,172,170,139],"class_list":["post-5260","project","type-project","status-publish","has-post-thumbnail","hentry","project_tag-coasa-es","project_tag-coasa","project_tag-coasa-2","project_tag-construccion","project_tag-construccion-es","project_tag-construccion-eurospar-es","project_tag-construccion-supermercado-es","project_tag-constructora-es","project_tag-construir-es","project_tag-construir","project_tag-obra-es","project_tag-obra-torredembarra-es","project_tag-proyecto-es","project_tag-proyecto-constructora-es","project_tag-reformas-es","project_tag-spar-es"],"yoast_head":"<!-- This site is optimized with the Yoast SEO plugin v27.5 - https:\/\/yoast.com\/product\/yoast-seo-wordpress\/ -->\n<title>Construcci\u00f3n de un nuevo supermercado Spar en Torredembarra<\/title>\n<meta name=\"description\" content=\"\u00c9chale un vistazo y descubre uno de nuestros \u00faltimos proyectos: \u00a1la construcci\u00f3n de un nuevo supermercado Spar en Torredembarra!\" \/>\n<meta name=\"robots\" content=\"index, follow, max-snippet:-1, max-image-preview:large, max-video-preview:-1\" \/>\n<link rel=\"canonical\" href=\"https:\/\/coasa.org\/es\/project\/construccion-de-un-nuevo-supermercado-spar-en-torredembarra\/\" \/>\n<meta property=\"og:locale\" content=\"es_ES\" \/>\n<meta property=\"og:type\" content=\"article\" \/>\n<meta property=\"og:title\" content=\"Construcci\u00f3n de un nuevo supermercado Spar en Torredembarra\" \/>\n<meta property=\"og:description\" content=\"\u00c9chale un vistazo y descubre uno de nuestros \u00faltimos proyectos: \u00a1la construcci\u00f3n de un nuevo supermercado Spar en Torredembarra!\" \/>\n<meta property=\"og:url\" content=\"https:\/\/coasa.org\/es\/project\/construccion-de-un-nuevo-supermercado-spar-en-torredembarra\/\" \/>\n<meta property=\"og:site_name\" content=\"COASA, Empresa Constructora\" \/>\n<meta property=\"article:modified_time\" content=\"2022-07-07T06:35:28+00:00\" \/>\n<meta property=\"og:image\" content=\"https:\/\/coasa.org\/wp-content\/uploads\/2022\/06\/construccio-eurospar.jpg\" \/>\n\t<meta property=\"og:image:width\" content=\"800\" \/>\n\t<meta property=\"og:image:height\" content=\"600\" \/>\n\t<meta property=\"og:image:type\" content=\"image\/jpeg\" \/>\n<meta name=\"twitter:label1\" content=\"Tiempo de lectura\" \/>\n\t<meta name=\"twitter:data1\" content=\"5 minutos\" \/>\n<script type=\"application\/ld+json\" class=\"yoast-schema-graph\">{\"@context\":\"https:\\\/\\\/schema.org\",\"@graph\":[{\"@type\":\"WebPage\",\"@id\":\"https:\\\/\\\/coasa.org\\\/es\\\/project\\\/construccion-de-un-nuevo-supermercado-spar-en-torredembarra\\\/\",\"url\":\"https:\\\/\\\/coasa.org\\\/es\\\/project\\\/construccion-de-un-nuevo-supermercado-spar-en-torredembarra\\\/\",\"name\":\"Construcci\u00f3n de un nuevo supermercado Spar en Torredembarra\",\"isPartOf\":{\"@id\":\"https:\\\/\\\/coasa.org\\\/es\\\/#website\"},\"primaryImageOfPage\":{\"@id\":\"https:\\\/\\\/coasa.org\\\/es\\\/project\\\/construccion-de-un-nuevo-supermercado-spar-en-torredembarra\\\/#primaryimage\"},\"image\":{\"@id\":\"https:\\\/\\\/coasa.org\\\/es\\\/project\\\/construccion-de-un-nuevo-supermercado-spar-en-torredembarra\\\/#primaryimage\"},\"thumbnailUrl\":\"https:\\\/\\\/coasa.org\\\/wp-content\\\/uploads\\\/2022\\\/06\\\/construccio-eurospar.jpg\",\"datePublished\":\"2022-07-06T13:44:47+00:00\",\"dateModified\":\"2022-07-07T06:35:28+00:00\",\"description\":\"\u00c9chale un vistazo y descubre uno de nuestros \u00faltimos proyectos: \u00a1la construcci\u00f3n de un nuevo supermercado Spar en Torredembarra!\",\"breadcrumb\":{\"@id\":\"https:\\\/\\\/coasa.org\\\/es\\\/project\\\/construccion-de-un-nuevo-supermercado-spar-en-torredembarra\\\/#breadcrumb\"},\"inLanguage\":\"es\",\"potentialAction\":[{\"@type\":\"ReadAction\",\"target\":[\"https:\\\/\\\/coasa.org\\\/es\\\/project\\\/construccion-de-un-nuevo-supermercado-spar-en-torredembarra\\\/\"]}]},{\"@type\":\"ImageObject\",\"inLanguage\":\"es\",\"@id\":\"https:\\\/\\\/coasa.org\\\/es\\\/project\\\/construccion-de-un-nuevo-supermercado-spar-en-torredembarra\\\/#primaryimage\",\"url\":\"https:\\\/\\\/coasa.org\\\/wp-content\\\/uploads\\\/2022\\\/06\\\/construccio-eurospar.jpg\",\"contentUrl\":\"https:\\\/\\\/coasa.org\\\/wp-content\\\/uploads\\\/2022\\\/06\\\/construccio-eurospar.jpg\",\"width\":800,\"height\":600,\"caption\":\"construccio-eurospar\"},{\"@type\":\"BreadcrumbList\",\"@id\":\"https:\\\/\\\/coasa.org\\\/es\\\/project\\\/construccion-de-un-nuevo-supermercado-spar-en-torredembarra\\\/#breadcrumb\",\"itemListElement\":[{\"@type\":\"ListItem\",\"position\":1,\"name\":\"Portada\",\"item\":\"https:\\\/\\\/coasa.org\\\/es\\\/\"},{\"@type\":\"ListItem\",\"position\":2,\"name\":\"Proyectos\",\"item\":\"https:\\\/\\\/coasa.org\\\/es\\\/project\\\/\"},{\"@type\":\"ListItem\",\"position\":3,\"name\":\"Construcci\u00f3n de un nuevo supermercado Spar en Torredembarra\"}]},{\"@type\":\"WebSite\",\"@id\":\"https:\\\/\\\/coasa.org\\\/es\\\/#website\",\"url\":\"https:\\\/\\\/coasa.org\\\/es\\\/\",\"name\":\"COASA, Empresa Constructora\",\"description\":\"Des del seu naixement COASA s&#039;ha destacat per una constant evoluci\u00f3 que ens permet\u00e9s una \u00e0gil adaptaci\u00f3 a les necessitats canviants del mercat de la construcci\u00f3 industrial.\",\"publisher\":{\"@id\":\"https:\\\/\\\/coasa.org\\\/es\\\/#organization\"},\"potentialAction\":[{\"@type\":\"SearchAction\",\"target\":{\"@type\":\"EntryPoint\",\"urlTemplate\":\"https:\\\/\\\/coasa.org\\\/es\\\/?s={search_term_string}\"},\"query-input\":{\"@type\":\"PropertyValueSpecification\",\"valueRequired\":true,\"valueName\":\"search_term_string\"}}],\"inLanguage\":\"es\"},{\"@type\":\"Organization\",\"@id\":\"https:\\\/\\\/coasa.org\\\/es\\\/#organization\",\"name\":\"Coasa\",\"url\":\"https:\\\/\\\/coasa.org\\\/es\\\/\",\"logo\":{\"@type\":\"ImageObject\",\"inLanguage\":\"es\",\"@id\":\"https:\\\/\\\/coasa.org\\\/es\\\/#\\\/schema\\\/logo\\\/image\\\/\",\"url\":\"https:\\\/\\\/coasa.org\\\/wp-content\\\/uploads\\\/2018\\\/10\\\/logo.png\",\"contentUrl\":\"https:\\\/\\\/coasa.org\\\/wp-content\\\/uploads\\\/2018\\\/10\\\/logo.png\",\"width\":500,\"height\":141,\"caption\":\"Coasa\"},\"image\":{\"@id\":\"https:\\\/\\\/coasa.org\\\/es\\\/#\\\/schema\\\/logo\\\/image\\\/\"},\"sameAs\":[\"https:\\\/\\\/www.linkedin.com\\\/company\\\/coasa\\\/\"]}]}<\/script>\n<!-- \/ Yoast SEO plugin. -->","yoast_head_json":{"title":"Construcci\u00f3n de un nuevo supermercado Spar en Torredembarra","description":"\u00c9chale un vistazo y descubre uno de nuestros \u00faltimos proyectos: \u00a1la construcci\u00f3n de un nuevo supermercado Spar en Torredembarra!","robots":{"index":"index","follow":"follow","max-snippet":"max-snippet:-1","max-image-preview":"max-image-preview:large","max-video-preview":"max-video-preview:-1"},"canonical":"https:\/\/coasa.org\/es\/project\/construccion-de-un-nuevo-supermercado-spar-en-torredembarra\/","og_locale":"es_ES","og_type":"article","og_title":"Construcci\u00f3n de un nuevo supermercado Spar en Torredembarra","og_description":"\u00c9chale un vistazo y descubre uno de nuestros \u00faltimos proyectos: \u00a1la construcci\u00f3n de un nuevo supermercado Spar en Torredembarra!","og_url":"https:\/\/coasa.org\/es\/project\/construccion-de-un-nuevo-supermercado-spar-en-torredembarra\/","og_site_name":"COASA, Empresa Constructora","article_modified_time":"2022-07-07T06:35:28+00:00","og_image":[{"width":800,"height":600,"url":"https:\/\/coasa.org\/wp-content\/uploads\/2022\/06\/construccio-eurospar.jpg","type":"image\/jpeg"}],"twitter_misc":{"Tiempo de lectura":"5 minutos"},"schema":{"@context":"https:\/\/schema.org","@graph":[{"@type":"WebPage","@id":"https:\/\/coasa.org\/es\/project\/construccion-de-un-nuevo-supermercado-spar-en-torredembarra\/","url":"https:\/\/coasa.org\/es\/project\/construccion-de-un-nuevo-supermercado-spar-en-torredembarra\/","name":"Construcci\u00f3n de un nuevo supermercado Spar en Torredembarra","isPartOf":{"@id":"https:\/\/coasa.org\/es\/#website"},"primaryImageOfPage":{"@id":"https:\/\/coasa.org\/es\/project\/construccion-de-un-nuevo-supermercado-spar-en-torredembarra\/#primaryimage"},"image":{"@id":"https:\/\/coasa.org\/es\/project\/construccion-de-un-nuevo-supermercado-spar-en-torredembarra\/#primaryimage"},"thumbnailUrl":"https:\/\/coasa.org\/wp-content\/uploads\/2022\/06\/construccio-eurospar.jpg","datePublished":"2022-07-06T13:44:47+00:00","dateModified":"2022-07-07T06:35:28+00:00","description":"\u00c9chale un vistazo y descubre uno de nuestros \u00faltimos proyectos: \u00a1la construcci\u00f3n de un nuevo supermercado Spar en Torredembarra!","breadcrumb":{"@id":"https:\/\/coasa.org\/es\/project\/construccion-de-un-nuevo-supermercado-spar-en-torredembarra\/#breadcrumb"},"inLanguage":"es","potentialAction":[{"@type":"ReadAction","target":["https:\/\/coasa.org\/es\/project\/construccion-de-un-nuevo-supermercado-spar-en-torredembarra\/"]}]},{"@type":"ImageObject","inLanguage":"es","@id":"https:\/\/coasa.org\/es\/project\/construccion-de-un-nuevo-supermercado-spar-en-torredembarra\/#primaryimage","url":"https:\/\/coasa.org\/wp-content\/uploads\/2022\/06\/construccio-eurospar.jpg","contentUrl":"https:\/\/coasa.org\/wp-content\/uploads\/2022\/06\/construccio-eurospar.jpg","width":800,"height":600,"caption":"construccio-eurospar"},{"@type":"BreadcrumbList","@id":"https:\/\/coasa.org\/es\/project\/construccion-de-un-nuevo-supermercado-spar-en-torredembarra\/#breadcrumb","itemListElement":[{"@type":"ListItem","position":1,"name":"Portada","item":"https:\/\/coasa.org\/es\/"},{"@type":"ListItem","position":2,"name":"Proyectos","item":"https:\/\/coasa.org\/es\/project\/"},{"@type":"ListItem","position":3,"name":"Construcci\u00f3n de un nuevo supermercado Spar en Torredembarra"}]},{"@type":"WebSite","@id":"https:\/\/coasa.org\/es\/#website","url":"https:\/\/coasa.org\/es\/","name":"COASA, Empresa Constructora","description":"Des del seu naixement COASA s&#039;ha destacat per una constant evoluci\u00f3 que ens permet\u00e9s una \u00e0gil adaptaci\u00f3 a les necessitats canviants del mercat de la construcci\u00f3 industrial.","publisher":{"@id":"https:\/\/coasa.org\/es\/#organization"},"potentialAction":[{"@type":"SearchAction","target":{"@type":"EntryPoint","urlTemplate":"https:\/\/coasa.org\/es\/?s={search_term_string}"},"query-input":{"@type":"PropertyValueSpecification","valueRequired":true,"valueName":"search_term_string"}}],"inLanguage":"es"},{"@type":"Organization","@id":"https:\/\/coasa.org\/es\/#organization","name":"Coasa","url":"https:\/\/coasa.org\/es\/","logo":{"@type":"ImageObject","inLanguage":"es","@id":"https:\/\/coasa.org\/es\/#\/schema\/logo\/image\/","url":"https:\/\/coasa.org\/wp-content\/uploads\/2018\/10\/logo.png","contentUrl":"https:\/\/coasa.org\/wp-content\/uploads\/2018\/10\/logo.png","width":500,"height":141,"caption":"Coasa"},"image":{"@id":"https:\/\/coasa.org\/es\/#\/schema\/logo\/image\/"},"sameAs":["https:\/\/www.linkedin.com\/company\/coasa\/"]}]}},"_links":{"self":[{"href":"https:\/\/coasa.org\/es\/wp-json\/wp\/v2\/project\/5260","targetHints":{"allow":["GET"]}}],"collection":[{"href":"https:\/\/coasa.org\/es\/wp-json\/wp\/v2\/project"}],"about":[{"href":"https:\/\/coasa.org\/es\/wp-json\/wp\/v2\/types\/project"}],"author":[{"embeddable":true,"href":"https:\/\/coasa.org\/es\/wp-json\/wp\/v2\/users\/1"}],"version-history":[{"count":9,"href":"https:\/\/coasa.org\/es\/wp-json\/wp\/v2\/project\/5260\/revisions"}],"predecessor-version":[{"id":5271,"href":"https:\/\/coasa.org\/es\/wp-json\/wp\/v2\/project\/5260\/revisions\/5271"}],"wp:featuredmedia":[{"embeddable":true,"href":"https:\/\/coasa.org\/es\/wp-json\/wp\/v2\/media\/5239"}],"wp:attachment":[{"href":"https:\/\/coasa.org\/es\/wp-json\/wp\/v2\/media?parent=5260"}],"wp:term":[{"taxonomy":"project_category","embeddable":true,"href":"https:\/\/coasa.org\/es\/wp-json\/wp\/v2\/project_category?post=5260"},{"taxonomy":"project_tag","embeddable":true,"href":"https:\/\/coasa.org\/es\/wp-json\/wp\/v2\/project_tag?post=5260"}],"curies":[{"name":"wp","href":"https:\/\/api.w.org\/{rel}","templated":true}]}}