{"id":5677,"date":"2022-11-25T17:25:23","date_gmt":"2022-11-25T16:25:23","guid":{"rendered":"https:\/\/coasa.org\/?post_type=project&#038;p=5677"},"modified":"2023-11-14T10:14:25","modified_gmt":"2023-11-14T09:14:25","slug":"recuperacion-de-la-zona-spa-del-reus-deportiu-despues-del-incendio","status":"publish","type":"project","link":"https:\/\/coasa.org\/es\/project\/recuperacion-de-la-zona-spa-del-reus-deportiu-despues-del-incendio\/","title":{"rendered":"Recuperaci\u00f3n de la zona spa del Reus Deportiu despu\u00e9s del incendio"},"content":{"rendered":"[et_pb_section fb_built=\u00bb1&#8243; admin_label=\u00bbHero\u00bb _builder_version=\u00bb4.19.1&#8243; use_background_color_gradient=\u00bbon\u00bb background_color_gradient_type=\u00bbcircular\u00bb background_color_gradient_direction_radial=\u00bbtop left\u00bb background_color_gradient_stops=\u00bbrgba(40,40,40,0.45) 0%|rgba(40,40,40,0.45) 100%\u00bb background_color_gradient_overlays_image=\u00bbon\u00bb background_color_gradient_start=\u00bbrgba(40,40,40,0.45)\u00bb background_color_gradient_end=\u00bbrgba(40,40,40,0.45)\u00bb background_image=\u00bbhttps:\/\/coasa.org\/wp-content\/uploads\/2022\/11\/rehabilitacion-centro-esportivo.jpg\u00bb custom_margin=\u00bb||||false\u00bb custom_padding=\u00bb10vw||10vw||true|false\u00bb global_colors_info=\u00bb{}\u00bb][et_pb_row column_structure=\u00bb2_3,1_3&#8243; _builder_version=\u00bb4.16&#8243; global_colors_info=\u00bb{}\u00bb][et_pb_column type=\u00bb2_3&#8243; _builder_version=\u00bb4.16&#8243; custom_padding=\u00bb|||\u00bb global_colors_info=\u00bb{}\u00bb custom_padding__hover=\u00bb|||\u00bb][et_pb_text _builder_version=\u00bb4.19.1&#8243; text_font=\u00bb||||||||\u00bb header_font=\u00bbRubik|700|||||||\u00bb header_font_size=\u00bb64px\u00bb header_line_height=\u00bb1.1em\u00bb background_layout=\u00bbdark\u00bb max_width=\u00bb800px\u00bb custom_margin=\u00bb||0px|\u00bb custom_padding=\u00bb|||16px\u00bb text_font_size_tablet=\u00bb14px\u00bb text_font_size_last_edited=\u00bboff|desktop\u00bb header_font_size_tablet=\u00bb44px\u00bb header_font_size_phone=\u00bb32px\u00bb header_font_size_last_edited=\u00bbon|phone\u00bb border_color_all=\u00bb#6fb353&#8243; border_width_left=\u00bb10px\u00bb global_colors_info=\u00bb{}\u00bb]\n<h1><strong>Recuperaci\u00f3n de la zona spa del Reus Deportiu despu\u00e9s del incendio <\/strong><\/h1>\n[\/et_pb_text][et_pb_text _builder_version=\u00bb4.19.1&#8243; text_font=\u00bb||||||||\u00bb text_font_size=\u00bb22px\u00bb text_line_height=\u00bb1.6em\u00bb header_font=\u00bb||||||||\u00bb background_layout=\u00bbdark\u00bb max_width=\u00bb800px\u00bb custom_margin=\u00bb|||\u00bb custom_padding=\u00bb20px||20px||true\u00bb text_font_size_tablet=\u00bb18px\u00bb text_font_size_phone=\u00bb\u00bb text_font_size_last_edited=\u00bbon|phone\u00bb global_colors_info=\u00bb{}\u00bb]\n<p>El club en el centro de Reus en el que el deporte y la salud son los m\u00e1ximos exponentes. El club que lleva a Reus por el mundo y el mundo por Reus. El club centenario con una larga historia ligada a la ciudad.<\/p>\n[\/et_pb_text][\/et_pb_column][et_pb_column type=\u00bb1_3&#8243; _builder_version=\u00bb4.16&#8243; custom_padding=\u00bb|||\u00bb global_colors_info=\u00bb{}\u00bb custom_padding__hover=\u00bb|||\u00bb][et_pb_text ul_type=\u00bbnone\u00bb ul_item_indent=\u00bb3px\u00bb _builder_version=\u00bb4.19.1&#8243; text_font=\u00bb||||||||\u00bb text_font_size=\u00bb16px\u00bb text_line_height=\u00bb1.8em\u00bb ul_font=\u00bbArimo||||||||\u00bb ul_font_size=\u00bb16px\u00bb ul_line_height=\u00bb2em\u00bb background_layout=\u00bbdark\u00bb custom_margin=\u00bb|||\u00bb custom_margin_last_edited=\u00bboff|desktop\u00bb locked=\u00bboff\u00bb global_colors_info=\u00bb{}\u00bb]\n<ul>\n<li><strong>Cliente:<\/strong> Reus Deportiu<\/li>\n<li><strong>Categor\u00eda:<\/strong> Rehabilitaci\u00f3n<\/li>\n<\/ul>\n[\/et_pb_text][\/et_pb_column][\/et_pb_row][\/et_pb_section][et_pb_section fb_built=\u00bb1&#8243; admin_label=\u00bbProject Details\u00bb _builder_version=\u00bb4.16&#8243; custom_padding=\u00bb90px||90px||true\u00bb global_colors_info=\u00bb{}\u00bb][et_pb_row column_structure=\u00bb1_2,1_2&#8243; _builder_version=\u00bb4.16&#8243; global_colors_info=\u00bb{}\u00bb][et_pb_column type=\u00bb1_2&#8243; _builder_version=\u00bb4.16&#8243; custom_padding=\u00bb|||\u00bb global_colors_info=\u00bb{}\u00bb custom_padding__hover=\u00bb|||\u00bb][et_pb_text _builder_version=\u00bb4.16&#8243; text_font=\u00bb||||||||\u00bb link_font=\u00bb||||||||\u00bb ul_font=\u00bb||||||||\u00bb ol_font=\u00bb||||||||\u00bb quote_font=\u00bb||||||||\u00bb header_font=\u00bb||||||||\u00bb header_2_font=\u00bbRubik|700|||||||\u00bb header_2_font_size=\u00bb42px\u00bb header_2_line_height=\u00bb1.2em\u00bb module_alignment=\u00bbcenter\u00bb custom_margin=\u00bb|||\u00bb custom_padding=\u00bb|||\u00bb header_2_font_size_tablet=\u00bb\u00bb header_2_font_size_phone=\u00bb36px\u00bb header_2_font_size_last_edited=\u00bbon|phone\u00bb locked=\u00bboff\u00bb global_colors_info=\u00bb{}\u00bb]\n<h2>Sobre el proyecto<\/h2>\n[\/et_pb_text][et_pb_divider color=\u00bb#6fb353&#8243; divider_position=\u00bbcenter\u00bb divider_weight=\u00bb5px\u00bb _builder_version=\u00bb4.16&#8243; max_width=\u00bb50px\u00bb locked=\u00bboff\u00bb global_colors_info=\u00bb{}\u00bb][\/et_pb_divider][et_pb_text _builder_version=\u00bb4.19.1&#8243; text_font=\u00bb||||||||\u00bb text_font_size=\u00bb15px\u00bb text_line_height=\u00bb1.8em\u00bb custom_padding=\u00bb||0px|||\u00bb custom_padding_tablet=\u00bb|40px||40px||true\u00bb custom_padding_last_edited=\u00bboff|desktop\u00bb locked=\u00bboff\u00bb global_colors_info=\u00bb{}\u00bb]\n<p>El proyecto ha consistido en la <strong>recuperaci\u00f3n de la zona spa<\/strong> del Reus Deportiu despu\u00e9s del incendio sucedido el pasado 12 de octubre de 2021.<\/p>\n<p>&nbsp;<\/p>\n<p>Ahora, los socios y usuarios pueden volver a disfrutar de un espacio \u00fanico y agradable donde relajarse y cargar pilas.<\/p>\n<p>&nbsp;<\/p>\n<p>Inmensamente agradecidos por la confianza.<\/p>\n[\/et_pb_text][\/et_pb_column][et_pb_column type=\u00bb1_2&#8243; _builder_version=\u00bb4.16&#8243; custom_padding=\u00bb|||\u00bb global_colors_info=\u00bb{}\u00bb custom_padding__hover=\u00bb|||\u00bb][et_pb_image src=\u00bbhttps:\/\/coasa.org\/wp-content\/uploads\/2022\/11\/proyecto-construccion.jpg\u00bb alt=\u00bbproyecto-construccion\u00bb title_text=\u00bbproyecto-construccion\u00bb _builder_version=\u00bb4.19.1&#8243; _module_preset=\u00bbdefault\u00bb global_colors_info=\u00bb{}\u00bb][\/et_pb_image][\/et_pb_column][\/et_pb_row][et_pb_row _builder_version=\u00bb4.16&#8243; global_colors_info=\u00bb{}\u00bb][et_pb_column type=\u00bb4_4&#8243; _builder_version=\u00bb4.16&#8243; custom_padding=\u00bb|||\u00bb global_colors_info=\u00bb{}\u00bb custom_padding__hover=\u00bb|||\u00bb][et_pb_text _builder_version=\u00bb4.16&#8243; _module_preset=\u00bbdefault\u00bb global_colors_info=\u00bb{}\u00bb]\n<h2>Caracter\u00edsticas del proyecto<\/h2>\n[\/et_pb_text][et_pb_text _builder_version=\u00bb4.19.1&#8243; _module_preset=\u00bbdefault\u00bb text_font_size=\u00bb15px\u00bb global_colors_info=\u00bb{}\u00bb]\n<p>Despu\u00e9s del incendio producido el octubre del a\u00f1o pasado, era evidente la necesidad de la rehabilitaci\u00f3n y recuperaci\u00f3n de los espacios afectados.<\/p>\n<p>&nbsp;<\/p>\n<p>As\u00ed, siguiendo una <strong>exhaustiva programaci\u00f3n de los trabajos<\/strong> para asegurar los plazos de ejecuci\u00f3n y coordin\u00e1ndonos con la operativa ordinaria del centro, realizamos la recuperaci\u00f3n de las zonas afectadas siguiendo un <strong>nuevo dise\u00f1o adaptado a la est\u00e9tica actual.<\/strong><\/p>\n<p>&nbsp;<\/p>\n<p>Adem\u00e1s, el dise\u00f1o del alumbrado lo efectuamos conjuntamente con Luxiform, empresa que desarroll\u00f3 una <strong>gran propuesta t\u00e9cnica<\/strong> para hacer realidad las necesidades y requerimientos del proyecto. El alumbrado, adem\u00e1s, caracterizado por su <strong>alta eficiencia energ\u00e9tica.<\/strong><\/p>\n<p>&nbsp;<\/p>\n<p>La definici\u00f3n de revestimientos lo hemos ejecutado con el asesoramiento de los servicios t\u00e9cnicos de Saloni, fabricantes de cer\u00e1mica con una larga experiencia.<\/p>\n<p>&nbsp;<\/p>\n<p>As\u00ed pues, el club rojo-y-negro ya puede disfrutar de las zonas rehabilitadas. Por un lado, una <a href=\"https:\/\/www.canalreustv.cat\/noticies\/reus-deportiu-inaugura-la-zona-dspa-2\" target=\"_blank\" rel=\"noopener\">zona<\/a> con una sauna finlandesa de grandes dimensiones. Por otro lado, una <a href=\"https:\/\/www.canalreustv.cat\/noticies\/sinaugura-la-zona-spa-1-del-reus-deportiu\" target=\"_blank\" rel=\"noopener\">zona<\/a> que dispone de sauna de vapor -con luz fr\u00eda- y jacuzzi -con hidromasaje, agua a temperatura tenue y asientos al lateral-.<\/p>\n<p>&nbsp;<\/p>\n[\/et_pb_text][et_pb_text _builder_version=\u00bb4.16&#8243; _module_preset=\u00bbdefault\u00bb global_colors_info=\u00bb{}\u00bb]\n<h2>Organizaciones implicadas y personal<\/h2>\n[\/et_pb_text][et_pb_text _builder_version=\u00bb4.19.1&#8243; _module_preset=\u00bbdefault\u00bb text_font_size=\u00bb15px\u00bb global_colors_info=\u00bb{}\u00bb]\n<p>La direcci\u00f3n de ejecuci\u00f3n de esta obra estuvo bajo las manos del <strong>ingeniero Josep M\u00aa Delmuns.<\/strong><\/p>\n<p><strong><\/strong><\/p>\n<p>Por otra parte, el jefe de obra de la construcci\u00f3n fue <strong>Josep Navarrete.<\/strong><\/p>\n<p>&nbsp;<\/p>\n<p>&nbsp;<\/p>\n<p>Agradecer la confianza depositada en nosotros. Cuando se trata de proyectos como este, la satisfacci\u00f3n es todav\u00eda mayor. \u00a1Gracias! <\/p>\n<p>&nbsp;<\/p>\n<p><a href=\"https:\/\/www.youtube.com\/watch?v=zdpgP7uHo5Y\" target=\"_blank\" rel=\"noopener\"><em>Video inauguraci\u00f3n zona spa Reus Deportiu <\/em><\/a><\/p>\n[\/et_pb_text][\/et_pb_column][\/et_pb_row][et_pb_row _builder_version=\u00bb4.16&#8243; _module_preset=\u00bbdefault\u00bb global_colors_info=\u00bb{}\u00bb][et_pb_column type=\u00bb4_4&#8243; _builder_version=\u00bb4.16&#8243; _module_preset=\u00bbdefault\u00bb global_colors_info=\u00bb{}\u00bb][et_pb_gallery gallery_ids=\u00bb5660,5666,5668,5664,5670,5662&#8243; fullwidth=\u00bbon\u00bb _builder_version=\u00bb4.19.1&#8243; _module_preset=\u00bbdefault\u00bb global_colors_info=\u00bb{}\u00bb][\/et_pb_gallery][\/et_pb_column][\/et_pb_row][\/et_pb_section]\n","protected":false},"excerpt":{"rendered":"<p>Recuperaci\u00f3n de la zona spa del Reus Deportiu despu\u00e9s del incendio El club en el centro de Reus en el que el deporte y la salud son los m\u00e1ximos exponentes. El club que lleva a Reus por el mundo y el mundo por Reus. El club centenario con una larga historia ligada a la ciudad. [&hellip;]<\/p>\n","protected":false},"author":1,"featured_media":5673,"template":"","meta":{"_et_pb_use_builder":"on","_et_pb_old_content":"","_et_gb_content_width":"","_joinchat":[],"footnotes":""},"project_category":[],"project_tag":[37,36,278,138,40,136,153,172,275,276,274,277],"class_list":["post-5677","project","type-project","status-publish","has-post-thumbnail","hentry","project_tag-coasa","project_tag-construccion","project_tag-construccion-spa-es","project_tag-constructora-es","project_tag-construir","project_tag-obra-es","project_tag-proyecto-es","project_tag-proyecto-constructora-es","project_tag-rehabilitacio-es","project_tag-rehabilitacion-es","project_tag-reus-deportiu-es","project_tag-spa-es"],"yoast_head":"<!-- This site is optimized with the Yoast SEO plugin v27.5 - https:\/\/yoast.com\/product\/yoast-seo-wordpress\/ -->\n<title>Recuperaci\u00f3n de la zona spa del Reus Deportiu despu\u00e9s del incendio<\/title>\n<meta name=\"description\" content=\"Entra y descubre uno de nuestros \u00faltimos proyectos: recuperaci\u00f3n de la zona spa del Reus Deportiu despu\u00e9s de un incendio.\" \/>\n<meta name=\"robots\" content=\"index, follow, max-snippet:-1, max-image-preview:large, max-video-preview:-1\" \/>\n<link rel=\"canonical\" href=\"https:\/\/coasa.org\/es\/project\/recuperacion-de-la-zona-spa-del-reus-deportiu-despues-del-incendio\/\" \/>\n<meta property=\"og:locale\" content=\"es_ES\" \/>\n<meta property=\"og:type\" content=\"article\" \/>\n<meta property=\"og:title\" content=\"Recuperaci\u00f3n de la zona spa del Reus Deportiu despu\u00e9s del incendio\" \/>\n<meta property=\"og:description\" content=\"Entra y descubre uno de nuestros \u00faltimos proyectos: recuperaci\u00f3n de la zona spa del Reus Deportiu despu\u00e9s de un incendio.\" \/>\n<meta property=\"og:url\" content=\"https:\/\/coasa.org\/es\/project\/recuperacion-de-la-zona-spa-del-reus-deportiu-despues-del-incendio\/\" \/>\n<meta property=\"og:site_name\" content=\"COASA, Empresa Constructora\" \/>\n<meta property=\"article:modified_time\" content=\"2023-11-14T09:14:25+00:00\" \/>\n<meta property=\"og:image\" content=\"https:\/\/coasa.org\/wp-content\/uploads\/2022\/11\/rehabilitacio-reus-deportiu.jpg\" \/>\n\t<meta property=\"og:image:width\" content=\"800\" \/>\n\t<meta property=\"og:image:height\" content=\"600\" \/>\n\t<meta property=\"og:image:type\" content=\"image\/jpeg\" \/>\n<meta name=\"twitter:label1\" content=\"Tiempo de lectura\" \/>\n\t<meta name=\"twitter:data1\" content=\"5 minutos\" \/>\n<script type=\"application\/ld+json\" class=\"yoast-schema-graph\">{\"@context\":\"https:\\\/\\\/schema.org\",\"@graph\":[{\"@type\":\"WebPage\",\"@id\":\"https:\\\/\\\/coasa.org\\\/es\\\/project\\\/recuperacion-de-la-zona-spa-del-reus-deportiu-despues-del-incendio\\\/\",\"url\":\"https:\\\/\\\/coasa.org\\\/es\\\/project\\\/recuperacion-de-la-zona-spa-del-reus-deportiu-despues-del-incendio\\\/\",\"name\":\"Recuperaci\u00f3n de la zona spa del Reus Deportiu despu\u00e9s del incendio\",\"isPartOf\":{\"@id\":\"https:\\\/\\\/coasa.org\\\/es\\\/#website\"},\"primaryImageOfPage\":{\"@id\":\"https:\\\/\\\/coasa.org\\\/es\\\/project\\\/recuperacion-de-la-zona-spa-del-reus-deportiu-despues-del-incendio\\\/#primaryimage\"},\"image\":{\"@id\":\"https:\\\/\\\/coasa.org\\\/es\\\/project\\\/recuperacion-de-la-zona-spa-del-reus-deportiu-despues-del-incendio\\\/#primaryimage\"},\"thumbnailUrl\":\"https:\\\/\\\/coasa.org\\\/wp-content\\\/uploads\\\/2022\\\/11\\\/rehabilitacio-reus-deportiu.jpg\",\"datePublished\":\"2022-11-25T16:25:23+00:00\",\"dateModified\":\"2023-11-14T09:14:25+00:00\",\"description\":\"Entra y descubre uno de nuestros \u00faltimos proyectos: recuperaci\u00f3n de la zona spa del Reus Deportiu despu\u00e9s de un incendio.\",\"breadcrumb\":{\"@id\":\"https:\\\/\\\/coasa.org\\\/es\\\/project\\\/recuperacion-de-la-zona-spa-del-reus-deportiu-despues-del-incendio\\\/#breadcrumb\"},\"inLanguage\":\"es\",\"potentialAction\":[{\"@type\":\"ReadAction\",\"target\":[\"https:\\\/\\\/coasa.org\\\/es\\\/project\\\/recuperacion-de-la-zona-spa-del-reus-deportiu-despues-del-incendio\\\/\"]}]},{\"@type\":\"ImageObject\",\"inLanguage\":\"es\",\"@id\":\"https:\\\/\\\/coasa.org\\\/es\\\/project\\\/recuperacion-de-la-zona-spa-del-reus-deportiu-despues-del-incendio\\\/#primaryimage\",\"url\":\"https:\\\/\\\/coasa.org\\\/wp-content\\\/uploads\\\/2022\\\/11\\\/rehabilitacio-reus-deportiu.jpg\",\"contentUrl\":\"https:\\\/\\\/coasa.org\\\/wp-content\\\/uploads\\\/2022\\\/11\\\/rehabilitacio-reus-deportiu.jpg\",\"width\":800,\"height\":600,\"caption\":\"rehabilitacio-reus-deportiu\"},{\"@type\":\"BreadcrumbList\",\"@id\":\"https:\\\/\\\/coasa.org\\\/es\\\/project\\\/recuperacion-de-la-zona-spa-del-reus-deportiu-despues-del-incendio\\\/#breadcrumb\",\"itemListElement\":[{\"@type\":\"ListItem\",\"position\":1,\"name\":\"Portada\",\"item\":\"https:\\\/\\\/coasa.org\\\/es\\\/\"},{\"@type\":\"ListItem\",\"position\":2,\"name\":\"Proyectos\",\"item\":\"https:\\\/\\\/coasa.org\\\/es\\\/project\\\/\"},{\"@type\":\"ListItem\",\"position\":3,\"name\":\"Recuperaci\u00f3n de la zona spa del Reus Deportiu despu\u00e9s del incendio\"}]},{\"@type\":\"WebSite\",\"@id\":\"https:\\\/\\\/coasa.org\\\/es\\\/#website\",\"url\":\"https:\\\/\\\/coasa.org\\\/es\\\/\",\"name\":\"COASA, Empresa Constructora\",\"description\":\"Des del seu naixement COASA s&#039;ha destacat per una constant evoluci\u00f3 que ens permet\u00e9s una \u00e0gil adaptaci\u00f3 a les necessitats canviants del mercat de la construcci\u00f3 industrial.\",\"publisher\":{\"@id\":\"https:\\\/\\\/coasa.org\\\/es\\\/#organization\"},\"potentialAction\":[{\"@type\":\"SearchAction\",\"target\":{\"@type\":\"EntryPoint\",\"urlTemplate\":\"https:\\\/\\\/coasa.org\\\/es\\\/?s={search_term_string}\"},\"query-input\":{\"@type\":\"PropertyValueSpecification\",\"valueRequired\":true,\"valueName\":\"search_term_string\"}}],\"inLanguage\":\"es\"},{\"@type\":\"Organization\",\"@id\":\"https:\\\/\\\/coasa.org\\\/es\\\/#organization\",\"name\":\"Coasa\",\"url\":\"https:\\\/\\\/coasa.org\\\/es\\\/\",\"logo\":{\"@type\":\"ImageObject\",\"inLanguage\":\"es\",\"@id\":\"https:\\\/\\\/coasa.org\\\/es\\\/#\\\/schema\\\/logo\\\/image\\\/\",\"url\":\"https:\\\/\\\/coasa.org\\\/wp-content\\\/uploads\\\/2018\\\/10\\\/logo.png\",\"contentUrl\":\"https:\\\/\\\/coasa.org\\\/wp-content\\\/uploads\\\/2018\\\/10\\\/logo.png\",\"width\":500,\"height\":141,\"caption\":\"Coasa\"},\"image\":{\"@id\":\"https:\\\/\\\/coasa.org\\\/es\\\/#\\\/schema\\\/logo\\\/image\\\/\"},\"sameAs\":[\"https:\\\/\\\/www.linkedin.com\\\/company\\\/coasa\\\/\"]}]}<\/script>\n<!-- \/ Yoast SEO plugin. -->","yoast_head_json":{"title":"Recuperaci\u00f3n de la zona spa del Reus Deportiu despu\u00e9s del incendio","description":"Entra y descubre uno de nuestros \u00faltimos proyectos: recuperaci\u00f3n de la zona spa del Reus Deportiu despu\u00e9s de un incendio.","robots":{"index":"index","follow":"follow","max-snippet":"max-snippet:-1","max-image-preview":"max-image-preview:large","max-video-preview":"max-video-preview:-1"},"canonical":"https:\/\/coasa.org\/es\/project\/recuperacion-de-la-zona-spa-del-reus-deportiu-despues-del-incendio\/","og_locale":"es_ES","og_type":"article","og_title":"Recuperaci\u00f3n de la zona spa del Reus Deportiu despu\u00e9s del incendio","og_description":"Entra y descubre uno de nuestros \u00faltimos proyectos: recuperaci\u00f3n de la zona spa del Reus Deportiu despu\u00e9s de un incendio.","og_url":"https:\/\/coasa.org\/es\/project\/recuperacion-de-la-zona-spa-del-reus-deportiu-despues-del-incendio\/","og_site_name":"COASA, Empresa Constructora","article_modified_time":"2023-11-14T09:14:25+00:00","og_image":[{"width":800,"height":600,"url":"https:\/\/coasa.org\/wp-content\/uploads\/2022\/11\/rehabilitacio-reus-deportiu.jpg","type":"image\/jpeg"}],"twitter_misc":{"Tiempo de lectura":"5 minutos"},"schema":{"@context":"https:\/\/schema.org","@graph":[{"@type":"WebPage","@id":"https:\/\/coasa.org\/es\/project\/recuperacion-de-la-zona-spa-del-reus-deportiu-despues-del-incendio\/","url":"https:\/\/coasa.org\/es\/project\/recuperacion-de-la-zona-spa-del-reus-deportiu-despues-del-incendio\/","name":"Recuperaci\u00f3n de la zona spa del Reus Deportiu despu\u00e9s del incendio","isPartOf":{"@id":"https:\/\/coasa.org\/es\/#website"},"primaryImageOfPage":{"@id":"https:\/\/coasa.org\/es\/project\/recuperacion-de-la-zona-spa-del-reus-deportiu-despues-del-incendio\/#primaryimage"},"image":{"@id":"https:\/\/coasa.org\/es\/project\/recuperacion-de-la-zona-spa-del-reus-deportiu-despues-del-incendio\/#primaryimage"},"thumbnailUrl":"https:\/\/coasa.org\/wp-content\/uploads\/2022\/11\/rehabilitacio-reus-deportiu.jpg","datePublished":"2022-11-25T16:25:23+00:00","dateModified":"2023-11-14T09:14:25+00:00","description":"Entra y descubre uno de nuestros \u00faltimos proyectos: recuperaci\u00f3n de la zona spa del Reus Deportiu despu\u00e9s de un incendio.","breadcrumb":{"@id":"https:\/\/coasa.org\/es\/project\/recuperacion-de-la-zona-spa-del-reus-deportiu-despues-del-incendio\/#breadcrumb"},"inLanguage":"es","potentialAction":[{"@type":"ReadAction","target":["https:\/\/coasa.org\/es\/project\/recuperacion-de-la-zona-spa-del-reus-deportiu-despues-del-incendio\/"]}]},{"@type":"ImageObject","inLanguage":"es","@id":"https:\/\/coasa.org\/es\/project\/recuperacion-de-la-zona-spa-del-reus-deportiu-despues-del-incendio\/#primaryimage","url":"https:\/\/coasa.org\/wp-content\/uploads\/2022\/11\/rehabilitacio-reus-deportiu.jpg","contentUrl":"https:\/\/coasa.org\/wp-content\/uploads\/2022\/11\/rehabilitacio-reus-deportiu.jpg","width":800,"height":600,"caption":"rehabilitacio-reus-deportiu"},{"@type":"BreadcrumbList","@id":"https:\/\/coasa.org\/es\/project\/recuperacion-de-la-zona-spa-del-reus-deportiu-despues-del-incendio\/#breadcrumb","itemListElement":[{"@type":"ListItem","position":1,"name":"Portada","item":"https:\/\/coasa.org\/es\/"},{"@type":"ListItem","position":2,"name":"Proyectos","item":"https:\/\/coasa.org\/es\/project\/"},{"@type":"ListItem","position":3,"name":"Recuperaci\u00f3n de la zona spa del Reus Deportiu despu\u00e9s del incendio"}]},{"@type":"WebSite","@id":"https:\/\/coasa.org\/es\/#website","url":"https:\/\/coasa.org\/es\/","name":"COASA, Empresa Constructora","description":"Des del seu naixement COASA s&#039;ha destacat per una constant evoluci\u00f3 que ens permet\u00e9s una \u00e0gil adaptaci\u00f3 a les necessitats canviants del mercat de la construcci\u00f3 industrial.","publisher":{"@id":"https:\/\/coasa.org\/es\/#organization"},"potentialAction":[{"@type":"SearchAction","target":{"@type":"EntryPoint","urlTemplate":"https:\/\/coasa.org\/es\/?s={search_term_string}"},"query-input":{"@type":"PropertyValueSpecification","valueRequired":true,"valueName":"search_term_string"}}],"inLanguage":"es"},{"@type":"Organization","@id":"https:\/\/coasa.org\/es\/#organization","name":"Coasa","url":"https:\/\/coasa.org\/es\/","logo":{"@type":"ImageObject","inLanguage":"es","@id":"https:\/\/coasa.org\/es\/#\/schema\/logo\/image\/","url":"https:\/\/coasa.org\/wp-content\/uploads\/2018\/10\/logo.png","contentUrl":"https:\/\/coasa.org\/wp-content\/uploads\/2018\/10\/logo.png","width":500,"height":141,"caption":"Coasa"},"image":{"@id":"https:\/\/coasa.org\/es\/#\/schema\/logo\/image\/"},"sameAs":["https:\/\/www.linkedin.com\/company\/coasa\/"]}]}},"_links":{"self":[{"href":"https:\/\/coasa.org\/es\/wp-json\/wp\/v2\/project\/5677","targetHints":{"allow":["GET"]}}],"collection":[{"href":"https:\/\/coasa.org\/es\/wp-json\/wp\/v2\/project"}],"about":[{"href":"https:\/\/coasa.org\/es\/wp-json\/wp\/v2\/types\/project"}],"author":[{"embeddable":true,"href":"https:\/\/coasa.org\/es\/wp-json\/wp\/v2\/users\/1"}],"version-history":[{"count":5,"href":"https:\/\/coasa.org\/es\/wp-json\/wp\/v2\/project\/5677\/revisions"}],"predecessor-version":[{"id":5682,"href":"https:\/\/coasa.org\/es\/wp-json\/wp\/v2\/project\/5677\/revisions\/5682"}],"wp:featuredmedia":[{"embeddable":true,"href":"https:\/\/coasa.org\/es\/wp-json\/wp\/v2\/media\/5673"}],"wp:attachment":[{"href":"https:\/\/coasa.org\/es\/wp-json\/wp\/v2\/media?parent=5677"}],"wp:term":[{"taxonomy":"project_category","embeddable":true,"href":"https:\/\/coasa.org\/es\/wp-json\/wp\/v2\/project_category?post=5677"},{"taxonomy":"project_tag","embeddable":true,"href":"https:\/\/coasa.org\/es\/wp-json\/wp\/v2\/project_tag?post=5677"}],"curies":[{"name":"wp","href":"https:\/\/api.w.org\/{rel}","templated":true}]}}