{"id":5735,"date":"2023-01-09T16:38:36","date_gmt":"2023-01-09T15:38:36","guid":{"rendered":"https:\/\/coasa.org\/?post_type=project&#038;p=5735"},"modified":"2023-11-14T10:33:49","modified_gmt":"2023-11-14T09:33:49","slug":"adecuacion-antiguo-almacen-para-aulas-y-zona-de-formacion","status":"publish","type":"project","link":"https:\/\/coasa.org\/es\/project\/adecuacion-antiguo-almacen-para-aulas-y-zona-de-formacion\/","title":{"rendered":"Adecuaci\u00f3n antiguo almac\u00e9n para aulas y zona de formaci\u00f3n"},"content":{"rendered":"[et_pb_section fb_built=\u00bb1&#8243; admin_label=\u00bbHero\u00bb _builder_version=\u00bb4.19.4&#8243; use_background_color_gradient=\u00bbon\u00bb background_color_gradient_type=\u00bbcircular\u00bb background_color_gradient_direction_radial=\u00bbtop left\u00bb background_color_gradient_stops=\u00bbrgba(40,40,40,0.45) 0%|rgba(40,40,40,0.45) 100%\u00bb background_color_gradient_overlays_image=\u00bbon\u00bb background_color_gradient_start=\u00bbrgba(40,40,40,0.45)\u00bb background_color_gradient_end=\u00bbrgba(40,40,40,0.45)\u00bb background_image=\u00bbhttps:\/\/coasa.org\/wp-content\/uploads\/2023\/01\/reforma-hospital.jpg\u00bb custom_margin=\u00bb||||false\u00bb custom_padding=\u00bb10vw||10vw||true|false\u00bb global_colors_info=\u00bb{}\u00bb][et_pb_row column_structure=\u00bb2_3,1_3&#8243; _builder_version=\u00bb4.16&#8243; global_colors_info=\u00bb{}\u00bb][et_pb_column type=\u00bb2_3&#8243; _builder_version=\u00bb4.16&#8243; custom_padding=\u00bb|||\u00bb global_colors_info=\u00bb{}\u00bb custom_padding__hover=\u00bb|||\u00bb][et_pb_text _builder_version=\u00bb4.19.4&#8243; text_font=\u00bb||||||||\u00bb header_font=\u00bbRubik|700|||||||\u00bb header_font_size=\u00bb64px\u00bb header_line_height=\u00bb1.1em\u00bb background_layout=\u00bbdark\u00bb max_width=\u00bb800px\u00bb custom_margin=\u00bb||0px|\u00bb custom_padding=\u00bb|||16px\u00bb text_font_size_tablet=\u00bb14px\u00bb text_font_size_last_edited=\u00bboff|desktop\u00bb header_font_size_tablet=\u00bb44px\u00bb header_font_size_phone=\u00bb32px\u00bb header_font_size_last_edited=\u00bbon|phone\u00bb border_color_all=\u00bb#6fb353&#8243; border_width_left=\u00bb10px\u00bb global_colors_info=\u00bb{}\u00bb]\n<h1><strong>Adecuaci\u00f3n antiguo almac\u00e9n para aulas y zona de formaci\u00f3n <\/strong><\/h1>\n[\/et_pb_text][et_pb_text _builder_version=\u00bb4.19.4&#8243; text_font=\u00bb||||||||\u00bb text_font_size=\u00bb22px\u00bb text_line_height=\u00bb1.6em\u00bb header_font=\u00bb||||||||\u00bb background_layout=\u00bbdark\u00bb max_width=\u00bb800px\u00bb custom_margin=\u00bb|||\u00bb custom_padding=\u00bb20px||20px||true\u00bb text_font_size_tablet=\u00bb18px\u00bb text_font_size_phone=\u00bb\u00bb text_font_size_last_edited=\u00bbon|phone\u00bb global_colors_info=\u00bb{}\u00bb]\n<p>Inaugurado en 1967, el Hospital Joan XXIII se ha convertido en el centro de referencia del Instituto Catal\u00e1n de la Salud del campo de Tarragona.<\/p>\n[\/et_pb_text][\/et_pb_column][et_pb_column type=\u00bb1_3&#8243; _builder_version=\u00bb4.16&#8243; custom_padding=\u00bb|||\u00bb global_colors_info=\u00bb{}\u00bb custom_padding__hover=\u00bb|||\u00bb][et_pb_text ul_type=\u00bbnone\u00bb ul_item_indent=\u00bb3px\u00bb _builder_version=\u00bb4.19.4&#8243; text_font=\u00bb||||||||\u00bb text_font_size=\u00bb16px\u00bb text_line_height=\u00bb1.8em\u00bb ul_font=\u00bbArimo||||||||\u00bb ul_font_size=\u00bb16px\u00bb ul_line_height=\u00bb2em\u00bb background_layout=\u00bbdark\u00bb custom_margin=\u00bb|||\u00bb custom_margin_last_edited=\u00bboff|desktop\u00bb locked=\u00bboff\u00bb global_colors_info=\u00bb{}\u00bb]\n<ul>\n<li><strong>Cliente:<\/strong> Hospital Joan XXIII &#8211; Institut Catal\u00e0 de la Salut<\/li>\n<li><strong>Categor\u00eda:<\/strong> Obra p\u00fablica &#8211; Sector hospitalario <\/li>\n<\/ul>\n[\/et_pb_text][\/et_pb_column][\/et_pb_row][\/et_pb_section][et_pb_section fb_built=\u00bb1&#8243; admin_label=\u00bbProject Details\u00bb _builder_version=\u00bb4.16&#8243; custom_padding=\u00bb90px||90px||true\u00bb global_colors_info=\u00bb{}\u00bb][et_pb_row column_structure=\u00bb1_2,1_2&#8243; _builder_version=\u00bb4.16&#8243; global_colors_info=\u00bb{}\u00bb][et_pb_column type=\u00bb1_2&#8243; _builder_version=\u00bb4.16&#8243; custom_padding=\u00bb|||\u00bb global_colors_info=\u00bb{}\u00bb custom_padding__hover=\u00bb|||\u00bb][et_pb_text _builder_version=\u00bb4.16&#8243; text_font=\u00bb||||||||\u00bb link_font=\u00bb||||||||\u00bb ul_font=\u00bb||||||||\u00bb ol_font=\u00bb||||||||\u00bb quote_font=\u00bb||||||||\u00bb header_font=\u00bb||||||||\u00bb header_2_font=\u00bbRubik|700|||||||\u00bb header_2_font_size=\u00bb42px\u00bb header_2_line_height=\u00bb1.2em\u00bb module_alignment=\u00bbcenter\u00bb custom_margin=\u00bb|||\u00bb custom_padding=\u00bb|||\u00bb header_2_font_size_tablet=\u00bb\u00bb header_2_font_size_phone=\u00bb36px\u00bb header_2_font_size_last_edited=\u00bbon|phone\u00bb locked=\u00bboff\u00bb global_colors_info=\u00bb{}\u00bb]\n<h2>Sobre el proyecto<\/h2>\n[\/et_pb_text][et_pb_divider color=\u00bb#6fb353&#8243; divider_position=\u00bbcenter\u00bb divider_weight=\u00bb5px\u00bb _builder_version=\u00bb4.16&#8243; max_width=\u00bb50px\u00bb locked=\u00bboff\u00bb global_colors_info=\u00bb{}\u00bb][\/et_pb_divider][et_pb_text _builder_version=\u00bb4.19.4&#8243; text_font=\u00bb||||||||\u00bb text_font_size=\u00bb15px\u00bb text_line_height=\u00bb1.8em\u00bb custom_padding=\u00bb||0px|||\u00bb custom_padding_tablet=\u00bb|40px||40px||true\u00bb custom_padding_last_edited=\u00bboff|desktop\u00bb locked=\u00bboff\u00bb global_colors_info=\u00bb{}\u00bb]\n<p>Este proyecto, en el que hemos trabajado con y para el Hospital Joan XXIII, ha consistido en la <strong>adecuaci\u00f3n de 2 plantas<\/strong> del edificio para crear una biblioteca, un aulario y una zona de formaci\u00f3n.<\/p>\n<p>&nbsp;<\/p>\n<p>As\u00ed, en Coasa nos hemos encargado de hacerlo posible. Gracias por confiar en nosotros.<\/p>\n[\/et_pb_text][\/et_pb_column][et_pb_column type=\u00bb1_2&#8243; _builder_version=\u00bb4.16&#8243; custom_padding=\u00bb|||\u00bb global_colors_info=\u00bb{}\u00bb custom_padding__hover=\u00bb|||\u00bb][et_pb_image src=\u00bbhttps:\/\/coasa.org\/wp-content\/uploads\/2023\/01\/constructora-reus-tarragona.jpg\u00bb alt=\u00bbconstructora-reus-tarragona\u00bb title_text=\u00bbconstructora-reus-tarragona\u00bb _builder_version=\u00bb4.19.4&#8243; _module_preset=\u00bbdefault\u00bb global_colors_info=\u00bb{}\u00bb][\/et_pb_image][\/et_pb_column][\/et_pb_row][et_pb_row _builder_version=\u00bb4.16&#8243; global_colors_info=\u00bb{}\u00bb][et_pb_column type=\u00bb4_4&#8243; _builder_version=\u00bb4.16&#8243; custom_padding=\u00bb|||\u00bb global_colors_info=\u00bb{}\u00bb custom_padding__hover=\u00bb|||\u00bb][et_pb_text _builder_version=\u00bb4.16&#8243; _module_preset=\u00bbdefault\u00bb global_colors_info=\u00bb{}\u00bb]\n<h2>Caracter\u00edsticas del proyecto<\/h2>\n[\/et_pb_text][et_pb_text _builder_version=\u00bb4.19.4&#8243; _module_preset=\u00bbdefault\u00bb text_font_size=\u00bb15px\u00bb global_colors_info=\u00bb{}\u00bb]\n<p>El proyecto ha consistido en la adecuaci\u00f3n de 2 zonas del Hospital Joan XXIII en una <strong>biblioteca, un aulario y una zona de formaci\u00f3n.<\/strong> En concreto, se han reformado los anteriores almacenes destinados al Covid para poder darles otras finalidades.<\/p>\n<p>&nbsp;<\/p>\n<p>El tiempo de ejecuci\u00f3n ha sido m\u00ednimo. Y es que, en poco tiempo, se ha llevado a cabo la adecuaci\u00f3n de las zonas. \u00a1Tiempo r\u00e9cord!<\/p>\n<p>&nbsp;<\/p>\n<p>A trav\u00e9s de una <strong>estructura met\u00e1lica<\/strong> que aporta estabilidad, resistencia y rigidez, hemos creado una zona segura y agradable donde la formaci\u00f3n y la cultura son los pilares fundamentales.<\/p>\n<p>&nbsp;<\/p>\n<p>Adem\u00e1s, la adecuaci\u00f3n ha tenido como protagonistas a los <strong>paneles pladur<\/strong>. Este material es id\u00f3neo puesto que mejora el aislamiento t\u00e9rmico y ac\u00fastico, no es inflamable y posee una alta resistencia a la humedad, entre otros.<\/p>\n<p>&nbsp;<\/p>\n[\/et_pb_text][et_pb_text _builder_version=\u00bb4.16&#8243; _module_preset=\u00bbdefault\u00bb global_colors_info=\u00bb{}\u00bb]\n<h2>Organizaciones implicadas y personal<\/h2>\n[\/et_pb_text][et_pb_text _builder_version=\u00bb4.19.4&#8243; _module_preset=\u00bbdefault\u00bb text_font_size=\u00bb15px\u00bb hover_enabled=\u00bb0&#8243; global_colors_info=\u00bb{}\u00bb sticky_enabled=\u00bb0&#8243;]\n<p>La <strong>direcci\u00f3n de ejecuci\u00f3n<\/strong> de esta obra ha estado bajo las manos de Oscar Benet i Manel Toldr\u00e0 (AREA 55 Arquitectura) y, tambi\u00e9n, de Rafa Cornet (<a href=\"https:\/\/www.enate.cat\/\" target=\"_blank\" rel=\"noopener\">ENATE Ingenier\u00eda<\/a>). Por otra parte, el <strong>jefe de obra<\/strong> de la construcci\u00f3n ha sido Sergi Fontanet.<\/p>\n<p>&nbsp;<\/p>\n<p>&nbsp;<\/p>\n<p>Nos alegra formar parte de proyectos como este. Proyectos que fomentan la cultura, la formaci\u00f3n y el aprendizaje. Proyectos que ayudan, que son luz \u2728 \u00a1Gracias por confiar en nosotros!<\/p>\n[\/et_pb_text][\/et_pb_column][\/et_pb_row][et_pb_row _builder_version=\u00bb4.16&#8243; _module_preset=\u00bbdefault\u00bb global_colors_info=\u00bb{}\u00bb][et_pb_column type=\u00bb4_4&#8243; _builder_version=\u00bb4.16&#8243; _module_preset=\u00bbdefault\u00bb global_colors_info=\u00bb{}\u00bb][et_pb_gallery gallery_ids=\u00bb5719,5723,5721,5725,5727&#8243; fullwidth=\u00bbon\u00bb _builder_version=\u00bb4.19.4&#8243; _module_preset=\u00bbdefault\u00bb global_colors_info=\u00bb{}\u00bb][\/et_pb_gallery][\/et_pb_column][\/et_pb_row][\/et_pb_section]\n","protected":false},"excerpt":{"rendered":"<p>Adecuaci\u00f3n antiguo almac\u00e9n para aulas y zona de formaci\u00f3n Inaugurado en 1967, el Hospital Joan XXIII se ha convertido en el centro de referencia del Instituto Catal\u00e1n de la Salud del campo de Tarragona. Cliente: Hospital Joan XXIII &#8211; Institut Catal\u00e0 de la Salut Categor\u00eda: Obra p\u00fablica &#8211; Sector hospitalario Sobre el proyecto Este proyecto, [&hellip;]<\/p>\n","protected":false},"author":1,"featured_media":5718,"template":"","meta":{"_et_pb_use_builder":"on","_et_pb_old_content":"","_et_gb_content_width":"","_joinchat":[],"footnotes":""},"project_category":[388],"project_tag":[37,36,292,138,40,291,136,153,172,282,285,290,293],"class_list":["post-5735","project","type-project","status-publish","has-post-thumbnail","hentry","project_category-obra-publica-es","project_tag-coasa","project_tag-construccion","project_tag-construccion-hospital-es","project_tag-constructora-es","project_tag-construir","project_tag-hospital-es","project_tag-obra-es","project_tag-proyecto-es","project_tag-proyecto-constructora-es","project_tag-reforma-es","project_tag-reforma-edificio-es","project_tag-reforma-hospital-es","project_tag-zona-formacion-es"],"yoast_head":"<!-- This site is optimized with the Yoast SEO plugin v27.5 - https:\/\/yoast.com\/product\/yoast-seo-wordpress\/ -->\n<title>Adecuaci\u00f3n antiguo almac\u00e9n para aulas y zona de formaci\u00f3n<\/title>\n<meta name=\"description\" content=\"Echa un vistazo a un proyecto muy especial para el Hospital Joan XXIII: adecuaci\u00f3n antiguo almac\u00e9n para aulas y zona de formaci\u00f3n.\" \/>\n<meta name=\"robots\" content=\"index, follow, max-snippet:-1, max-image-preview:large, max-video-preview:-1\" \/>\n<link rel=\"canonical\" href=\"https:\/\/coasa.org\/es\/project\/adecuacion-antiguo-almacen-para-aulas-y-zona-de-formacion\/\" \/>\n<meta property=\"og:locale\" content=\"es_ES\" \/>\n<meta property=\"og:type\" content=\"article\" \/>\n<meta property=\"og:title\" content=\"Adecuaci\u00f3n antiguo almac\u00e9n para aulas y zona de formaci\u00f3n\" \/>\n<meta property=\"og:description\" content=\"Echa un vistazo a un proyecto muy especial para el Hospital Joan XXIII: adecuaci\u00f3n antiguo almac\u00e9n para aulas y zona de formaci\u00f3n.\" \/>\n<meta property=\"og:url\" content=\"https:\/\/coasa.org\/es\/project\/adecuacion-antiguo-almacen-para-aulas-y-zona-de-formacion\/\" \/>\n<meta property=\"og:site_name\" content=\"COASA, Empresa Constructora\" \/>\n<meta property=\"article:modified_time\" content=\"2023-11-14T09:33:49+00:00\" \/>\n<meta property=\"og:image\" content=\"https:\/\/coasa.org\/wp-content\/uploads\/2023\/01\/adecuacion-almacen-hospital.jpg\" \/>\n\t<meta property=\"og:image:width\" content=\"800\" \/>\n\t<meta property=\"og:image:height\" content=\"600\" \/>\n\t<meta property=\"og:image:type\" content=\"image\/jpeg\" \/>\n<meta name=\"twitter:label1\" content=\"Tiempo de lectura\" \/>\n\t<meta name=\"twitter:data1\" content=\"5 minutos\" \/>\n<script type=\"application\/ld+json\" class=\"yoast-schema-graph\">{\"@context\":\"https:\\\/\\\/schema.org\",\"@graph\":[{\"@type\":\"WebPage\",\"@id\":\"https:\\\/\\\/coasa.org\\\/es\\\/project\\\/adecuacion-antiguo-almacen-para-aulas-y-zona-de-formacion\\\/\",\"url\":\"https:\\\/\\\/coasa.org\\\/es\\\/project\\\/adecuacion-antiguo-almacen-para-aulas-y-zona-de-formacion\\\/\",\"name\":\"Adecuaci\u00f3n antiguo almac\u00e9n para aulas y zona de formaci\u00f3n\",\"isPartOf\":{\"@id\":\"https:\\\/\\\/coasa.org\\\/es\\\/#website\"},\"primaryImageOfPage\":{\"@id\":\"https:\\\/\\\/coasa.org\\\/es\\\/project\\\/adecuacion-antiguo-almacen-para-aulas-y-zona-de-formacion\\\/#primaryimage\"},\"image\":{\"@id\":\"https:\\\/\\\/coasa.org\\\/es\\\/project\\\/adecuacion-antiguo-almacen-para-aulas-y-zona-de-formacion\\\/#primaryimage\"},\"thumbnailUrl\":\"https:\\\/\\\/coasa.org\\\/wp-content\\\/uploads\\\/2023\\\/01\\\/adecuacion-almacen-hospital.jpg\",\"datePublished\":\"2023-01-09T15:38:36+00:00\",\"dateModified\":\"2023-11-14T09:33:49+00:00\",\"description\":\"Echa un vistazo a un proyecto muy especial para el Hospital Joan XXIII: adecuaci\u00f3n antiguo almac\u00e9n para aulas y zona de formaci\u00f3n.\",\"breadcrumb\":{\"@id\":\"https:\\\/\\\/coasa.org\\\/es\\\/project\\\/adecuacion-antiguo-almacen-para-aulas-y-zona-de-formacion\\\/#breadcrumb\"},\"inLanguage\":\"es\",\"potentialAction\":[{\"@type\":\"ReadAction\",\"target\":[\"https:\\\/\\\/coasa.org\\\/es\\\/project\\\/adecuacion-antiguo-almacen-para-aulas-y-zona-de-formacion\\\/\"]}]},{\"@type\":\"ImageObject\",\"inLanguage\":\"es\",\"@id\":\"https:\\\/\\\/coasa.org\\\/es\\\/project\\\/adecuacion-antiguo-almacen-para-aulas-y-zona-de-formacion\\\/#primaryimage\",\"url\":\"https:\\\/\\\/coasa.org\\\/wp-content\\\/uploads\\\/2023\\\/01\\\/adecuacion-almacen-hospital.jpg\",\"contentUrl\":\"https:\\\/\\\/coasa.org\\\/wp-content\\\/uploads\\\/2023\\\/01\\\/adecuacion-almacen-hospital.jpg\",\"width\":800,\"height\":600,\"caption\":\"adecuaci\u00f3n-almacen-hospital\"},{\"@type\":\"BreadcrumbList\",\"@id\":\"https:\\\/\\\/coasa.org\\\/es\\\/project\\\/adecuacion-antiguo-almacen-para-aulas-y-zona-de-formacion\\\/#breadcrumb\",\"itemListElement\":[{\"@type\":\"ListItem\",\"position\":1,\"name\":\"Portada\",\"item\":\"https:\\\/\\\/coasa.org\\\/es\\\/\"},{\"@type\":\"ListItem\",\"position\":2,\"name\":\"Proyectos\",\"item\":\"https:\\\/\\\/coasa.org\\\/es\\\/project\\\/\"},{\"@type\":\"ListItem\",\"position\":3,\"name\":\"Adecuaci\u00f3n antiguo almac\u00e9n para aulas y zona de formaci\u00f3n\"}]},{\"@type\":\"WebSite\",\"@id\":\"https:\\\/\\\/coasa.org\\\/es\\\/#website\",\"url\":\"https:\\\/\\\/coasa.org\\\/es\\\/\",\"name\":\"COASA, Empresa Constructora\",\"description\":\"Des del seu naixement COASA s&#039;ha destacat per una constant evoluci\u00f3 que ens permet\u00e9s una \u00e0gil adaptaci\u00f3 a les necessitats canviants del mercat de la construcci\u00f3 industrial.\",\"publisher\":{\"@id\":\"https:\\\/\\\/coasa.org\\\/es\\\/#organization\"},\"potentialAction\":[{\"@type\":\"SearchAction\",\"target\":{\"@type\":\"EntryPoint\",\"urlTemplate\":\"https:\\\/\\\/coasa.org\\\/es\\\/?s={search_term_string}\"},\"query-input\":{\"@type\":\"PropertyValueSpecification\",\"valueRequired\":true,\"valueName\":\"search_term_string\"}}],\"inLanguage\":\"es\"},{\"@type\":\"Organization\",\"@id\":\"https:\\\/\\\/coasa.org\\\/es\\\/#organization\",\"name\":\"Coasa\",\"url\":\"https:\\\/\\\/coasa.org\\\/es\\\/\",\"logo\":{\"@type\":\"ImageObject\",\"inLanguage\":\"es\",\"@id\":\"https:\\\/\\\/coasa.org\\\/es\\\/#\\\/schema\\\/logo\\\/image\\\/\",\"url\":\"https:\\\/\\\/coasa.org\\\/wp-content\\\/uploads\\\/2018\\\/10\\\/logo.png\",\"contentUrl\":\"https:\\\/\\\/coasa.org\\\/wp-content\\\/uploads\\\/2018\\\/10\\\/logo.png\",\"width\":500,\"height\":141,\"caption\":\"Coasa\"},\"image\":{\"@id\":\"https:\\\/\\\/coasa.org\\\/es\\\/#\\\/schema\\\/logo\\\/image\\\/\"},\"sameAs\":[\"https:\\\/\\\/www.linkedin.com\\\/company\\\/coasa\\\/\"]}]}<\/script>\n<!-- \/ Yoast SEO plugin. -->","yoast_head_json":{"title":"Adecuaci\u00f3n antiguo almac\u00e9n para aulas y zona de formaci\u00f3n","description":"Echa un vistazo a un proyecto muy especial para el Hospital Joan XXIII: adecuaci\u00f3n antiguo almac\u00e9n para aulas y zona de formaci\u00f3n.","robots":{"index":"index","follow":"follow","max-snippet":"max-snippet:-1","max-image-preview":"max-image-preview:large","max-video-preview":"max-video-preview:-1"},"canonical":"https:\/\/coasa.org\/es\/project\/adecuacion-antiguo-almacen-para-aulas-y-zona-de-formacion\/","og_locale":"es_ES","og_type":"article","og_title":"Adecuaci\u00f3n antiguo almac\u00e9n para aulas y zona de formaci\u00f3n","og_description":"Echa un vistazo a un proyecto muy especial para el Hospital Joan XXIII: adecuaci\u00f3n antiguo almac\u00e9n para aulas y zona de formaci\u00f3n.","og_url":"https:\/\/coasa.org\/es\/project\/adecuacion-antiguo-almacen-para-aulas-y-zona-de-formacion\/","og_site_name":"COASA, Empresa Constructora","article_modified_time":"2023-11-14T09:33:49+00:00","og_image":[{"width":800,"height":600,"url":"https:\/\/coasa.org\/wp-content\/uploads\/2023\/01\/adecuacion-almacen-hospital.jpg","type":"image\/jpeg"}],"twitter_misc":{"Tiempo de lectura":"5 minutos"},"schema":{"@context":"https:\/\/schema.org","@graph":[{"@type":"WebPage","@id":"https:\/\/coasa.org\/es\/project\/adecuacion-antiguo-almacen-para-aulas-y-zona-de-formacion\/","url":"https:\/\/coasa.org\/es\/project\/adecuacion-antiguo-almacen-para-aulas-y-zona-de-formacion\/","name":"Adecuaci\u00f3n antiguo almac\u00e9n para aulas y zona de formaci\u00f3n","isPartOf":{"@id":"https:\/\/coasa.org\/es\/#website"},"primaryImageOfPage":{"@id":"https:\/\/coasa.org\/es\/project\/adecuacion-antiguo-almacen-para-aulas-y-zona-de-formacion\/#primaryimage"},"image":{"@id":"https:\/\/coasa.org\/es\/project\/adecuacion-antiguo-almacen-para-aulas-y-zona-de-formacion\/#primaryimage"},"thumbnailUrl":"https:\/\/coasa.org\/wp-content\/uploads\/2023\/01\/adecuacion-almacen-hospital.jpg","datePublished":"2023-01-09T15:38:36+00:00","dateModified":"2023-11-14T09:33:49+00:00","description":"Echa un vistazo a un proyecto muy especial para el Hospital Joan XXIII: adecuaci\u00f3n antiguo almac\u00e9n para aulas y zona de formaci\u00f3n.","breadcrumb":{"@id":"https:\/\/coasa.org\/es\/project\/adecuacion-antiguo-almacen-para-aulas-y-zona-de-formacion\/#breadcrumb"},"inLanguage":"es","potentialAction":[{"@type":"ReadAction","target":["https:\/\/coasa.org\/es\/project\/adecuacion-antiguo-almacen-para-aulas-y-zona-de-formacion\/"]}]},{"@type":"ImageObject","inLanguage":"es","@id":"https:\/\/coasa.org\/es\/project\/adecuacion-antiguo-almacen-para-aulas-y-zona-de-formacion\/#primaryimage","url":"https:\/\/coasa.org\/wp-content\/uploads\/2023\/01\/adecuacion-almacen-hospital.jpg","contentUrl":"https:\/\/coasa.org\/wp-content\/uploads\/2023\/01\/adecuacion-almacen-hospital.jpg","width":800,"height":600,"caption":"adecuaci\u00f3n-almacen-hospital"},{"@type":"BreadcrumbList","@id":"https:\/\/coasa.org\/es\/project\/adecuacion-antiguo-almacen-para-aulas-y-zona-de-formacion\/#breadcrumb","itemListElement":[{"@type":"ListItem","position":1,"name":"Portada","item":"https:\/\/coasa.org\/es\/"},{"@type":"ListItem","position":2,"name":"Proyectos","item":"https:\/\/coasa.org\/es\/project\/"},{"@type":"ListItem","position":3,"name":"Adecuaci\u00f3n antiguo almac\u00e9n para aulas y zona de formaci\u00f3n"}]},{"@type":"WebSite","@id":"https:\/\/coasa.org\/es\/#website","url":"https:\/\/coasa.org\/es\/","name":"COASA, Empresa Constructora","description":"Des del seu naixement COASA s&#039;ha destacat per una constant evoluci\u00f3 que ens permet\u00e9s una \u00e0gil adaptaci\u00f3 a les necessitats canviants del mercat de la construcci\u00f3 industrial.","publisher":{"@id":"https:\/\/coasa.org\/es\/#organization"},"potentialAction":[{"@type":"SearchAction","target":{"@type":"EntryPoint","urlTemplate":"https:\/\/coasa.org\/es\/?s={search_term_string}"},"query-input":{"@type":"PropertyValueSpecification","valueRequired":true,"valueName":"search_term_string"}}],"inLanguage":"es"},{"@type":"Organization","@id":"https:\/\/coasa.org\/es\/#organization","name":"Coasa","url":"https:\/\/coasa.org\/es\/","logo":{"@type":"ImageObject","inLanguage":"es","@id":"https:\/\/coasa.org\/es\/#\/schema\/logo\/image\/","url":"https:\/\/coasa.org\/wp-content\/uploads\/2018\/10\/logo.png","contentUrl":"https:\/\/coasa.org\/wp-content\/uploads\/2018\/10\/logo.png","width":500,"height":141,"caption":"Coasa"},"image":{"@id":"https:\/\/coasa.org\/es\/#\/schema\/logo\/image\/"},"sameAs":["https:\/\/www.linkedin.com\/company\/coasa\/"]}]}},"_links":{"self":[{"href":"https:\/\/coasa.org\/es\/wp-json\/wp\/v2\/project\/5735","targetHints":{"allow":["GET"]}}],"collection":[{"href":"https:\/\/coasa.org\/es\/wp-json\/wp\/v2\/project"}],"about":[{"href":"https:\/\/coasa.org\/es\/wp-json\/wp\/v2\/types\/project"}],"author":[{"embeddable":true,"href":"https:\/\/coasa.org\/es\/wp-json\/wp\/v2\/users\/1"}],"version-history":[{"count":16,"href":"https:\/\/coasa.org\/es\/wp-json\/wp\/v2\/project\/5735\/revisions"}],"predecessor-version":[{"id":5793,"href":"https:\/\/coasa.org\/es\/wp-json\/wp\/v2\/project\/5735\/revisions\/5793"}],"wp:featuredmedia":[{"embeddable":true,"href":"https:\/\/coasa.org\/es\/wp-json\/wp\/v2\/media\/5718"}],"wp:attachment":[{"href":"https:\/\/coasa.org\/es\/wp-json\/wp\/v2\/media?parent=5735"}],"wp:term":[{"taxonomy":"project_category","embeddable":true,"href":"https:\/\/coasa.org\/es\/wp-json\/wp\/v2\/project_category?post=5735"},{"taxonomy":"project_tag","embeddable":true,"href":"https:\/\/coasa.org\/es\/wp-json\/wp\/v2\/project_tag?post=5735"}],"curies":[{"name":"wp","href":"https:\/\/api.w.org\/{rel}","templated":true}]}}