{"id":5784,"date":"2023-02-02T10:00:09","date_gmt":"2023-02-02T09:00:09","guid":{"rendered":"https:\/\/coasa.org\/project\/construccion-de-un-nuevo-supermercado-spar-en-sant-jaume-denveja\/"},"modified":"2023-11-14T10:13:53","modified_gmt":"2023-11-14T09:13:53","slug":"construccion-de-un-nuevo-supermercado-spar-en-sant-jaume-denveja","status":"publish","type":"project","link":"https:\/\/coasa.org\/es\/project\/construccion-de-un-nuevo-supermercado-spar-en-sant-jaume-denveja\/","title":{"rendered":"Construcci\u00f3n de un nuevo supermercado Spar en Sant Jaume d&#8217;Enveja"},"content":{"rendered":"[et_pb_section fb_built=\u00bb1&#8243; admin_label=\u00bbHero\u00bb _builder_version=\u00bb4.19.5&#8243; use_background_color_gradient=\u00bbon\u00bb background_color_gradient_type=\u00bbcircular\u00bb background_color_gradient_direction_radial=\u00bbtop left\u00bb background_color_gradient_stops=\u00bbrgba(40,40,40,0.45) 0%|rgba(40,40,40,0.45) 100%\u00bb background_color_gradient_overlays_image=\u00bbon\u00bb background_color_gradient_start=\u00bbrgba(40,40,40,0.45)\u00bb background_color_gradient_end=\u00bbrgba(40,40,40,0.45)\u00bb background_image=\u00bbhttps:\/\/coasa.org\/wp-content\/uploads\/2023\/01\/empresa-construccion-coasa.jpg\u00bb custom_margin=\u00bb||||false\u00bb custom_padding=\u00bb10vw||10vw||true|false\u00bb global_colors_info=\u00bb{}\u00bb][et_pb_row column_structure=\u00bb2_3,1_3&#8243; _builder_version=\u00bb4.16&#8243; global_colors_info=\u00bb{}\u00bb][et_pb_column type=\u00bb2_3&#8243; _builder_version=\u00bb4.16&#8243; custom_padding=\u00bb|||\u00bb global_colors_info=\u00bb{}\u00bb custom_padding__hover=\u00bb|||\u00bb][et_pb_text _builder_version=\u00bb4.19.5&#8243; text_font=\u00bb||||||||\u00bb header_font=\u00bbRubik|700|||||||\u00bb header_font_size=\u00bb64px\u00bb header_line_height=\u00bb1.1em\u00bb background_layout=\u00bbdark\u00bb max_width=\u00bb800px\u00bb custom_margin=\u00bb||0px|\u00bb custom_padding=\u00bb|||16px\u00bb text_font_size_tablet=\u00bb14px\u00bb text_font_size_last_edited=\u00bboff|desktop\u00bb header_font_size_tablet=\u00bb44px\u00bb header_font_size_phone=\u00bb32px\u00bb header_font_size_last_edited=\u00bbon|phone\u00bb border_color_all=\u00bb#6fb353&#8243; border_width_left=\u00bb10px\u00bb global_colors_info=\u00bb{}\u00bb]\n<h1><strong>Construcci\u00f3n de un nuevo supermercado Spar en Sant Jaume d&#8217;Enveja <\/strong><\/h1>\n[\/et_pb_text][et_pb_text _builder_version=\u00bb4.19.5&#8243; text_font=\u00bb||||||||\u00bb text_font_size=\u00bb22px\u00bb text_line_height=\u00bb1.6em\u00bb header_font=\u00bb||||||||\u00bb background_layout=\u00bbdark\u00bb max_width=\u00bb800px\u00bb custom_margin=\u00bb|||\u00bb custom_padding=\u00bb20px||20px||true\u00bb text_font_size_tablet=\u00bb18px\u00bb text_font_size_phone=\u00bb\u00bb text_font_size_last_edited=\u00bbon|phone\u00bb global_colors_info=\u00bb{}\u00bb]\n<p>El Grupo Fragadis ampl\u00eda su presencia en todo el territorio. En este caso, en Sant Jaume d&#8217;Enveja, municipio de Les Terres de l\u2019Ebre, donde ha abierto un nuevo Eurospar.<\/p>\n[\/et_pb_text][\/et_pb_column][et_pb_column type=\u00bb1_3&#8243; _builder_version=\u00bb4.16&#8243; custom_padding=\u00bb|||\u00bb global_colors_info=\u00bb{}\u00bb custom_padding__hover=\u00bb|||\u00bb][et_pb_text ul_type=\u00bbnone\u00bb ul_item_indent=\u00bb3px\u00bb _builder_version=\u00bb4.19.5&#8243; text_font=\u00bb||||||||\u00bb text_font_size=\u00bb16px\u00bb text_line_height=\u00bb1.8em\u00bb ul_font=\u00bbArimo||||||||\u00bb ul_font_size=\u00bb16px\u00bb ul_line_height=\u00bb2em\u00bb background_layout=\u00bbdark\u00bb custom_margin=\u00bb|||\u00bb custom_margin_last_edited=\u00bboff|desktop\u00bb locked=\u00bboff\u00bb global_colors_info=\u00bb{}\u00bb]\n<ul>\n<li><strong>Cliente:<\/strong> Grupo Fragadis, Supermercados Spar<\/li>\n<li><strong>Categor\u00eda:<\/strong> Sector comercial<\/li>\n<\/ul>\n[\/et_pb_text][\/et_pb_column][\/et_pb_row][\/et_pb_section][et_pb_section fb_built=\u00bb1&#8243; admin_label=\u00bbProject Details\u00bb _builder_version=\u00bb4.16&#8243; custom_padding=\u00bb90px||90px||true\u00bb global_colors_info=\u00bb{}\u00bb][et_pb_row column_structure=\u00bb1_2,1_2&#8243; _builder_version=\u00bb4.16&#8243; global_colors_info=\u00bb{}\u00bb][et_pb_column type=\u00bb1_2&#8243; _builder_version=\u00bb4.16&#8243; custom_padding=\u00bb|||\u00bb global_colors_info=\u00bb{}\u00bb custom_padding__hover=\u00bb|||\u00bb][et_pb_text _builder_version=\u00bb4.16&#8243; text_font=\u00bb||||||||\u00bb link_font=\u00bb||||||||\u00bb ul_font=\u00bb||||||||\u00bb ol_font=\u00bb||||||||\u00bb quote_font=\u00bb||||||||\u00bb header_font=\u00bb||||||||\u00bb header_2_font=\u00bbRubik|700|||||||\u00bb header_2_font_size=\u00bb42px\u00bb header_2_line_height=\u00bb1.2em\u00bb module_alignment=\u00bbcenter\u00bb custom_margin=\u00bb|||\u00bb custom_padding=\u00bb|||\u00bb header_2_font_size_tablet=\u00bb\u00bb header_2_font_size_phone=\u00bb36px\u00bb header_2_font_size_last_edited=\u00bbon|phone\u00bb locked=\u00bboff\u00bb global_colors_info=\u00bb{}\u00bb]\n<h2>Sobre el proyecto<\/h2>\n[\/et_pb_text][et_pb_divider color=\u00bb#6fb353&#8243; divider_position=\u00bbcenter\u00bb divider_weight=\u00bb5px\u00bb _builder_version=\u00bb4.16&#8243; max_width=\u00bb50px\u00bb locked=\u00bboff\u00bb global_colors_info=\u00bb{}\u00bb][\/et_pb_divider][et_pb_text _builder_version=\u00bb4.19.5&#8243; text_font=\u00bb||||||||\u00bb text_font_size=\u00bb15px\u00bb text_line_height=\u00bb1.8em\u00bb custom_padding=\u00bb||0px|||\u00bb custom_padding_tablet=\u00bb|40px||40px||true\u00bb custom_padding_last_edited=\u00bboff|desktop\u00bb locked=\u00bboff\u00bb global_colors_info=\u00bb{}\u00bb]\n<p>Este febrero 2023, Sant Jaume d&#8217;Enveja inaugura un <strong>nuevo supermercado Eurospar<\/strong>.<\/p>\n<p>&nbsp;<\/p>\n<p>Una vez m\u00e1s, en Coasa hemos sido los encargados de hacerlo posible.<\/p>\n<p>&nbsp;<\/p>\n<p>Agradecidos por la confianza depositada en nosotros y por haber podido formar parte de este proyecto.<\/p>\n[\/et_pb_text][\/et_pb_column][et_pb_column type=\u00bb1_2&#8243; _builder_version=\u00bb4.16&#8243; custom_padding=\u00bb|||\u00bb global_colors_info=\u00bb{}\u00bb custom_padding__hover=\u00bb|||\u00bb][et_pb_image src=\u00bbhttps:\/\/coasa.org\/wp-content\/uploads\/2023\/01\/empresa-construccion-coasa.jpg\u00bb alt=\u00bbempresa-construccion-coasa\u00bb title_text=\u00bbempresa-construccion-coasa\u00bb _builder_version=\u00bb4.19.5&#8243; _module_preset=\u00bbdefault\u00bb global_colors_info=\u00bb{}\u00bb][\/et_pb_image][\/et_pb_column][\/et_pb_row][et_pb_row _builder_version=\u00bb4.16&#8243; global_colors_info=\u00bb{}\u00bb][et_pb_column type=\u00bb4_4&#8243; _builder_version=\u00bb4.16&#8243; custom_padding=\u00bb|||\u00bb global_colors_info=\u00bb{}\u00bb custom_padding__hover=\u00bb|||\u00bb][et_pb_text _builder_version=\u00bb4.16&#8243; _module_preset=\u00bbdefault\u00bb global_colors_info=\u00bb{}\u00bb]\n<h2>Caracter\u00edsticas del proyecto<\/h2>\n[\/et_pb_text][et_pb_text _builder_version=\u00bb4.19.5&#8243; _module_preset=\u00bbdefault\u00bb text_font_size=\u00bb15px\u00bb global_colors_info=\u00bb{}\u00bb]\n<p>Centr\u00e1ndonos en las caracter\u00edsticas t\u00e9cnicas del proyecto, hemos empleado una <strong>estructura prefabricada de hormig\u00f3n<\/strong> formada por pilares, j\u00e1cenas, correas y cierres a base de placa prefabricada de hormig\u00f3n.<\/p>\n<p>&nbsp;<\/p>\n<p>Esta estructura est\u00e1 formada por la sala de ventas y almac\u00e9n (1.406 m\u00b2), por una zona de aparcamiento (1.012,70 m\u00b2) y por urbanizaci\u00f3n y de zona de peatones (596,53 m\u00b2).<\/p>\n<p>&nbsp;<\/p>\n<p>M\u00e1s informaci\u00f3n&#8230;<\/p>\n<p>&nbsp;<\/p>\n<ul>\n<li>Cimentaci\u00f3n: con base de losa de hormig\u00f3n armado<\/li>\n<li>Cubierta: <a href=\"https:\/\/www.linkedin.com\/feed\/update\/urn:li:activity:6998914008892223488\" target=\"_blank\" rel=\"noopener\">tipo Deck<\/a> (soporte perfil grecat + aislamiento + impermeabilizaci\u00f3n)<\/li>\n<li>Interiores formados por trasdosados de pladur, pavimento de gres en sala de ventas y alicatado de ba\u00f1os y secciones<\/li>\n<li>Cierres ventanas y muro cortina fachada de aluminio<\/li>\n<li>Zona aparcamientos con pavimento de hormig\u00f3n<\/li>\n<li>Zona de peatones formado por loseta de hormig\u00f3n prefabricado<\/li>\n<\/ul>\n<p>&nbsp;<\/p>\n[\/et_pb_text][et_pb_text _builder_version=\u00bb4.16&#8243; _module_preset=\u00bbdefault\u00bb global_colors_info=\u00bb{}\u00bb]\n<h2>Organizaciones implicadas y personal<\/h2>\n[\/et_pb_text][et_pb_text _builder_version=\u00bb4.19.5&#8243; _module_preset=\u00bbdefault\u00bb text_font_size=\u00bb15px\u00bb global_colors_info=\u00bb{}\u00bb]\n<p>La <strong>direcci\u00f3n de ejecuci\u00f3n<\/strong> de esta obra estuvo bajo las manos de <a href=\"https:\/\/www.proega.net\/es\/\" target=\"_blank\" rel=\"noopener\">Proega<\/a>.<\/p>\n<p><strong> <\/strong><\/p>\n<p>Por otra parte, el <strong>jefe de obra<\/strong> de la construcci\u00f3n fue el arquitecto t\u00e9cnico Josep Sanz.<\/p>\n<p>&nbsp;<\/p>\n<p>&nbsp;<\/p>\n<p>\u00a1Gracias una vez m\u00e1s por confiar en nosotros y dejarnos formar parte de esta expansi\u00f3n! Cada vez son m\u00e1s los supermercados Eurospar ubicados en todo el territorio y nos sentimos inmensamente felices de formar parte de este crecimiento \ud83d\ude4c\ud83c\udffb<\/p>\n[\/et_pb_text][\/et_pb_column][\/et_pb_row][et_pb_row _builder_version=\u00bb4.16&#8243; _module_preset=\u00bbdefault\u00bb global_colors_info=\u00bb{}\u00bb][et_pb_column type=\u00bb4_4&#8243; _builder_version=\u00bb4.16&#8243; _module_preset=\u00bbdefault\u00bb global_colors_info=\u00bb{}\u00bb][et_pb_gallery gallery_ids=\u00bb5769,5777,5775,5838,5840,5773,5771,5834&#8243; fullwidth=\u00bbon\u00bb _builder_version=\u00bb4.20.0&#8243; _module_preset=\u00bbdefault\u00bb hover_enabled=\u00bb0&#8243; global_colors_info=\u00bb{}\u00bb sticky_enabled=\u00bb0&#8243;][\/et_pb_gallery][\/et_pb_column][\/et_pb_row][\/et_pb_section]\n","protected":false},"excerpt":{"rendered":"<p>Construcci\u00f3n de un nuevo supermercado Spar en Sant Jaume d&#8217;Enveja El Grupo Fragadis ampl\u00eda su presencia en todo el territorio. En este caso, en Sant Jaume d&#8217;Enveja, municipio de Les Terres de l\u2019Ebre, donde ha abierto un nuevo Eurospar. Cliente: Grupo Fragadis, Supermercados Spar Categor\u00eda: Sector comercial Sobre el proyecto Este febrero 2023, Sant Jaume [&hellip;]<\/p>\n","protected":false},"author":1,"featured_media":5766,"template":"","meta":{"_et_pb_use_builder":"on","_et_pb_old_content":"","_et_gb_content_width":"","_joinchat":[],"footnotes":""},"project_category":[],"project_tag":[37,36,138,40,136,300,153,172,139],"class_list":["post-5784","project","type-project","status-publish","has-post-thumbnail","hentry","project_tag-coasa","project_tag-construccion","project_tag-constructora-es","project_tag-construir","project_tag-obra-es","project_tag-prefabricacion-es","project_tag-proyecto-es","project_tag-proyecto-constructora-es","project_tag-spar-es"],"yoast_head":"<!-- This site is optimized with the Yoast SEO plugin v27.5 - https:\/\/yoast.com\/product\/yoast-seo-wordpress\/ -->\n<title>Construcci\u00f3n de un nuevo supermercado Spar en Sant Jaume d&#039;Enveja<\/title>\n<meta name=\"description\" content=\"Descubre uno de nuestros \u00faltimos proyectos: la construcci\u00f3n de un nuevo supermercado Spar en Sant Jaume de Enveja.\" \/>\n<meta name=\"robots\" content=\"index, follow, max-snippet:-1, max-image-preview:large, max-video-preview:-1\" \/>\n<link rel=\"canonical\" href=\"https:\/\/coasa.org\/es\/project\/construccion-de-un-nuevo-supermercado-spar-en-sant-jaume-denveja\/\" \/>\n<meta property=\"og:locale\" content=\"es_ES\" \/>\n<meta property=\"og:type\" content=\"article\" \/>\n<meta property=\"og:title\" content=\"Construcci\u00f3n de un nuevo supermercado Spar en Sant Jaume d&#039;Enveja\" \/>\n<meta property=\"og:description\" content=\"Descubre uno de nuestros \u00faltimos proyectos: la construcci\u00f3n de un nuevo supermercado Spar en Sant Jaume de Enveja.\" \/>\n<meta property=\"og:url\" content=\"https:\/\/coasa.org\/es\/project\/construccion-de-un-nuevo-supermercado-spar-en-sant-jaume-denveja\/\" \/>\n<meta property=\"og:site_name\" content=\"COASA, Empresa Constructora\" \/>\n<meta property=\"article:modified_time\" content=\"2023-11-14T09:13:53+00:00\" \/>\n<meta property=\"og:image\" content=\"https:\/\/coasa.org\/wp-content\/uploads\/2023\/01\/nou-supermercat-spar.jpg\" \/>\n\t<meta property=\"og:image:width\" content=\"800\" \/>\n\t<meta property=\"og:image:height\" content=\"600\" \/>\n\t<meta property=\"og:image:type\" content=\"image\/jpeg\" \/>\n<meta name=\"twitter:label1\" content=\"Tiempo de lectura\" \/>\n\t<meta name=\"twitter:data1\" content=\"5 minutos\" \/>\n<script type=\"application\/ld+json\" class=\"yoast-schema-graph\">{\"@context\":\"https:\\\/\\\/schema.org\",\"@graph\":[{\"@type\":\"WebPage\",\"@id\":\"https:\\\/\\\/coasa.org\\\/es\\\/project\\\/construccion-de-un-nuevo-supermercado-spar-en-sant-jaume-denveja\\\/\",\"url\":\"https:\\\/\\\/coasa.org\\\/es\\\/project\\\/construccion-de-un-nuevo-supermercado-spar-en-sant-jaume-denveja\\\/\",\"name\":\"Construcci\u00f3n de un nuevo supermercado Spar en Sant Jaume d'Enveja\",\"isPartOf\":{\"@id\":\"https:\\\/\\\/coasa.org\\\/es\\\/#website\"},\"primaryImageOfPage\":{\"@id\":\"https:\\\/\\\/coasa.org\\\/es\\\/project\\\/construccion-de-un-nuevo-supermercado-spar-en-sant-jaume-denveja\\\/#primaryimage\"},\"image\":{\"@id\":\"https:\\\/\\\/coasa.org\\\/es\\\/project\\\/construccion-de-un-nuevo-supermercado-spar-en-sant-jaume-denveja\\\/#primaryimage\"},\"thumbnailUrl\":\"https:\\\/\\\/coasa.org\\\/wp-content\\\/uploads\\\/2023\\\/01\\\/nou-supermercat-spar.jpg\",\"datePublished\":\"2023-02-02T09:00:09+00:00\",\"dateModified\":\"2023-11-14T09:13:53+00:00\",\"description\":\"Descubre uno de nuestros \u00faltimos proyectos: la construcci\u00f3n de un nuevo supermercado Spar en Sant Jaume de Enveja.\",\"breadcrumb\":{\"@id\":\"https:\\\/\\\/coasa.org\\\/es\\\/project\\\/construccion-de-un-nuevo-supermercado-spar-en-sant-jaume-denveja\\\/#breadcrumb\"},\"inLanguage\":\"es\",\"potentialAction\":[{\"@type\":\"ReadAction\",\"target\":[\"https:\\\/\\\/coasa.org\\\/es\\\/project\\\/construccion-de-un-nuevo-supermercado-spar-en-sant-jaume-denveja\\\/\"]}]},{\"@type\":\"ImageObject\",\"inLanguage\":\"es\",\"@id\":\"https:\\\/\\\/coasa.org\\\/es\\\/project\\\/construccion-de-un-nuevo-supermercado-spar-en-sant-jaume-denveja\\\/#primaryimage\",\"url\":\"https:\\\/\\\/coasa.org\\\/wp-content\\\/uploads\\\/2023\\\/01\\\/nou-supermercat-spar.jpg\",\"contentUrl\":\"https:\\\/\\\/coasa.org\\\/wp-content\\\/uploads\\\/2023\\\/01\\\/nou-supermercat-spar.jpg\",\"width\":800,\"height\":600,\"caption\":\"nou-supermercat-spar\"},{\"@type\":\"BreadcrumbList\",\"@id\":\"https:\\\/\\\/coasa.org\\\/es\\\/project\\\/construccion-de-un-nuevo-supermercado-spar-en-sant-jaume-denveja\\\/#breadcrumb\",\"itemListElement\":[{\"@type\":\"ListItem\",\"position\":1,\"name\":\"Portada\",\"item\":\"https:\\\/\\\/coasa.org\\\/es\\\/\"},{\"@type\":\"ListItem\",\"position\":2,\"name\":\"Proyectos\",\"item\":\"https:\\\/\\\/coasa.org\\\/es\\\/project\\\/\"},{\"@type\":\"ListItem\",\"position\":3,\"name\":\"Construcci\u00f3n de un nuevo supermercado Spar en Sant Jaume d&#8217;Enveja\"}]},{\"@type\":\"WebSite\",\"@id\":\"https:\\\/\\\/coasa.org\\\/es\\\/#website\",\"url\":\"https:\\\/\\\/coasa.org\\\/es\\\/\",\"name\":\"COASA, Empresa Constructora\",\"description\":\"Des del seu naixement COASA s&#039;ha destacat per una constant evoluci\u00f3 que ens permet\u00e9s una \u00e0gil adaptaci\u00f3 a les necessitats canviants del mercat de la construcci\u00f3 industrial.\",\"publisher\":{\"@id\":\"https:\\\/\\\/coasa.org\\\/es\\\/#organization\"},\"potentialAction\":[{\"@type\":\"SearchAction\",\"target\":{\"@type\":\"EntryPoint\",\"urlTemplate\":\"https:\\\/\\\/coasa.org\\\/es\\\/?s={search_term_string}\"},\"query-input\":{\"@type\":\"PropertyValueSpecification\",\"valueRequired\":true,\"valueName\":\"search_term_string\"}}],\"inLanguage\":\"es\"},{\"@type\":\"Organization\",\"@id\":\"https:\\\/\\\/coasa.org\\\/es\\\/#organization\",\"name\":\"Coasa\",\"url\":\"https:\\\/\\\/coasa.org\\\/es\\\/\",\"logo\":{\"@type\":\"ImageObject\",\"inLanguage\":\"es\",\"@id\":\"https:\\\/\\\/coasa.org\\\/es\\\/#\\\/schema\\\/logo\\\/image\\\/\",\"url\":\"https:\\\/\\\/coasa.org\\\/wp-content\\\/uploads\\\/2018\\\/10\\\/logo.png\",\"contentUrl\":\"https:\\\/\\\/coasa.org\\\/wp-content\\\/uploads\\\/2018\\\/10\\\/logo.png\",\"width\":500,\"height\":141,\"caption\":\"Coasa\"},\"image\":{\"@id\":\"https:\\\/\\\/coasa.org\\\/es\\\/#\\\/schema\\\/logo\\\/image\\\/\"},\"sameAs\":[\"https:\\\/\\\/www.linkedin.com\\\/company\\\/coasa\\\/\"]}]}<\/script>\n<!-- \/ Yoast SEO plugin. -->","yoast_head_json":{"title":"Construcci\u00f3n de un nuevo supermercado Spar en Sant Jaume d'Enveja","description":"Descubre uno de nuestros \u00faltimos proyectos: la construcci\u00f3n de un nuevo supermercado Spar en Sant Jaume de Enveja.","robots":{"index":"index","follow":"follow","max-snippet":"max-snippet:-1","max-image-preview":"max-image-preview:large","max-video-preview":"max-video-preview:-1"},"canonical":"https:\/\/coasa.org\/es\/project\/construccion-de-un-nuevo-supermercado-spar-en-sant-jaume-denveja\/","og_locale":"es_ES","og_type":"article","og_title":"Construcci\u00f3n de un nuevo supermercado Spar en Sant Jaume d'Enveja","og_description":"Descubre uno de nuestros \u00faltimos proyectos: la construcci\u00f3n de un nuevo supermercado Spar en Sant Jaume de Enveja.","og_url":"https:\/\/coasa.org\/es\/project\/construccion-de-un-nuevo-supermercado-spar-en-sant-jaume-denveja\/","og_site_name":"COASA, Empresa Constructora","article_modified_time":"2023-11-14T09:13:53+00:00","og_image":[{"width":800,"height":600,"url":"https:\/\/coasa.org\/wp-content\/uploads\/2023\/01\/nou-supermercat-spar.jpg","type":"image\/jpeg"}],"twitter_misc":{"Tiempo de lectura":"5 minutos"},"schema":{"@context":"https:\/\/schema.org","@graph":[{"@type":"WebPage","@id":"https:\/\/coasa.org\/es\/project\/construccion-de-un-nuevo-supermercado-spar-en-sant-jaume-denveja\/","url":"https:\/\/coasa.org\/es\/project\/construccion-de-un-nuevo-supermercado-spar-en-sant-jaume-denveja\/","name":"Construcci\u00f3n de un nuevo supermercado Spar en Sant Jaume d'Enveja","isPartOf":{"@id":"https:\/\/coasa.org\/es\/#website"},"primaryImageOfPage":{"@id":"https:\/\/coasa.org\/es\/project\/construccion-de-un-nuevo-supermercado-spar-en-sant-jaume-denveja\/#primaryimage"},"image":{"@id":"https:\/\/coasa.org\/es\/project\/construccion-de-un-nuevo-supermercado-spar-en-sant-jaume-denveja\/#primaryimage"},"thumbnailUrl":"https:\/\/coasa.org\/wp-content\/uploads\/2023\/01\/nou-supermercat-spar.jpg","datePublished":"2023-02-02T09:00:09+00:00","dateModified":"2023-11-14T09:13:53+00:00","description":"Descubre uno de nuestros \u00faltimos proyectos: la construcci\u00f3n de un nuevo supermercado Spar en Sant Jaume de Enveja.","breadcrumb":{"@id":"https:\/\/coasa.org\/es\/project\/construccion-de-un-nuevo-supermercado-spar-en-sant-jaume-denveja\/#breadcrumb"},"inLanguage":"es","potentialAction":[{"@type":"ReadAction","target":["https:\/\/coasa.org\/es\/project\/construccion-de-un-nuevo-supermercado-spar-en-sant-jaume-denveja\/"]}]},{"@type":"ImageObject","inLanguage":"es","@id":"https:\/\/coasa.org\/es\/project\/construccion-de-un-nuevo-supermercado-spar-en-sant-jaume-denveja\/#primaryimage","url":"https:\/\/coasa.org\/wp-content\/uploads\/2023\/01\/nou-supermercat-spar.jpg","contentUrl":"https:\/\/coasa.org\/wp-content\/uploads\/2023\/01\/nou-supermercat-spar.jpg","width":800,"height":600,"caption":"nou-supermercat-spar"},{"@type":"BreadcrumbList","@id":"https:\/\/coasa.org\/es\/project\/construccion-de-un-nuevo-supermercado-spar-en-sant-jaume-denveja\/#breadcrumb","itemListElement":[{"@type":"ListItem","position":1,"name":"Portada","item":"https:\/\/coasa.org\/es\/"},{"@type":"ListItem","position":2,"name":"Proyectos","item":"https:\/\/coasa.org\/es\/project\/"},{"@type":"ListItem","position":3,"name":"Construcci\u00f3n de un nuevo supermercado Spar en Sant Jaume d&#8217;Enveja"}]},{"@type":"WebSite","@id":"https:\/\/coasa.org\/es\/#website","url":"https:\/\/coasa.org\/es\/","name":"COASA, Empresa Constructora","description":"Des del seu naixement COASA s&#039;ha destacat per una constant evoluci\u00f3 que ens permet\u00e9s una \u00e0gil adaptaci\u00f3 a les necessitats canviants del mercat de la construcci\u00f3 industrial.","publisher":{"@id":"https:\/\/coasa.org\/es\/#organization"},"potentialAction":[{"@type":"SearchAction","target":{"@type":"EntryPoint","urlTemplate":"https:\/\/coasa.org\/es\/?s={search_term_string}"},"query-input":{"@type":"PropertyValueSpecification","valueRequired":true,"valueName":"search_term_string"}}],"inLanguage":"es"},{"@type":"Organization","@id":"https:\/\/coasa.org\/es\/#organization","name":"Coasa","url":"https:\/\/coasa.org\/es\/","logo":{"@type":"ImageObject","inLanguage":"es","@id":"https:\/\/coasa.org\/es\/#\/schema\/logo\/image\/","url":"https:\/\/coasa.org\/wp-content\/uploads\/2018\/10\/logo.png","contentUrl":"https:\/\/coasa.org\/wp-content\/uploads\/2018\/10\/logo.png","width":500,"height":141,"caption":"Coasa"},"image":{"@id":"https:\/\/coasa.org\/es\/#\/schema\/logo\/image\/"},"sameAs":["https:\/\/www.linkedin.com\/company\/coasa\/"]}]}},"_links":{"self":[{"href":"https:\/\/coasa.org\/es\/wp-json\/wp\/v2\/project\/5784","targetHints":{"allow":["GET"]}}],"collection":[{"href":"https:\/\/coasa.org\/es\/wp-json\/wp\/v2\/project"}],"about":[{"href":"https:\/\/coasa.org\/es\/wp-json\/wp\/v2\/types\/project"}],"author":[{"embeddable":true,"href":"https:\/\/coasa.org\/es\/wp-json\/wp\/v2\/users\/1"}],"version-history":[{"count":10,"href":"https:\/\/coasa.org\/es\/wp-json\/wp\/v2\/project\/5784\/revisions"}],"predecessor-version":[{"id":6344,"href":"https:\/\/coasa.org\/es\/wp-json\/wp\/v2\/project\/5784\/revisions\/6344"}],"wp:featuredmedia":[{"embeddable":true,"href":"https:\/\/coasa.org\/es\/wp-json\/wp\/v2\/media\/5766"}],"wp:attachment":[{"href":"https:\/\/coasa.org\/es\/wp-json\/wp\/v2\/media?parent=5784"}],"wp:term":[{"taxonomy":"project_category","embeddable":true,"href":"https:\/\/coasa.org\/es\/wp-json\/wp\/v2\/project_category?post=5784"},{"taxonomy":"project_tag","embeddable":true,"href":"https:\/\/coasa.org\/es\/wp-json\/wp\/v2\/project_tag?post=5784"}],"curies":[{"name":"wp","href":"https:\/\/api.w.org\/{rel}","templated":true}]}}