{"id":5879,"date":"2023-03-10T09:16:18","date_gmt":"2023-03-10T08:16:18","guid":{"rendered":"https:\/\/coasa.org\/?post_type=project&#038;p=5879"},"modified":"2023-11-14T10:46:06","modified_gmt":"2023-11-14T09:46:06","slug":"ampliacion-y-reforma-de-instalaciones-educativas","status":"publish","type":"project","link":"https:\/\/coasa.org\/es\/project\/ampliacion-y-reforma-de-instalaciones-educativas\/","title":{"rendered":"Ampliaci\u00f3n y reforma de instalaciones educativas"},"content":{"rendered":"[et_pb_section fb_built=\u00bb1&#8243; admin_label=\u00bbHero\u00bb _builder_version=\u00bb4.20.2&#8243; use_background_color_gradient=\u00bbon\u00bb background_color_gradient_type=\u00bbcircular\u00bb background_color_gradient_direction_radial=\u00bbtop left\u00bb background_color_gradient_stops=\u00bbrgba(40,40,40,0.45) 0%|rgba(40,40,40,0.45) 100%\u00bb background_color_gradient_overlays_image=\u00bbon\u00bb background_color_gradient_start=\u00bbrgba(40,40,40,0.45)\u00bb background_color_gradient_end=\u00bbrgba(40,40,40,0.45)\u00bb background_image=\u00bbhttps:\/\/coasa.org\/wp-content\/uploads\/2023\/03\/aulas-colegio-reformar.jpg\u00bb custom_margin=\u00bb||||false\u00bb custom_padding=\u00bb10vw||10vw||true|false\u00bb hover_enabled=\u00bb0&#8243; global_colors_info=\u00bb{}\u00bb alt=\u00bbaulas-colegio-reformar\u00bb title_text=\u00bbaulas-colegio-reformar\u00bb sticky_enabled=\u00bb0&#8243;][et_pb_row column_structure=\u00bb2_3,1_3&#8243; _builder_version=\u00bb4.16&#8243; global_colors_info=\u00bb{}\u00bb][et_pb_column type=\u00bb2_3&#8243; _builder_version=\u00bb4.16&#8243; custom_padding=\u00bb|||\u00bb global_colors_info=\u00bb{}\u00bb custom_padding__hover=\u00bb|||\u00bb][et_pb_text _builder_version=\u00bb4.20.2&#8243; text_font=\u00bb||||||||\u00bb header_font=\u00bbRubik|700|||||||\u00bb header_font_size=\u00bb64px\u00bb header_line_height=\u00bb1.1em\u00bb background_layout=\u00bbdark\u00bb max_width=\u00bb800px\u00bb custom_margin=\u00bb||0px|\u00bb custom_padding=\u00bb|||16px\u00bb hover_enabled=\u00bb0&#8243; text_font_size_tablet=\u00bb14px\u00bb text_font_size_last_edited=\u00bboff|desktop\u00bb header_font_size_tablet=\u00bb44px\u00bb header_font_size_phone=\u00bb32px\u00bb header_font_size_last_edited=\u00bbon|phone\u00bb border_color_all=\u00bb#6fb353&#8243; border_width_left=\u00bb10px\u00bb global_colors_info=\u00bb{}\u00bb sticky_enabled=\u00bb0&#8243;]\n<h1><strong>Ampliaci\u00f3n y reforma de instalaciones educativas <\/strong><\/h1>\n[\/et_pb_text][et_pb_text _builder_version=\u00bb4.20.2&#8243; text_font=\u00bb||||||||\u00bb text_font_size=\u00bb22px\u00bb text_line_height=\u00bb1.6em\u00bb header_font=\u00bb||||||||\u00bb background_layout=\u00bbdark\u00bb max_width=\u00bb800px\u00bb custom_margin=\u00bb|||\u00bb custom_padding=\u00bb20px||20px||true\u00bb hover_enabled=\u00bb0&#8243; text_font_size_tablet=\u00bb18px\u00bb text_font_size_phone=\u00bb\u00bb text_font_size_last_edited=\u00bbon|phone\u00bb global_colors_info=\u00bb{}\u00bb sticky_enabled=\u00bb0&#8243;]\n<p>El Lyc\u00e9e Fran\u00e7ais International de Reus, Marguerite Yourcenar, es un centro privado, multiling\u00fce e internacional que tiene como objetivo formar ciudadanos internacionales, con esp\u00edritu abierto, sentido cr\u00edtico y capacidad para vivir y trabajar en todo el mundo. <\/p>\n[\/et_pb_text][\/et_pb_column][et_pb_column type=\u00bb1_3&#8243; _builder_version=\u00bb4.16&#8243; custom_padding=\u00bb|||\u00bb global_colors_info=\u00bb{}\u00bb custom_padding__hover=\u00bb|||\u00bb][et_pb_text ul_type=\u00bbnone\u00bb ul_item_indent=\u00bb3px\u00bb _builder_version=\u00bb4.20.2&#8243; text_font=\u00bb||||||||\u00bb text_font_size=\u00bb16px\u00bb text_line_height=\u00bb1.8em\u00bb ul_font=\u00bbArimo||||||||\u00bb ul_font_size=\u00bb16px\u00bb ul_line_height=\u00bb2em\u00bb background_layout=\u00bbdark\u00bb custom_margin=\u00bb|||\u00bb custom_margin_last_edited=\u00bboff|desktop\u00bb hover_enabled=\u00bb0&#8243; locked=\u00bboff\u00bb global_colors_info=\u00bb{}\u00bb sticky_enabled=\u00bb0&#8243;]\n<ul>\n<li><strong>Cliente:<\/strong> Lyc\u00e9e Fran\u00e7ais International &#8211; Marguerite Yourcenar<\/li>\n<li><strong>Categor\u00eda:<\/strong> Sector educaci\u00f3n<\/li>\n<\/ul>\n[\/et_pb_text][\/et_pb_column][\/et_pb_row][\/et_pb_section][et_pb_section fb_built=\u00bb1&#8243; admin_label=\u00bbProject Details\u00bb _builder_version=\u00bb4.16&#8243; custom_padding=\u00bb90px||90px||true\u00bb global_colors_info=\u00bb{}\u00bb][et_pb_row column_structure=\u00bb1_2,1_2&#8243; _builder_version=\u00bb4.16&#8243; global_colors_info=\u00bb{}\u00bb][et_pb_column type=\u00bb1_2&#8243; _builder_version=\u00bb4.16&#8243; custom_padding=\u00bb|||\u00bb global_colors_info=\u00bb{}\u00bb custom_padding__hover=\u00bb|||\u00bb][et_pb_text _builder_version=\u00bb4.16&#8243; text_font=\u00bb||||||||\u00bb link_font=\u00bb||||||||\u00bb ul_font=\u00bb||||||||\u00bb ol_font=\u00bb||||||||\u00bb quote_font=\u00bb||||||||\u00bb header_font=\u00bb||||||||\u00bb header_2_font=\u00bbRubik|700|||||||\u00bb header_2_font_size=\u00bb42px\u00bb header_2_line_height=\u00bb1.2em\u00bb module_alignment=\u00bbcenter\u00bb custom_margin=\u00bb|||\u00bb custom_padding=\u00bb|||\u00bb header_2_font_size_tablet=\u00bb\u00bb header_2_font_size_phone=\u00bb36px\u00bb header_2_font_size_last_edited=\u00bbon|phone\u00bb locked=\u00bboff\u00bb global_colors_info=\u00bb{}\u00bb]\n<h2>Sobre el proyecto<\/h2>\n[\/et_pb_text][et_pb_divider color=\u00bb#6fb353&#8243; divider_position=\u00bbcenter\u00bb divider_weight=\u00bb5px\u00bb _builder_version=\u00bb4.16&#8243; max_width=\u00bb50px\u00bb locked=\u00bboff\u00bb global_colors_info=\u00bb{}\u00bb][\/et_pb_divider][et_pb_text _builder_version=\u00bb4.20.2&#8243; text_font=\u00bb||||||||\u00bb text_font_size=\u00bb15px\u00bb text_line_height=\u00bb1.8em\u00bb custom_padding=\u00bb||0px|||\u00bb custom_padding_tablet=\u00bb|40px||40px||true\u00bb custom_padding_last_edited=\u00bboff|desktop\u00bb hover_enabled=\u00bb0&#8243; locked=\u00bboff\u00bb global_colors_info=\u00bb{}\u00bb sticky_enabled=\u00bb0&#8243;]\n<p>El proyecto ha consistido en la <strong>ampliaci\u00f3n y reforma de sus instalaciones<\/strong>. En concreto, en la construcci\u00f3n de un nuevo edificio prefabricado para aulas y, tambi\u00e9n, en la reforma del interior de las aulas de ciencia y de los despachos.<\/p>\n<p>&nbsp;<\/p>\n<p>Agradecidos de formar parte de este proyecto llamado <em>Grandit Ensemble<\/em> (Crecer Juntos), cuyo objetivo es crear un lugar para el bienestar de los alumnos y del personal y seguir mejorando en su excelencia educativa.<\/p>\n[\/et_pb_text][\/et_pb_column][et_pb_column type=\u00bb1_2&#8243; _builder_version=\u00bb4.16&#8243; custom_padding=\u00bb|||\u00bb global_colors_info=\u00bb{}\u00bb custom_padding__hover=\u00bb|||\u00bb][et_pb_image src=\u00bbhttps:\/\/coasa.org\/wp-content\/uploads\/2023\/03\/reforma-aulas.jpg\u00bb alt=\u00bbreforma-aulas\u00bb title_text=\u00bbreforma-aulas\u00bb _builder_version=\u00bb4.20.2&#8243; _module_preset=\u00bbdefault\u00bb hover_enabled=\u00bb0&#8243; global_colors_info=\u00bb{}\u00bb sticky_enabled=\u00bb0&#8243;][\/et_pb_image][\/et_pb_column][\/et_pb_row][et_pb_row _builder_version=\u00bb4.16&#8243; global_colors_info=\u00bb{}\u00bb][et_pb_column type=\u00bb4_4&#8243; _builder_version=\u00bb4.16&#8243; custom_padding=\u00bb|||\u00bb global_colors_info=\u00bb{}\u00bb custom_padding__hover=\u00bb|||\u00bb][et_pb_text _builder_version=\u00bb4.16&#8243; _module_preset=\u00bbdefault\u00bb global_colors_info=\u00bb{}\u00bb]\n<h2>Caracter\u00edsticas del proyecto<\/h2>\n[\/et_pb_text][et_pb_text _builder_version=\u00bb4.20.2&#8243; _module_preset=\u00bbdefault\u00bb text_font_size=\u00bb15px\u00bb hover_enabled=\u00bb0&#8243; global_colors_info=\u00bb{}\u00bb sticky_enabled=\u00bb0&#8243;]\n<p>Este proyecto, iniciado y finalizado el pasado 2022, requer\u00eda una m\u00e1xima exigencia en plazos de ejecuci\u00f3n, puesto que el espacio ten\u00eda que abrir de cara al nuevo curso escolar.<\/p>\n<p>&nbsp;<\/p>\n<p>Adem\u00e1s, tambi\u00e9n requer\u00eda exigencia t\u00e9cnica en respuesta a los est\u00e1ndares exigidos por el Departamento de Educaci\u00f3n.<\/p>\n<p>&nbsp;<\/p>\n<p>Por tanto, la <strong>ampliaci\u00f3n y reforma de las instalaciones<\/strong> del Lyc\u00e9e Fran\u00e7ais International ha sido un proyecto que ped\u00eda compromiso, agilidad y optimizaci\u00f3n del tiempo.<\/p>\n<p>&nbsp;<\/p>\n<p>En este se realizaron dos actuaciones.<\/p>\n<p>&nbsp;<\/p>\n<p>Por un lado, la <strong>reforma del interior de las aulas de ciencia y los despachos<\/strong>, para adaptar estos espacios a las exigencias del sector educacional.<\/p>\n<p>&nbsp;<\/p>\n<p>Por otro, la <strong>formaci\u00f3n de una infraestructura para un edificio modular<\/strong>, el cual supondr\u00eda un nuevo espacio para aulas. Sus caracter\u00edsticas:<\/p>\n<ul>\n<li>Compuesto por excavaci\u00f3n<\/li>\n<li>Cimentaci\u00f3n<\/li>\n<li>Muros contenci\u00f3n<\/li>\n<li>Instalaciones sobre autoportantes<\/li>\n<li>Estructura met\u00e1lica<\/li>\n<li>Pavimentos y acondicionamiento exterior<\/li>\n<\/ul>\n<p>&nbsp;<\/p>\n<p>Gracias al compromiso y agilidad de nuestro equipo, la actuaci\u00f3n se realiz\u00f3 en un tiempo r\u00e9cord! \ud83d\udc4f\ud83c\udffb<\/p>\n<p>&nbsp;<\/p>\n[\/et_pb_text][et_pb_text _builder_version=\u00bb4.16&#8243; _module_preset=\u00bbdefault\u00bb global_colors_info=\u00bb{}\u00bb]\n<h2>Organizaciones implicadas y personal<\/h2>\n[\/et_pb_text][et_pb_text _builder_version=\u00bb4.20.2&#8243; _module_preset=\u00bbdefault\u00bb text_font_size=\u00bb15px\u00bb hover_enabled=\u00bb0&#8243; global_colors_info=\u00bb{}\u00bb sticky_enabled=\u00bb0&#8243;]\n<p>La <strong>direcci\u00f3n de ejecuci\u00f3n<\/strong> de esta obra estuvo bajo las manos de Pascual Alusi\u00f3 Puigdengolosa, SCP y, tambi\u00e9n, del ingeniero t\u00e9cnico industrial Enric Monlla\u00f3 Ramon.<\/p>\n<p><strong> <\/strong><\/p>\n<p>Por otra parte, el <strong>jefe de obra<\/strong> de la construcci\u00f3n fue Sergi Fontanet, integrante de Coasa.<\/p>\n<p>&nbsp;<\/p>\n<p>&nbsp;<\/p>\n<p>\u00a1Gracias para confiar en nosotros! Contentos y felices de aportar nuestro conocimiento y experiencia para crear espacios seguros y c\u00f3modos adaptados a las necesidades demandadas \ud83d\ude4c\ud83c\udffb<\/p>\n<p>&nbsp;<\/p>\n<p>\u00a1Haz <a href=\"https:\/\/www.diaridetarragona.com\/reus\/el-lycee-frances-amplia-y-renueva-sus-instalaciones-el-ano-que-celebra-su-primera-promocion-de-bachillerato-internacional-EJ12825441\"><u>clic<\/u><\/a> si quieres saber un poco m\u00e1s acerca del proyecto! \ud83d\udcf0 <\/p>\n[\/et_pb_text][\/et_pb_column][\/et_pb_row][et_pb_row _builder_version=\u00bb4.16&#8243; _module_preset=\u00bbdefault\u00bb global_colors_info=\u00bb{}\u00bb][et_pb_column type=\u00bb4_4&#8243; _builder_version=\u00bb4.16&#8243; _module_preset=\u00bbdefault\u00bb global_colors_info=\u00bb{}\u00bb][et_pb_gallery gallery_ids=\u00bb5856,5860,5862,5864,5870,5852,5872,5874,5854,5858,5866,5868&#8243; fullwidth=\u00bbon\u00bb _builder_version=\u00bb4.20.2&#8243; _module_preset=\u00bbdefault\u00bb hover_enabled=\u00bb0&#8243; global_colors_info=\u00bb{}\u00bb sticky_enabled=\u00bb0&#8243;][\/et_pb_gallery][\/et_pb_column][\/et_pb_row][\/et_pb_section]\n","protected":false},"excerpt":{"rendered":"<p>Ampliaci\u00f3n y reforma de instalaciones educativas El Lyc\u00e9e Fran\u00e7ais International de Reus, Marguerite Yourcenar, es un centro privado, multiling\u00fce e internacional que tiene como objetivo formar ciudadanos internacionales, con esp\u00edritu abierto, sentido cr\u00edtico y capacidad para vivir y trabajar en todo el mundo. Cliente: Lyc\u00e9e Fran\u00e7ais International &#8211; Marguerite Yourcenar Categor\u00eda: Sector educaci\u00f3n Sobre el [&hellip;]<\/p>\n","protected":false},"author":1,"featured_media":5846,"template":"","meta":{"_et_pb_use_builder":"on","_et_pb_old_content":"","_et_gb_content_width":"","_joinchat":[],"footnotes":""},"project_category":[387,389],"project_tag":[37,36,138,40,314,136,300,153,172,282,313,312],"class_list":["post-5879","project","type-project","status-publish","has-post-thumbnail","hentry","project_category-mantenimiento","project_category-rehabilitacion","project_tag-coasa","project_tag-construccion","project_tag-constructora-es","project_tag-construir","project_tag-edificio-modular-es","project_tag-obra-es","project_tag-prefabricacion-es","project_tag-proyecto-es","project_tag-proyecto-constructora-es","project_tag-reforma-es","project_tag-reforma-aulas-es","project_tag-reforma-centro-educativo-es"],"yoast_head":"<!-- This site is optimized with the Yoast SEO plugin v27.5 - https:\/\/yoast.com\/product\/yoast-seo-wordpress\/ -->\n<title>Ampliaci\u00f3n y reforma de instalaciones educativas - Proyectos<\/title>\n<meta name=\"description\" content=\"\u00a1Descubre uno de nuestros \u00faltimos proyectos: ampliaci\u00f3n y reforma de instalacions educativas en Reus! Entra para descubrirlo.\" \/>\n<meta name=\"robots\" content=\"index, follow, max-snippet:-1, max-image-preview:large, max-video-preview:-1\" \/>\n<link rel=\"canonical\" href=\"https:\/\/coasa.org\/es\/project\/ampliacion-y-reforma-de-instalaciones-educativas\/\" \/>\n<meta property=\"og:locale\" content=\"es_ES\" \/>\n<meta property=\"og:type\" content=\"article\" \/>\n<meta property=\"og:title\" content=\"Ampliaci\u00f3n y reforma de instalaciones educativas - Proyectos\" \/>\n<meta property=\"og:description\" content=\"\u00a1Descubre uno de nuestros \u00faltimos proyectos: ampliaci\u00f3n y reforma de instalacions educativas en Reus! Entra para descubrirlo.\" \/>\n<meta property=\"og:url\" content=\"https:\/\/coasa.org\/es\/project\/ampliacion-y-reforma-de-instalaciones-educativas\/\" \/>\n<meta property=\"og:site_name\" content=\"COASA, Empresa Constructora\" \/>\n<meta property=\"article:modified_time\" content=\"2023-11-14T09:46:06+00:00\" \/>\n<meta property=\"og:image\" content=\"https:\/\/coasa.org\/wp-content\/uploads\/2023\/03\/reforma-instalaciones-educativas.jpg\" \/>\n\t<meta property=\"og:image:width\" content=\"800\" \/>\n\t<meta property=\"og:image:height\" content=\"600\" \/>\n\t<meta property=\"og:image:type\" content=\"image\/jpeg\" \/>\n<meta name=\"twitter:label1\" content=\"Tiempo de lectura\" \/>\n\t<meta name=\"twitter:data1\" content=\"6 minutos\" \/>\n<script type=\"application\/ld+json\" class=\"yoast-schema-graph\">{\"@context\":\"https:\\\/\\\/schema.org\",\"@graph\":[{\"@type\":\"WebPage\",\"@id\":\"https:\\\/\\\/coasa.org\\\/es\\\/project\\\/ampliacion-y-reforma-de-instalaciones-educativas\\\/\",\"url\":\"https:\\\/\\\/coasa.org\\\/es\\\/project\\\/ampliacion-y-reforma-de-instalaciones-educativas\\\/\",\"name\":\"Ampliaci\u00f3n y reforma de instalaciones educativas - Proyectos\",\"isPartOf\":{\"@id\":\"https:\\\/\\\/coasa.org\\\/es\\\/#website\"},\"primaryImageOfPage\":{\"@id\":\"https:\\\/\\\/coasa.org\\\/es\\\/project\\\/ampliacion-y-reforma-de-instalaciones-educativas\\\/#primaryimage\"},\"image\":{\"@id\":\"https:\\\/\\\/coasa.org\\\/es\\\/project\\\/ampliacion-y-reforma-de-instalaciones-educativas\\\/#primaryimage\"},\"thumbnailUrl\":\"https:\\\/\\\/coasa.org\\\/wp-content\\\/uploads\\\/2023\\\/03\\\/reforma-instalaciones-educativas.jpg\",\"datePublished\":\"2023-03-10T08:16:18+00:00\",\"dateModified\":\"2023-11-14T09:46:06+00:00\",\"description\":\"\u00a1Descubre uno de nuestros \u00faltimos proyectos: ampliaci\u00f3n y reforma de instalacions educativas en Reus! Entra para descubrirlo.\",\"breadcrumb\":{\"@id\":\"https:\\\/\\\/coasa.org\\\/es\\\/project\\\/ampliacion-y-reforma-de-instalaciones-educativas\\\/#breadcrumb\"},\"inLanguage\":\"es\",\"potentialAction\":[{\"@type\":\"ReadAction\",\"target\":[\"https:\\\/\\\/coasa.org\\\/es\\\/project\\\/ampliacion-y-reforma-de-instalaciones-educativas\\\/\"]}]},{\"@type\":\"ImageObject\",\"inLanguage\":\"es\",\"@id\":\"https:\\\/\\\/coasa.org\\\/es\\\/project\\\/ampliacion-y-reforma-de-instalaciones-educativas\\\/#primaryimage\",\"url\":\"https:\\\/\\\/coasa.org\\\/wp-content\\\/uploads\\\/2023\\\/03\\\/reforma-instalaciones-educativas.jpg\",\"contentUrl\":\"https:\\\/\\\/coasa.org\\\/wp-content\\\/uploads\\\/2023\\\/03\\\/reforma-instalaciones-educativas.jpg\",\"width\":800,\"height\":600,\"caption\":\"reforma-instalaciones-educativas\"},{\"@type\":\"BreadcrumbList\",\"@id\":\"https:\\\/\\\/coasa.org\\\/es\\\/project\\\/ampliacion-y-reforma-de-instalaciones-educativas\\\/#breadcrumb\",\"itemListElement\":[{\"@type\":\"ListItem\",\"position\":1,\"name\":\"Portada\",\"item\":\"https:\\\/\\\/coasa.org\\\/es\\\/\"},{\"@type\":\"ListItem\",\"position\":2,\"name\":\"Proyectos\",\"item\":\"https:\\\/\\\/coasa.org\\\/es\\\/project\\\/\"},{\"@type\":\"ListItem\",\"position\":3,\"name\":\"Ampliaci\u00f3n y reforma de instalaciones educativas\"}]},{\"@type\":\"WebSite\",\"@id\":\"https:\\\/\\\/coasa.org\\\/es\\\/#website\",\"url\":\"https:\\\/\\\/coasa.org\\\/es\\\/\",\"name\":\"COASA, Empresa Constructora\",\"description\":\"Des del seu naixement COASA s&#039;ha destacat per una constant evoluci\u00f3 que ens permet\u00e9s una \u00e0gil adaptaci\u00f3 a les necessitats canviants del mercat de la construcci\u00f3 industrial.\",\"publisher\":{\"@id\":\"https:\\\/\\\/coasa.org\\\/es\\\/#organization\"},\"potentialAction\":[{\"@type\":\"SearchAction\",\"target\":{\"@type\":\"EntryPoint\",\"urlTemplate\":\"https:\\\/\\\/coasa.org\\\/es\\\/?s={search_term_string}\"},\"query-input\":{\"@type\":\"PropertyValueSpecification\",\"valueRequired\":true,\"valueName\":\"search_term_string\"}}],\"inLanguage\":\"es\"},{\"@type\":\"Organization\",\"@id\":\"https:\\\/\\\/coasa.org\\\/es\\\/#organization\",\"name\":\"Coasa\",\"url\":\"https:\\\/\\\/coasa.org\\\/es\\\/\",\"logo\":{\"@type\":\"ImageObject\",\"inLanguage\":\"es\",\"@id\":\"https:\\\/\\\/coasa.org\\\/es\\\/#\\\/schema\\\/logo\\\/image\\\/\",\"url\":\"https:\\\/\\\/coasa.org\\\/wp-content\\\/uploads\\\/2018\\\/10\\\/logo.png\",\"contentUrl\":\"https:\\\/\\\/coasa.org\\\/wp-content\\\/uploads\\\/2018\\\/10\\\/logo.png\",\"width\":500,\"height\":141,\"caption\":\"Coasa\"},\"image\":{\"@id\":\"https:\\\/\\\/coasa.org\\\/es\\\/#\\\/schema\\\/logo\\\/image\\\/\"},\"sameAs\":[\"https:\\\/\\\/www.linkedin.com\\\/company\\\/coasa\\\/\"]}]}<\/script>\n<!-- \/ Yoast SEO plugin. -->","yoast_head_json":{"title":"Ampliaci\u00f3n y reforma de instalaciones educativas - Proyectos","description":"\u00a1Descubre uno de nuestros \u00faltimos proyectos: ampliaci\u00f3n y reforma de instalacions educativas en Reus! Entra para descubrirlo.","robots":{"index":"index","follow":"follow","max-snippet":"max-snippet:-1","max-image-preview":"max-image-preview:large","max-video-preview":"max-video-preview:-1"},"canonical":"https:\/\/coasa.org\/es\/project\/ampliacion-y-reforma-de-instalaciones-educativas\/","og_locale":"es_ES","og_type":"article","og_title":"Ampliaci\u00f3n y reforma de instalaciones educativas - Proyectos","og_description":"\u00a1Descubre uno de nuestros \u00faltimos proyectos: ampliaci\u00f3n y reforma de instalacions educativas en Reus! Entra para descubrirlo.","og_url":"https:\/\/coasa.org\/es\/project\/ampliacion-y-reforma-de-instalaciones-educativas\/","og_site_name":"COASA, Empresa Constructora","article_modified_time":"2023-11-14T09:46:06+00:00","og_image":[{"width":800,"height":600,"url":"https:\/\/coasa.org\/wp-content\/uploads\/2023\/03\/reforma-instalaciones-educativas.jpg","type":"image\/jpeg"}],"twitter_misc":{"Tiempo de lectura":"6 minutos"},"schema":{"@context":"https:\/\/schema.org","@graph":[{"@type":"WebPage","@id":"https:\/\/coasa.org\/es\/project\/ampliacion-y-reforma-de-instalaciones-educativas\/","url":"https:\/\/coasa.org\/es\/project\/ampliacion-y-reforma-de-instalaciones-educativas\/","name":"Ampliaci\u00f3n y reforma de instalaciones educativas - Proyectos","isPartOf":{"@id":"https:\/\/coasa.org\/es\/#website"},"primaryImageOfPage":{"@id":"https:\/\/coasa.org\/es\/project\/ampliacion-y-reforma-de-instalaciones-educativas\/#primaryimage"},"image":{"@id":"https:\/\/coasa.org\/es\/project\/ampliacion-y-reforma-de-instalaciones-educativas\/#primaryimage"},"thumbnailUrl":"https:\/\/coasa.org\/wp-content\/uploads\/2023\/03\/reforma-instalaciones-educativas.jpg","datePublished":"2023-03-10T08:16:18+00:00","dateModified":"2023-11-14T09:46:06+00:00","description":"\u00a1Descubre uno de nuestros \u00faltimos proyectos: ampliaci\u00f3n y reforma de instalacions educativas en Reus! Entra para descubrirlo.","breadcrumb":{"@id":"https:\/\/coasa.org\/es\/project\/ampliacion-y-reforma-de-instalaciones-educativas\/#breadcrumb"},"inLanguage":"es","potentialAction":[{"@type":"ReadAction","target":["https:\/\/coasa.org\/es\/project\/ampliacion-y-reforma-de-instalaciones-educativas\/"]}]},{"@type":"ImageObject","inLanguage":"es","@id":"https:\/\/coasa.org\/es\/project\/ampliacion-y-reforma-de-instalaciones-educativas\/#primaryimage","url":"https:\/\/coasa.org\/wp-content\/uploads\/2023\/03\/reforma-instalaciones-educativas.jpg","contentUrl":"https:\/\/coasa.org\/wp-content\/uploads\/2023\/03\/reforma-instalaciones-educativas.jpg","width":800,"height":600,"caption":"reforma-instalaciones-educativas"},{"@type":"BreadcrumbList","@id":"https:\/\/coasa.org\/es\/project\/ampliacion-y-reforma-de-instalaciones-educativas\/#breadcrumb","itemListElement":[{"@type":"ListItem","position":1,"name":"Portada","item":"https:\/\/coasa.org\/es\/"},{"@type":"ListItem","position":2,"name":"Proyectos","item":"https:\/\/coasa.org\/es\/project\/"},{"@type":"ListItem","position":3,"name":"Ampliaci\u00f3n y reforma de instalaciones educativas"}]},{"@type":"WebSite","@id":"https:\/\/coasa.org\/es\/#website","url":"https:\/\/coasa.org\/es\/","name":"COASA, Empresa Constructora","description":"Des del seu naixement COASA s&#039;ha destacat per una constant evoluci\u00f3 que ens permet\u00e9s una \u00e0gil adaptaci\u00f3 a les necessitats canviants del mercat de la construcci\u00f3 industrial.","publisher":{"@id":"https:\/\/coasa.org\/es\/#organization"},"potentialAction":[{"@type":"SearchAction","target":{"@type":"EntryPoint","urlTemplate":"https:\/\/coasa.org\/es\/?s={search_term_string}"},"query-input":{"@type":"PropertyValueSpecification","valueRequired":true,"valueName":"search_term_string"}}],"inLanguage":"es"},{"@type":"Organization","@id":"https:\/\/coasa.org\/es\/#organization","name":"Coasa","url":"https:\/\/coasa.org\/es\/","logo":{"@type":"ImageObject","inLanguage":"es","@id":"https:\/\/coasa.org\/es\/#\/schema\/logo\/image\/","url":"https:\/\/coasa.org\/wp-content\/uploads\/2018\/10\/logo.png","contentUrl":"https:\/\/coasa.org\/wp-content\/uploads\/2018\/10\/logo.png","width":500,"height":141,"caption":"Coasa"},"image":{"@id":"https:\/\/coasa.org\/es\/#\/schema\/logo\/image\/"},"sameAs":["https:\/\/www.linkedin.com\/company\/coasa\/"]}]}},"_links":{"self":[{"href":"https:\/\/coasa.org\/es\/wp-json\/wp\/v2\/project\/5879","targetHints":{"allow":["GET"]}}],"collection":[{"href":"https:\/\/coasa.org\/es\/wp-json\/wp\/v2\/project"}],"about":[{"href":"https:\/\/coasa.org\/es\/wp-json\/wp\/v2\/types\/project"}],"author":[{"embeddable":true,"href":"https:\/\/coasa.org\/es\/wp-json\/wp\/v2\/users\/1"}],"version-history":[{"count":7,"href":"https:\/\/coasa.org\/es\/wp-json\/wp\/v2\/project\/5879\/revisions"}],"predecessor-version":[{"id":5886,"href":"https:\/\/coasa.org\/es\/wp-json\/wp\/v2\/project\/5879\/revisions\/5886"}],"wp:featuredmedia":[{"embeddable":true,"href":"https:\/\/coasa.org\/es\/wp-json\/wp\/v2\/media\/5846"}],"wp:attachment":[{"href":"https:\/\/coasa.org\/es\/wp-json\/wp\/v2\/media?parent=5879"}],"wp:term":[{"taxonomy":"project_category","embeddable":true,"href":"https:\/\/coasa.org\/es\/wp-json\/wp\/v2\/project_category?post=5879"},{"taxonomy":"project_tag","embeddable":true,"href":"https:\/\/coasa.org\/es\/wp-json\/wp\/v2\/project_tag?post=5879"}],"curies":[{"name":"wp","href":"https:\/\/api.w.org\/{rel}","templated":true}]}}