{"id":5964,"date":"2023-04-26T12:30:30","date_gmt":"2023-04-26T10:30:30","guid":{"rendered":"https:\/\/coasa.org\/project\/rehabilitacion-de-un-edificio-modernista\/"},"modified":"2023-11-14T10:13:32","modified_gmt":"2023-11-14T09:13:32","slug":"rehabilitacion-de-un-edificio-modernista","status":"publish","type":"project","link":"https:\/\/coasa.org\/es\/project\/rehabilitacion-de-un-edificio-modernista\/","title":{"rendered":"Rehabilitaci\u00f3n de un edificio modernista"},"content":{"rendered":"[et_pb_section fb_built=\u00bb1&#8243; admin_label=\u00bbHero\u00bb _builder_version=\u00bb4.20.4&#8243; background_color=\u00bbRGBA(255,255,255,0)\u00bb use_background_color_gradient=\u00bbon\u00bb background_color_gradient_type=\u00bbcircular\u00bb background_color_gradient_direction_radial=\u00bbtop left\u00bb background_color_gradient_stops=\u00bbrgba(40,40,40,0.45) 0%|rgba(40,40,40,0.45) 100%\u00bb background_color_gradient_overlays_image=\u00bbon\u00bb background_color_gradient_start=\u00bbrgba(40,40,40,0.45)\u00bb background_color_gradient_end=\u00bbrgba(40,40,40,0.45)\u00bb background_image=\u00bbhttps:\/\/coasa.org\/wp-content\/uploads\/2023\/04\/reforma-edificio.jpg\u00bb custom_margin=\u00bb||||false\u00bb custom_padding=\u00bb10vw||10vw||true|false\u00bb global_colors_info=\u00bb{}\u00bb][et_pb_row column_structure=\u00bb2_3,1_3&#8243; _builder_version=\u00bb4.16&#8243; global_colors_info=\u00bb{}\u00bb][et_pb_column type=\u00bb2_3&#8243; _builder_version=\u00bb4.16&#8243; custom_padding=\u00bb|||\u00bb global_colors_info=\u00bb{}\u00bb custom_padding__hover=\u00bb|||\u00bb][et_pb_text _builder_version=\u00bb4.20.2&#8243; text_font=\u00bb||||||||\u00bb header_font=\u00bbRubik|700|||||||\u00bb header_font_size=\u00bb64px\u00bb header_line_height=\u00bb1.1em\u00bb background_layout=\u00bbdark\u00bb max_width=\u00bb800px\u00bb custom_margin=\u00bb||0px|\u00bb custom_padding=\u00bb|||16px\u00bb text_font_size_tablet=\u00bb14px\u00bb text_font_size_last_edited=\u00bboff|desktop\u00bb header_font_size_tablet=\u00bb44px\u00bb header_font_size_phone=\u00bb32px\u00bb header_font_size_last_edited=\u00bbon|phone\u00bb border_color_all=\u00bb#6fb353&#8243; border_width_left=\u00bb10px\u00bb global_colors_info=\u00bb{}\u00bb]\n<h1><strong>Rehabilitaci\u00f3n de un edificio modernista <\/strong><\/h1>\n[\/et_pb_text][et_pb_text _builder_version=\u00bb4.20.4&#8243; text_font=\u00bb||||||||\u00bb text_font_size=\u00bb22px\u00bb text_line_height=\u00bb1.6em\u00bb header_font=\u00bb||||||||\u00bb background_layout=\u00bbdark\u00bb max_width=\u00bb800px\u00bb custom_margin=\u00bb|||\u00bb custom_padding=\u00bb20px||20px||true\u00bb text_font_size_tablet=\u00bb18px\u00bb text_font_size_phone=\u00bb\u00bb text_font_size_last_edited=\u00bbon|phone\u00bb global_colors_info=\u00bb{}\u00bb]\n<p>El Mas Totosaus es un cortijo del a\u00f1o 1906 del arquitecto Pere Caselles que ahora, con la rehabilitaci\u00f3n ejecutada, acontecer\u00e1 un nuevo Servicio de Atenci\u00f3n y Orientaci\u00f3n a las Familias.<\/p>\n[\/et_pb_text][\/et_pb_column][et_pb_column type=\u00bb1_3&#8243; _builder_version=\u00bb4.16&#8243; custom_padding=\u00bb|||\u00bb global_colors_info=\u00bb{}\u00bb custom_padding__hover=\u00bb|||\u00bb][et_pb_text ul_type=\u00bbnone\u00bb ul_item_indent=\u00bb3px\u00bb _builder_version=\u00bb4.20.2&#8243; text_font=\u00bb||||||||\u00bb text_font_size=\u00bb16px\u00bb text_line_height=\u00bb1.8em\u00bb ul_font=\u00bbArimo||||||||\u00bb ul_font_size=\u00bb16px\u00bb ul_line_height=\u00bb2em\u00bb background_layout=\u00bbdark\u00bb custom_margin=\u00bb|||\u00bb custom_margin_last_edited=\u00bboff|desktop\u00bb locked=\u00bboff\u00bb global_colors_info=\u00bb{}\u00bb]\n<ul>\n<li><strong>Cliente:<\/strong> Ayuntamiento de Reus<\/li>\n<li><strong>Categor\u00eda:<\/strong> Obra p\u00fablica &#8211; Rehabilitaci\u00f3n <\/li>\n<\/ul>\n[\/et_pb_text][\/et_pb_column][\/et_pb_row][\/et_pb_section][et_pb_section fb_built=\u00bb1&#8243; admin_label=\u00bbProject Details\u00bb _builder_version=\u00bb4.16&#8243; custom_padding=\u00bb90px||90px||true\u00bb global_colors_info=\u00bb{}\u00bb][et_pb_row column_structure=\u00bb1_2,1_2&#8243; _builder_version=\u00bb4.16&#8243; global_colors_info=\u00bb{}\u00bb][et_pb_column type=\u00bb1_2&#8243; _builder_version=\u00bb4.16&#8243; custom_padding=\u00bb|||\u00bb global_colors_info=\u00bb{}\u00bb custom_padding__hover=\u00bb|||\u00bb][et_pb_text _builder_version=\u00bb4.16&#8243; text_font=\u00bb||||||||\u00bb link_font=\u00bb||||||||\u00bb ul_font=\u00bb||||||||\u00bb ol_font=\u00bb||||||||\u00bb quote_font=\u00bb||||||||\u00bb header_font=\u00bb||||||||\u00bb header_2_font=\u00bbRubik|700|||||||\u00bb header_2_font_size=\u00bb42px\u00bb header_2_line_height=\u00bb1.2em\u00bb module_alignment=\u00bbcenter\u00bb custom_margin=\u00bb|||\u00bb custom_padding=\u00bb|||\u00bb header_2_font_size_tablet=\u00bb\u00bb header_2_font_size_phone=\u00bb36px\u00bb header_2_font_size_last_edited=\u00bbon|phone\u00bb locked=\u00bboff\u00bb global_colors_info=\u00bb{}\u00bb]\n<h2>Sobre el proyecto<\/h2>\n[\/et_pb_text][et_pb_divider color=\u00bb#6fb353&#8243; divider_position=\u00bbcenter\u00bb divider_weight=\u00bb5px\u00bb _builder_version=\u00bb4.16&#8243; max_width=\u00bb50px\u00bb locked=\u00bboff\u00bb global_colors_info=\u00bb{}\u00bb][\/et_pb_divider][et_pb_text _builder_version=\u00bb4.20.2&#8243; text_font=\u00bb||||||||\u00bb text_font_size=\u00bb15px\u00bb text_line_height=\u00bb1.8em\u00bb custom_padding=\u00bb||0px|||\u00bb custom_padding_tablet=\u00bb|40px||40px||true\u00bb custom_padding_last_edited=\u00bboff|desktop\u00bb locked=\u00bboff\u00bb global_colors_info=\u00bb{}\u00bb]\n<p>El proyecto ha consistido en la <strong>rehabilitaci\u00f3n del edificio modernista<\/strong> situado en la plaza Frida Kahlo de Reus: el Mas Totosaus.<\/p>\n<p>&nbsp;<\/p>\n<p>Hac\u00eda tiempo que el edificio estaba abandonado, por lo tanto, con la rehabilitaci\u00f3n del edificio se podr\u00e1 destinar a espacio administrativo.<\/p>\n<p>&nbsp;<\/p>\n<p>Agradecidos de poder cuidar y dar una segunda vida a edificios que tienen un valor patrimonial \u00fanico.<\/p>\n[\/et_pb_text][\/et_pb_column][et_pb_column type=\u00bb1_2&#8243; _builder_version=\u00bb4.16&#8243; custom_padding=\u00bb|||\u00bb global_colors_info=\u00bb{}\u00bb custom_padding__hover=\u00bb|||\u00bb][et_pb_image src=\u00bbhttps:\/\/coasa.org\/wp-content\/uploads\/2023\/04\/rehabilitacio-edifici-modernista.jpg\u00bb alt=\u00bbrehabilitacion-edificio-modernista\u00bb title_text=\u00bbrehabilitacion-edificio-modernista\u00bb _builder_version=\u00bb4.20.4&#8243; _module_preset=\u00bbdefault\u00bb global_colors_info=\u00bb{}\u00bb][\/et_pb_image][\/et_pb_column][\/et_pb_row][et_pb_row _builder_version=\u00bb4.16&#8243; global_colors_info=\u00bb{}\u00bb][et_pb_column type=\u00bb4_4&#8243; _builder_version=\u00bb4.16&#8243; custom_padding=\u00bb|||\u00bb global_colors_info=\u00bb{}\u00bb custom_padding__hover=\u00bb|||\u00bb][et_pb_text _builder_version=\u00bb4.16&#8243; _module_preset=\u00bbdefault\u00bb global_colors_info=\u00bb{}\u00bb]\n<h2>Caracter\u00edsticas del proyecto<\/h2>\n[\/et_pb_text][et_pb_text _builder_version=\u00bb4.20.4&#8243; _module_preset=\u00bbdefault\u00bb text_font_size=\u00bb15px\u00bb global_colors_info=\u00bb{}\u00bb]\n<p>La actuaci\u00f3n en este proyecto consist\u00eda en restaurar y rehabilitar el edificio <strong>adapt\u00e1ndolo a las necesidades actuales<\/strong> de accesibilidad, confort y seguridad. Por supuesto, manteniendo al m\u00e1ximo la esencia original del edificio.<\/p>\n<p>&nbsp;<\/p>\n<p>As\u00ed pues, la rehabilitaci\u00f3n ha consistido en la <strong>impermeabilizaci\u00f3n<\/strong> de la cubierta, <strong>rehabilitaci\u00f3n<\/strong> de los pavimentos, carpinter\u00edas interiores y exteriores, fachadas y paredes. Tambi\u00e9n, en poner a punto las <strong>instalaciones el\u00e9ctricas.<\/strong><\/p>\n<p>&nbsp;<\/p>\n<p>De la planta baja, la sala central se destinar\u00e1 a espacio polivalente y de reuniones, mientras que las dos salas posteriores ser\u00e1n despachos. La sala contigua al porche ser\u00e1 un almac\u00e9n.<\/p>\n<p>&nbsp;<\/p>\n<p>As\u00ed pues, el principal objetivo del proyecto ha sido adaptar el edificio a las necesidades actuales, tanto para darle una segunda vida a cortijo como para proteger y cuidar los usuarios que lo frecuentar\u00e1n. Todo, claro, para convertir el edificio en un <strong>equipo de servicio a la ciudadan\u00eda.<\/strong><\/p>\n<p>&nbsp;<\/p>\n[\/et_pb_text][et_pb_text _builder_version=\u00bb4.16&#8243; _module_preset=\u00bbdefault\u00bb global_colors_info=\u00bb{}\u00bb]\n<h2>Organizaciones implicadas y personal<\/h2>\n[\/et_pb_text][et_pb_text _builder_version=\u00bb4.20.4&#8243; _module_preset=\u00bbdefault\u00bb text_font_size=\u00bb15px\u00bb global_colors_info=\u00bb{}\u00bb]\n<p>El <strong>jefe de obra<\/strong> de la construcci\u00f3n fue Xavier Navarro, integrante de Coasa.<\/p>\n<p>&nbsp;<\/p>\n<p>&nbsp;<\/p>\n<p>Gracias por confiar en nosotros a la hora de rehabilitar espacios de tal riqueza cultural. Agradecidos y agradecidas de aportar nuestra experiencia y conocimientos para hacerlo realidad.<\/p>\n<p>&nbsp;<\/p>\n<p>\u00a1Si quieres saber un poco m\u00e1s, <a href=\"https:\/\/www.reusdigital.cat\/noticia\/97935\/finalitza-primera-fase-rehabilitacio-mas-totosaus%20\" target=\"_blank\" rel=\"noopener\">haz clic en el enlace<\/a>! <\/p>\n[\/et_pb_text][\/et_pb_column][\/et_pb_row][et_pb_row _builder_version=\u00bb4.16&#8243; _module_preset=\u00bbdefault\u00bb global_colors_info=\u00bb{}\u00bb][et_pb_column type=\u00bb4_4&#8243; _builder_version=\u00bb4.16&#8243; _module_preset=\u00bbdefault\u00bb global_colors_info=\u00bb{}\u00bb][et_pb_gallery gallery_ids=\u00bb5956,5958,5954,5952&#8243; fullwidth=\u00bbon\u00bb _builder_version=\u00bb4.20.4&#8243; _module_preset=\u00bbdefault\u00bb global_colors_info=\u00bb{}\u00bb][\/et_pb_gallery][\/et_pb_column][\/et_pb_row][\/et_pb_section]\n","protected":false},"excerpt":{"rendered":"<p>Rehabilitaci\u00f3n de un edificio modernista El Mas Totosaus es un cortijo del a\u00f1o 1906 del arquitecto Pere Caselles que ahora, con la rehabilitaci\u00f3n ejecutada, acontecer\u00e1 un nuevo Servicio de Atenci\u00f3n y Orientaci\u00f3n a las Familias. Cliente: Ayuntamiento de Reus Categor\u00eda: Obra p\u00fablica &#8211; Rehabilitaci\u00f3n Sobre el proyecto El proyecto ha consistido en la rehabilitaci\u00f3n del [&hellip;]<\/p>\n","protected":false},"author":1,"featured_media":5951,"template":"","meta":{"_et_pb_use_builder":"on","_et_pb_old_content":"","_et_gb_content_width":"","_joinchat":[],"footnotes":""},"project_category":[],"project_tag":[37,36,138,40,136,172,282,332,276,331],"class_list":["post-5964","project","type-project","status-publish","has-post-thumbnail","hentry","project_tag-coasa","project_tag-construccion","project_tag-constructora-es","project_tag-construir","project_tag-obra-es","project_tag-proyecto-constructora-es","project_tag-reforma-es","project_tag-reforma-cortijo","project_tag-rehabilitacion-es","project_tag-rehabilitacion-obra-publica-es"],"yoast_head":"<!-- This site is optimized with the Yoast SEO plugin v27.5 - https:\/\/yoast.com\/product\/yoast-seo-wordpress\/ -->\n<title>Rehabilitaci\u00f3n de un edificio modernista - Coasa<\/title>\n<meta name=\"description\" content=\"\u00bfQuieres descubrir uno de nuestros \u00faltimos proyectos? \u00a1Echa un vistazo a la rehabilitaci\u00f3n de un edificio modernista!\" \/>\n<meta name=\"robots\" content=\"index, follow, max-snippet:-1, max-image-preview:large, max-video-preview:-1\" \/>\n<link rel=\"canonical\" href=\"https:\/\/coasa.org\/es\/project\/rehabilitacion-de-un-edificio-modernista\/\" \/>\n<meta property=\"og:locale\" content=\"es_ES\" \/>\n<meta property=\"og:type\" content=\"article\" \/>\n<meta property=\"og:title\" content=\"Rehabilitaci\u00f3n de un edificio modernista - Coasa\" \/>\n<meta property=\"og:description\" content=\"\u00bfQuieres descubrir uno de nuestros \u00faltimos proyectos? \u00a1Echa un vistazo a la rehabilitaci\u00f3n de un edificio modernista!\" \/>\n<meta property=\"og:url\" content=\"https:\/\/coasa.org\/es\/project\/rehabilitacion-de-un-edificio-modernista\/\" \/>\n<meta property=\"og:site_name\" content=\"COASA, Empresa Constructora\" \/>\n<meta property=\"article:modified_time\" content=\"2023-11-14T09:13:32+00:00\" \/>\n<meta property=\"og:image\" content=\"https:\/\/coasa.org\/wp-content\/uploads\/2023\/04\/rehabilitacio-edifici.jpg\" \/>\n\t<meta property=\"og:image:width\" content=\"800\" \/>\n\t<meta property=\"og:image:height\" content=\"600\" \/>\n\t<meta property=\"og:image:type\" content=\"image\/jpeg\" \/>\n<meta name=\"twitter:label1\" content=\"Tiempo de lectura\" \/>\n\t<meta name=\"twitter:data1\" content=\"5 minutos\" \/>\n<script type=\"application\/ld+json\" class=\"yoast-schema-graph\">{\"@context\":\"https:\\\/\\\/schema.org\",\"@graph\":[{\"@type\":\"WebPage\",\"@id\":\"https:\\\/\\\/coasa.org\\\/es\\\/project\\\/rehabilitacion-de-un-edificio-modernista\\\/\",\"url\":\"https:\\\/\\\/coasa.org\\\/es\\\/project\\\/rehabilitacion-de-un-edificio-modernista\\\/\",\"name\":\"Rehabilitaci\u00f3n de un edificio modernista - Coasa\",\"isPartOf\":{\"@id\":\"https:\\\/\\\/coasa.org\\\/es\\\/#website\"},\"primaryImageOfPage\":{\"@id\":\"https:\\\/\\\/coasa.org\\\/es\\\/project\\\/rehabilitacion-de-un-edificio-modernista\\\/#primaryimage\"},\"image\":{\"@id\":\"https:\\\/\\\/coasa.org\\\/es\\\/project\\\/rehabilitacion-de-un-edificio-modernista\\\/#primaryimage\"},\"thumbnailUrl\":\"https:\\\/\\\/coasa.org\\\/wp-content\\\/uploads\\\/2023\\\/04\\\/rehabilitacio-edifici.jpg\",\"datePublished\":\"2023-04-26T10:30:30+00:00\",\"dateModified\":\"2023-11-14T09:13:32+00:00\",\"description\":\"\u00bfQuieres descubrir uno de nuestros \u00faltimos proyectos? \u00a1Echa un vistazo a la rehabilitaci\u00f3n de un edificio modernista!\",\"breadcrumb\":{\"@id\":\"https:\\\/\\\/coasa.org\\\/es\\\/project\\\/rehabilitacion-de-un-edificio-modernista\\\/#breadcrumb\"},\"inLanguage\":\"es\",\"potentialAction\":[{\"@type\":\"ReadAction\",\"target\":[\"https:\\\/\\\/coasa.org\\\/es\\\/project\\\/rehabilitacion-de-un-edificio-modernista\\\/\"]}]},{\"@type\":\"ImageObject\",\"inLanguage\":\"es\",\"@id\":\"https:\\\/\\\/coasa.org\\\/es\\\/project\\\/rehabilitacion-de-un-edificio-modernista\\\/#primaryimage\",\"url\":\"https:\\\/\\\/coasa.org\\\/wp-content\\\/uploads\\\/2023\\\/04\\\/rehabilitacio-edifici.jpg\",\"contentUrl\":\"https:\\\/\\\/coasa.org\\\/wp-content\\\/uploads\\\/2023\\\/04\\\/rehabilitacio-edifici.jpg\",\"width\":800,\"height\":600,\"caption\":\"rehabilitacio-edifici\"},{\"@type\":\"BreadcrumbList\",\"@id\":\"https:\\\/\\\/coasa.org\\\/es\\\/project\\\/rehabilitacion-de-un-edificio-modernista\\\/#breadcrumb\",\"itemListElement\":[{\"@type\":\"ListItem\",\"position\":1,\"name\":\"Portada\",\"item\":\"https:\\\/\\\/coasa.org\\\/es\\\/\"},{\"@type\":\"ListItem\",\"position\":2,\"name\":\"Proyectos\",\"item\":\"https:\\\/\\\/coasa.org\\\/es\\\/project\\\/\"},{\"@type\":\"ListItem\",\"position\":3,\"name\":\"Rehabilitaci\u00f3n de un edificio modernista\"}]},{\"@type\":\"WebSite\",\"@id\":\"https:\\\/\\\/coasa.org\\\/es\\\/#website\",\"url\":\"https:\\\/\\\/coasa.org\\\/es\\\/\",\"name\":\"COASA, Empresa Constructora\",\"description\":\"Des del seu naixement COASA s&#039;ha destacat per una constant evoluci\u00f3 que ens permet\u00e9s una \u00e0gil adaptaci\u00f3 a les necessitats canviants del mercat de la construcci\u00f3 industrial.\",\"publisher\":{\"@id\":\"https:\\\/\\\/coasa.org\\\/es\\\/#organization\"},\"potentialAction\":[{\"@type\":\"SearchAction\",\"target\":{\"@type\":\"EntryPoint\",\"urlTemplate\":\"https:\\\/\\\/coasa.org\\\/es\\\/?s={search_term_string}\"},\"query-input\":{\"@type\":\"PropertyValueSpecification\",\"valueRequired\":true,\"valueName\":\"search_term_string\"}}],\"inLanguage\":\"es\"},{\"@type\":\"Organization\",\"@id\":\"https:\\\/\\\/coasa.org\\\/es\\\/#organization\",\"name\":\"Coasa\",\"url\":\"https:\\\/\\\/coasa.org\\\/es\\\/\",\"logo\":{\"@type\":\"ImageObject\",\"inLanguage\":\"es\",\"@id\":\"https:\\\/\\\/coasa.org\\\/es\\\/#\\\/schema\\\/logo\\\/image\\\/\",\"url\":\"https:\\\/\\\/coasa.org\\\/wp-content\\\/uploads\\\/2018\\\/10\\\/logo.png\",\"contentUrl\":\"https:\\\/\\\/coasa.org\\\/wp-content\\\/uploads\\\/2018\\\/10\\\/logo.png\",\"width\":500,\"height\":141,\"caption\":\"Coasa\"},\"image\":{\"@id\":\"https:\\\/\\\/coasa.org\\\/es\\\/#\\\/schema\\\/logo\\\/image\\\/\"},\"sameAs\":[\"https:\\\/\\\/www.linkedin.com\\\/company\\\/coasa\\\/\"]}]}<\/script>\n<!-- \/ Yoast SEO plugin. -->","yoast_head_json":{"title":"Rehabilitaci\u00f3n de un edificio modernista - Coasa","description":"\u00bfQuieres descubrir uno de nuestros \u00faltimos proyectos? \u00a1Echa un vistazo a la rehabilitaci\u00f3n de un edificio modernista!","robots":{"index":"index","follow":"follow","max-snippet":"max-snippet:-1","max-image-preview":"max-image-preview:large","max-video-preview":"max-video-preview:-1"},"canonical":"https:\/\/coasa.org\/es\/project\/rehabilitacion-de-un-edificio-modernista\/","og_locale":"es_ES","og_type":"article","og_title":"Rehabilitaci\u00f3n de un edificio modernista - Coasa","og_description":"\u00bfQuieres descubrir uno de nuestros \u00faltimos proyectos? \u00a1Echa un vistazo a la rehabilitaci\u00f3n de un edificio modernista!","og_url":"https:\/\/coasa.org\/es\/project\/rehabilitacion-de-un-edificio-modernista\/","og_site_name":"COASA, Empresa Constructora","article_modified_time":"2023-11-14T09:13:32+00:00","og_image":[{"width":800,"height":600,"url":"https:\/\/coasa.org\/wp-content\/uploads\/2023\/04\/rehabilitacio-edifici.jpg","type":"image\/jpeg"}],"twitter_misc":{"Tiempo de lectura":"5 minutos"},"schema":{"@context":"https:\/\/schema.org","@graph":[{"@type":"WebPage","@id":"https:\/\/coasa.org\/es\/project\/rehabilitacion-de-un-edificio-modernista\/","url":"https:\/\/coasa.org\/es\/project\/rehabilitacion-de-un-edificio-modernista\/","name":"Rehabilitaci\u00f3n de un edificio modernista - Coasa","isPartOf":{"@id":"https:\/\/coasa.org\/es\/#website"},"primaryImageOfPage":{"@id":"https:\/\/coasa.org\/es\/project\/rehabilitacion-de-un-edificio-modernista\/#primaryimage"},"image":{"@id":"https:\/\/coasa.org\/es\/project\/rehabilitacion-de-un-edificio-modernista\/#primaryimage"},"thumbnailUrl":"https:\/\/coasa.org\/wp-content\/uploads\/2023\/04\/rehabilitacio-edifici.jpg","datePublished":"2023-04-26T10:30:30+00:00","dateModified":"2023-11-14T09:13:32+00:00","description":"\u00bfQuieres descubrir uno de nuestros \u00faltimos proyectos? \u00a1Echa un vistazo a la rehabilitaci\u00f3n de un edificio modernista!","breadcrumb":{"@id":"https:\/\/coasa.org\/es\/project\/rehabilitacion-de-un-edificio-modernista\/#breadcrumb"},"inLanguage":"es","potentialAction":[{"@type":"ReadAction","target":["https:\/\/coasa.org\/es\/project\/rehabilitacion-de-un-edificio-modernista\/"]}]},{"@type":"ImageObject","inLanguage":"es","@id":"https:\/\/coasa.org\/es\/project\/rehabilitacion-de-un-edificio-modernista\/#primaryimage","url":"https:\/\/coasa.org\/wp-content\/uploads\/2023\/04\/rehabilitacio-edifici.jpg","contentUrl":"https:\/\/coasa.org\/wp-content\/uploads\/2023\/04\/rehabilitacio-edifici.jpg","width":800,"height":600,"caption":"rehabilitacio-edifici"},{"@type":"BreadcrumbList","@id":"https:\/\/coasa.org\/es\/project\/rehabilitacion-de-un-edificio-modernista\/#breadcrumb","itemListElement":[{"@type":"ListItem","position":1,"name":"Portada","item":"https:\/\/coasa.org\/es\/"},{"@type":"ListItem","position":2,"name":"Proyectos","item":"https:\/\/coasa.org\/es\/project\/"},{"@type":"ListItem","position":3,"name":"Rehabilitaci\u00f3n de un edificio modernista"}]},{"@type":"WebSite","@id":"https:\/\/coasa.org\/es\/#website","url":"https:\/\/coasa.org\/es\/","name":"COASA, Empresa Constructora","description":"Des del seu naixement COASA s&#039;ha destacat per una constant evoluci\u00f3 que ens permet\u00e9s una \u00e0gil adaptaci\u00f3 a les necessitats canviants del mercat de la construcci\u00f3 industrial.","publisher":{"@id":"https:\/\/coasa.org\/es\/#organization"},"potentialAction":[{"@type":"SearchAction","target":{"@type":"EntryPoint","urlTemplate":"https:\/\/coasa.org\/es\/?s={search_term_string}"},"query-input":{"@type":"PropertyValueSpecification","valueRequired":true,"valueName":"search_term_string"}}],"inLanguage":"es"},{"@type":"Organization","@id":"https:\/\/coasa.org\/es\/#organization","name":"Coasa","url":"https:\/\/coasa.org\/es\/","logo":{"@type":"ImageObject","inLanguage":"es","@id":"https:\/\/coasa.org\/es\/#\/schema\/logo\/image\/","url":"https:\/\/coasa.org\/wp-content\/uploads\/2018\/10\/logo.png","contentUrl":"https:\/\/coasa.org\/wp-content\/uploads\/2018\/10\/logo.png","width":500,"height":141,"caption":"Coasa"},"image":{"@id":"https:\/\/coasa.org\/es\/#\/schema\/logo\/image\/"},"sameAs":["https:\/\/www.linkedin.com\/company\/coasa\/"]}]}},"_links":{"self":[{"href":"https:\/\/coasa.org\/es\/wp-json\/wp\/v2\/project\/5964","targetHints":{"allow":["GET"]}}],"collection":[{"href":"https:\/\/coasa.org\/es\/wp-json\/wp\/v2\/project"}],"about":[{"href":"https:\/\/coasa.org\/es\/wp-json\/wp\/v2\/types\/project"}],"author":[{"embeddable":true,"href":"https:\/\/coasa.org\/es\/wp-json\/wp\/v2\/users\/1"}],"version-history":[{"count":9,"href":"https:\/\/coasa.org\/es\/wp-json\/wp\/v2\/project\/5964\/revisions"}],"predecessor-version":[{"id":6429,"href":"https:\/\/coasa.org\/es\/wp-json\/wp\/v2\/project\/5964\/revisions\/6429"}],"wp:featuredmedia":[{"embeddable":true,"href":"https:\/\/coasa.org\/es\/wp-json\/wp\/v2\/media\/5951"}],"wp:attachment":[{"href":"https:\/\/coasa.org\/es\/wp-json\/wp\/v2\/media?parent=5964"}],"wp:term":[{"taxonomy":"project_category","embeddable":true,"href":"https:\/\/coasa.org\/es\/wp-json\/wp\/v2\/project_category?post=5964"},{"taxonomy":"project_tag","embeddable":true,"href":"https:\/\/coasa.org\/es\/wp-json\/wp\/v2\/project_tag?post=5964"}],"curies":[{"name":"wp","href":"https:\/\/api.w.org\/{rel}","templated":true}]}}