{"id":6430,"date":"2023-10-24T12:19:18","date_gmt":"2023-10-24T10:19:18","guid":{"rendered":"https:\/\/coasa.org\/project\/construccion-de-un-nuevo-supermercado-spar-en-la-senia\/"},"modified":"2024-09-17T10:55:44","modified_gmt":"2024-09-17T08:55:44","slug":"construccion-de-un-nuevo-supermercado-spar-en-la-senia","status":"publish","type":"project","link":"https:\/\/coasa.org\/es\/project\/construccion-de-un-nuevo-supermercado-spar-en-la-senia\/","title":{"rendered":"Construcci\u00f3n de un nuevo supermercado Spar en La S\u00e9nia"},"content":{"rendered":"[et_pb_section fb_built=\u00bb1&#8243; admin_label=\u00bbHero\u00bb _builder_version=\u00bb4.22.2&#8243; use_background_color_gradient=\u00bbon\u00bb background_color_gradient_type=\u00bbcircular\u00bb background_color_gradient_direction_radial=\u00bbtop left\u00bb background_color_gradient_stops=\u00bbrgba(40,40,40,0.45) 11%|rgba(40,40,40,0.45) 100%\u00bb background_color_gradient_overlays_image=\u00bbon\u00bb background_color_gradient_start=\u00bbrgba(40,40,40,0.45)\u00bb background_color_gradient_end=\u00bbrgba(40,40,40,0.45)\u00bb background_image=\u00bbhttps:\/\/coasa.org\/wp-content\/uploads\/2023\/10\/construccion-supermercado.jpg\u00bb custom_margin=\u00bb||||false\u00bb custom_padding=\u00bb10vw||10vw||true|false\u00bb global_colors_info=\u00bb{}\u00bb][et_pb_row column_structure=\u00bb2_3,1_3&#8243; _builder_version=\u00bb4.16&#8243; global_colors_info=\u00bb{}\u00bb][et_pb_column type=\u00bb2_3&#8243; _builder_version=\u00bb4.16&#8243; custom_padding=\u00bb|||\u00bb global_colors_info=\u00bb{}\u00bb custom_padding__hover=\u00bb|||\u00bb][et_pb_text _builder_version=\u00bb4.19.5&#8243; text_font=\u00bb||||||||\u00bb header_font=\u00bbRubik|700|||||||\u00bb header_font_size=\u00bb64px\u00bb header_line_height=\u00bb1.1em\u00bb background_layout=\u00bbdark\u00bb max_width=\u00bb800px\u00bb custom_margin=\u00bb||0px|\u00bb custom_padding=\u00bb|||16px\u00bb text_font_size_tablet=\u00bb14px\u00bb text_font_size_last_edited=\u00bboff|desktop\u00bb header_font_size_tablet=\u00bb44px\u00bb header_font_size_phone=\u00bb32px\u00bb header_font_size_last_edited=\u00bbon|phone\u00bb border_color_all=\u00bb#6fb353&#8243; border_width_left=\u00bb10px\u00bb global_colors_info=\u00bb{}\u00bb]\n<h1><strong>Construcci\u00f3n de un nuevo supermercado Spar en La S\u00e9nia  <\/strong><\/h1>\n[\/et_pb_text][et_pb_text _builder_version=\u00bb4.22.2&#8243; text_font=\u00bb||||||||\u00bb text_font_size=\u00bb22px\u00bb text_line_height=\u00bb1.6em\u00bb header_font=\u00bb||||||||\u00bb background_layout=\u00bbdark\u00bb max_width=\u00bb800px\u00bb custom_margin=\u00bb|||\u00bb custom_padding=\u00bb20px||20px||true\u00bb text_font_size_tablet=\u00bb18px\u00bb text_font_size_phone=\u00bb\u00bb text_font_size_last_edited=\u00bbon|phone\u00bb global_colors_info=\u00bb{}\u00bb]\n<p>El Grupo Fragadis contin\u00faa ampliando su presencia por todo el territorio, en concreto, en La S\u00e9nia, municipio de Les Terres de l&#8217;Ebre, donde este septiembre se ha inaugurado un nuevo supermercado Eurospar.<\/p>\n[\/et_pb_text][\/et_pb_column][et_pb_column type=\u00bb1_3&#8243; _builder_version=\u00bb4.16&#8243; custom_padding=\u00bb|||\u00bb global_colors_info=\u00bb{}\u00bb custom_padding__hover=\u00bb|||\u00bb][et_pb_text ul_type=\u00bbnone\u00bb ul_item_indent=\u00bb3px\u00bb _builder_version=\u00bb4.19.5&#8243; text_font=\u00bb||||||||\u00bb text_font_size=\u00bb16px\u00bb text_line_height=\u00bb1.8em\u00bb ul_font=\u00bbArimo||||||||\u00bb ul_font_size=\u00bb16px\u00bb ul_line_height=\u00bb2em\u00bb background_layout=\u00bbdark\u00bb custom_margin=\u00bb|||\u00bb custom_margin_last_edited=\u00bboff|desktop\u00bb locked=\u00bboff\u00bb global_colors_info=\u00bb{}\u00bb]\n<ul>\n<li><strong>Cliente:<\/strong> Grupo Fragadis, Supermercados Spar<\/li>\n<li><strong>Categor\u00eda:<\/strong> Sector comercial<\/li>\n<\/ul>\n[\/et_pb_text][\/et_pb_column][\/et_pb_row][\/et_pb_section][et_pb_section fb_built=\u00bb1&#8243; admin_label=\u00bbProject Details\u00bb _builder_version=\u00bb4.16&#8243; custom_padding=\u00bb90px||90px||true\u00bb global_colors_info=\u00bb{}\u00bb][et_pb_row column_structure=\u00bb1_2,1_2&#8243; _builder_version=\u00bb4.16&#8243; global_colors_info=\u00bb{}\u00bb][et_pb_column type=\u00bb1_2&#8243; _builder_version=\u00bb4.16&#8243; custom_padding=\u00bb|||\u00bb global_colors_info=\u00bb{}\u00bb custom_padding__hover=\u00bb|||\u00bb][et_pb_text _builder_version=\u00bb4.16&#8243; text_font=\u00bb||||||||\u00bb link_font=\u00bb||||||||\u00bb ul_font=\u00bb||||||||\u00bb ol_font=\u00bb||||||||\u00bb quote_font=\u00bb||||||||\u00bb header_font=\u00bb||||||||\u00bb header_2_font=\u00bbRubik|700|||||||\u00bb header_2_font_size=\u00bb42px\u00bb header_2_line_height=\u00bb1.2em\u00bb module_alignment=\u00bbcenter\u00bb custom_margin=\u00bb|||\u00bb custom_padding=\u00bb|||\u00bb header_2_font_size_tablet=\u00bb\u00bb header_2_font_size_phone=\u00bb36px\u00bb header_2_font_size_last_edited=\u00bbon|phone\u00bb locked=\u00bboff\u00bb global_colors_info=\u00bb{}\u00bb]\n<h2>Sobre el proyecto<\/h2>\n[\/et_pb_text][et_pb_divider color=\u00bb#6fb353&#8243; divider_position=\u00bbcenter\u00bb divider_weight=\u00bb5px\u00bb _builder_version=\u00bb4.16&#8243; max_width=\u00bb50px\u00bb locked=\u00bboff\u00bb global_colors_info=\u00bb{}\u00bb][\/et_pb_divider][et_pb_text _builder_version=\u00bb4.22.2&#8243; text_font=\u00bb||||||||\u00bb text_font_size=\u00bb15px\u00bb text_line_height=\u00bb1.8em\u00bb custom_padding=\u00bb||0px|||\u00bb custom_padding_tablet=\u00bb|40px||40px||true\u00bb custom_padding_last_edited=\u00bboff|desktop\u00bb locked=\u00bboff\u00bb global_colors_info=\u00bb{}\u00bb]\n<p>Este septiembre de 2023, La S\u00e9nia inaugur\u00f3 un nuevo supermercado Eurospar.<\/p>\n<p>&nbsp;<\/p>\n<p>Una vez m\u00e1s, en Coasa hemos sido los encargados de poder hacerlo posible.<\/p>\n<p>&nbsp;<\/p>\n<p>Gracias por volver a confiar en nosotros y dejar que formemos parte del proyecto.<\/p>\n[\/et_pb_text][\/et_pb_column][et_pb_column type=\u00bb1_2&#8243; _builder_version=\u00bb4.16&#8243; custom_padding=\u00bb|||\u00bb global_colors_info=\u00bb{}\u00bb custom_padding__hover=\u00bb|||\u00bb][et_pb_image src=\u00bbhttps:\/\/coasa.org\/wp-content\/uploads\/2023\/10\/construccion-supermercado.jpg\u00bb alt=\u00bbconstruccion-supermercado\u00bb title_text=\u00bbconstruccion-supermercado\u00bb _builder_version=\u00bb4.22.2&#8243; _module_preset=\u00bbdefault\u00bb global_colors_info=\u00bb{}\u00bb][\/et_pb_image][\/et_pb_column][\/et_pb_row][et_pb_row _builder_version=\u00bb4.16&#8243; global_colors_info=\u00bb{}\u00bb][et_pb_column type=\u00bb4_4&#8243; _builder_version=\u00bb4.16&#8243; custom_padding=\u00bb|||\u00bb global_colors_info=\u00bb{}\u00bb custom_padding__hover=\u00bb|||\u00bb][et_pb_text _builder_version=\u00bb4.16&#8243; _module_preset=\u00bbdefault\u00bb global_colors_info=\u00bb{}\u00bb]\n<h2>Caracter\u00edsticas del proyecto<\/h2>\n[\/et_pb_text][et_pb_text _builder_version=\u00bb4.22.2&#8243; _module_preset=\u00bbdefault\u00bb text_font_size=\u00bb15px\u00bb global_colors_info=\u00bb{}\u00bb]\n<p>Centr\u00e1ndonos en las caracter\u00edsticas t\u00e9cnicas del proyecto, hemos empleado una <strong>estructura prefabricada de hormig\u00f3n<\/strong> formada por pilares, j\u00e1cenas, correas y cierres a base de placa prefabricada de hormig\u00f3n. <\/p>\n<p>&nbsp;<\/p>\n<p>La superficie total construida es de 1800 m2, 1200 de los cuales est\u00e1n dedicados a la sala de venta. Cuenta con un aparcamiento para clientes con capacidad total de 60 plazas y 2 puntos de recarga para veh\u00edculos el\u00e9ctricos.<\/p>\n<p>&nbsp;<\/p>\n<p>Esta nueva construcci\u00f3n comercial cuenta con todos los elementos que caracterizan el nuevo modelo de tienda que el Grupo Fragadis est\u00e1 intentando implementar para mejorar la experiencia de compra haciendo \u00e9nfasis en un mayor atractivo.<\/p>\n<p>&nbsp;<\/p>\n<p>Adem\u00e1s, al tratarse de un edificio de nueva construcci\u00f3n, el evolvente del mismo est\u00e1 adaptado a las \u00faltimas normativas <strong>de eficiencia energ\u00e9tica<\/strong>, haciendo que \u00e9ste se integre al sistema de &#8216;comercios ecoeficientes&#8217;.<\/p>\n<p>&nbsp;<\/p>\n[\/et_pb_text][et_pb_text _builder_version=\u00bb4.16&#8243; _module_preset=\u00bbdefault\u00bb global_colors_info=\u00bb{}\u00bb]\n<h2>Organizaciones implicadas y personal<\/h2>\n[\/et_pb_text][et_pb_text _builder_version=\u00bb4.22.2&#8243; _module_preset=\u00bbdefault\u00bb text_font_size=\u00bb15px\u00bb global_colors_info=\u00bb{}\u00bb]\n<p>El jefe de obra de la construcci\u00f3n ha sido el arquitecto t\u00e9cnico Josep Sanz.<\/p>\n<p>&nbsp;<\/p>\n<p>\ud83d\ude4c\ud83c\udffb Gracias por confiar en nosotros para llevar a cabo la  <strong>construcci\u00f3n de este nuevo supermercado!<\/strong>  Cada vez son m\u00e1s los supermercados Eurospar ubicados por todo el territorio (de hecho, ya hay 185 tiendas entre las provincias de Tarragona, Barcelona, Lleida, Huesca y la Comunidad Valenciana), y estamos agradecidos de poder formar parte de esta expansi\u00f3n.<\/p>\n[\/et_pb_text][\/et_pb_column][\/et_pb_row][et_pb_row _builder_version=\u00bb4.16&#8243; _module_preset=\u00bbdefault\u00bb global_colors_info=\u00bb{}\u00bb][et_pb_column type=\u00bb4_4&#8243; _builder_version=\u00bb4.16&#8243; _module_preset=\u00bbdefault\u00bb global_colors_info=\u00bb{}\u00bb][et_pb_gallery gallery_ids=\u00bb6420&#8243; fullwidth=\u00bbon\u00bb _builder_version=\u00bb4.22.2&#8243; _module_preset=\u00bbdefault\u00bb global_colors_info=\u00bb{}\u00bb][\/et_pb_gallery][\/et_pb_column][\/et_pb_row][\/et_pb_section]\n","protected":false},"excerpt":{"rendered":"<p>Construcci\u00f3n de un nuevo supermercado Spar en La S\u00e9nia El Grupo Fragadis contin\u00faa ampliando su presencia por todo el territorio, en concreto, en La S\u00e9nia, municipio de Les Terres de l&#8217;Ebre, donde este septiembre se ha inaugurado un nuevo supermercado Eurospar. Cliente: Grupo Fragadis, Supermercados Spar Categor\u00eda: Sector comercial Sobre el proyecto Este septiembre de [&hellip;]<\/p>\n","protected":false},"author":1,"featured_media":6418,"template":"","meta":{"_et_pb_use_builder":"on","_et_pb_old_content":"","_et_gb_content_width":"","_joinchat":[],"footnotes":""},"project_category":[],"project_tag":[37,36,138,40,136,300,153,172,139],"class_list":["post-6430","project","type-project","status-publish","has-post-thumbnail","hentry","project_tag-coasa","project_tag-construccion","project_tag-constructora-es","project_tag-construir","project_tag-obra-es","project_tag-prefabricacion-es","project_tag-proyecto-es","project_tag-proyecto-constructora-es","project_tag-spar-es"],"yoast_head":"<!-- This site is optimized with the Yoast SEO plugin v27.5 - https:\/\/yoast.com\/product\/yoast-seo-wordpress\/ -->\n<title>Construcci\u00f3n de un nuevo supermercado Spar en La S\u00e9nia - COASA, Empresa Constructora<\/title>\n<meta name=\"description\" content=\"Descubre uno de nuestros \u00faltimos proyectos: construcci\u00f3n de un nuevo supermercado en La S\u00e9nia. Empresa constructora.\" \/>\n<meta name=\"robots\" content=\"index, follow, max-snippet:-1, max-image-preview:large, max-video-preview:-1\" \/>\n<link rel=\"canonical\" href=\"https:\/\/coasa.org\/es\/project\/construccion-de-un-nuevo-supermercado-spar-en-la-senia\/\" \/>\n<meta property=\"og:locale\" content=\"es_ES\" \/>\n<meta property=\"og:type\" content=\"article\" \/>\n<meta property=\"og:title\" content=\"Construcci\u00f3n de un nuevo supermercado Spar en La S\u00e9nia - COASA, Empresa Constructora\" \/>\n<meta property=\"og:description\" content=\"Descubre uno de nuestros \u00faltimos proyectos: construcci\u00f3n de un nuevo supermercado en La S\u00e9nia. Empresa constructora.\" \/>\n<meta property=\"og:url\" content=\"https:\/\/coasa.org\/es\/project\/construccion-de-un-nuevo-supermercado-spar-en-la-senia\/\" \/>\n<meta property=\"og:site_name\" content=\"COASA, Empresa Constructora\" \/>\n<meta property=\"article:modified_time\" content=\"2024-09-17T08:55:44+00:00\" \/>\n<meta property=\"og:image\" content=\"https:\/\/coasa.org\/wp-content\/uploads\/2023\/10\/portada-construccion-supermercado.jpg\" \/>\n\t<meta property=\"og:image:width\" content=\"800\" \/>\n\t<meta property=\"og:image:height\" content=\"600\" \/>\n\t<meta property=\"og:image:type\" content=\"image\/jpeg\" \/>\n<meta name=\"twitter:label1\" content=\"Tiempo de lectura\" \/>\n\t<meta name=\"twitter:data1\" content=\"5 minutos\" \/>\n<script type=\"application\/ld+json\" class=\"yoast-schema-graph\">{\"@context\":\"https:\\\/\\\/schema.org\",\"@graph\":[{\"@type\":\"WebPage\",\"@id\":\"https:\\\/\\\/coasa.org\\\/es\\\/project\\\/construccion-de-un-nuevo-supermercado-spar-en-la-senia\\\/\",\"url\":\"https:\\\/\\\/coasa.org\\\/es\\\/project\\\/construccion-de-un-nuevo-supermercado-spar-en-la-senia\\\/\",\"name\":\"Construcci\u00f3n de un nuevo supermercado Spar en La S\u00e9nia - COASA, Empresa Constructora\",\"isPartOf\":{\"@id\":\"https:\\\/\\\/coasa.org\\\/es\\\/#website\"},\"primaryImageOfPage\":{\"@id\":\"https:\\\/\\\/coasa.org\\\/es\\\/project\\\/construccion-de-un-nuevo-supermercado-spar-en-la-senia\\\/#primaryimage\"},\"image\":{\"@id\":\"https:\\\/\\\/coasa.org\\\/es\\\/project\\\/construccion-de-un-nuevo-supermercado-spar-en-la-senia\\\/#primaryimage\"},\"thumbnailUrl\":\"https:\\\/\\\/coasa.org\\\/wp-content\\\/uploads\\\/2023\\\/10\\\/portada-construccion-supermercado.jpg\",\"datePublished\":\"2023-10-24T10:19:18+00:00\",\"dateModified\":\"2024-09-17T08:55:44+00:00\",\"description\":\"Descubre uno de nuestros \u00faltimos proyectos: construcci\u00f3n de un nuevo supermercado en La S\u00e9nia. Empresa constructora.\",\"breadcrumb\":{\"@id\":\"https:\\\/\\\/coasa.org\\\/es\\\/project\\\/construccion-de-un-nuevo-supermercado-spar-en-la-senia\\\/#breadcrumb\"},\"inLanguage\":\"es\",\"potentialAction\":[{\"@type\":\"ReadAction\",\"target\":[\"https:\\\/\\\/coasa.org\\\/es\\\/project\\\/construccion-de-un-nuevo-supermercado-spar-en-la-senia\\\/\"]}]},{\"@type\":\"ImageObject\",\"inLanguage\":\"es\",\"@id\":\"https:\\\/\\\/coasa.org\\\/es\\\/project\\\/construccion-de-un-nuevo-supermercado-spar-en-la-senia\\\/#primaryimage\",\"url\":\"https:\\\/\\\/coasa.org\\\/wp-content\\\/uploads\\\/2023\\\/10\\\/portada-construccion-supermercado.jpg\",\"contentUrl\":\"https:\\\/\\\/coasa.org\\\/wp-content\\\/uploads\\\/2023\\\/10\\\/portada-construccion-supermercado.jpg\",\"width\":800,\"height\":600,\"caption\":\"portada-construccion-supermercado\"},{\"@type\":\"BreadcrumbList\",\"@id\":\"https:\\\/\\\/coasa.org\\\/es\\\/project\\\/construccion-de-un-nuevo-supermercado-spar-en-la-senia\\\/#breadcrumb\",\"itemListElement\":[{\"@type\":\"ListItem\",\"position\":1,\"name\":\"Portada\",\"item\":\"https:\\\/\\\/coasa.org\\\/es\\\/\"},{\"@type\":\"ListItem\",\"position\":2,\"name\":\"Proyectos\",\"item\":\"https:\\\/\\\/coasa.org\\\/es\\\/project\\\/\"},{\"@type\":\"ListItem\",\"position\":3,\"name\":\"Construcci\u00f3n de un nuevo supermercado Spar en La S\u00e9nia\"}]},{\"@type\":\"WebSite\",\"@id\":\"https:\\\/\\\/coasa.org\\\/es\\\/#website\",\"url\":\"https:\\\/\\\/coasa.org\\\/es\\\/\",\"name\":\"COASA, Empresa Constructora\",\"description\":\"Des del seu naixement COASA s&#039;ha destacat per una constant evoluci\u00f3 que ens permet\u00e9s una \u00e0gil adaptaci\u00f3 a les necessitats canviants del mercat de la construcci\u00f3 industrial.\",\"publisher\":{\"@id\":\"https:\\\/\\\/coasa.org\\\/es\\\/#organization\"},\"potentialAction\":[{\"@type\":\"SearchAction\",\"target\":{\"@type\":\"EntryPoint\",\"urlTemplate\":\"https:\\\/\\\/coasa.org\\\/es\\\/?s={search_term_string}\"},\"query-input\":{\"@type\":\"PropertyValueSpecification\",\"valueRequired\":true,\"valueName\":\"search_term_string\"}}],\"inLanguage\":\"es\"},{\"@type\":\"Organization\",\"@id\":\"https:\\\/\\\/coasa.org\\\/es\\\/#organization\",\"name\":\"Coasa\",\"url\":\"https:\\\/\\\/coasa.org\\\/es\\\/\",\"logo\":{\"@type\":\"ImageObject\",\"inLanguage\":\"es\",\"@id\":\"https:\\\/\\\/coasa.org\\\/es\\\/#\\\/schema\\\/logo\\\/image\\\/\",\"url\":\"https:\\\/\\\/coasa.org\\\/wp-content\\\/uploads\\\/2018\\\/10\\\/logo.png\",\"contentUrl\":\"https:\\\/\\\/coasa.org\\\/wp-content\\\/uploads\\\/2018\\\/10\\\/logo.png\",\"width\":500,\"height\":141,\"caption\":\"Coasa\"},\"image\":{\"@id\":\"https:\\\/\\\/coasa.org\\\/es\\\/#\\\/schema\\\/logo\\\/image\\\/\"},\"sameAs\":[\"https:\\\/\\\/www.linkedin.com\\\/company\\\/coasa\\\/\"]}]}<\/script>\n<!-- \/ Yoast SEO plugin. -->","yoast_head_json":{"title":"Construcci\u00f3n de un nuevo supermercado Spar en La S\u00e9nia - COASA, Empresa Constructora","description":"Descubre uno de nuestros \u00faltimos proyectos: construcci\u00f3n de un nuevo supermercado en La S\u00e9nia. Empresa constructora.","robots":{"index":"index","follow":"follow","max-snippet":"max-snippet:-1","max-image-preview":"max-image-preview:large","max-video-preview":"max-video-preview:-1"},"canonical":"https:\/\/coasa.org\/es\/project\/construccion-de-un-nuevo-supermercado-spar-en-la-senia\/","og_locale":"es_ES","og_type":"article","og_title":"Construcci\u00f3n de un nuevo supermercado Spar en La S\u00e9nia - COASA, Empresa Constructora","og_description":"Descubre uno de nuestros \u00faltimos proyectos: construcci\u00f3n de un nuevo supermercado en La S\u00e9nia. Empresa constructora.","og_url":"https:\/\/coasa.org\/es\/project\/construccion-de-un-nuevo-supermercado-spar-en-la-senia\/","og_site_name":"COASA, Empresa Constructora","article_modified_time":"2024-09-17T08:55:44+00:00","og_image":[{"width":800,"height":600,"url":"https:\/\/coasa.org\/wp-content\/uploads\/2023\/10\/portada-construccion-supermercado.jpg","type":"image\/jpeg"}],"twitter_misc":{"Tiempo de lectura":"5 minutos"},"schema":{"@context":"https:\/\/schema.org","@graph":[{"@type":"WebPage","@id":"https:\/\/coasa.org\/es\/project\/construccion-de-un-nuevo-supermercado-spar-en-la-senia\/","url":"https:\/\/coasa.org\/es\/project\/construccion-de-un-nuevo-supermercado-spar-en-la-senia\/","name":"Construcci\u00f3n de un nuevo supermercado Spar en La S\u00e9nia - COASA, Empresa Constructora","isPartOf":{"@id":"https:\/\/coasa.org\/es\/#website"},"primaryImageOfPage":{"@id":"https:\/\/coasa.org\/es\/project\/construccion-de-un-nuevo-supermercado-spar-en-la-senia\/#primaryimage"},"image":{"@id":"https:\/\/coasa.org\/es\/project\/construccion-de-un-nuevo-supermercado-spar-en-la-senia\/#primaryimage"},"thumbnailUrl":"https:\/\/coasa.org\/wp-content\/uploads\/2023\/10\/portada-construccion-supermercado.jpg","datePublished":"2023-10-24T10:19:18+00:00","dateModified":"2024-09-17T08:55:44+00:00","description":"Descubre uno de nuestros \u00faltimos proyectos: construcci\u00f3n de un nuevo supermercado en La S\u00e9nia. Empresa constructora.","breadcrumb":{"@id":"https:\/\/coasa.org\/es\/project\/construccion-de-un-nuevo-supermercado-spar-en-la-senia\/#breadcrumb"},"inLanguage":"es","potentialAction":[{"@type":"ReadAction","target":["https:\/\/coasa.org\/es\/project\/construccion-de-un-nuevo-supermercado-spar-en-la-senia\/"]}]},{"@type":"ImageObject","inLanguage":"es","@id":"https:\/\/coasa.org\/es\/project\/construccion-de-un-nuevo-supermercado-spar-en-la-senia\/#primaryimage","url":"https:\/\/coasa.org\/wp-content\/uploads\/2023\/10\/portada-construccion-supermercado.jpg","contentUrl":"https:\/\/coasa.org\/wp-content\/uploads\/2023\/10\/portada-construccion-supermercado.jpg","width":800,"height":600,"caption":"portada-construccion-supermercado"},{"@type":"BreadcrumbList","@id":"https:\/\/coasa.org\/es\/project\/construccion-de-un-nuevo-supermercado-spar-en-la-senia\/#breadcrumb","itemListElement":[{"@type":"ListItem","position":1,"name":"Portada","item":"https:\/\/coasa.org\/es\/"},{"@type":"ListItem","position":2,"name":"Proyectos","item":"https:\/\/coasa.org\/es\/project\/"},{"@type":"ListItem","position":3,"name":"Construcci\u00f3n de un nuevo supermercado Spar en La S\u00e9nia"}]},{"@type":"WebSite","@id":"https:\/\/coasa.org\/es\/#website","url":"https:\/\/coasa.org\/es\/","name":"COASA, Empresa Constructora","description":"Des del seu naixement COASA s&#039;ha destacat per una constant evoluci\u00f3 que ens permet\u00e9s una \u00e0gil adaptaci\u00f3 a les necessitats canviants del mercat de la construcci\u00f3 industrial.","publisher":{"@id":"https:\/\/coasa.org\/es\/#organization"},"potentialAction":[{"@type":"SearchAction","target":{"@type":"EntryPoint","urlTemplate":"https:\/\/coasa.org\/es\/?s={search_term_string}"},"query-input":{"@type":"PropertyValueSpecification","valueRequired":true,"valueName":"search_term_string"}}],"inLanguage":"es"},{"@type":"Organization","@id":"https:\/\/coasa.org\/es\/#organization","name":"Coasa","url":"https:\/\/coasa.org\/es\/","logo":{"@type":"ImageObject","inLanguage":"es","@id":"https:\/\/coasa.org\/es\/#\/schema\/logo\/image\/","url":"https:\/\/coasa.org\/wp-content\/uploads\/2018\/10\/logo.png","contentUrl":"https:\/\/coasa.org\/wp-content\/uploads\/2018\/10\/logo.png","width":500,"height":141,"caption":"Coasa"},"image":{"@id":"https:\/\/coasa.org\/es\/#\/schema\/logo\/image\/"},"sameAs":["https:\/\/www.linkedin.com\/company\/coasa\/"]}]}},"_links":{"self":[{"href":"https:\/\/coasa.org\/es\/wp-json\/wp\/v2\/project\/6430","targetHints":{"allow":["GET"]}}],"collection":[{"href":"https:\/\/coasa.org\/es\/wp-json\/wp\/v2\/project"}],"about":[{"href":"https:\/\/coasa.org\/es\/wp-json\/wp\/v2\/types\/project"}],"author":[{"embeddable":true,"href":"https:\/\/coasa.org\/es\/wp-json\/wp\/v2\/users\/1"}],"version-history":[{"count":2,"href":"https:\/\/coasa.org\/es\/wp-json\/wp\/v2\/project\/6430\/revisions"}],"predecessor-version":[{"id":6432,"href":"https:\/\/coasa.org\/es\/wp-json\/wp\/v2\/project\/6430\/revisions\/6432"}],"wp:featuredmedia":[{"embeddable":true,"href":"https:\/\/coasa.org\/es\/wp-json\/wp\/v2\/media\/6418"}],"wp:attachment":[{"href":"https:\/\/coasa.org\/es\/wp-json\/wp\/v2\/media?parent=6430"}],"wp:term":[{"taxonomy":"project_category","embeddable":true,"href":"https:\/\/coasa.org\/es\/wp-json\/wp\/v2\/project_category?post=6430"},{"taxonomy":"project_tag","embeddable":true,"href":"https:\/\/coasa.org\/es\/wp-json\/wp\/v2\/project_tag?post=6430"}],"curies":[{"name":"wp","href":"https:\/\/api.w.org\/{rel}","templated":true}]}}