{"id":6969,"date":"2024-07-29T13:57:06","date_gmt":"2024-07-29T11:57:06","guid":{"rendered":"https:\/\/coasa.org\/project\/construccion-de-la-nueva-sala-de-velatorios-de-sarral-2\/"},"modified":"2024-07-29T14:00:39","modified_gmt":"2024-07-29T12:00:39","slug":"construccion-de-la-nueva-sala-de-velatorios-de-sarral","status":"publish","type":"project","link":"https:\/\/coasa.org\/es\/project\/construccion-de-la-nueva-sala-de-velatorios-de-sarral\/","title":{"rendered":"Construcci\u00f3n de la nueva sala de velatorios de Sarral"},"content":{"rendered":"[et_pb_section fb_built=\u00bb1&#8243; admin_label=\u00bbHero\u00bb _builder_version=\u00bb4.14.7&#8243; use_background_color_gradient=\u00bbon\u00bb background_color_gradient_start=\u00bbrgba(40,40,40,0.45)\u00bb background_color_gradient_end=\u00bbrgba(40,40,40,0.45)\u00bb background_color_gradient_type=\u00bbradial\u00bb background_color_gradient_direction_radial=\u00bbtop left\u00bb background_color_gradient_overlays_image=\u00bbon\u00bb background_image=\u00bbhttps:\/\/coasa.org\/wp-content\/uploads\/2022\/01\/IMG-20211029-WA0014.jpg\u00bb custom_margin=\u00bb||||false\u00bb custom_padding=\u00bb10vw||10vw||true|false\u00bb global_colors_info=\u00bb{}\u00bb][et_pb_row column_structure=\u00bb2_3,1_3&#8243; _builder_version=\u00bb3.25&#8243; global_colors_info=\u00bb{}\u00bb][et_pb_column type=\u00bb2_3&#8243; _builder_version=\u00bb3.25&#8243; custom_padding=\u00bb|||\u00bb global_colors_info=\u00bb{}\u00bb custom_padding__hover=\u00bb|||\u00bb][et_pb_text _builder_version=\u00bb4.14.3&#8243; text_font=\u00bb||||||||\u00bb header_font=\u00bbRubik|700|||||||\u00bb header_font_size=\u00bb64px\u00bb header_line_height=\u00bb1.1em\u00bb background_layout=\u00bbdark\u00bb max_width=\u00bb800px\u00bb custom_margin=\u00bb||0px|\u00bb custom_padding=\u00bb|||16px\u00bb text_font_size_tablet=\u00bb14px\u00bb text_font_size_last_edited=\u00bboff|desktop\u00bb header_font_size_tablet=\u00bb44px\u00bb header_font_size_phone=\u00bb32px\u00bb header_font_size_last_edited=\u00bbon|phone\u00bb border_color_all=\u00bb#6fb353&#8243; border_width_left=\u00bb10px\u00bb global_colors_info=\u00bb{}\u00bb]\n<h1>Construcci\u00f3n de la nueva sala de velatorios de Sarral<\/h1>\n[\/et_pb_text][et_pb_text _builder_version=\u00bb4.14.4&#8243; text_font=\u00bb||||||||\u00bb text_font_size=\u00bb22px\u00bb text_line_height=\u00bb1.6em\u00bb header_font=\u00bb||||||||\u00bb background_layout=\u00bbdark\u00bb max_width=\u00bb800px\u00bb custom_margin=\u00bb|||\u00bb custom_padding=\u00bb20px||20px||true\u00bb text_font_size_tablet=\u00bb18px\u00bb text_font_size_phone=\u00bb\u00bb text_font_size_last_edited=\u00bbon|phone\u00bb global_colors_info=\u00bb{}\u00bb]\n<p>Hasta ahora, los habitantes de Sarral, municipio de la Conca de Barber\u00e0, ten\u00edan que desplazarse a municipios pr\u00f3ximos con tanatorio para poder velar a los difuntos. Este proyecto permite que, a partir de ahora, puedan disponer de este servicio sin necesidad de desplazarse.<\/p>\n[\/et_pb_text][\/et_pb_column][et_pb_column type=\u00bb1_3&#8243; _builder_version=\u00bb3.25&#8243; custom_padding=\u00bb|||\u00bb global_colors_info=\u00bb{}\u00bb custom_padding__hover=\u00bb|||\u00bb][et_pb_text ul_type=\u00bbnone\u00bb ul_item_indent=\u00bb3px\u00bb _builder_version=\u00bb3.27.4&#8243; text_font=\u00bb||||||||\u00bb text_font_size=\u00bb16px\u00bb text_line_height=\u00bb1.8em\u00bb ul_font=\u00bbArimo||||||||\u00bb ul_font_size=\u00bb16px\u00bb ul_line_height=\u00bb2em\u00bb background_layout=\u00bbdark\u00bb custom_margin=\u00bb|||\u00bb custom_margin_last_edited=\u00bboff|desktop\u00bb locked=\u00bboff\u00bb global_colors_info=\u00bb{}\u00bb]\n<ul>\n<li><strong>Cliente:<\/strong> Ayuntamiento de Sarral y Diputaci\u00f3n de Tarragona<\/li>\n<li><strong>Categor\u00eda:<\/strong> Obra p\u00fablica<\/li>\n<\/ul>\n[\/et_pb_text][\/et_pb_column][\/et_pb_row][\/et_pb_section][et_pb_section fb_built=\u00bb1&#8243; admin_label=\u00bbProject Details\u00bb _builder_version=\u00bb3.22&#8243; custom_padding=\u00bb90px||90px||true\u00bb global_colors_info=\u00bb{}\u00bb][et_pb_row column_structure=\u00bb1_2,1_2&#8243; _builder_version=\u00bb3.25&#8243; global_colors_info=\u00bb{}\u00bb][et_pb_column type=\u00bb1_2&#8243; _builder_version=\u00bb3.25&#8243; custom_padding=\u00bb|||\u00bb global_colors_info=\u00bb{}\u00bb custom_padding__hover=\u00bb|||\u00bb][et_pb_text _builder_version=\u00bb4.14.2&#8243; text_font=\u00bb||||||||\u00bb link_font=\u00bb||||||||\u00bb ul_font=\u00bb||||||||\u00bb ol_font=\u00bb||||||||\u00bb quote_font=\u00bb||||||||\u00bb header_font=\u00bb||||||||\u00bb header_2_font=\u00bbRubik|700|||||||\u00bb header_2_font_size=\u00bb42px\u00bb header_2_line_height=\u00bb1.2em\u00bb module_alignment=\u00bbcenter\u00bb custom_margin=\u00bb|||\u00bb custom_padding=\u00bb|||\u00bb header_2_font_size_tablet=\u00bb\u00bb header_2_font_size_phone=\u00bb36px\u00bb header_2_font_size_last_edited=\u00bbon|phone\u00bb locked=\u00bboff\u00bb global_colors_info=\u00bb{}\u00bb]\n<h2>Sobre el proyecto<\/h2>\n[\/et_pb_text][et_pb_divider color=\u00bb#6fb353&#8243; divider_position=\u00bbcenter\u00bb divider_weight=\u00bb5px\u00bb _builder_version=\u00bb3.17.6&#8243; max_width=\u00bb50px\u00bb locked=\u00bboff\u00bb global_colors_info=\u00bb{}\u00bb][\/et_pb_divider][et_pb_text _builder_version=\u00bb4.14.7&#8243; text_font=\u00bb||||||||\u00bb text_font_size=\u00bb15px\u00bb text_line_height=\u00bb1.8em\u00bb custom_padding=\u00bb||0px|||\u00bb custom_padding_tablet=\u00bb|40px||40px||true\u00bb custom_padding_last_edited=\u00bboff|desktop\u00bb locked=\u00bboff\u00bb global_colors_info=\u00bb{}\u00bb]\n<p>\u201cSomos un pueblo de 1.700 habitantes y la sala de velatorios es necesaria\u201d, explicaba Jaume Forn\u00e9s, alcalde de Sarral. Por eso, en Coasa nos hemos encargado de convertir esta necesidad en una realidad.<\/p>\n<p>As\u00ed, a finales del \u00faltimo a\u00f1o realizamos la<strong> construcci\u00f3n de la nueva sala de velatorios de Sarral<\/strong>.<\/p>\n<p>Queremos agradecer al Ayuntamiento de Sarral y a la <a href=\"https:\/\/www.diputaciodetarragona.cat\/\" target=\"_blank\" rel=\"noopener\">Diputaci\u00f3n de Tarragona<\/a> la confianza depositada en nosotros.<\/p>\n[\/et_pb_text][\/et_pb_column][et_pb_column type=\u00bb1_2&#8243; _builder_version=\u00bb3.25&#8243; custom_padding=\u00bb|||\u00bb global_colors_info=\u00bb{}\u00bb custom_padding__hover=\u00bb|||\u00bb][et_pb_image src=\u00bbhttps:\/\/coasa.org\/wp-content\/uploads\/2022\/01\/IMG-20211118-WA0015.jpg\u00bb alt=\u00bbconstrucci\u00f3n obra publica\u00bb title_text=\u00bbconstrucci\u00f3n obra publica\u00bb _builder_version=\u00bb4.14.7&#8243; _module_preset=\u00bbdefault\u00bb global_colors_info=\u00bb{}\u00bb][\/et_pb_image][\/et_pb_column][\/et_pb_row][et_pb_row _builder_version=\u00bb3.25&#8243; global_colors_info=\u00bb{}\u00bb][et_pb_column type=\u00bb4_4&#8243; _builder_version=\u00bb3.25&#8243; custom_padding=\u00bb|||\u00bb global_colors_info=\u00bb{}\u00bb custom_padding__hover=\u00bb|||\u00bb][et_pb_text _builder_version=\u00bb4.14.2&#8243; _module_preset=\u00bbdefault\u00bb global_colors_info=\u00bb{}\u00bb]\n<h2>Caracter\u00edsticas del proyecto<\/h2>\n[\/et_pb_text][et_pb_text _builder_version=\u00bb4.14.7&#8243; _module_preset=\u00bbdefault\u00bb text_font_size=\u00bb15px\u00bb global_colors_info=\u00bb{}\u00bb]\n<p>La nueva sala de velatorios de Sarral, la cual cuenta con unos 300 metros cuadrados, se ha construido sobre suelo de propiedad municipal, junto al cementerio.<\/p>\n<p>El tanatorio cuenta con una sala principal (170 metros cuadrados), una sala para el difunto, un aparcamiento para los familiares, un vest\u00edbulo, servicios y tambi\u00e9n un porche con un jard\u00edn en la entrada.<\/p>\n<p>En referencia a la construcci\u00f3n como tal, <strong>hemos empleado granito<\/strong> para conseguir un acabado elegante y de calidad. Adem\u00e1s, el granito es un material sostenible, puesto que no necesita procesos qu\u00edmicos para su elaboraci\u00f3n y el mantenimiento que requiere no comporta costes elevados.<\/p>\n<p>Las puertas han sido construidas con <strong>vidrio templado<\/strong> <strong>de 6mm ultraclear opacificado<\/strong>, un material que aporta resistente y duradero, muy f\u00e1cil de limpiar y de mantener.<\/p>\n<p>Por otro lado, se han instalado <strong>paseras de madera termo tratada<\/strong> para facilitar el acceso en el nicho y aportar comodidad a los visitantes.<\/p>\n<p>&nbsp;<\/p>\n[\/et_pb_text][et_pb_text _builder_version=\u00bb4.14.2&#8243; _module_preset=\u00bbdefault\u00bb global_colors_info=\u00bb{}\u00bb]\n<h2>Organizaciones implicadas y personal<\/h2>\n[\/et_pb_text][et_pb_text _builder_version=\u00bb4.14.4&#8243; _module_preset=\u00bbdefault\u00bb text_font_size=\u00bb15px\u00bb global_colors_info=\u00bb{}\u00bb]\n<p>La direcci\u00f3n de ejecuci\u00f3n de esta obra estuvo bajo las manos de la <strong>Unidad de Arquitectura Municipal del Servicio de Asistencia Municipal<\/strong> (SAM) de la Diputaci\u00f3n de Tarragona y el <strong>arquitecto Albert Jan\u00e9 Pla<\/strong>.<\/p>\n<p>Por otro lado, el <strong>jefe de obra <\/strong>de la construcci\u00f3n fue Ghiber Sanchez.<\/p>\n[\/et_pb_text][et_pb_text _builder_version=\u00bb4.14.7&#8243; _module_preset=\u00bbdefault\u00bb text_font_size=\u00bb15px\u00bb global_colors_info=\u00bb{}\u00bb]\n<p>&nbsp;<\/p>\n<p>Agradecidos de poder formar parte de proyectos que facilitan el d\u00eda a d\u00eda de los habitantes y de poder aportar nuestro granito de arena a <strong>mejorar espacios municipales.<\/strong><\/p>\n<p>Si te has quedado con ganas de conocernos m\u00e1s, \u00a1descubre otro de <a href=\"https:\/\/coasa.org\/project\/remodelacio-i-millora-de-linterior-del-casal-de-la-ravaleta\/\" target=\"_blank\" rel=\"noopener\">nuestros proyectos<\/a>!<\/p>\n<p>&nbsp;<\/p>\n[\/et_pb_text][\/et_pb_column][\/et_pb_row][et_pb_row _builder_version=\u00bb4.14.3&#8243; _module_preset=\u00bbdefault\u00bb global_colors_info=\u00bb{}\u00bb][et_pb_column type=\u00bb4_4&#8243; _builder_version=\u00bb4.14.3&#8243; _module_preset=\u00bbdefault\u00bb global_colors_info=\u00bb{}\u00bb][et_pb_gallery gallery_ids=\u00bb4743,4741,4739,4747&#8243; gallery_orderby=\u00bbrand\u00bb fullwidth=\u00bbon\u00bb _builder_version=\u00bb4.14.7&#8243; _module_preset=\u00bbdefault\u00bb global_colors_info=\u00bb{}\u00bb][\/et_pb_gallery][\/et_pb_column][\/et_pb_row][\/et_pb_section]\n","protected":false},"excerpt":{"rendered":"<p>Construcci\u00f3n de la nueva sala de velatorios de SarralHasta ahora, los habitantes de Sarral, municipio de la Conca de Barber\u00e0, ten\u00edan que desplazarse a municipios pr\u00f3ximos con tanatorio para poder velar a los difuntos. Este proyecto permite que, a partir de ahora, puedan disponer de este servicio sin necesidad de desplazarse. Cliente: Ayuntamiento de Sarral [&hellip;]<\/p>\n","protected":false},"author":1,"featured_media":4746,"template":"","meta":{"_et_pb_use_builder":"on","_et_pb_old_content":"","_et_gb_content_width":"","_joinchat":[],"footnotes":""},"project_category":[388],"project_tag":[471,37,36,40,136,39,472,73],"class_list":["post-6969","project","type-project","status-publish","has-post-thumbnail","hentry","project_category-obra-publica-es","project_tag-ayuntamiento","project_tag-coasa","project_tag-construccion","project_tag-construir","project_tag-obra-es","project_tag-obra-publica","project_tag-sala-de-velatorios","project_tag-sarral-es"],"yoast_head":"<!-- This site is optimized with the Yoast SEO plugin v27.5 - https:\/\/yoast.com\/product\/yoast-seo-wordpress\/ -->\n<title>Construcci\u00f3n de la nueva sala de velatorios de Sarral<\/title>\n<meta name=\"description\" content=\"Echa un vistazo a uno de nuestros \u00faltimos proyectos; la construcci\u00f3n de la nueva sala de velatorio de Sarral.\" \/>\n<meta name=\"robots\" content=\"index, follow, max-snippet:-1, max-image-preview:large, max-video-preview:-1\" \/>\n<link rel=\"canonical\" href=\"https:\/\/coasa.org\/es\/project\/construccion-de-la-nueva-sala-de-velatorios-de-sarral\/\" \/>\n<meta property=\"og:locale\" content=\"es_ES\" \/>\n<meta property=\"og:type\" content=\"article\" \/>\n<meta property=\"og:title\" content=\"Construcci\u00f3n de la nueva sala de velatorios de Sarral\" \/>\n<meta property=\"og:description\" content=\"Echa un vistazo a uno de nuestros \u00faltimos proyectos; la construcci\u00f3n de la nueva sala de velatorio de Sarral.\" \/>\n<meta property=\"og:url\" content=\"https:\/\/coasa.org\/es\/project\/construccion-de-la-nueva-sala-de-velatorios-de-sarral\/\" \/>\n<meta property=\"og:site_name\" content=\"COASA, Empresa Constructora\" \/>\n<meta property=\"article:modified_time\" content=\"2024-07-29T12:00:39+00:00\" \/>\n<meta property=\"og:image\" content=\"https:\/\/coasa.org\/wp-content\/uploads\/2022\/01\/portada.jpg\" \/>\n\t<meta property=\"og:image:width\" content=\"800\" \/>\n\t<meta property=\"og:image:height\" content=\"600\" \/>\n\t<meta property=\"og:image:type\" content=\"image\/jpeg\" \/>\n<meta name=\"twitter:label1\" content=\"Tiempo de lectura\" \/>\n\t<meta name=\"twitter:data1\" content=\"5 minutos\" \/>\n<script type=\"application\/ld+json\" class=\"yoast-schema-graph\">{\"@context\":\"https:\\\/\\\/schema.org\",\"@graph\":[{\"@type\":\"WebPage\",\"@id\":\"https:\\\/\\\/coasa.org\\\/es\\\/project\\\/construccion-de-la-nueva-sala-de-velatorios-de-sarral\\\/\",\"url\":\"https:\\\/\\\/coasa.org\\\/es\\\/project\\\/construccion-de-la-nueva-sala-de-velatorios-de-sarral\\\/\",\"name\":\"Construcci\u00f3n de la nueva sala de velatorios de Sarral\",\"isPartOf\":{\"@id\":\"https:\\\/\\\/coasa.org\\\/es\\\/#website\"},\"primaryImageOfPage\":{\"@id\":\"https:\\\/\\\/coasa.org\\\/es\\\/project\\\/construccion-de-la-nueva-sala-de-velatorios-de-sarral\\\/#primaryimage\"},\"image\":{\"@id\":\"https:\\\/\\\/coasa.org\\\/es\\\/project\\\/construccion-de-la-nueva-sala-de-velatorios-de-sarral\\\/#primaryimage\"},\"thumbnailUrl\":\"https:\\\/\\\/coasa.org\\\/wp-content\\\/uploads\\\/2022\\\/01\\\/portada.jpg\",\"datePublished\":\"2024-07-29T11:57:06+00:00\",\"dateModified\":\"2024-07-29T12:00:39+00:00\",\"description\":\"Echa un vistazo a uno de nuestros \u00faltimos proyectos; la construcci\u00f3n de la nueva sala de velatorio de Sarral.\",\"breadcrumb\":{\"@id\":\"https:\\\/\\\/coasa.org\\\/es\\\/project\\\/construccion-de-la-nueva-sala-de-velatorios-de-sarral\\\/#breadcrumb\"},\"inLanguage\":\"es\",\"potentialAction\":[{\"@type\":\"ReadAction\",\"target\":[\"https:\\\/\\\/coasa.org\\\/es\\\/project\\\/construccion-de-la-nueva-sala-de-velatorios-de-sarral\\\/\"]}]},{\"@type\":\"ImageObject\",\"inLanguage\":\"es\",\"@id\":\"https:\\\/\\\/coasa.org\\\/es\\\/project\\\/construccion-de-la-nueva-sala-de-velatorios-de-sarral\\\/#primaryimage\",\"url\":\"https:\\\/\\\/coasa.org\\\/wp-content\\\/uploads\\\/2022\\\/01\\\/portada.jpg\",\"contentUrl\":\"https:\\\/\\\/coasa.org\\\/wp-content\\\/uploads\\\/2022\\\/01\\\/portada.jpg\",\"width\":800,\"height\":600,\"caption\":\"construcci\u00f3n reus\"},{\"@type\":\"BreadcrumbList\",\"@id\":\"https:\\\/\\\/coasa.org\\\/es\\\/project\\\/construccion-de-la-nueva-sala-de-velatorios-de-sarral\\\/#breadcrumb\",\"itemListElement\":[{\"@type\":\"ListItem\",\"position\":1,\"name\":\"Portada\",\"item\":\"https:\\\/\\\/coasa.org\\\/es\\\/\"},{\"@type\":\"ListItem\",\"position\":2,\"name\":\"Proyectos\",\"item\":\"https:\\\/\\\/coasa.org\\\/es\\\/project\\\/\"},{\"@type\":\"ListItem\",\"position\":3,\"name\":\"Construcci\u00f3n de la nueva sala de velatorios de Sarral\"}]},{\"@type\":\"WebSite\",\"@id\":\"https:\\\/\\\/coasa.org\\\/es\\\/#website\",\"url\":\"https:\\\/\\\/coasa.org\\\/es\\\/\",\"name\":\"COASA, Empresa Constructora\",\"description\":\"Des del seu naixement COASA s&#039;ha destacat per una constant evoluci\u00f3 que ens permet\u00e9s una \u00e0gil adaptaci\u00f3 a les necessitats canviants del mercat de la construcci\u00f3 industrial.\",\"publisher\":{\"@id\":\"https:\\\/\\\/coasa.org\\\/es\\\/#organization\"},\"potentialAction\":[{\"@type\":\"SearchAction\",\"target\":{\"@type\":\"EntryPoint\",\"urlTemplate\":\"https:\\\/\\\/coasa.org\\\/es\\\/?s={search_term_string}\"},\"query-input\":{\"@type\":\"PropertyValueSpecification\",\"valueRequired\":true,\"valueName\":\"search_term_string\"}}],\"inLanguage\":\"es\"},{\"@type\":\"Organization\",\"@id\":\"https:\\\/\\\/coasa.org\\\/es\\\/#organization\",\"name\":\"Coasa\",\"url\":\"https:\\\/\\\/coasa.org\\\/es\\\/\",\"logo\":{\"@type\":\"ImageObject\",\"inLanguage\":\"es\",\"@id\":\"https:\\\/\\\/coasa.org\\\/es\\\/#\\\/schema\\\/logo\\\/image\\\/\",\"url\":\"https:\\\/\\\/coasa.org\\\/wp-content\\\/uploads\\\/2018\\\/10\\\/logo.png\",\"contentUrl\":\"https:\\\/\\\/coasa.org\\\/wp-content\\\/uploads\\\/2018\\\/10\\\/logo.png\",\"width\":500,\"height\":141,\"caption\":\"Coasa\"},\"image\":{\"@id\":\"https:\\\/\\\/coasa.org\\\/es\\\/#\\\/schema\\\/logo\\\/image\\\/\"},\"sameAs\":[\"https:\\\/\\\/www.linkedin.com\\\/company\\\/coasa\\\/\"]}]}<\/script>\n<!-- \/ Yoast SEO plugin. -->","yoast_head_json":{"title":"Construcci\u00f3n de la nueva sala de velatorios de Sarral","description":"Echa un vistazo a uno de nuestros \u00faltimos proyectos; la construcci\u00f3n de la nueva sala de velatorio de Sarral.","robots":{"index":"index","follow":"follow","max-snippet":"max-snippet:-1","max-image-preview":"max-image-preview:large","max-video-preview":"max-video-preview:-1"},"canonical":"https:\/\/coasa.org\/es\/project\/construccion-de-la-nueva-sala-de-velatorios-de-sarral\/","og_locale":"es_ES","og_type":"article","og_title":"Construcci\u00f3n de la nueva sala de velatorios de Sarral","og_description":"Echa un vistazo a uno de nuestros \u00faltimos proyectos; la construcci\u00f3n de la nueva sala de velatorio de Sarral.","og_url":"https:\/\/coasa.org\/es\/project\/construccion-de-la-nueva-sala-de-velatorios-de-sarral\/","og_site_name":"COASA, Empresa Constructora","article_modified_time":"2024-07-29T12:00:39+00:00","og_image":[{"width":800,"height":600,"url":"https:\/\/coasa.org\/wp-content\/uploads\/2022\/01\/portada.jpg","type":"image\/jpeg"}],"twitter_misc":{"Tiempo de lectura":"5 minutos"},"schema":{"@context":"https:\/\/schema.org","@graph":[{"@type":"WebPage","@id":"https:\/\/coasa.org\/es\/project\/construccion-de-la-nueva-sala-de-velatorios-de-sarral\/","url":"https:\/\/coasa.org\/es\/project\/construccion-de-la-nueva-sala-de-velatorios-de-sarral\/","name":"Construcci\u00f3n de la nueva sala de velatorios de Sarral","isPartOf":{"@id":"https:\/\/coasa.org\/es\/#website"},"primaryImageOfPage":{"@id":"https:\/\/coasa.org\/es\/project\/construccion-de-la-nueva-sala-de-velatorios-de-sarral\/#primaryimage"},"image":{"@id":"https:\/\/coasa.org\/es\/project\/construccion-de-la-nueva-sala-de-velatorios-de-sarral\/#primaryimage"},"thumbnailUrl":"https:\/\/coasa.org\/wp-content\/uploads\/2022\/01\/portada.jpg","datePublished":"2024-07-29T11:57:06+00:00","dateModified":"2024-07-29T12:00:39+00:00","description":"Echa un vistazo a uno de nuestros \u00faltimos proyectos; la construcci\u00f3n de la nueva sala de velatorio de Sarral.","breadcrumb":{"@id":"https:\/\/coasa.org\/es\/project\/construccion-de-la-nueva-sala-de-velatorios-de-sarral\/#breadcrumb"},"inLanguage":"es","potentialAction":[{"@type":"ReadAction","target":["https:\/\/coasa.org\/es\/project\/construccion-de-la-nueva-sala-de-velatorios-de-sarral\/"]}]},{"@type":"ImageObject","inLanguage":"es","@id":"https:\/\/coasa.org\/es\/project\/construccion-de-la-nueva-sala-de-velatorios-de-sarral\/#primaryimage","url":"https:\/\/coasa.org\/wp-content\/uploads\/2022\/01\/portada.jpg","contentUrl":"https:\/\/coasa.org\/wp-content\/uploads\/2022\/01\/portada.jpg","width":800,"height":600,"caption":"construcci\u00f3n reus"},{"@type":"BreadcrumbList","@id":"https:\/\/coasa.org\/es\/project\/construccion-de-la-nueva-sala-de-velatorios-de-sarral\/#breadcrumb","itemListElement":[{"@type":"ListItem","position":1,"name":"Portada","item":"https:\/\/coasa.org\/es\/"},{"@type":"ListItem","position":2,"name":"Proyectos","item":"https:\/\/coasa.org\/es\/project\/"},{"@type":"ListItem","position":3,"name":"Construcci\u00f3n de la nueva sala de velatorios de Sarral"}]},{"@type":"WebSite","@id":"https:\/\/coasa.org\/es\/#website","url":"https:\/\/coasa.org\/es\/","name":"COASA, Empresa Constructora","description":"Des del seu naixement COASA s&#039;ha destacat per una constant evoluci\u00f3 que ens permet\u00e9s una \u00e0gil adaptaci\u00f3 a les necessitats canviants del mercat de la construcci\u00f3 industrial.","publisher":{"@id":"https:\/\/coasa.org\/es\/#organization"},"potentialAction":[{"@type":"SearchAction","target":{"@type":"EntryPoint","urlTemplate":"https:\/\/coasa.org\/es\/?s={search_term_string}"},"query-input":{"@type":"PropertyValueSpecification","valueRequired":true,"valueName":"search_term_string"}}],"inLanguage":"es"},{"@type":"Organization","@id":"https:\/\/coasa.org\/es\/#organization","name":"Coasa","url":"https:\/\/coasa.org\/es\/","logo":{"@type":"ImageObject","inLanguage":"es","@id":"https:\/\/coasa.org\/es\/#\/schema\/logo\/image\/","url":"https:\/\/coasa.org\/wp-content\/uploads\/2018\/10\/logo.png","contentUrl":"https:\/\/coasa.org\/wp-content\/uploads\/2018\/10\/logo.png","width":500,"height":141,"caption":"Coasa"},"image":{"@id":"https:\/\/coasa.org\/es\/#\/schema\/logo\/image\/"},"sameAs":["https:\/\/www.linkedin.com\/company\/coasa\/"]}]}},"_links":{"self":[{"href":"https:\/\/coasa.org\/es\/wp-json\/wp\/v2\/project\/6969","targetHints":{"allow":["GET"]}}],"collection":[{"href":"https:\/\/coasa.org\/es\/wp-json\/wp\/v2\/project"}],"about":[{"href":"https:\/\/coasa.org\/es\/wp-json\/wp\/v2\/types\/project"}],"author":[{"embeddable":true,"href":"https:\/\/coasa.org\/es\/wp-json\/wp\/v2\/users\/1"}],"version-history":[{"count":2,"href":"https:\/\/coasa.org\/es\/wp-json\/wp\/v2\/project\/6969\/revisions"}],"predecessor-version":[{"id":6971,"href":"https:\/\/coasa.org\/es\/wp-json\/wp\/v2\/project\/6969\/revisions\/6971"}],"wp:featuredmedia":[{"embeddable":true,"href":"https:\/\/coasa.org\/es\/wp-json\/wp\/v2\/media\/4746"}],"wp:attachment":[{"href":"https:\/\/coasa.org\/es\/wp-json\/wp\/v2\/media?parent=6969"}],"wp:term":[{"taxonomy":"project_category","embeddable":true,"href":"https:\/\/coasa.org\/es\/wp-json\/wp\/v2\/project_category?post=6969"},{"taxonomy":"project_tag","embeddable":true,"href":"https:\/\/coasa.org\/es\/wp-json\/wp\/v2\/project_tag?post=6969"}],"curies":[{"name":"wp","href":"https:\/\/api.w.org\/{rel}","templated":true}]}}