{"id":7060,"date":"2024-08-22T14:53:48","date_gmt":"2024-08-22T12:53:48","guid":{"rendered":"https:\/\/coasa.org\/project\/reforma-y-ampliacion-del-pabellon-municipal-de-la-bisbal-del-penedes\/"},"modified":"2024-09-17T09:56:00","modified_gmt":"2024-09-17T07:56:00","slug":"reforma-y-ampliacion-del-pabellon-municipal-de-la-bisbal-del-penedes","status":"publish","type":"project","link":"https:\/\/coasa.org\/es\/project\/reforma-y-ampliacion-del-pabellon-municipal-de-la-bisbal-del-penedes\/","title":{"rendered":"Reforma y ampliaci\u00f3n del Pabell\u00f3n Municipal de la Bisbal del Pened\u00e8s"},"content":{"rendered":"[et_pb_section fb_built=\u00bb1&#8243; admin_label=\u00bbHero\u00bb _builder_version=\u00bb4.27.0&#8243; background_enable_color=\u00bboff\u00bb use_background_color_gradient=\u00bbon\u00bb background_color_gradient_type=\u00bbcircular\u00bb background_color_gradient_direction_radial=\u00bbtop left\u00bb background_color_gradient_stops=\u00bb#474747 0%|#474747 100%\u00bb background_color_gradient_overlays_image=\u00bbon\u00bb background_image=\u00bbhttps:\/\/coasa.org\/wp-content\/uploads\/2024\/08\/reforma-y-ampliacion-del-pabellon-municipal-de-la-bisbal-del-penedes.jpg\u00bb background_blend=\u00bbmultiply\u00bb custom_margin=\u00bb||25px||false|false\u00bb custom_padding=\u00bb||85px||false|false\u00bb global_colors_info=\u00bb{}\u00bb][et_pb_row column_structure=\u00bb3_5,2_5&#8243; _builder_version=\u00bb4.27.0&#8243; background_size=\u00bbinitial\u00bb background_position=\u00bbtop_left\u00bb background_repeat=\u00bbrepeat\u00bb global_colors_info=\u00bb{}\u00bb][et_pb_column type=\u00bb3_5&#8243; _builder_version=\u00bb4.16&#8243; custom_padding=\u00bb|||\u00bb global_colors_info=\u00bb{}\u00bb custom_padding__hover=\u00bb|||\u00bb][et_pb_text _builder_version=\u00bb4.27.0&#8243; header_font=\u00bbRubik|700|||||||\u00bb header_text_align=\u00bbleft\u00bb header_font_size=\u00bb55px\u00bb header_line_height=\u00bb1.2em\u00bb background_size=\u00bbinitial\u00bb background_position=\u00bbtop_left\u00bb background_repeat=\u00bbrepeat\u00bb custom_padding=\u00bb|||20px|false|false\u00bb border_width_all=\u00bb0px\u00bb border_color_all=\u00bb#6fb353&#8243; border_width_left=\u00bb15px\u00bb border_color_left=\u00bb#6fb353&#8243; global_colors_info=\u00bb{}\u00bb]\n<h1><span style=\"color: #ffffff;\"><\/span><\/h1>\n<h1><span style=\"color: #ffffff;\">Reforma y ampliaci\u00f3n del Pabell\u00f3n Municipal de la Bisbal del Pened\u00e8s<\/span><\/h1>\n<p>&nbsp;<\/p>\n[\/et_pb_text][et_pb_text _builder_version=\u00bb4.27.0&#8243; _module_preset=\u00bbdefault\u00bb text_text_color=\u00bb#FFFFFF\u00bb text_font_size=\u00bb20px\u00bb global_colors_info=\u00bb{}\u00bb]\n<p>Presentamos el renovado Pabell\u00f3n Municipal de la Bisbal del Pened\u00e8s, encargado por el Ayuntamiento de la Bisbal del Pened\u00e8s. El edificio reformado y ampliado, ofrecer\u00e1 un espacio amplio para m\u00faltiples actividades y un mayor aforo para acontecimientos deportivos. <\/p>\n[\/et_pb_text][\/et_pb_column][et_pb_column type=\u00bb2_5&#8243; _builder_version=\u00bb4.16&#8243; custom_padding=\u00bb|||\u00bb global_colors_info=\u00bb{}\u00bb custom_padding__hover=\u00bb|||\u00bb][et_pb_text _builder_version=\u00bb4.27.0&#8243; _module_preset=\u00bbdefault\u00bb text_text_color=\u00bb#FFFFFF\u00bb global_colors_info=\u00bb{}\u00bb]\n<p>Cliente: Ayuntamiento de la Bisbal del Pened\u00e8s<\/p>\n<p>Categor\u00eda: Obra P\u00fablica<\/p>\n[\/et_pb_text][\/et_pb_column][\/et_pb_row][\/et_pb_section][et_pb_section fb_built=\u00bb1&#8243; _builder_version=\u00bb4.27.0&#8243; _module_preset=\u00bbdefault\u00bb global_colors_info=\u00bb{}\u00bb][et_pb_row column_structure=\u00bb1_2,1_2&#8243; admin_label=\u00bbRow\u00bb _builder_version=\u00bb4.27.0&#8243; _module_preset=\u00bbdefault\u00bb global_colors_info=\u00bb{}\u00bb][et_pb_column type=\u00bb1_2&#8243; _builder_version=\u00bb4.27.0&#8243; _module_preset=\u00bbdefault\u00bb global_colors_info=\u00bb{}\u00bb][et_pb_text _builder_version=\u00bb4.27.0&#8243; _module_preset=\u00bbdefault\u00bb header_2_font_size=\u00bb35px\u00bb global_colors_info=\u00bb{}\u00bb]\n<h2><strong>Sobre el proyecto<\/strong><\/h2>\n[\/et_pb_text][et_pb_divider color=\u00bb#6fb353&#8243; divider_weight=\u00bb5px\u00bb _builder_version=\u00bb4.27.0&#8243; _module_preset=\u00bbdefault\u00bb width=\u00bb10%\u00bb global_colors_info=\u00bb{}\u00bb][\/et_pb_divider][et_pb_text _builder_version=\u00bb4.27.0&#8243; _module_preset=\u00bbdefault\u00bb text_font_size=\u00bb16px\u00bb global_colors_info=\u00bb{}\u00bb]\n<p>Las obras de reforma y ampliaci\u00f3n del Pabell\u00f3n Municipal de la Bisbal del Pened\u00e8s empezaron el octubre de 2022 y van tenido una duraci\u00f3n de unos 12 meses. El proyecto, que se pudo llevar a cabo gracias a una subvenci\u00f3n del Plan de Acci\u00f3n Municipal de la Diputaci\u00f3n de Tarragona, fue recibido con mucha acogida puesto que l<strong>as nuevas instalaciones permitir\u00e1n promocionar h\u00e1bitos saludables y dinamizar el turismo deportivo<\/strong> en la ciudad. <\/p>\n[\/et_pb_text][\/et_pb_column][et_pb_column type=\u00bb1_2&#8243; _builder_version=\u00bb4.27.0&#8243; _module_preset=\u00bbdefault\u00bb global_colors_info=\u00bb{}\u00bb][et_pb_image src=\u00bbhttps:\/\/coasa.org\/wp-content\/uploads\/2024\/08\/reforma-y-ampliacion-del-pabellon-municipal-de-la-bisbal-del-penedes.jpg\u00bb alt=\u00bbreforma y ampliaci\u00f3n del pabell\u00f3n municipal de la bisbal del pened\u00e8s\u00bb title_text=\u00bbreforma y ampliaci\u00f3n del pabell\u00f3n municipal de la bisbal del pened\u00e8s\u00bb _builder_version=\u00bb4.27.0&#8243; _module_preset=\u00bbdefault\u00bb custom_padding=\u00bb|||1px||\u00bb global_colors_info=\u00bb{}\u00bb][\/et_pb_image][\/et_pb_column][\/et_pb_row][et_pb_row _builder_version=\u00bb4.27.0&#8243; _module_preset=\u00bbdefault\u00bb global_colors_info=\u00bb{}\u00bb][et_pb_column type=\u00bb4_4&#8243; _builder_version=\u00bb4.27.0&#8243; _module_preset=\u00bbdefault\u00bb global_colors_info=\u00bb{}\u00bb][et_pb_text _builder_version=\u00bb4.27.0&#8243; _module_preset=\u00bbdefault\u00bb text_font_size=\u00bb16px\u00bb hover_enabled=\u00bb0&#8243; global_colors_info=\u00bb{}\u00bb sticky_enabled=\u00bb0&#8243;]\n<h3><strong>Caracter\u00edsticas del proyecto:<\/strong><\/h3>\n<p>La dimensi\u00f3n del proyecto era de unos 1500 m\u00b2 y consisti\u00f3 en la <strong>adecuaci\u00f3n del pabell\u00f3n y la construcci\u00f3n de un edificio anexo<\/strong> con la administraci\u00f3n, vestuarios, servicios, enfermer\u00eda, control de acceso y el vest\u00edbulo con gradas.<\/p>\n<p>En cuanto a la adecuaci\u00f3n del pabell\u00f3n, la obra inici\u00f3 primeramente con el derribo del interior para aplicar un refuerzo estructural. Las siguientes fases fueron la <strong>reforma integral del interior<\/strong> del edificio, la formaci\u00f3n de una nueva cubierta y la ampliaci\u00f3n del almac\u00e9n.<\/p>\n<p>A la vez que se llevaba a cabo la reforma, se constru\u00eda el edificio anexo con los <strong>vestuarios y el resto de servicios<\/strong>, que cuenta con una superficie total de unos 500 m\u00b2.<\/p>\n<p>Con un estilo moderno y utilizando <strong>materiales sostenibles y ecol\u00f3gicos<\/strong>, se ha dado un nuevo aspecto en el edificio y a la vez ha permitido incorporar beneficios estructurales que velan para cumplir normativas m\u00e1s sostenibles.<\/p>\n<p>Con este proyecto, se ha conseguido una <strong>notable mejora energ\u00e9tica<\/strong> del edificio con sistemas de aerotermia, recubrimientos t\u00e9rmicos a los envolvents y nuevas carpinter\u00edas exteriores.<\/p>\n<p>Los pavimentos interiores se han reformado bajo previa <strong>impermeabilizaci\u00f3n<\/strong>, obteniendo as\u00ed un pavimento de gran calidad.<\/p>\n<p>Por \u00faltimo, el dise\u00f1o de la nueva cubierta tipo sandvitch, es decir, con un panel a la parte superior, aislando a la parte inferior y un acabado minona, confiere un <strong>acabado est\u00e9tico y que permite una buena ac\u00fastica<\/strong>.<\/p>\n<p>&nbsp;<\/p>\n<p>&nbsp;<\/p>\n<h3><strong>Organizaciones implicadas y personal:<\/strong><strong><\/strong><\/h3>\n<p><strong><\/strong><\/p>\n<p><strong>Direcci\u00f3n de obra:<\/strong><\/p>\n<ul>\n<li>Arquitectos: Anton P\u00e0mies Martorell, Albert P\u00e0mies Tom\u00e0s y Josep Angles Pascual<\/li>\n<li>Arquitecto t\u00e9cnico: Josep Borr\u00e0s Obrad\u00f3<\/li>\n<\/ul>\n<p><strong>Estructura:<\/strong> WIDMILL, Josep Ram\u00f3n Sol\u00e9 Marzo<strong><\/strong><\/p>\n<p><strong>Coordinador de seguridad:<\/strong> Ferran Ferrer Casaprima<strong><\/strong><\/p>\n<p><strong>Jefe de obra COASA:<\/strong> Sergi Fontanet Centelles<strong><\/strong><\/p>\n<p><strong>Encargado COASA: <\/strong>Cayetano P\u00e9rez Daza<\/p>\n<p>&nbsp;<\/p>\n<p>&nbsp;<\/p>\n<p>Con todos estos procesos, todos los elementos estructurales cumplen la <strong>normativa vigente RF<\/strong>. Esto ha permitido obtener un edificio completamente renovado y moderno, funcional, sostenible y que fomenta el deporte y un estilo de vida saludable, el cual ha tenido muy buena acogida en la ciudad. Gracias al <a href=\"https:\/\/bisbalpenedes.com\/web\/\" target=\"_blank\" rel=\"noopener\">Ayuntamiento de la Bisbal del Pened\u00e8s<\/a> para confiar en COASA por este proyecto tan especial<\/p>\n[\/et_pb_text][\/et_pb_column][\/et_pb_row][et_pb_row _builder_version=\u00bb4.27.0&#8243; _module_preset=\u00bbdefault\u00bb global_colors_info=\u00bb{}\u00bb][et_pb_column type=\u00bb4_4&#8243; _builder_version=\u00bb4.27.0&#8243; _module_preset=\u00bbdefault\u00bb global_colors_info=\u00bb{}\u00bb][et_pb_gallery gallery_ids=\u00bb7034,7036,7042,7032&#8243; fullwidth=\u00bbon\u00bb _builder_version=\u00bb4.27.0&#8243; _module_preset=\u00bbdefault\u00bb global_colors_info=\u00bb{}\u00bb][\/et_pb_gallery][\/et_pb_column][\/et_pb_row][\/et_pb_section]\n","protected":false},"excerpt":{"rendered":"<p>Reforma y ampliaci\u00f3n del Pabell\u00f3n Municipal de la Bisbal del Pened\u00e8s &nbsp;Presentamos el renovado Pabell\u00f3n Municipal de la Bisbal del Pened\u00e8s, encargado por el Ayuntamiento de la Bisbal del Pened\u00e8s. El edificio reformado y ampliado, ofrecer\u00e1 un espacio amplio para m\u00faltiples actividades y un mayor aforo para acontecimientos deportivos. Cliente: Ayuntamiento de la Bisbal del [&hellip;]<\/p>\n","protected":false},"author":1,"featured_media":7039,"template":"","meta":{"_et_pb_use_builder":"on","_et_pb_old_content":"<!-- wp:divi\/placeholder \/-->","_et_gb_content_width":"","_joinchat":[],"footnotes":""},"project_category":[12,388],"project_tag":[],"class_list":["post-7060","project","type-project","status-publish","has-post-thumbnail","hentry","project_category-obra-publica","project_category-obra-publica-es"],"yoast_head":"<!-- This site is optimized with the Yoast SEO plugin v27.5 - https:\/\/yoast.com\/product\/yoast-seo-wordpress\/ -->\n<title>Reforma del Pabell\u00f3n Municipal de la Bisbal del Pened\u00e8s - COASA<\/title>\n<meta name=\"description\" content=\"Descubre la obra que llevamos a cabo en la Bisbal del Pened\u00e8s, la reforma del Pabell\u00f3n Municipal y la ampliaci\u00f3n de instalaciones deportivas.\" \/>\n<meta name=\"robots\" content=\"index, follow, max-snippet:-1, max-image-preview:large, max-video-preview:-1\" \/>\n<link rel=\"canonical\" href=\"https:\/\/coasa.org\/es\/project\/reforma-y-ampliacion-del-pabellon-municipal-de-la-bisbal-del-penedes\/\" \/>\n<meta property=\"og:locale\" content=\"es_ES\" \/>\n<meta property=\"og:type\" content=\"article\" \/>\n<meta property=\"og:title\" content=\"Reforma del Pabell\u00f3n Municipal de la Bisbal del Pened\u00e8s - COASA\" \/>\n<meta property=\"og:description\" content=\"Descubre la obra que llevamos a cabo en la Bisbal del Pened\u00e8s, la reforma del Pabell\u00f3n Municipal y la ampliaci\u00f3n de instalaciones deportivas.\" \/>\n<meta property=\"og:url\" content=\"https:\/\/coasa.org\/es\/project\/reforma-y-ampliacion-del-pabellon-municipal-de-la-bisbal-del-penedes\/\" \/>\n<meta property=\"og:site_name\" content=\"COASA, Empresa Constructora\" \/>\n<meta property=\"article:modified_time\" content=\"2024-09-17T07:56:00+00:00\" \/>\n<meta property=\"og:image\" content=\"https:\/\/coasa.org\/wp-content\/uploads\/2024\/08\/reforma-pavellon-municipal.jpg\" \/>\n\t<meta property=\"og:image:width\" content=\"1080\" \/>\n\t<meta property=\"og:image:height\" content=\"810\" \/>\n\t<meta property=\"og:image:type\" content=\"image\/jpeg\" \/>\n<meta name=\"twitter:label1\" content=\"Tiempo de lectura\" \/>\n\t<meta name=\"twitter:data1\" content=\"5 minutos\" \/>\n<script type=\"application\/ld+json\" class=\"yoast-schema-graph\">{\"@context\":\"https:\\\/\\\/schema.org\",\"@graph\":[{\"@type\":\"WebPage\",\"@id\":\"https:\\\/\\\/coasa.org\\\/es\\\/project\\\/reforma-y-ampliacion-del-pabellon-municipal-de-la-bisbal-del-penedes\\\/\",\"url\":\"https:\\\/\\\/coasa.org\\\/es\\\/project\\\/reforma-y-ampliacion-del-pabellon-municipal-de-la-bisbal-del-penedes\\\/\",\"name\":\"Reforma del Pabell\u00f3n Municipal de la Bisbal del Pened\u00e8s - COASA\",\"isPartOf\":{\"@id\":\"https:\\\/\\\/coasa.org\\\/es\\\/#website\"},\"primaryImageOfPage\":{\"@id\":\"https:\\\/\\\/coasa.org\\\/es\\\/project\\\/reforma-y-ampliacion-del-pabellon-municipal-de-la-bisbal-del-penedes\\\/#primaryimage\"},\"image\":{\"@id\":\"https:\\\/\\\/coasa.org\\\/es\\\/project\\\/reforma-y-ampliacion-del-pabellon-municipal-de-la-bisbal-del-penedes\\\/#primaryimage\"},\"thumbnailUrl\":\"https:\\\/\\\/coasa.org\\\/wp-content\\\/uploads\\\/2024\\\/08\\\/reforma-pavellon-municipal.jpg\",\"datePublished\":\"2024-08-22T12:53:48+00:00\",\"dateModified\":\"2024-09-17T07:56:00+00:00\",\"description\":\"Descubre la obra que llevamos a cabo en la Bisbal del Pened\u00e8s, la reforma del Pabell\u00f3n Municipal y la ampliaci\u00f3n de instalaciones deportivas.\",\"breadcrumb\":{\"@id\":\"https:\\\/\\\/coasa.org\\\/es\\\/project\\\/reforma-y-ampliacion-del-pabellon-municipal-de-la-bisbal-del-penedes\\\/#breadcrumb\"},\"inLanguage\":\"es\",\"potentialAction\":[{\"@type\":\"ReadAction\",\"target\":[\"https:\\\/\\\/coasa.org\\\/es\\\/project\\\/reforma-y-ampliacion-del-pabellon-municipal-de-la-bisbal-del-penedes\\\/\"]}]},{\"@type\":\"ImageObject\",\"inLanguage\":\"es\",\"@id\":\"https:\\\/\\\/coasa.org\\\/es\\\/project\\\/reforma-y-ampliacion-del-pabellon-municipal-de-la-bisbal-del-penedes\\\/#primaryimage\",\"url\":\"https:\\\/\\\/coasa.org\\\/wp-content\\\/uploads\\\/2024\\\/08\\\/reforma-pavellon-municipal.jpg\",\"contentUrl\":\"https:\\\/\\\/coasa.org\\\/wp-content\\\/uploads\\\/2024\\\/08\\\/reforma-pavellon-municipal.jpg\",\"width\":1080,\"height\":810,\"caption\":\"reforma pabell\u00f3n municipal\"},{\"@type\":\"BreadcrumbList\",\"@id\":\"https:\\\/\\\/coasa.org\\\/es\\\/project\\\/reforma-y-ampliacion-del-pabellon-municipal-de-la-bisbal-del-penedes\\\/#breadcrumb\",\"itemListElement\":[{\"@type\":\"ListItem\",\"position\":1,\"name\":\"Portada\",\"item\":\"https:\\\/\\\/coasa.org\\\/es\\\/\"},{\"@type\":\"ListItem\",\"position\":2,\"name\":\"Proyectos\",\"item\":\"https:\\\/\\\/coasa.org\\\/es\\\/project\\\/\"},{\"@type\":\"ListItem\",\"position\":3,\"name\":\"Reforma y ampliaci\u00f3n del Pabell\u00f3n Municipal de la Bisbal del Pened\u00e8s\"}]},{\"@type\":\"WebSite\",\"@id\":\"https:\\\/\\\/coasa.org\\\/es\\\/#website\",\"url\":\"https:\\\/\\\/coasa.org\\\/es\\\/\",\"name\":\"COASA, Empresa Constructora\",\"description\":\"Des del seu naixement COASA s&#039;ha destacat per una constant evoluci\u00f3 que ens permet\u00e9s una \u00e0gil adaptaci\u00f3 a les necessitats canviants del mercat de la construcci\u00f3 industrial.\",\"publisher\":{\"@id\":\"https:\\\/\\\/coasa.org\\\/es\\\/#organization\"},\"potentialAction\":[{\"@type\":\"SearchAction\",\"target\":{\"@type\":\"EntryPoint\",\"urlTemplate\":\"https:\\\/\\\/coasa.org\\\/es\\\/?s={search_term_string}\"},\"query-input\":{\"@type\":\"PropertyValueSpecification\",\"valueRequired\":true,\"valueName\":\"search_term_string\"}}],\"inLanguage\":\"es\"},{\"@type\":\"Organization\",\"@id\":\"https:\\\/\\\/coasa.org\\\/es\\\/#organization\",\"name\":\"Coasa\",\"url\":\"https:\\\/\\\/coasa.org\\\/es\\\/\",\"logo\":{\"@type\":\"ImageObject\",\"inLanguage\":\"es\",\"@id\":\"https:\\\/\\\/coasa.org\\\/es\\\/#\\\/schema\\\/logo\\\/image\\\/\",\"url\":\"https:\\\/\\\/coasa.org\\\/wp-content\\\/uploads\\\/2018\\\/10\\\/logo.png\",\"contentUrl\":\"https:\\\/\\\/coasa.org\\\/wp-content\\\/uploads\\\/2018\\\/10\\\/logo.png\",\"width\":500,\"height\":141,\"caption\":\"Coasa\"},\"image\":{\"@id\":\"https:\\\/\\\/coasa.org\\\/es\\\/#\\\/schema\\\/logo\\\/image\\\/\"},\"sameAs\":[\"https:\\\/\\\/www.linkedin.com\\\/company\\\/coasa\\\/\"]}]}<\/script>\n<!-- \/ Yoast SEO plugin. -->","yoast_head_json":{"title":"Reforma del Pabell\u00f3n Municipal de la Bisbal del Pened\u00e8s - COASA","description":"Descubre la obra que llevamos a cabo en la Bisbal del Pened\u00e8s, la reforma del Pabell\u00f3n Municipal y la ampliaci\u00f3n de instalaciones deportivas.","robots":{"index":"index","follow":"follow","max-snippet":"max-snippet:-1","max-image-preview":"max-image-preview:large","max-video-preview":"max-video-preview:-1"},"canonical":"https:\/\/coasa.org\/es\/project\/reforma-y-ampliacion-del-pabellon-municipal-de-la-bisbal-del-penedes\/","og_locale":"es_ES","og_type":"article","og_title":"Reforma del Pabell\u00f3n Municipal de la Bisbal del Pened\u00e8s - COASA","og_description":"Descubre la obra que llevamos a cabo en la Bisbal del Pened\u00e8s, la reforma del Pabell\u00f3n Municipal y la ampliaci\u00f3n de instalaciones deportivas.","og_url":"https:\/\/coasa.org\/es\/project\/reforma-y-ampliacion-del-pabellon-municipal-de-la-bisbal-del-penedes\/","og_site_name":"COASA, Empresa Constructora","article_modified_time":"2024-09-17T07:56:00+00:00","og_image":[{"width":1080,"height":810,"url":"https:\/\/coasa.org\/wp-content\/uploads\/2024\/08\/reforma-pavellon-municipal.jpg","type":"image\/jpeg"}],"twitter_misc":{"Tiempo de lectura":"5 minutos"},"schema":{"@context":"https:\/\/schema.org","@graph":[{"@type":"WebPage","@id":"https:\/\/coasa.org\/es\/project\/reforma-y-ampliacion-del-pabellon-municipal-de-la-bisbal-del-penedes\/","url":"https:\/\/coasa.org\/es\/project\/reforma-y-ampliacion-del-pabellon-municipal-de-la-bisbal-del-penedes\/","name":"Reforma del Pabell\u00f3n Municipal de la Bisbal del Pened\u00e8s - COASA","isPartOf":{"@id":"https:\/\/coasa.org\/es\/#website"},"primaryImageOfPage":{"@id":"https:\/\/coasa.org\/es\/project\/reforma-y-ampliacion-del-pabellon-municipal-de-la-bisbal-del-penedes\/#primaryimage"},"image":{"@id":"https:\/\/coasa.org\/es\/project\/reforma-y-ampliacion-del-pabellon-municipal-de-la-bisbal-del-penedes\/#primaryimage"},"thumbnailUrl":"https:\/\/coasa.org\/wp-content\/uploads\/2024\/08\/reforma-pavellon-municipal.jpg","datePublished":"2024-08-22T12:53:48+00:00","dateModified":"2024-09-17T07:56:00+00:00","description":"Descubre la obra que llevamos a cabo en la Bisbal del Pened\u00e8s, la reforma del Pabell\u00f3n Municipal y la ampliaci\u00f3n de instalaciones deportivas.","breadcrumb":{"@id":"https:\/\/coasa.org\/es\/project\/reforma-y-ampliacion-del-pabellon-municipal-de-la-bisbal-del-penedes\/#breadcrumb"},"inLanguage":"es","potentialAction":[{"@type":"ReadAction","target":["https:\/\/coasa.org\/es\/project\/reforma-y-ampliacion-del-pabellon-municipal-de-la-bisbal-del-penedes\/"]}]},{"@type":"ImageObject","inLanguage":"es","@id":"https:\/\/coasa.org\/es\/project\/reforma-y-ampliacion-del-pabellon-municipal-de-la-bisbal-del-penedes\/#primaryimage","url":"https:\/\/coasa.org\/wp-content\/uploads\/2024\/08\/reforma-pavellon-municipal.jpg","contentUrl":"https:\/\/coasa.org\/wp-content\/uploads\/2024\/08\/reforma-pavellon-municipal.jpg","width":1080,"height":810,"caption":"reforma pabell\u00f3n municipal"},{"@type":"BreadcrumbList","@id":"https:\/\/coasa.org\/es\/project\/reforma-y-ampliacion-del-pabellon-municipal-de-la-bisbal-del-penedes\/#breadcrumb","itemListElement":[{"@type":"ListItem","position":1,"name":"Portada","item":"https:\/\/coasa.org\/es\/"},{"@type":"ListItem","position":2,"name":"Proyectos","item":"https:\/\/coasa.org\/es\/project\/"},{"@type":"ListItem","position":3,"name":"Reforma y ampliaci\u00f3n del Pabell\u00f3n Municipal de la Bisbal del Pened\u00e8s"}]},{"@type":"WebSite","@id":"https:\/\/coasa.org\/es\/#website","url":"https:\/\/coasa.org\/es\/","name":"COASA, Empresa Constructora","description":"Des del seu naixement COASA s&#039;ha destacat per una constant evoluci\u00f3 que ens permet\u00e9s una \u00e0gil adaptaci\u00f3 a les necessitats canviants del mercat de la construcci\u00f3 industrial.","publisher":{"@id":"https:\/\/coasa.org\/es\/#organization"},"potentialAction":[{"@type":"SearchAction","target":{"@type":"EntryPoint","urlTemplate":"https:\/\/coasa.org\/es\/?s={search_term_string}"},"query-input":{"@type":"PropertyValueSpecification","valueRequired":true,"valueName":"search_term_string"}}],"inLanguage":"es"},{"@type":"Organization","@id":"https:\/\/coasa.org\/es\/#organization","name":"Coasa","url":"https:\/\/coasa.org\/es\/","logo":{"@type":"ImageObject","inLanguage":"es","@id":"https:\/\/coasa.org\/es\/#\/schema\/logo\/image\/","url":"https:\/\/coasa.org\/wp-content\/uploads\/2018\/10\/logo.png","contentUrl":"https:\/\/coasa.org\/wp-content\/uploads\/2018\/10\/logo.png","width":500,"height":141,"caption":"Coasa"},"image":{"@id":"https:\/\/coasa.org\/es\/#\/schema\/logo\/image\/"},"sameAs":["https:\/\/www.linkedin.com\/company\/coasa\/"]}]}},"_links":{"self":[{"href":"https:\/\/coasa.org\/es\/wp-json\/wp\/v2\/project\/7060","targetHints":{"allow":["GET"]}}],"collection":[{"href":"https:\/\/coasa.org\/es\/wp-json\/wp\/v2\/project"}],"about":[{"href":"https:\/\/coasa.org\/es\/wp-json\/wp\/v2\/types\/project"}],"author":[{"embeddable":true,"href":"https:\/\/coasa.org\/es\/wp-json\/wp\/v2\/users\/1"}],"version-history":[{"count":9,"href":"https:\/\/coasa.org\/es\/wp-json\/wp\/v2\/project\/7060\/revisions"}],"predecessor-version":[{"id":7107,"href":"https:\/\/coasa.org\/es\/wp-json\/wp\/v2\/project\/7060\/revisions\/7107"}],"wp:featuredmedia":[{"embeddable":true,"href":"https:\/\/coasa.org\/es\/wp-json\/wp\/v2\/media\/7039"}],"wp:attachment":[{"href":"https:\/\/coasa.org\/es\/wp-json\/wp\/v2\/media?parent=7060"}],"wp:term":[{"taxonomy":"project_category","embeddable":true,"href":"https:\/\/coasa.org\/es\/wp-json\/wp\/v2\/project_category?post=7060"},{"taxonomy":"project_tag","embeddable":true,"href":"https:\/\/coasa.org\/es\/wp-json\/wp\/v2\/project_tag?post=7060"}],"curies":[{"name":"wp","href":"https:\/\/api.w.org\/{rel}","templated":true}]}}