{"id":7443,"date":"2025-05-23T12:10:10","date_gmt":"2025-05-23T10:10:10","guid":{"rendered":"https:\/\/coasa.org\/?post_type=project&#038;p=7443"},"modified":"2025-05-23T16:49:44","modified_gmt":"2025-05-23T14:49:44","slug":"restauracion-de-la-camara-arrocera-de-deltebre-un-espacio-renovado-eficiente-y-sostenible","status":"publish","type":"project","link":"https:\/\/coasa.org\/es\/project\/restauracion-de-la-camara-arrocera-de-deltebre-un-espacio-renovado-eficiente-y-sostenible\/","title":{"rendered":"Restauraci\u00f3n de la C\u00e1mara Arrocera de Deltebre: un espacio renovado, eficiente y sostenible"},"content":{"rendered":"[et_pb_section fb_built=\u00bb1&#8243; admin_label=\u00bbHero\u00bb _builder_version=\u00bb4.27.4&#8243; background_enable_color=\u00bboff\u00bb use_background_color_gradient=\u00bbon\u00bb background_color_gradient_type=\u00bbcircular\u00bb background_color_gradient_direction_radial=\u00bbtop left\u00bb background_color_gradient_stops=\u00bb#474747 0%|#474747 100%\u00bb background_color_gradient_overlays_image=\u00bbon\u00bb background_image=\u00bbhttps:\/\/coasa.org\/wp-content\/uploads\/2025\/05\/Exterior-de-la-Cambra-Arrossera-restaurada.jpg\u00bb background_blend=\u00bbmultiply\u00bb custom_margin=\u00bb||25px||false|false\u00bb custom_padding=\u00bb||85px||false|false\u00bb global_colors_info=\u00bb{}\u00bb][et_pb_row column_structure=\u00bb3_5,2_5&#8243; _builder_version=\u00bb4.27.0&#8243; background_size=\u00bbinitial\u00bb background_position=\u00bbtop_left\u00bb background_repeat=\u00bbrepeat\u00bb global_colors_info=\u00bb{}\u00bb][et_pb_column type=\u00bb3_5&#8243; _builder_version=\u00bb4.16&#8243; custom_padding=\u00bb|||\u00bb global_colors_info=\u00bb{}\u00bb custom_padding__hover=\u00bb|||\u00bb][et_pb_text _builder_version=\u00bb4.27.4&#8243; header_font=\u00bbRubik|700|||||||\u00bb header_text_align=\u00bbleft\u00bb header_font_size=\u00bb51px\u00bb header_line_height=\u00bb1.2em\u00bb background_size=\u00bbinitial\u00bb background_position=\u00bbtop_left\u00bb background_repeat=\u00bbrepeat\u00bb custom_padding=\u00bb|||20px|false|false\u00bb border_width_all=\u00bb0px\u00bb border_color_all=\u00bb#6fb353&#8243; border_width_left=\u00bb15px\u00bb border_color_left=\u00bb#6fb353&#8243; global_colors_info=\u00bb{}\u00bb]\n<h1><span style=\"color: #ffffff;\"><strong>Restauraci\u00f3n de la C\u00e1mara Arrocera de Deltebre: un espacio renovado, eficiente y sostenible<\/strong><\/span><\/h1>\n<p>&nbsp;<\/p>\n[\/et_pb_text][et_pb_text _builder_version=\u00bb4.27.4&#8243; _module_preset=\u00bbdefault\u00bb text_text_color=\u00bb#FFFFFF\u00bb text_font_size=\u00bb20px\u00bb hover_enabled=\u00bb0&#8243; global_colors_info=\u00bb{}\u00bb sticky_enabled=\u00bb0&#8243;]\n<p>Agosto del a\u00f1o pasado marc\u00f3 el inicio del proyecto de restauraci\u00f3n de la <a href=\"https:\/\/www.ccma.cat\/3cat\/deltebre-recupera-ledifici-historic-de-la-cambra-arrossera-la-cava\/video\/6265345\/%20\" target=\"_blank\" rel=\"noopener\" title=\"Not\u00edcia C\u00e1mara Arrocera\">C\u00e1mara Arrocera de Deltebre<\/a>. El objetivo era convertirla en un <strong>espacio joven y funcional dentro del tejido urbano de Deltebre<\/strong>, pero que conservara su esencia tanto caracter\u00edstica.<\/p>\n[\/et_pb_text][\/et_pb_column][et_pb_column type=\u00bb2_5&#8243; _builder_version=\u00bb4.16&#8243; custom_padding=\u00bb|||\u00bb global_colors_info=\u00bb{}\u00bb custom_padding__hover=\u00bb|||\u00bb][et_pb_text _builder_version=\u00bb4.27.4&#8243; _module_preset=\u00bbdefault\u00bb text_text_color=\u00bb#FFFFFF\u00bb hover_enabled=\u00bb0&#8243; global_colors_info=\u00bb{}\u00bb sticky_enabled=\u00bb0&#8243;]\n<p>Cliente: Ayuntamiento de Deltebre<\/p>\n<p>Categor\u00eda: Obra P\u00fablica y Rehabilitaci\u00f3n<\/p>\n[\/et_pb_text][\/et_pb_column][\/et_pb_row][\/et_pb_section][et_pb_section fb_built=\u00bb1&#8243; _builder_version=\u00bb4.27.0&#8243; _module_preset=\u00bbdefault\u00bb global_colors_info=\u00bb{}\u00bb][et_pb_row column_structure=\u00bb1_2,1_2&#8243; admin_label=\u00bbRow\u00bb _builder_version=\u00bb4.27.0&#8243; _module_preset=\u00bbdefault\u00bb global_colors_info=\u00bb{}\u00bb][et_pb_column type=\u00bb1_2&#8243; _builder_version=\u00bb4.27.0&#8243; _module_preset=\u00bbdefault\u00bb global_colors_info=\u00bb{}\u00bb][et_pb_text _builder_version=\u00bb4.27.4&#8243; _module_preset=\u00bbdefault\u00bb header_2_font_size=\u00bb35px\u00bb global_colors_info=\u00bb{}\u00bb]\n<h2><strong>Sobre el proyecto<\/strong><\/h2>\n[\/et_pb_text][et_pb_divider color=\u00bb#6fb353&#8243; divider_weight=\u00bb5px\u00bb _builder_version=\u00bb4.27.0&#8243; _module_preset=\u00bbdefault\u00bb width=\u00bb10%\u00bb global_colors_info=\u00bb{}\u00bb][\/et_pb_divider][et_pb_text _builder_version=\u00bb4.27.4&#8243; _module_preset=\u00bbdefault\u00bb text_font_size=\u00bb16px\u00bb global_colors_info=\u00bb{}\u00bb]\n<p>Las obras, promovidas por el <strong>Ayuntamiento de Deltebre y apoyadas por los fondos Next Generation<\/strong>, ten\u00edan la finalidad de convertir el antiguo espacio en una zona muse\u00efzada para preservar su historia, adem\u00e1s de incluir un vivero de empresas y espacios de networking y actos diversos.<\/p>\n[\/et_pb_text][\/et_pb_column][et_pb_column type=\u00bb1_2&#8243; _builder_version=\u00bb4.27.0&#8243; _module_preset=\u00bbdefault\u00bb global_colors_info=\u00bb{}\u00bb][et_pb_image src=\u00bbhttps:\/\/coasa.org\/wp-content\/uploads\/2025\/05\/Entrada-de-la-nueva-Cambra-Arrossera.jpg\u00bb alt=\u00bbEntrada de la nueva Cambra Arrossera\u00bb title_text=\u00bbEntrada de la nueva Cambra Arrossera\u00bb _builder_version=\u00bb4.27.4&#8243; _module_preset=\u00bbdefault\u00bb custom_padding=\u00bb|||1px||\u00bb global_colors_info=\u00bb{}\u00bb][\/et_pb_image][\/et_pb_column][\/et_pb_row][et_pb_row _builder_version=\u00bb4.27.0&#8243; _module_preset=\u00bbdefault\u00bb global_colors_info=\u00bb{}\u00bb][et_pb_column type=\u00bb4_4&#8243; _builder_version=\u00bb4.27.0&#8243; _module_preset=\u00bbdefault\u00bb global_colors_info=\u00bb{}\u00bb][et_pb_text _builder_version=\u00bb4.27.4&#8243; _module_preset=\u00bbdefault\u00bb text_font_size=\u00bb16px\u00bb global_colors_info=\u00bb{}\u00bb]\n<h3><strong>Caracter\u00edsticas del proyecto:<\/strong><\/h3>\n<p><span><\/span><\/p>\n<p>El proyecto de reforma consist\u00eda al mejorar las funcionalidades del edificio y hacer que estas fueran m\u00e1s eficientes energ\u00e9ticamente. Se trataba de alinear el proyecto con los ODS de <strong>sostenibilidad y eficiencia energ\u00e9tica<\/strong>. <\/p>\n<p>Por eso, se renovaron las instalaciones y los sistemas de climatizaci\u00f3n, iluminaci\u00f3n y aire acondicionado, as\u00ed como en la implementaci\u00f3n de <strong>aislamientos t\u00e9rmicos y ac\u00fasticos<\/strong>.<\/p>\n<p>&nbsp;<\/p>\n<p>&nbsp;<\/p>\n<h3><strong>Organizaciones implicadas y personal:<\/strong><\/h3>\n<p><strong><\/strong><\/p>\n<p><strong>Promotor: <\/strong>Ayuntamiento de Deltebre<\/p>\n<p><strong>Constructora:<\/strong> Coasa<strong><\/strong><\/p>\n<p><strong>Jefe de obra COASA:<\/strong> Josep Sanz<\/p>\n<p>&nbsp;<\/p>\n<p>&nbsp;<\/p>\n<p>El pasado 10 de mayo tuvo lugar la<strong> inauguraci\u00f3n del nuevo Edificio de la Cooperativa Arrocera de Deltebre<\/strong> para presentar un edificio hist\u00f3rico renovado y plenamente funcional, sirviendo como punto de encuentro por el emprendimiento y como un espacio hist\u00f3rico del patrimonio municipal.<\/p>\n<p>Agradecemos la confianza del Ayuntamiento de Deltebre por haber confiado en Coasa para la realizaci\u00f3n de este proyecto tanto simb\u00f3lico. <\/p>\n[\/et_pb_text][\/et_pb_column][\/et_pb_row][et_pb_row _builder_version=\u00bb4.27.0&#8243; _module_preset=\u00bbdefault\u00bb global_colors_info=\u00bb{}\u00bb][et_pb_column type=\u00bb4_4&#8243; _builder_version=\u00bb4.27.0&#8243; _module_preset=\u00bbdefault\u00bb global_colors_info=\u00bb{}\u00bb][et_pb_gallery gallery_ids=\u00bb7459,7469,7457,7451,7455,7461,7475,7463,7465,7473,7449,7447&#8243; fullwidth=\u00bbon\u00bb _builder_version=\u00bb4.27.4&#8243; _module_preset=\u00bbdefault\u00bb global_colors_info=\u00bb{}\u00bb][\/et_pb_gallery][\/et_pb_column][\/et_pb_row][\/et_pb_section]\n","protected":false},"excerpt":{"rendered":"<p>Restauraci\u00f3n de la C\u00e1mara Arrocera de Deltebre: un espacio renovado, eficiente y sostenible &nbsp;Agosto del a\u00f1o pasado marc\u00f3 el inicio del proyecto de restauraci\u00f3n de la C\u00e1mara Arrocera de Deltebre. El objetivo era convertirla en un espacio joven y funcional dentro del tejido urbano de Deltebre, pero que conservara su esencia tanto caracter\u00edstica.Cliente: Ayuntamiento de [&hellip;]<\/p>\n","protected":false},"author":1,"featured_media":7468,"template":"","meta":{"_et_pb_use_builder":"on","_et_pb_old_content":"","_et_gb_content_width":"","_joinchat":[],"footnotes":""},"project_category":[12,388,15,389],"project_tag":[561,557,560,564,37,531,534,562,558,533,536,474,478,39,559,563],"class_list":["post-7443","project","type-project","status-publish","has-post-thumbnail","hentry","project_category-obra-publica","project_category-obra-publica-es","project_category-rehabilitacio","project_category-rehabilitacion","project_tag-camara-arrocera","project_tag-cambra-arrossera","project_tag-climatitzacio","project_tag-climatizacion","project_tag-coasa","project_tag-construccio","project_tag-construccion-es-2","project_tag-deltebre-es","project_tag-deltebre","project_tag-eficiencia-energetica","project_tag-eficiencia-energetica-es","project_tag-empresa-constructora-tarragona","project_tag-empresa-constructora-tarragona-es","project_tag-obra-publica","project_tag-restauracio","project_tag-restauracion"],"yoast_head":"<!-- This site is optimized with the Yoast SEO plugin v27.5 - https:\/\/yoast.com\/product\/yoast-seo-wordpress\/ -->\n<title>Restauraci\u00f3n de la C\u00e1mara Arrocera de Deltebre - COASA, Empresa Constructora<\/title>\n<meta name=\"description\" content=\"Te presentamos el proyecto de restauraci\u00f3n de la C\u00e1mara Arrocera de Deltebre, para convertirlo en un espacio funcional renovado y eficiente.\" \/>\n<meta name=\"robots\" content=\"index, follow, max-snippet:-1, max-image-preview:large, max-video-preview:-1\" \/>\n<link rel=\"canonical\" href=\"https:\/\/coasa.org\/es\/project\/restauracion-de-la-camara-arrocera-de-deltebre-un-espacio-renovado-eficiente-y-sostenible\/\" \/>\n<meta property=\"og:locale\" content=\"es_ES\" \/>\n<meta property=\"og:type\" content=\"article\" \/>\n<meta property=\"og:title\" content=\"Restauraci\u00f3n de la C\u00e1mara Arrocera de Deltebre - COASA, Empresa Constructora\" \/>\n<meta property=\"og:description\" content=\"Te presentamos el proyecto de restauraci\u00f3n de la C\u00e1mara Arrocera de Deltebre, para convertirlo en un espacio funcional renovado y eficiente.\" \/>\n<meta property=\"og:url\" content=\"https:\/\/coasa.org\/es\/project\/restauracion-de-la-camara-arrocera-de-deltebre-un-espacio-renovado-eficiente-y-sostenible\/\" \/>\n<meta property=\"og:site_name\" content=\"COASA, Empresa Constructora\" \/>\n<meta property=\"article:modified_time\" content=\"2025-05-23T14:49:44+00:00\" \/>\n<meta property=\"og:image\" content=\"https:\/\/coasa.org\/wp-content\/uploads\/2025\/05\/Proyecto-de-Coasa-Restauracion-de-la-Cambra-Arrossera-de-Deltebre-proyecto.jpg\" \/>\n\t<meta property=\"og:image:width\" content=\"1200\" \/>\n\t<meta property=\"og:image:height\" content=\"901\" \/>\n\t<meta property=\"og:image:type\" content=\"image\/jpeg\" \/>\n<meta name=\"twitter:label1\" content=\"Tiempo de lectura\" \/>\n\t<meta name=\"twitter:data1\" content=\"4 minutos\" \/>\n<script type=\"application\/ld+json\" class=\"yoast-schema-graph\">{\"@context\":\"https:\\\/\\\/schema.org\",\"@graph\":[{\"@type\":\"WebPage\",\"@id\":\"https:\\\/\\\/coasa.org\\\/es\\\/project\\\/restauracion-de-la-camara-arrocera-de-deltebre-un-espacio-renovado-eficiente-y-sostenible\\\/\",\"url\":\"https:\\\/\\\/coasa.org\\\/es\\\/project\\\/restauracion-de-la-camara-arrocera-de-deltebre-un-espacio-renovado-eficiente-y-sostenible\\\/\",\"name\":\"Restauraci\u00f3n de la C\u00e1mara Arrocera de Deltebre - COASA, Empresa Constructora\",\"isPartOf\":{\"@id\":\"https:\\\/\\\/coasa.org\\\/es\\\/#website\"},\"primaryImageOfPage\":{\"@id\":\"https:\\\/\\\/coasa.org\\\/es\\\/project\\\/restauracion-de-la-camara-arrocera-de-deltebre-un-espacio-renovado-eficiente-y-sostenible\\\/#primaryimage\"},\"image\":{\"@id\":\"https:\\\/\\\/coasa.org\\\/es\\\/project\\\/restauracion-de-la-camara-arrocera-de-deltebre-un-espacio-renovado-eficiente-y-sostenible\\\/#primaryimage\"},\"thumbnailUrl\":\"https:\\\/\\\/coasa.org\\\/wp-content\\\/uploads\\\/2025\\\/05\\\/Proyecto-de-Coasa-Restauracion-de-la-Cambra-Arrossera-de-Deltebre-proyecto.jpg\",\"datePublished\":\"2025-05-23T10:10:10+00:00\",\"dateModified\":\"2025-05-23T14:49:44+00:00\",\"description\":\"Te presentamos el proyecto de restauraci\u00f3n de la C\u00e1mara Arrocera de Deltebre, para convertirlo en un espacio funcional renovado y eficiente.\",\"breadcrumb\":{\"@id\":\"https:\\\/\\\/coasa.org\\\/es\\\/project\\\/restauracion-de-la-camara-arrocera-de-deltebre-un-espacio-renovado-eficiente-y-sostenible\\\/#breadcrumb\"},\"inLanguage\":\"es\",\"potentialAction\":[{\"@type\":\"ReadAction\",\"target\":[\"https:\\\/\\\/coasa.org\\\/es\\\/project\\\/restauracion-de-la-camara-arrocera-de-deltebre-un-espacio-renovado-eficiente-y-sostenible\\\/\"]}]},{\"@type\":\"ImageObject\",\"inLanguage\":\"es\",\"@id\":\"https:\\\/\\\/coasa.org\\\/es\\\/project\\\/restauracion-de-la-camara-arrocera-de-deltebre-un-espacio-renovado-eficiente-y-sostenible\\\/#primaryimage\",\"url\":\"https:\\\/\\\/coasa.org\\\/wp-content\\\/uploads\\\/2025\\\/05\\\/Proyecto-de-Coasa-Restauracion-de-la-Cambra-Arrossera-de-Deltebre-proyecto.jpg\",\"contentUrl\":\"https:\\\/\\\/coasa.org\\\/wp-content\\\/uploads\\\/2025\\\/05\\\/Proyecto-de-Coasa-Restauracion-de-la-Cambra-Arrossera-de-Deltebre-proyecto.jpg\",\"width\":1200,\"height\":901,\"caption\":\"Proyecto de Coasa - Restauraci\u00f3n de la Cambra Arrossera de Deltebre proyecto\"},{\"@type\":\"BreadcrumbList\",\"@id\":\"https:\\\/\\\/coasa.org\\\/es\\\/project\\\/restauracion-de-la-camara-arrocera-de-deltebre-un-espacio-renovado-eficiente-y-sostenible\\\/#breadcrumb\",\"itemListElement\":[{\"@type\":\"ListItem\",\"position\":1,\"name\":\"Portada\",\"item\":\"https:\\\/\\\/coasa.org\\\/es\\\/\"},{\"@type\":\"ListItem\",\"position\":2,\"name\":\"Proyectos\",\"item\":\"https:\\\/\\\/coasa.org\\\/es\\\/project\\\/\"},{\"@type\":\"ListItem\",\"position\":3,\"name\":\"Restauraci\u00f3n de la C\u00e1mara Arrocera de Deltebre: un espacio renovado, eficiente y sostenible\"}]},{\"@type\":\"WebSite\",\"@id\":\"https:\\\/\\\/coasa.org\\\/es\\\/#website\",\"url\":\"https:\\\/\\\/coasa.org\\\/es\\\/\",\"name\":\"COASA, Empresa Constructora\",\"description\":\"Des del seu naixement COASA s&#039;ha destacat per una constant evoluci\u00f3 que ens permet\u00e9s una \u00e0gil adaptaci\u00f3 a les necessitats canviants del mercat de la construcci\u00f3 industrial.\",\"publisher\":{\"@id\":\"https:\\\/\\\/coasa.org\\\/es\\\/#organization\"},\"potentialAction\":[{\"@type\":\"SearchAction\",\"target\":{\"@type\":\"EntryPoint\",\"urlTemplate\":\"https:\\\/\\\/coasa.org\\\/es\\\/?s={search_term_string}\"},\"query-input\":{\"@type\":\"PropertyValueSpecification\",\"valueRequired\":true,\"valueName\":\"search_term_string\"}}],\"inLanguage\":\"es\"},{\"@type\":\"Organization\",\"@id\":\"https:\\\/\\\/coasa.org\\\/es\\\/#organization\",\"name\":\"Coasa\",\"url\":\"https:\\\/\\\/coasa.org\\\/es\\\/\",\"logo\":{\"@type\":\"ImageObject\",\"inLanguage\":\"es\",\"@id\":\"https:\\\/\\\/coasa.org\\\/es\\\/#\\\/schema\\\/logo\\\/image\\\/\",\"url\":\"https:\\\/\\\/coasa.org\\\/wp-content\\\/uploads\\\/2018\\\/10\\\/logo.png\",\"contentUrl\":\"https:\\\/\\\/coasa.org\\\/wp-content\\\/uploads\\\/2018\\\/10\\\/logo.png\",\"width\":500,\"height\":141,\"caption\":\"Coasa\"},\"image\":{\"@id\":\"https:\\\/\\\/coasa.org\\\/es\\\/#\\\/schema\\\/logo\\\/image\\\/\"},\"sameAs\":[\"https:\\\/\\\/www.linkedin.com\\\/company\\\/coasa\\\/\"]}]}<\/script>\n<!-- \/ Yoast SEO plugin. -->","yoast_head_json":{"title":"Restauraci\u00f3n de la C\u00e1mara Arrocera de Deltebre - COASA, Empresa Constructora","description":"Te presentamos el proyecto de restauraci\u00f3n de la C\u00e1mara Arrocera de Deltebre, para convertirlo en un espacio funcional renovado y eficiente.","robots":{"index":"index","follow":"follow","max-snippet":"max-snippet:-1","max-image-preview":"max-image-preview:large","max-video-preview":"max-video-preview:-1"},"canonical":"https:\/\/coasa.org\/es\/project\/restauracion-de-la-camara-arrocera-de-deltebre-un-espacio-renovado-eficiente-y-sostenible\/","og_locale":"es_ES","og_type":"article","og_title":"Restauraci\u00f3n de la C\u00e1mara Arrocera de Deltebre - COASA, Empresa Constructora","og_description":"Te presentamos el proyecto de restauraci\u00f3n de la C\u00e1mara Arrocera de Deltebre, para convertirlo en un espacio funcional renovado y eficiente.","og_url":"https:\/\/coasa.org\/es\/project\/restauracion-de-la-camara-arrocera-de-deltebre-un-espacio-renovado-eficiente-y-sostenible\/","og_site_name":"COASA, Empresa Constructora","article_modified_time":"2025-05-23T14:49:44+00:00","og_image":[{"width":1200,"height":901,"url":"https:\/\/coasa.org\/wp-content\/uploads\/2025\/05\/Proyecto-de-Coasa-Restauracion-de-la-Cambra-Arrossera-de-Deltebre-proyecto.jpg","type":"image\/jpeg"}],"twitter_misc":{"Tiempo de lectura":"4 minutos"},"schema":{"@context":"https:\/\/schema.org","@graph":[{"@type":"WebPage","@id":"https:\/\/coasa.org\/es\/project\/restauracion-de-la-camara-arrocera-de-deltebre-un-espacio-renovado-eficiente-y-sostenible\/","url":"https:\/\/coasa.org\/es\/project\/restauracion-de-la-camara-arrocera-de-deltebre-un-espacio-renovado-eficiente-y-sostenible\/","name":"Restauraci\u00f3n de la C\u00e1mara Arrocera de Deltebre - COASA, Empresa Constructora","isPartOf":{"@id":"https:\/\/coasa.org\/es\/#website"},"primaryImageOfPage":{"@id":"https:\/\/coasa.org\/es\/project\/restauracion-de-la-camara-arrocera-de-deltebre-un-espacio-renovado-eficiente-y-sostenible\/#primaryimage"},"image":{"@id":"https:\/\/coasa.org\/es\/project\/restauracion-de-la-camara-arrocera-de-deltebre-un-espacio-renovado-eficiente-y-sostenible\/#primaryimage"},"thumbnailUrl":"https:\/\/coasa.org\/wp-content\/uploads\/2025\/05\/Proyecto-de-Coasa-Restauracion-de-la-Cambra-Arrossera-de-Deltebre-proyecto.jpg","datePublished":"2025-05-23T10:10:10+00:00","dateModified":"2025-05-23T14:49:44+00:00","description":"Te presentamos el proyecto de restauraci\u00f3n de la C\u00e1mara Arrocera de Deltebre, para convertirlo en un espacio funcional renovado y eficiente.","breadcrumb":{"@id":"https:\/\/coasa.org\/es\/project\/restauracion-de-la-camara-arrocera-de-deltebre-un-espacio-renovado-eficiente-y-sostenible\/#breadcrumb"},"inLanguage":"es","potentialAction":[{"@type":"ReadAction","target":["https:\/\/coasa.org\/es\/project\/restauracion-de-la-camara-arrocera-de-deltebre-un-espacio-renovado-eficiente-y-sostenible\/"]}]},{"@type":"ImageObject","inLanguage":"es","@id":"https:\/\/coasa.org\/es\/project\/restauracion-de-la-camara-arrocera-de-deltebre-un-espacio-renovado-eficiente-y-sostenible\/#primaryimage","url":"https:\/\/coasa.org\/wp-content\/uploads\/2025\/05\/Proyecto-de-Coasa-Restauracion-de-la-Cambra-Arrossera-de-Deltebre-proyecto.jpg","contentUrl":"https:\/\/coasa.org\/wp-content\/uploads\/2025\/05\/Proyecto-de-Coasa-Restauracion-de-la-Cambra-Arrossera-de-Deltebre-proyecto.jpg","width":1200,"height":901,"caption":"Proyecto de Coasa - Restauraci\u00f3n de la Cambra Arrossera de Deltebre proyecto"},{"@type":"BreadcrumbList","@id":"https:\/\/coasa.org\/es\/project\/restauracion-de-la-camara-arrocera-de-deltebre-un-espacio-renovado-eficiente-y-sostenible\/#breadcrumb","itemListElement":[{"@type":"ListItem","position":1,"name":"Portada","item":"https:\/\/coasa.org\/es\/"},{"@type":"ListItem","position":2,"name":"Proyectos","item":"https:\/\/coasa.org\/es\/project\/"},{"@type":"ListItem","position":3,"name":"Restauraci\u00f3n de la C\u00e1mara Arrocera de Deltebre: un espacio renovado, eficiente y sostenible"}]},{"@type":"WebSite","@id":"https:\/\/coasa.org\/es\/#website","url":"https:\/\/coasa.org\/es\/","name":"COASA, Empresa Constructora","description":"Des del seu naixement COASA s&#039;ha destacat per una constant evoluci\u00f3 que ens permet\u00e9s una \u00e0gil adaptaci\u00f3 a les necessitats canviants del mercat de la construcci\u00f3 industrial.","publisher":{"@id":"https:\/\/coasa.org\/es\/#organization"},"potentialAction":[{"@type":"SearchAction","target":{"@type":"EntryPoint","urlTemplate":"https:\/\/coasa.org\/es\/?s={search_term_string}"},"query-input":{"@type":"PropertyValueSpecification","valueRequired":true,"valueName":"search_term_string"}}],"inLanguage":"es"},{"@type":"Organization","@id":"https:\/\/coasa.org\/es\/#organization","name":"Coasa","url":"https:\/\/coasa.org\/es\/","logo":{"@type":"ImageObject","inLanguage":"es","@id":"https:\/\/coasa.org\/es\/#\/schema\/logo\/image\/","url":"https:\/\/coasa.org\/wp-content\/uploads\/2018\/10\/logo.png","contentUrl":"https:\/\/coasa.org\/wp-content\/uploads\/2018\/10\/logo.png","width":500,"height":141,"caption":"Coasa"},"image":{"@id":"https:\/\/coasa.org\/es\/#\/schema\/logo\/image\/"},"sameAs":["https:\/\/www.linkedin.com\/company\/coasa\/"]}]}},"_links":{"self":[{"href":"https:\/\/coasa.org\/es\/wp-json\/wp\/v2\/project\/7443","targetHints":{"allow":["GET"]}}],"collection":[{"href":"https:\/\/coasa.org\/es\/wp-json\/wp\/v2\/project"}],"about":[{"href":"https:\/\/coasa.org\/es\/wp-json\/wp\/v2\/types\/project"}],"author":[{"embeddable":true,"href":"https:\/\/coasa.org\/es\/wp-json\/wp\/v2\/users\/1"}],"version-history":[{"count":7,"href":"https:\/\/coasa.org\/es\/wp-json\/wp\/v2\/project\/7443\/revisions"}],"predecessor-version":[{"id":7485,"href":"https:\/\/coasa.org\/es\/wp-json\/wp\/v2\/project\/7443\/revisions\/7485"}],"wp:featuredmedia":[{"embeddable":true,"href":"https:\/\/coasa.org\/es\/wp-json\/wp\/v2\/media\/7468"}],"wp:attachment":[{"href":"https:\/\/coasa.org\/es\/wp-json\/wp\/v2\/media?parent=7443"}],"wp:term":[{"taxonomy":"project_category","embeddable":true,"href":"https:\/\/coasa.org\/es\/wp-json\/wp\/v2\/project_category?post=7443"},{"taxonomy":"project_tag","embeddable":true,"href":"https:\/\/coasa.org\/es\/wp-json\/wp\/v2\/project_tag?post=7443"}],"curies":[{"name":"wp","href":"https:\/\/api.w.org\/{rel}","templated":true}]}}